 {"id":819,"date":"2020-06-28T23:17:58","date_gmt":"2020-06-28T21:17:58","guid":{"rendered":"https:\/\/web.gtischarging.sk\/?page_id=819"},"modified":"2020-06-28T23:24:47","modified_gmt":"2020-06-28T21:24:47","slug":"vw-e-up","status":"publish","type":"page","link":"https:\/\/web.gtischarging.sk\/index.php\/vw-e-up\/","title":{"rendered":"VW e-up"},"content":{"rendered":"\n<figure class=\"wp-block-image size-large\"><img decoding=\"async\" loading=\"lazy\" width=\"1024\" height=\"470\" src=\"https:\/\/web.gtischarging.sk\/wp-content\/uploads\/2020\/06\/iup-1024x470.png\" alt=\"\" class=\"wp-image-821\" srcset=\"https:\/\/web.gtischarging.sk\/wp-content\/uploads\/2020\/06\/iup-1024x470.png 1024w, https:\/\/web.gtischarging.sk\/wp-content\/uploads\/2020\/06\/iup-300x138.png 300w, https:\/\/web.gtischarging.sk\/wp-content\/uploads\/2020\/06\/iup-768x352.png 768w, https:\/\/web.gtischarging.sk\/wp-content\/uploads\/2020\/06\/iup-980x450.png 980w, https:\/\/web.gtischarging.sk\/wp-content\/uploads\/2020\/06\/iup.png 1279w\" sizes=\"(max-width: 1024px) 100vw, 1024px\" \/><figcaption>VW UP<\/figcaption><\/figure>\n\n\n\n<p style=\"font-size:30px\"><strong>Nov\u00fd VW e-up pon\u00fakne dvojn\u00e1sobn\u00fd dojazd za ni\u017e\u0161iu cenu<\/strong><\/p>\n\n\n\n<p>Automobilka VW ofici\u00e1lne predstavila \u0161pecifik\u00e1cie faceliftovan\u00e9ho elektromobilu&nbsp;<a href=\"https:\/\/www.teslamagazin.sk\/tag\/volkswagen-e-up-2020\/\">Volkswagen e-up 2020<\/a>, ktor\u00fd prin\u00e1\u0161a cca 2-n\u00e1sobn\u00fd dojazd. Prezradila pritom aj cenu vozidla a tie\u017e cenu mesa\u010dn\u00e9ho n\u00e1jmu.<\/p>\n\n\n\n<p>Vynoven\u00fd Volkswagen e-up skompletizoval \u201etrojl\u00edstok\u201c koncernov\u00fdch mestsk\u00fdch hatchbackov, do ktor\u00e9ho patria aj modely&nbsp;<a href=\"https:\/\/www.teslamagazin.sk\/skoda-citigoe-iv\/\">\u0160koda Citigoe iV<\/a>&nbsp;a&nbsp;<a href=\"https:\/\/www.teslamagazin.sk\/seat-mii-electric\/\">SEAT Mii Electric<\/a>. Ide v podstate o toto\u017en\u00e9 vozidl\u00e1, ktor\u00e9 sa mierne l\u00ed\u0161ia len dizajnom a znakom v\u00fdrobcu.<\/p>\n\n\n\n<h2 class=\"wp-block-heading\">\u0160pecifik\u00e1cie<\/h2>\n\n\n\n<p>5-dverov\u00fd mestsk\u00fd&nbsp;<a href=\"https:\/\/www.teslamagazin.sk\/tag\/elektricke-hatchbacky\/\">hatchback<\/a>&nbsp;disponuje rozmermi 3 600\/1 645\/1 492\/2 417 mm (d\/\u0161\/v\/r\u00e1zvor), pri\u010dom pon\u00faka 4 miesta na sedenie.<\/p>\n\n\n\n<p>P\u00f4vodn\u00fd model bol vybaven\u00fd bat\u00e9riou s kapacitou 18,7 kWh, pri\u010dom pon\u00fakal dojazd 160 km pod\u013ea zastaral\u00e9ho \u201eoptimistick\u00e9ho\u201c cyklu NEDC. V novinke n\u00e1jdeme bat\u00e9riu s kapacitou 36,8 kWh (vyu\u017eite\u013en\u00e1 kapacita: 32,3 kWh), ktor\u00e1 dok\u00e1\u017ee zabezpe\u010di\u0165 dojazd 260 km pod\u013ea realistickej\u0161ieho cyklu WLTP. V kone\u010dnom d\u00f4sledku tak m\u00f4\u017eeme po\u010d\u00edta\u0165 s takmer 2-n\u00e1sobn\u00fdm dojazdom oproti predchodcovi.<\/p>\n\n\n\n<div class=\"wp-block-group\"><div class=\"wp-block-group__inner-container is-layout-flow wp-block-group-is-layout-flow\">\n<div class=\"wp-block-image\"><figure class=\"alignleft is-resized\"><a href=\"https:\/\/www.teslamagazin.sk\/volkswagen-e-up-2020-info\/volkswagen-e-up-2020\/\"><img decoding=\"async\" loading=\"lazy\" src=\"https:\/\/www.teslamagazin.sk\/wp-content\/uploads\/2019\/07\/volkswagen-e-up-2020-351x221.jpg\" alt=\"volkswagen e-up 2020\" width=\"368\" height=\"232\"\/><\/a><figcaption> Zdroj: VW <\/figcaption><\/figure><\/div>\n<\/div><\/div>\n\n\n\n<div class=\"wp-block-group\"><div class=\"wp-block-group__inner-container is-layout-flow wp-block-group-is-layout-flow\">\n<div class=\"wp-block-image\"><figure class=\"aligncenter is-resized\"><a href=\"https:\/\/www.teslamagazin.sk\/vehicle\/volkswagen-e-up-specifikacie\/volkswagen-e-up-interier\/\"><img decoding=\"async\" loading=\"lazy\" src=\"https:\/\/www.teslamagazin.sk\/wp-content\/uploads\/2018\/02\/volkswagen-e-up-interier-351x221.jpg\" alt=\"volkswagen e-up interier\" width=\"475\" height=\"299\"\/><\/a><figcaption> Zdroj: VW <\/figcaption><\/figure><\/div>\n<\/div><\/div>\n\n\n\n<p>VW e-up \u201e1\u201c. Zdroj: VW<br><\/p>\n\n\n\n<p>VW pritom o\u010dak\u00e1va spotrebu 12,7 kWh na 100 km. Nov\u00fd, resp. vynoven\u00fd&nbsp;<a href=\"https:\/\/www.teslamagazin.sk\/tag\/volkswagen-e-up\">Volkswagen e-up<\/a>&nbsp;2020 taktie\u017e podporuje DC nab\u00edjanie, a to maxim\u00e1lnym v\u00fdkonom 40 kW. Na takto v\u00fdkonnej nab\u00edja\u010dke sa nabije na 80 % za 60 min.<\/p>\n\n\n\n<p>V\u00fdkon elektromotora nar\u00e1stol o symbolick\u00fd 1 kW na 61 kW. V\u010faka nemu&nbsp;<a href=\"https:\/\/www.teslamagazin.sk\/category\/elektromobilita\/elektromobily\/\">elektromobil<\/a>&nbsp;zr\u00fdchli z 0 na 100 km\/h za 11,9 s. Podstatne zauj\u00edmavej\u0161ia je v\u0161ak jeho akceler\u00e1cia na ni\u017e\u0161ie r\u00fdchlosti, a to v\u010faka kr\u00fatiacemu momentu okolo 210 Nm, ktor\u00fd je dostupn\u00fd od prvej ot\u00e1\u010dky. Ve\u010f SEAT uv\u00e1dza v pr\u00edpade jeho s\u00farodenca Mii Electric zr\u00fdchlenie z 0 na metsk\u00fdch 50 km\/h za 3,9 s. Maxim\u00e1lna r\u00fdchlos\u0165 vozidla sa zastav\u00ed na \u201edia\u013eni\u010dn\u00fdch\u201c 130 km\/h.<\/p>\n\n\n\n<h2 class=\"wp-block-heading\">\u0160pecifik\u00e1cie vozidla<\/h2>\n\n\n\n<figure class=\"wp-block-table\"><table class=\"\"><tbody><tr><th>Typ<\/th><td>elektromobil<\/td><\/tr><tr><th>Zna\u010dka<\/th><td>Volkswagen<\/td><\/tr><tr><th>Model<\/th><td>Volkswagen e-up!<\/td><\/tr><tr><th>Pridan\u00e9<\/th><td>02-2018<\/td><\/tr><tr><th>Cena od<\/th><td>25.180&nbsp;\u20ac<\/td><\/tr><tr><th>Elektrick\u00fd dojazd<\/th><td>160 km<\/td><\/tr><tr><th>Spotreba<\/th><td>11,7 kWh\/100 km<\/td><\/tr><\/tbody><\/table><\/figure>\n\n\n\n<figure class=\"wp-block-table\"><table class=\"\"><tbody><tr><th>Rozmery, hmotnos\u0165, bato\u017einov\u00fd priestor<\/th><td>3 600\/1 645\/1 492\/2 417 mm (d\/\u0161\/v\/r\u00e1zvor ), 1 229 kg, 250\/923 l<\/td><\/tr><tr><th>Zr\u00fdchlenie (0 &#8211; 100 km\/h), maxim\u00e1lna r\u00fdchlos\u0165<\/th><td>12.4 s , 130 km\/h<\/td><\/tr><tr><th>Nab\u00edjac\u00ed konektor<\/th><td>CCS<\/td><\/tr><tr><th>Kapacita bat\u00e9rie, r\u00fdchlos\u0165 nab\u00edjania<\/th><td>18,7 kWh, 30 min (na 80 %)<\/td><\/tr><tr><th>Karos\u00e9ria<\/th><td>5-dverov\u00fd, 4-miestny hatchback<\/td><\/tr><tr><th>V\u00fdkon<\/th><td>210 Nm, 60 kW (82 hp)<\/td><\/tr><\/tbody><\/table><\/figure>\n","protected":false},"excerpt":{"rendered":"<p>Nov\u00fd VW e-up pon\u00fakne dvojn\u00e1sobn\u00fd dojazd za ni\u017e\u0161iu cenu Automobilka VW ofici\u00e1lne predstavila \u0161pecifik\u00e1cie faceliftovan\u00e9ho elektromobilu&nbsp;Volkswagen e-up 2020, ktor\u00fd prin\u00e1\u0161a cca 2-n\u00e1sobn\u00fd dojazd. Prezradila pritom aj cenu vozidla a tie\u017e cenu mesa\u010dn\u00e9ho n\u00e1jmu. Vynoven\u00fd&#46;&#46;&#46;<\/p>\n","protected":false},"author":5,"featured_media":0,"parent":0,"menu_order":0,"comment_status":"closed","ping_status":"closed","template":"","meta":{"footnotes":""},"yoast_head":"<!-- This site is optimized with the Yoast SEO plugin v20.4 - https:\/\/yoast.com\/wordpress\/plugins\/seo\/ -->\n<title>VW e-up - gtischarging.sk<\/title>\n<meta name=\"robots\" content=\"index, follow, max-snippet:-1, max-image-preview:large, max-video-preview:-1\" \/>\n<link rel=\"canonical\" href=\"https:\/\/web.gtischarging.sk\/index.php\/vw-e-up\/\" \/>\n<meta property=\"og:locale\" content=\"cs_CZ\" \/>\n<meta property=\"og:type\" content=\"article\" \/>\n<meta property=\"og:title\" content=\"VW e-up - gtischarging.sk\" \/>\n<meta property=\"og:description\" content=\"Nov\u00fd VW e-up pon\u00fakne dvojn\u00e1sobn\u00fd dojazd za ni\u017e\u0161iu cenu Automobilka VW ofici\u00e1lne predstavila \u0161pecifik\u00e1cie faceliftovan\u00e9ho elektromobilu&nbsp;Volkswagen e-up 2020, ktor\u00fd prin\u00e1\u0161a cca 2-n\u00e1sobn\u00fd dojazd. Prezradila pritom aj cenu vozidla a tie\u017e cenu mesa\u010dn\u00e9ho n\u00e1jmu. Vynoven\u00fd&#046;&#046;&#046;\" \/>\n<meta property=\"og:url\" content=\"https:\/\/web.gtischarging.sk\/index.php\/vw-e-up\/\" \/>\n<meta property=\"og:site_name\" content=\"gtischarging.sk\" \/>\n<meta property=\"article:publisher\" content=\"https:\/\/www.facebook.com\/gtischarging\" \/>\n<meta property=\"article:modified_time\" content=\"2020-06-28T21:24:47+00:00\" \/>\n<meta property=\"og:image\" content=\"https:\/\/web.gtischarging.sk\/wp-content\/uploads\/2020\/06\/iup-1024x470.png\" \/>\n<meta name=\"twitter:card\" content=\"summary_large_image\" \/>\n<meta name=\"twitter:label1\" content=\"Odhadovan\u00e1 doba \u010dten\u00ed\" \/>\n\t<meta name=\"twitter:data1\" content=\"2 minuty\" \/>\n<script type=\"application\/ld+json\" class=\"yoast-schema-graph\">{\"@context\":\"https:\/\/schema.org\",\"@graph\":[{\"@type\":\"WebPage\",\"@id\":\"https:\/\/web.gtischarging.sk\/index.php\/vw-e-up\/\",\"url\":\"https:\/\/web.gtischarging.sk\/index.php\/vw-e-up\/\",\"name\":\"VW e-up - gtischarging.sk\",\"isPartOf\":{\"@id\":\"https:\/\/web.gtischarging.sk\/#website\"},\"datePublished\":\"2020-06-28T21:17:58+00:00\",\"dateModified\":\"2020-06-28T21:24:47+00:00\",\"breadcrumb\":{\"@id\":\"https:\/\/web.gtischarging.sk\/index.php\/vw-e-up\/#breadcrumb\"},\"inLanguage\":\"cs\",\"potentialAction\":[{\"@type\":\"ReadAction\",\"target\":[\"https:\/\/web.gtischarging.sk\/index.php\/vw-e-up\/\"]}]},{\"@type\":\"BreadcrumbList\",\"@id\":\"https:\/\/web.gtischarging.sk\/index.php\/vw-e-up\/#breadcrumb\",\"itemListElement\":[{\"@type\":\"ListItem\",\"position\":1,\"name\":\"Dom\u016f\",\"item\":\"https:\/\/web.gtischarging.sk\/\"},{\"@type\":\"ListItem\",\"position\":2,\"name\":\"VW e-up\"}]},{\"@type\":\"WebSite\",\"@id\":\"https:\/\/web.gtischarging.sk\/#website\",\"url\":\"https:\/\/web.gtischarging.sk\/\",\"name\":\"gtischarging.sk\",\"description\":\"U n\u00e1s sta\u010d\u00ed prilo\u017ei\u0165 platobn\u00fa kartu\",\"publisher\":{\"@id\":\"https:\/\/web.gtischarging.sk\/#organization\"},\"potentialAction\":[{\"@type\":\"SearchAction\",\"target\":{\"@type\":\"EntryPoint\",\"urlTemplate\":\"https:\/\/web.gtischarging.sk\/?s={search_term_string}\"},\"query-input\":\"required name=search_term_string\"}],\"inLanguage\":\"cs\"},{\"@type\":\"Organization\",\"@id\":\"https:\/\/web.gtischarging.sk\/#organization\",\"name\":\"GTIS charging\",\"url\":\"https:\/\/web.gtischarging.sk\/\",\"logo\":{\"@type\":\"ImageObject\",\"inLanguage\":\"cs\",\"@id\":\"https:\/\/web.gtischarging.sk\/#\/schema\/logo\/image\/\",\"url\":\"https:\/\/web.gtischarging.sk\/wp-content\/uploads\/2020\/03\/logo-180px.png\",\"contentUrl\":\"https:\/\/web.gtischarging.sk\/wp-content\/uploads\/2020\/03\/logo-180px.png\",\"width\":180,\"height\":123,\"caption\":\"GTIS charging\"},\"image\":{\"@id\":\"https:\/\/web.gtischarging.sk\/#\/schema\/logo\/image\/\"},\"sameAs\":[\"https:\/\/www.facebook.com\/gtischarging\"]}]}<\/script>\n<!-- \/ Yoast SEO plugin. -->","yoast_head_json":{"title":"VW e-up - gtischarging.sk","robots":{"index":"index","follow":"follow","max-snippet":"max-snippet:-1","max-image-preview":"max-image-preview:large","max-video-preview":"max-video-preview:-1"},"canonical":"https:\/\/web.gtischarging.sk\/index.php\/vw-e-up\/","og_locale":"cs_CZ","og_type":"article","og_title":"VW e-up - gtischarging.sk","og_description":"Nov\u00fd VW e-up pon\u00fakne dvojn\u00e1sobn\u00fd dojazd za ni\u017e\u0161iu cenu Automobilka VW ofici\u00e1lne predstavila \u0161pecifik\u00e1cie faceliftovan\u00e9ho elektromobilu&nbsp;Volkswagen e-up 2020, ktor\u00fd prin\u00e1\u0161a cca 2-n\u00e1sobn\u00fd dojazd. Prezradila pritom aj cenu vozidla a tie\u017e cenu mesa\u010dn\u00e9ho n\u00e1jmu. Vynoven\u00fd&#46;&#46;&#46;","og_url":"https:\/\/web.gtischarging.sk\/index.php\/vw-e-up\/","og_site_name":"gtischarging.sk","article_publisher":"https:\/\/www.facebook.com\/gtischarging","article_modified_time":"2020-06-28T21:24:47+00:00","og_image":[{"url":"https:\/\/web.gtischarging.sk\/wp-content\/uploads\/2020\/06\/iup-1024x470.png"}],"twitter_card":"summary_large_image","twitter_misc":{"Odhadovan\u00e1 doba \u010dten\u00ed":"2 minuty"},"schema":{"@context":"https:\/\/schema.org","@graph":[{"@type":"WebPage","@id":"https:\/\/web.gtischarging.sk\/index.php\/vw-e-up\/","url":"https:\/\/web.gtischarging.sk\/index.php\/vw-e-up\/","name":"VW e-up - gtischarging.sk","isPartOf":{"@id":"https:\/\/web.gtischarging.sk\/#website"},"datePublished":"2020-06-28T21:17:58+00:00","dateModified":"2020-06-28T21:24:47+00:00","breadcrumb":{"@id":"https:\/\/web.gtischarging.sk\/index.php\/vw-e-up\/#breadcrumb"},"inLanguage":"cs","potentialAction":[{"@type":"ReadAction","target":["https:\/\/web.gtischarging.sk\/index.php\/vw-e-up\/"]}]},{"@type":"BreadcrumbList","@id":"https:\/\/web.gtischarging.sk\/index.php\/vw-e-up\/#breadcrumb","itemListElement":[{"@type":"ListItem","position":1,"name":"Dom\u016f","item":"https:\/\/web.gtischarging.sk\/"},{"@type":"ListItem","position":2,"name":"VW e-up"}]},{"@type":"WebSite","@id":"https:\/\/web.gtischarging.sk\/#website","url":"https:\/\/web.gtischarging.sk\/","name":"gtischarging.sk","description":"U n\u00e1s sta\u010d\u00ed prilo\u017ei\u0165 platobn\u00fa kartu","publisher":{"@id":"https:\/\/web.gtischarging.sk\/#organization"},"potentialAction":[{"@type":"SearchAction","target":{"@type":"EntryPoint","urlTemplate":"https:\/\/web.gtischarging.sk\/?s={search_term_string}"},"query-input":"required name=search_term_string"}],"inLanguage":"cs"},{"@type":"Organization","@id":"https:\/\/web.gtischarging.sk\/#organization","name":"GTIS charging","url":"https:\/\/web.gtischarging.sk\/","logo":{"@type":"ImageObject","inLanguage":"cs","@id":"https:\/\/web.gtischarging.sk\/#\/schema\/logo\/image\/","url":"https:\/\/web.gtischarging.sk\/wp-content\/uploads\/2020\/03\/logo-180px.png","contentUrl":"https:\/\/web.gtischarging.sk\/wp-content\/uploads\/2020\/03\/logo-180px.png","width":180,"height":123,"caption":"GTIS charging"},"image":{"@id":"https:\/\/web.gtischarging.sk\/#\/schema\/logo\/image\/"},"sameAs":["https:\/\/www.facebook.com\/gtischarging"]}]}},"_links":{"self":[{"href":"https:\/\/web.gtischarging.sk\/index.php\/wp-json\/wp\/v2\/pages\/819"}],"collection":[{"href":"https:\/\/web.gtischarging.sk\/index.php\/wp-json\/wp\/v2\/pages"}],"about":[{"href":"https:\/\/web.gtischarging.sk\/index.php\/wp-json\/wp\/v2\/types\/page"}],"author":[{"embeddable":true,"href":"https:\/\/web.gtischarging.sk\/index.php\/wp-json\/wp\/v2\/users\/5"}],"replies":[{"embeddable":true,"href":"https:\/\/web.gtischarging.sk\/index.php\/wp-json\/wp\/v2\/comments?post=819"}],"version-history":[{"count":2,"href":"https:\/\/web.gtischarging.sk\/index.php\/wp-json\/wp\/v2\/pages\/819\/revisions"}],"predecessor-version":[{"id":822,"href":"https:\/\/web.gtischarging.sk\/index.php\/wp-json\/wp\/v2\/pages\/819\/revisions\/822"}],"wp:attachment":[{"href":"https:\/\/web.gtischarging.sk\/index.php\/wp-json\/wp\/v2\/media?parent=819"}],"curies":[{"name":"wp","href":"https:\/\/api.w.org\/{rel}","templated":true}]}}