 {"id":3784,"date":"2022-10-25T08:55:54","date_gmt":"2022-10-25T06:55:54","guid":{"rendered":"https:\/\/web.gtischarging.sk\/?page_id=3784"},"modified":"2022-10-25T08:55:56","modified_gmt":"2022-10-25T06:55:56","slug":"polestar-3","status":"publish","type":"page","link":"https:\/\/web.gtischarging.sk\/index.php\/polestar-3\/","title":{"rendered":"Polestar 3"},"content":{"rendered":"<div class=\"wp-block-image\">\n<figure class=\"aligncenter size-full\"><img decoding=\"async\" loading=\"lazy\" width=\"945\" height=\"435\" src=\"https:\/\/web.gtischarging.sk\/wp-content\/uploads\/2022\/10\/image-95-3.png\" alt=\"\" class=\"wp-image-3790\" srcset=\"https:\/\/web.gtischarging.sk\/wp-content\/uploads\/2022\/10\/image-95-3.png 945w, https:\/\/web.gtischarging.sk\/wp-content\/uploads\/2022\/10\/image-95-3-300x138.png 300w, https:\/\/web.gtischarging.sk\/wp-content\/uploads\/2022\/10\/image-95-3-768x354.png 768w\" sizes=\"(max-width: 945px) 100vw, 945px\" \/><\/figure><\/div>\n\n\n<h1 class=\"has-text-align-center wp-block-heading\">Elektrick\u00e9 SUV Polestar 3 sa za\u010dne vyr\u00e1ba\u0165 v \u010c\u00edne<\/h1>\n\n\n\n<p>Po mesiacoch o\u010dak\u00e1van\u00ed a dlhom rade reklamn\u00fdch up\u00fatavok, \u0161v\u00e9dsko-\u010d\u00ednska automobilka\u00a0Polestar\u00a0kone\u010dne odhalila svoje tretie auto s\u00a0n\u00e1zvom \u00a0Polestar 3. Nov\u00fd model je pokusom Polestaru prenikn\u00fa\u0165 na nas\u00fdten\u00fd trh SUV.\u00a0Polestar 3\u00a0je prv\u00e9 SUV od spolo\u010dnosti a bude sa vyr\u00e1ba\u0165 v \u010c\u00edne a USA.\u00a0<strong>Polestar<\/strong>\u00a0je spolo\u010dn\u00fdm podnikom medzi spolo\u010dnos\u0165ami\u00a0<a href=\"https:\/\/carnewschina.com\/tag\/volvo-china\/\" target=\"_blank\" rel=\"noreferrer noopener\">Volvo<\/a>\u00a0cars a\u00a0\u010d\u00ednskym koncernom\u00a0<a href=\"https:\/\/carnewschina.com\/tag\/geely\/\" target=\"_blank\" rel=\"noreferrer noopener\">Geely<\/a>.\u00a0Pre n\u00e1s na Slovensku je zauj\u00edmav\u00fd hlavne z\u00a0poh\u013eadu avizovan\u00e9ho z\u00e1vodu na v\u00fdrobu elektromobilov pri Ko\u0161iciach. V\u00a0portf\u00f3liu skupiny\u00a0<strong>Geely\u00a0<\/strong>je cel\u00fd rad zna\u010diek zaoberaj\u00facich sa v\u00fdrobou elektromobilov. Zna\u010dka\u00a0<strong>Polestar<\/strong>\u00a0je tou povestnou \u201e\u010dere\u0161ni\u010dkou na torte\u201c. Tak\u017ee elektromobily Volvo, ktor\u00e9 sa bud\u00fa vyr\u00e1ba\u0165 u\u00a0n\u00e1s verme, \u017ee u\u017e za 4 roky, maj\u00fa z\u00a0\u010doho \u010derpa\u0165 svoje technol\u00f3gie.<\/p>\n\n\n\n<p>Ke\u010f sa\u00a0Polestar 3\u00a0kone\u010dne dostane na trh, bude musie\u0165 konkurova\u0165 modelom pr\u00e9miov\u00fdch nemeck\u00fdch zna\u010diek ako Audi, BMW a Mercedes.\u00a0Na rozdiel od ok\u00e1zal\u00e9ho luxusu spojen\u00e9ho so zna\u010dkami spom\u00ednan\u00fdmi sk\u00f4r, nov\u00e9 SUV od Polestaru steles\u0148uje \u0161kandin\u00e1vsky minimalizmus.<\/p>\n\n\n\n<figure class=\"wp-block-gallery has-nested-images columns-default is-cropped wp-block-gallery-1 is-layout-flex wp-block-gallery-is-layout-flex\">\n<figure class=\"wp-block-image size-large\"><img decoding=\"async\" loading=\"lazy\" width=\"945\" height=\"551\" data-id=\"3791\" src=\"https:\/\/web.gtischarging.sk\/wp-content\/uploads\/2022\/10\/image-92-1.png\" alt=\"\" class=\"wp-image-3791\" srcset=\"https:\/\/web.gtischarging.sk\/wp-content\/uploads\/2022\/10\/image-92-1.png 945w, https:\/\/web.gtischarging.sk\/wp-content\/uploads\/2022\/10\/image-92-1-300x175.png 300w, https:\/\/web.gtischarging.sk\/wp-content\/uploads\/2022\/10\/image-92-1-768x448.png 768w\" sizes=\"(max-width: 945px) 100vw, 945px\" \/><\/figure>\n\n\n\n<figure class=\"wp-block-image\"><img decoding=\"async\" data-id=\"5118\" src=\"https:\/\/www.elektro-vozidla.sk\/wp-content\/uploads\/2022\/10\/image-103.png\" alt=\"\" class=\"wp-image-5118\"\/><\/figure>\n\n\n\n<figure class=\"wp-block-image size-large\"><img decoding=\"async\" loading=\"lazy\" width=\"945\" height=\"564\" data-id=\"3792\" src=\"https:\/\/web.gtischarging.sk\/wp-content\/uploads\/2022\/10\/image-107.png\" alt=\"\" class=\"wp-image-3792\" srcset=\"https:\/\/web.gtischarging.sk\/wp-content\/uploads\/2022\/10\/image-107.png 945w, https:\/\/web.gtischarging.sk\/wp-content\/uploads\/2022\/10\/image-107-300x179.png 300w, https:\/\/web.gtischarging.sk\/wp-content\/uploads\/2022\/10\/image-107-768x458.png 768w\" sizes=\"(max-width: 945px) 100vw, 945px\" \/><\/figure>\n<\/figure>\n\n\n\n<p>Polestar 3\u00a0m\u00e1 rozmery na d\u013a\u017eku<strong>\u00a04900mm,\u00a0<\/strong>\u0161\u00edrku<strong>\u00a02120 mm,\u00a0<\/strong>v\u00fd\u0161ku<strong>\u00a01627 mm<\/strong>, \u00a0s r\u00e1zvorom\u00a0<strong>2985 mm<\/strong>. \u010c\u00ednski kupuj\u00faci, ktor\u00ed si bud\u00fa m\u00f4c\u0165 elektromobil k\u00fapi\u0165 ako prv\u00ed, si m\u00f4\u017eu vybra\u0165 z dvoch verzi\u00ed. Dvojmotorov\u00e1 vysokov\u00fdkonn\u00e1 verzia a dvojmotorov\u00e1 verzia s dlh\u00fdm dojazdom.\u00a0Vysokov\u00fdkonn\u00e1 verzia chrl\u00ed v\u00fdkon\u00a0<strong>380 kW<\/strong>\u00a0a maxim\u00e1lny kr\u00fatiaci moment\u00a0<strong>910 Nm<\/strong>. Verzia s dlh\u00fdm dojazdom m\u00e1 v\u00fdkon ohrani\u010den\u00fd na \u201eskromnej\u0161\u00edch\u201c \u00a0<strong>360 kW<\/strong>\u00a0a maxim\u00e1lny kr\u00fatiaci moment je \u201ciba\u201d\u00a0<strong>840 Nm<\/strong>.\u00a0Zatia\u013e \u010do verzia s dlh\u00fdm dojazdom zr\u00fdchli z 0 na 100 km\/h za\u00a0<strong>5 sek\u00fand<\/strong>, v\u00fdkonnej verzii to ist\u00e9 trv\u00e1 len\u00a0<strong>4,7 sekundy<\/strong>.\u00a0<strong>Polestar 3<\/strong>\u00a0je dod\u00e1van\u00fd s <a href=\"https:\/\/web.gtischarging.sk\/index.php\/baterie\/\">bat\u00e9riou<\/a> s kapacitou\u00a0<strong>111 kWh<\/strong>\u00a0a m\u00e1 funkciu odpojenia zadn\u00e9ho motora, ktor\u00e1 umo\u017e\u0148uje, aby SUV jazdilo len na prednom motore. <\/p>\n\n\n\n<p>Verzia s dlh\u00fdm dojazdom prejde na jedno nabitie trak\u010dnej bat\u00e9rie\u00a0<strong>670 km<\/strong>\u00a0pod\u013ea nov\u0161ej \u010d\u00ednskej metodiky CLTC. Vysokov\u00fdkonn\u00e1 verzia m\u00e1 dojazd\u00a0<strong>620 km<\/strong>. Obe verzie s\u00fa \u0161tandardne vybaven\u00e9 nastavite\u013en\u00fdm jednoped\u00e1lov\u00fdm re\u017eimom plynu\/rekuper\u00e1cie a dvojspojkov\u00fdm elektrick\u00fdm syst\u00e9mom vektorovania kr\u00fatiaceho momentu pre zadn\u00fa n\u00e1pravu.\u00a0<\/p>\n\n\n\n<p>Elektrick\u00e9 &nbsp;SUV s cenou 84 000 dol\u00e1rov je vyzbrojen\u00e9 mno\u017estvom technol\u00f3gi\u00ed vr\u00e1tane pokro\u010dil\u00e9ho softv\u00e9ru na podporu vodi\u010da od spolo\u010dnosti Volvo vyroben\u00e9ho spolo\u010dnos\u0165ou Nvidia.&nbsp;Je to tie\u017e prv\u00e9 vozidlo od v\u00fdrobcu, ktor\u00e9 obsahuje Pilot Pack a bal\u00edk asisten\u010dn\u00fdch syst\u00e9mov pre vodi\u010da podporovan\u00fd sn\u00edma\u010dmi LiDar.<\/p>\n\n\n\n<figure class=\"wp-block-gallery has-nested-images columns-default is-cropped wp-block-gallery-3 is-layout-flex wp-block-gallery-is-layout-flex\">\n<figure class=\"wp-block-image size-large\"><img decoding=\"async\" loading=\"lazy\" width=\"800\" height=\"450\" data-id=\"3794\" src=\"https:\/\/web.gtischarging.sk\/wp-content\/uploads\/2022\/10\/337593648_1665633323584_830x600.png\" alt=\"\" class=\"wp-image-3794\" srcset=\"https:\/\/web.gtischarging.sk\/wp-content\/uploads\/2022\/10\/337593648_1665633323584_830x600.png 800w, https:\/\/web.gtischarging.sk\/wp-content\/uploads\/2022\/10\/337593648_1665633323584_830x600-300x169.png 300w, https:\/\/web.gtischarging.sk\/wp-content\/uploads\/2022\/10\/337593648_1665633323584_830x600-768x432.png 768w\" sizes=\"(max-width: 800px) 100vw, 800px\" \/><\/figure>\n\n\n\n<figure class=\"wp-block-image\"><img decoding=\"async\" data-id=\"5116\" src=\"https:\/\/www.elektro-vozidla.sk\/wp-content\/uploads\/2022\/10\/image-101.png\" alt=\"\" class=\"wp-image-5116\"\/><\/figure>\n\n\n\n<figure class=\"wp-block-image size-large\"><img decoding=\"async\" loading=\"lazy\" width=\"800\" height=\"450\" data-id=\"3795\" src=\"https:\/\/web.gtischarging.sk\/wp-content\/uploads\/2022\/10\/337593620_1665633321569_830x600.png\" alt=\"\" class=\"wp-image-3795\" srcset=\"https:\/\/web.gtischarging.sk\/wp-content\/uploads\/2022\/10\/337593620_1665633321569_830x600.png 800w, https:\/\/web.gtischarging.sk\/wp-content\/uploads\/2022\/10\/337593620_1665633321569_830x600-300x169.png 300w, https:\/\/web.gtischarging.sk\/wp-content\/uploads\/2022\/10\/337593620_1665633321569_830x600-768x432.png 768w\" sizes=\"(max-width: 800px) 100vw, 800px\" \/><\/figure>\n<\/figure>\n\n\n\n<p>V\u010faka svojim vlastnostiam sa\u00a0Polestar 3\u00a0dostane pod drobnoh\u013ead, preto\u017ee m\u00e1 vy\u0161\u0161iu cenovku v porovnan\u00ed so svojou hlavnou konkurenciou\u00a0Tesla Model Y. Jeho cena 84 000 dol\u00e1rov je o 14 000 dol\u00e1rov vy\u0161\u0161ia ako p\u00fdtaj\u00fa \u00a0za\u00a0Teslu Model Y\u00a0(70 000 dol\u00e1rov).\u00a0<\/p>\n\n\n\n<p>Ako prv\u00ed si bud\u00fa m\u00f4c\u0165 novinku od\u00a0Polestaru k\u00fapi\u0165 solventn\u00ed z\u00e1kazn\u00edci v\u00a0\u010c\u00edne. Za toto privil\u00e9gium si v\u0161ak bud\u00fa musie\u0165 priplati\u0165 pribli\u017ene 39\u00a0000 USD. \u00a0V \u010c\u00edne sa model\u00a0Polestar 3\u00a0s dlh\u00fdm dojazdom bude pred\u00e1va\u0165 za 880 000 juanov (122 800 USD). Pri\u010dom\u00a0odpor\u00fa\u010dan\u00e1 cena ozn\u00e1men\u00e1 spolo\u010dnos\u0165ou Polestar\u00a0pre USA\u00a0je\u00a084 000 USD. Pre Eur\u00f3pu\u00a0\u00a0bude jeho cena\u00a0<strong>87 200 USD<\/strong>.\u00a0Na druhej strane, vysokov\u00fdkonn\u00fd model\u00a0<strong>Polestar 3<\/strong>\u00a0bude st\u00e1\u0165 1 030 000 juanov (143 800 USD).\u00a0Na porovnanie, podobne ve\u013ek\u00fd a v\u00fdkonn\u00fd \u010d\u00ednsky\u00a0<a href=\"https:\/\/www.elektro-vozidla.sk\/nio-es7-najvyspelejsie-elektricke-suv-znacky\/\"><strong>NIO ES7<\/strong>\u00a0<\/a>stoj\u00ed\u00a0<strong>51 800 USD<\/strong>\u00a0pri\u010dom m\u00e1 lep\u0161\u00ed \u010das zr\u00fdchlenia z 0 na 100 km\/h \u2013 za\u00a0<strong>3,9 sekundy<\/strong>.<\/p>\n\n\n\n<p><strong>Polestar<\/strong>&nbsp;ozn\u00e1mil, \u017ee elektrick\u00e9 SUV bude debutova\u0165 v \u010c\u00edne na autosal\u00f3ne v \u0160anghaji v roku 2023 a o\u010dak\u00e1va sa, \u017ee v\u00fdroba za\u010dne v polovici roka 2023 v z\u00e1vode Volvo v&nbsp;Chengdu ( \u010c\u00edna).&nbsp;Pod\u013ea automobilky sa prv\u00e9 dod\u00e1vky za\u010dn\u00fa v 4. \u0161tvr\u0165roku 2023, zatia\u013e \u010do z\u00e1vod Volvo v Ju\u017enej Karol\u00edne za\u010dne v\u00fdrobu a\u017e v polovici roka 2024. Kedy \u0161v\u00e9dsko-\u010d\u00ednske \u201c\u013eudov\u00e9 vozidlo\u201d obohat\u00ed slovensk\u00fd trh zatia\u013e zna\u010dka neozn\u00e1mila, tak\u017ee t\u00ed, ktor\u00ed ho bud\u00fa chcie\u0165 ma\u0165 doma v gar\u00e1\u017ei, m\u00f4\u017eu spokojne \u0161etri\u0165!<\/p>\n\n\n\n<figure class=\"wp-block-gallery has-nested-images columns-default is-cropped wp-block-gallery-5 is-layout-flex wp-block-gallery-is-layout-flex\">\n<figure class=\"wp-block-image size-large\"><img decoding=\"async\" loading=\"lazy\" width=\"945\" height=\"532\" data-id=\"3796\" src=\"https:\/\/web.gtischarging.sk\/wp-content\/uploads\/2022\/10\/image-99.png\" alt=\"\" class=\"wp-image-3796\" srcset=\"https:\/\/web.gtischarging.sk\/wp-content\/uploads\/2022\/10\/image-99.png 945w, https:\/\/web.gtischarging.sk\/wp-content\/uploads\/2022\/10\/image-99-300x169.png 300w, https:\/\/web.gtischarging.sk\/wp-content\/uploads\/2022\/10\/image-99-768x432.png 768w\" sizes=\"(max-width: 945px) 100vw, 945px\" \/><\/figure>\n\n\n\n<figure class=\"wp-block-image\"><img decoding=\"async\" data-id=\"5120\" src=\"https:\/\/www.elektro-vozidla.sk\/wp-content\/uploads\/2022\/10\/image-105.png\" alt=\"\" class=\"wp-image-5120\"\/><\/figure>\n<\/figure>\n\n\n\n<p>Zdroj:\u00a0<strong><a href=\"https:\/\/www.elektro-vozidla.sk\/polestar-3-elektricke-suv-sa-zacne-vyrabat-v-cine\/\">elektro-vozidla<\/a><\/strong><\/p>\n","protected":false},"excerpt":{"rendered":"<p>Elektrick\u00e9 SUV Polestar 3 sa za\u010dne vyr\u00e1ba\u0165 v \u010c\u00edne Po mesiacoch o\u010dak\u00e1van\u00ed a dlhom rade reklamn\u00fdch up\u00fatavok, \u0161v\u00e9dsko-\u010d\u00ednska automobilka\u00a0Polestar\u00a0kone\u010dne odhalila svoje tretie auto s\u00a0n\u00e1zvom \u00a0Polestar 3. Nov\u00fd model je pokusom Polestaru prenikn\u00fa\u0165 na nas\u00fdten\u00fd&#46;&#46;&#46;<\/p>\n","protected":false},"author":8,"featured_media":0,"parent":0,"menu_order":0,"comment_status":"closed","ping_status":"closed","template":"","meta":{"footnotes":""},"yoast_head":"<!-- This site is optimized with the Yoast SEO plugin v20.4 - https:\/\/yoast.com\/wordpress\/plugins\/seo\/ -->\n<title>Polestar 3 - gtischarging.sk<\/title>\n<meta name=\"description\" content=\"Polestar\u00a0je spolo\u010dn\u00fdm podnikom medzi spolo\u010dnos\u0165ami\u00a0Volvo\u00a0cars a\u00a0\u010d\u00ednskym Geely, no pre n\u00e1s je zauj\u00edmav\u00fd aj z\u00a0poh\u013eadu z\u00e1vodu na v\u00fdrobu EV.\" \/>\n<meta name=\"robots\" content=\"index, follow, max-snippet:-1, max-image-preview:large, max-video-preview:-1\" \/>\n<link rel=\"canonical\" href=\"https:\/\/web.gtischarging.sk\/index.php\/polestar-3\/\" \/>\n<meta property=\"og:locale\" content=\"cs_CZ\" \/>\n<meta property=\"og:type\" content=\"article\" \/>\n<meta property=\"og:title\" content=\"Polestar 3 - gtischarging.sk\" \/>\n<meta property=\"og:description\" content=\"Polestar\u00a0je spolo\u010dn\u00fdm podnikom medzi spolo\u010dnos\u0165ami\u00a0Volvo\u00a0cars a\u00a0\u010d\u00ednskym Geely, no pre n\u00e1s je zauj\u00edmav\u00fd aj z\u00a0poh\u013eadu z\u00e1vodu na v\u00fdrobu EV.\" \/>\n<meta property=\"og:url\" content=\"https:\/\/web.gtischarging.sk\/index.php\/polestar-3\/\" \/>\n<meta property=\"og:site_name\" content=\"gtischarging.sk\" \/>\n<meta property=\"article:publisher\" content=\"https:\/\/www.facebook.com\/gtischarging\" \/>\n<meta property=\"article:modified_time\" content=\"2022-10-25T06:55:56+00:00\" \/>\n<meta property=\"og:image\" content=\"https:\/\/web.gtischarging.sk\/wp-content\/uploads\/2022\/10\/image-95-3.png\" \/>\n<meta name=\"twitter:card\" content=\"summary_large_image\" \/>\n<meta name=\"twitter:label1\" content=\"Odhadovan\u00e1 doba \u010dten\u00ed\" \/>\n\t<meta name=\"twitter:data1\" content=\"6 minut\" \/>\n<script type=\"application\/ld+json\" class=\"yoast-schema-graph\">{\"@context\":\"https:\/\/schema.org\",\"@graph\":[{\"@type\":\"WebPage\",\"@id\":\"https:\/\/web.gtischarging.sk\/index.php\/polestar-3\/\",\"url\":\"https:\/\/web.gtischarging.sk\/index.php\/polestar-3\/\",\"name\":\"Polestar 3 - gtischarging.sk\",\"isPartOf\":{\"@id\":\"https:\/\/web.gtischarging.sk\/#website\"},\"datePublished\":\"2022-10-25T06:55:54+00:00\",\"dateModified\":\"2022-10-25T06:55:56+00:00\",\"description\":\"Polestar\u00a0je spolo\u010dn\u00fdm podnikom medzi spolo\u010dnos\u0165ami\u00a0Volvo\u00a0cars a\u00a0\u010d\u00ednskym Geely, no pre n\u00e1s je zauj\u00edmav\u00fd aj z\u00a0poh\u013eadu z\u00e1vodu na v\u00fdrobu EV.\",\"breadcrumb\":{\"@id\":\"https:\/\/web.gtischarging.sk\/index.php\/polestar-3\/#breadcrumb\"},\"inLanguage\":\"cs\",\"potentialAction\":[{\"@type\":\"ReadAction\",\"target\":[\"https:\/\/web.gtischarging.sk\/index.php\/polestar-3\/\"]}]},{\"@type\":\"BreadcrumbList\",\"@id\":\"https:\/\/web.gtischarging.sk\/index.php\/polestar-3\/#breadcrumb\",\"itemListElement\":[{\"@type\":\"ListItem\",\"position\":1,\"name\":\"Dom\u016f\",\"item\":\"https:\/\/web.gtischarging.sk\/\"},{\"@type\":\"ListItem\",\"position\":2,\"name\":\"Polestar 3\"}]},{\"@type\":\"WebSite\",\"@id\":\"https:\/\/web.gtischarging.sk\/#website\",\"url\":\"https:\/\/web.gtischarging.sk\/\",\"name\":\"gtischarging.sk\",\"description\":\"U n\u00e1s sta\u010d\u00ed prilo\u017ei\u0165 platobn\u00fa kartu\",\"publisher\":{\"@id\":\"https:\/\/web.gtischarging.sk\/#organization\"},\"potentialAction\":[{\"@type\":\"SearchAction\",\"target\":{\"@type\":\"EntryPoint\",\"urlTemplate\":\"https:\/\/web.gtischarging.sk\/?s={search_term_string}\"},\"query-input\":\"required name=search_term_string\"}],\"inLanguage\":\"cs\"},{\"@type\":\"Organization\",\"@id\":\"https:\/\/web.gtischarging.sk\/#organization\",\"name\":\"GTIS charging\",\"url\":\"https:\/\/web.gtischarging.sk\/\",\"logo\":{\"@type\":\"ImageObject\",\"inLanguage\":\"cs\",\"@id\":\"https:\/\/web.gtischarging.sk\/#\/schema\/logo\/image\/\",\"url\":\"https:\/\/web.gtischarging.sk\/wp-content\/uploads\/2020\/03\/logo-180px.png\",\"contentUrl\":\"https:\/\/web.gtischarging.sk\/wp-content\/uploads\/2020\/03\/logo-180px.png\",\"width\":180,\"height\":123,\"caption\":\"GTIS charging\"},\"image\":{\"@id\":\"https:\/\/web.gtischarging.sk\/#\/schema\/logo\/image\/\"},\"sameAs\":[\"https:\/\/www.facebook.com\/gtischarging\"]}]}<\/script>\n<!-- \/ Yoast SEO plugin. -->","yoast_head_json":{"title":"Polestar 3 - gtischarging.sk","description":"Polestar\u00a0je spolo\u010dn\u00fdm podnikom medzi spolo\u010dnos\u0165ami\u00a0Volvo\u00a0cars a\u00a0\u010d\u00ednskym Geely, no pre n\u00e1s je zauj\u00edmav\u00fd aj z\u00a0poh\u013eadu z\u00e1vodu na v\u00fdrobu EV.","robots":{"index":"index","follow":"follow","max-snippet":"max-snippet:-1","max-image-preview":"max-image-preview:large","max-video-preview":"max-video-preview:-1"},"canonical":"https:\/\/web.gtischarging.sk\/index.php\/polestar-3\/","og_locale":"cs_CZ","og_type":"article","og_title":"Polestar 3 - gtischarging.sk","og_description":"Polestar\u00a0je spolo\u010dn\u00fdm podnikom medzi spolo\u010dnos\u0165ami\u00a0Volvo\u00a0cars a\u00a0\u010d\u00ednskym Geely, no pre n\u00e1s je zauj\u00edmav\u00fd aj z\u00a0poh\u013eadu z\u00e1vodu na v\u00fdrobu EV.","og_url":"https:\/\/web.gtischarging.sk\/index.php\/polestar-3\/","og_site_name":"gtischarging.sk","article_publisher":"https:\/\/www.facebook.com\/gtischarging","article_modified_time":"2022-10-25T06:55:56+00:00","og_image":[{"url":"https:\/\/web.gtischarging.sk\/wp-content\/uploads\/2022\/10\/image-95-3.png"}],"twitter_card":"summary_large_image","twitter_misc":{"Odhadovan\u00e1 doba \u010dten\u00ed":"6 minut"},"schema":{"@context":"https:\/\/schema.org","@graph":[{"@type":"WebPage","@id":"https:\/\/web.gtischarging.sk\/index.php\/polestar-3\/","url":"https:\/\/web.gtischarging.sk\/index.php\/polestar-3\/","name":"Polestar 3 - gtischarging.sk","isPartOf":{"@id":"https:\/\/web.gtischarging.sk\/#website"},"datePublished":"2022-10-25T06:55:54+00:00","dateModified":"2022-10-25T06:55:56+00:00","description":"Polestar\u00a0je spolo\u010dn\u00fdm podnikom medzi spolo\u010dnos\u0165ami\u00a0Volvo\u00a0cars a\u00a0\u010d\u00ednskym Geely, no pre n\u00e1s je zauj\u00edmav\u00fd aj z\u00a0poh\u013eadu z\u00e1vodu na v\u00fdrobu EV.","breadcrumb":{"@id":"https:\/\/web.gtischarging.sk\/index.php\/polestar-3\/#breadcrumb"},"inLanguage":"cs","potentialAction":[{"@type":"ReadAction","target":["https:\/\/web.gtischarging.sk\/index.php\/polestar-3\/"]}]},{"@type":"BreadcrumbList","@id":"https:\/\/web.gtischarging.sk\/index.php\/polestar-3\/#breadcrumb","itemListElement":[{"@type":"ListItem","position":1,"name":"Dom\u016f","item":"https:\/\/web.gtischarging.sk\/"},{"@type":"ListItem","position":2,"name":"Polestar 3"}]},{"@type":"WebSite","@id":"https:\/\/web.gtischarging.sk\/#website","url":"https:\/\/web.gtischarging.sk\/","name":"gtischarging.sk","description":"U n\u00e1s sta\u010d\u00ed prilo\u017ei\u0165 platobn\u00fa kartu","publisher":{"@id":"https:\/\/web.gtischarging.sk\/#organization"},"potentialAction":[{"@type":"SearchAction","target":{"@type":"EntryPoint","urlTemplate":"https:\/\/web.gtischarging.sk\/?s={search_term_string}"},"query-input":"required name=search_term_string"}],"inLanguage":"cs"},{"@type":"Organization","@id":"https:\/\/web.gtischarging.sk\/#organization","name":"GTIS charging","url":"https:\/\/web.gtischarging.sk\/","logo":{"@type":"ImageObject","inLanguage":"cs","@id":"https:\/\/web.gtischarging.sk\/#\/schema\/logo\/image\/","url":"https:\/\/web.gtischarging.sk\/wp-content\/uploads\/2020\/03\/logo-180px.png","contentUrl":"https:\/\/web.gtischarging.sk\/wp-content\/uploads\/2020\/03\/logo-180px.png","width":180,"height":123,"caption":"GTIS charging"},"image":{"@id":"https:\/\/web.gtischarging.sk\/#\/schema\/logo\/image\/"},"sameAs":["https:\/\/www.facebook.com\/gtischarging"]}]}},"_links":{"self":[{"href":"https:\/\/web.gtischarging.sk\/index.php\/wp-json\/wp\/v2\/pages\/3784"}],"collection":[{"href":"https:\/\/web.gtischarging.sk\/index.php\/wp-json\/wp\/v2\/pages"}],"about":[{"href":"https:\/\/web.gtischarging.sk\/index.php\/wp-json\/wp\/v2\/types\/page"}],"author":[{"embeddable":true,"href":"https:\/\/web.gtischarging.sk\/index.php\/wp-json\/wp\/v2\/users\/8"}],"replies":[{"embeddable":true,"href":"https:\/\/web.gtischarging.sk\/index.php\/wp-json\/wp\/v2\/comments?post=3784"}],"version-history":[{"count":1,"href":"https:\/\/web.gtischarging.sk\/index.php\/wp-json\/wp\/v2\/pages\/3784\/revisions"}],"predecessor-version":[{"id":3797,"href":"https:\/\/web.gtischarging.sk\/index.php\/wp-json\/wp\/v2\/pages\/3784\/revisions\/3797"}],"wp:attachment":[{"href":"https:\/\/web.gtischarging.sk\/index.php\/wp-json\/wp\/v2\/media?parent=3784"}],"curies":[{"name":"wp","href":"https:\/\/api.w.org\/{rel}","templated":true}]}}