 {"id":3712,"date":"2022-10-25T08:14:54","date_gmt":"2022-10-25T06:14:54","guid":{"rendered":"https:\/\/web.gtischarging.sk\/?page_id=3712"},"modified":"2022-10-25T08:14:57","modified_gmt":"2022-10-25T06:14:57","slug":"mg-4-ev","status":"publish","type":"page","link":"https:\/\/web.gtischarging.sk\/index.php\/mg-4-ev\/","title":{"rendered":"MG 4 EV"},"content":{"rendered":"<div class=\"wp-block-image\">\n<figure class=\"aligncenter size-large\"><img decoding=\"async\" loading=\"lazy\" width=\"1024\" height=\"576\" src=\"https:\/\/web.gtischarging.sk\/wp-content\/uploads\/2022\/08\/mg4_ev_008-1024x576.jpg\" alt=\"\" class=\"wp-image-3713\" srcset=\"https:\/\/web.gtischarging.sk\/wp-content\/uploads\/2022\/08\/mg4_ev_008-1024x576.jpg 1024w, https:\/\/web.gtischarging.sk\/wp-content\/uploads\/2022\/08\/mg4_ev_008-300x169.jpg 300w, https:\/\/web.gtischarging.sk\/wp-content\/uploads\/2022\/08\/mg4_ev_008-768x432.jpg 768w, https:\/\/web.gtischarging.sk\/wp-content\/uploads\/2022\/08\/mg4_ev_008.jpg 1056w\" sizes=\"(max-width: 1024px) 100vw, 1024px\" \/><\/figure><\/div>\n\n\n<h1 class=\"has-text-align-center wp-block-heading\">Vysokov\u00fdkonn\u00fd MG 4 EV uveden\u00fd na trh v roku 2023 <\/h1>\n\n\n\n<p>MG bud\u00faci rok uvedie na trh vysokov\u00fdkonn\u00fa verziu svojho nov\u00e9ho MG 4 EV.&nbsp;Zatia\u013e nepomenovan\u00fd v\u00fdkonn\u00fd model bude uveden\u00fd na trh spolu s modelom Extended Range, \u010d\u00edm sa pripoj\u00ed k vozidl\u00e1m Standard a Long Range. Tieto v s\u00fa\u010dasnosti tvoria britsk\u00fd rad vozidiel. V\u00fdkonn\u00fd variant pon\u00fakne viac ako dvojn\u00e1sobn\u00fd v\u00fdkon ako model Long Range. Navy\u0161e prid\u00e1 druh\u00fd motor na predn\u00fa n\u00e1pravu, ktor\u00fd prevezme v\u00fdkon od 150 kW (201 k) do pribli\u017ene 330 kW (443 k). T\u00fdm sa dostane pohon v\u0161etk\u00fdch kolies do ponuky.&nbsp;To by z neho urobilo s ist\u00fdm n\u00e1skokom najv\u00fdkonnej\u0161\u00ed MG, ak\u00fd sa kedy predal.<\/p>\n\n\n\n<p>MG sa zameriava na r\u00fdchlos\u0165 0-100 kmh pribli\u017ene 4,0 sekundy a \u010do je mo\u017eno najzauj\u00edmavej\u0161ie, cenovka \u201ev polovici 30 tis\u00edc\u201c.<\/p>\n\n\n\n<h2 class=\"wp-block-heading\">Je to prv\u00fd elektrick\u00fd hot hatchback?<\/h2>\n\n\n\n<p>Doteraz sme videli mno\u017estvo vysokov\u00fdkonn\u00fdch elektromobilov, od ve\u013emi p\u00f4sobiv\u00fdch&nbsp;<a href=\"https:\/\/www.carmagazine.co.uk\/car-reviews\/porsche\/taycan-ev\/\">Porsche Taycan<\/a>&nbsp;a&nbsp;Tesla Model S Plaid&nbsp;a\u017e po skuto\u010dn\u00e9 superaut\u00e1, ako s\u00fa&nbsp;Pininfarina Battista&nbsp;alebo&nbsp;Rimac C_Two&nbsp;.&nbsp;Elektrick\u00fd hot hatchback sa n\u00e1m ale zatia\u013e vyh\u00fdbal.<\/p>\n\n\n\n<p>Najbli\u017e\u0161\u00edm konkurentom by bol&nbsp;Cupra Born e-Boost&nbsp;, ktor\u00fd pon\u00faka 228 kon\u00ed a pohon zadn\u00fdch kolies s cenovkou za\u010d\u00ednaj\u00facou okolo 38 000 libier.&nbsp;Nielen\u017ee by sa MG 4 vyrovnalo alebo prekonalo cenou, ale zlikvidovalo by ho aj vo v\u00fdkone s o 90 % vy\u0161\u0161\u00edm v\u00fdkonom. Na MG 4 je e\u0161te priskoro, o ktorom sa m\u00e9di\u00e1m a predajcom st\u00e1le odha\u013euj\u00fa.<\/p>\n\n\n\n<p>Obchodn\u00fd riadite\u013e MG uviedol, \u017ee spolo\u010dnos\u0165 presk\u00fama r\u00f4zne mo\u017enosti ozna\u010dovania vysokov\u00fdkonn\u00fdch vozidiel. V\u00fdkonnostn\u00fd variant, ktor\u00fd nazna\u010duje, \u017ee by mohol zah\u0155\u0148a\u0165 pripravovan\u00fd&nbsp;kabriolet Cyberster&nbsp;v \u0161portovej podzna\u010dke.<\/p>\n\n\n\n<figure class=\"wp-block-gallery has-nested-images columns-default is-cropped wp-block-gallery-1 is-layout-flex wp-block-gallery-is-layout-flex\">\n<figure class=\"wp-block-image size-large\"><img decoding=\"async\" loading=\"lazy\" width=\"1024\" height=\"576\" data-id=\"3715\" src=\"https:\/\/web.gtischarging.sk\/wp-content\/uploads\/2022\/08\/mg4_ev_051-1024x576.jpg\" alt=\"\" class=\"wp-image-3715\" srcset=\"https:\/\/web.gtischarging.sk\/wp-content\/uploads\/2022\/08\/mg4_ev_051-1024x576.jpg 1024w, https:\/\/web.gtischarging.sk\/wp-content\/uploads\/2022\/08\/mg4_ev_051-300x169.jpg 300w, https:\/\/web.gtischarging.sk\/wp-content\/uploads\/2022\/08\/mg4_ev_051-768x432.jpg 768w, https:\/\/web.gtischarging.sk\/wp-content\/uploads\/2022\/08\/mg4_ev_051-1536x864.jpg 1536w, https:\/\/web.gtischarging.sk\/wp-content\/uploads\/2022\/08\/mg4_ev_051.jpg 1752w\" sizes=\"(max-width: 1024px) 100vw, 1024px\" \/><\/figure>\n\n\n\n<figure class=\"wp-block-image size-large\"><img decoding=\"async\" loading=\"lazy\" width=\"1024\" height=\"576\" data-id=\"3716\" src=\"https:\/\/web.gtischarging.sk\/wp-content\/uploads\/2022\/08\/mg4_ev_046-1024x576.jpg\" alt=\"\" class=\"wp-image-3716\" srcset=\"https:\/\/web.gtischarging.sk\/wp-content\/uploads\/2022\/08\/mg4_ev_046-1024x576.jpg 1024w, https:\/\/web.gtischarging.sk\/wp-content\/uploads\/2022\/08\/mg4_ev_046-300x169.jpg 300w, https:\/\/web.gtischarging.sk\/wp-content\/uploads\/2022\/08\/mg4_ev_046-768x432.jpg 768w, https:\/\/web.gtischarging.sk\/wp-content\/uploads\/2022\/08\/mg4_ev_046-1536x864.jpg 1536w, https:\/\/web.gtischarging.sk\/wp-content\/uploads\/2022\/08\/mg4_ev_046.jpg 1752w\" sizes=\"(max-width: 1024px) 100vw, 1024px\" \/><\/figure>\n<\/figure>\n\n\n\n<p>Bez oh\u013eadu na to, ako je ozna\u010den\u00fd, nov\u00fd 4 prejde  dodato\u010dn\u00fdm vyladen\u00edm podvozku.&nbsp;Modely Standard a Long Range vyladila britsk\u00e1 div\u00edzia MG v Longbridge. To preto, aby sa ubezpe\u010dila, \u017ee sa najlep\u0161ie hodia na cesty v Spojenom kr\u00e1\u013eovstve a \u017ee ich bude nasledova\u0165 aj v\u00fdkonn\u00fd variant.<\/p>\n\n\n\n<p>\u010co sa t\u00fdka rozsahu?&nbsp;Aut\u00e1 Standard a Long Range dosahuj\u00fa pod\u013ea WLTP 350 a 453 km na pln\u00e9 nabitie. Model Extended Range sa zameriava na dojazd 530 km.&nbsp;O\u010dak\u00e1vali by sme, \u017ee vysokov\u00fdkonn\u00e9 auto bude sp\u00e1rovan\u00e9 aspo\u0148 so strednou \u0161pecifik\u00e1ciou bat\u00e9rie s dlh\u00fdm dojazdom 64 kWh s dojazdom viac ako 402 km.<\/p>\n\n\n\n<h2 class=\"wp-block-heading\" id=\"h-mg-4-ev-prices-specs-and-details\">MG 4 EV: ceny, \u0161pecifik\u00e1cie a podrobnosti<\/h2>\n\n\n\n<p>MG&nbsp;potvrdilo ceny a \u0161pecifik\u00e1cie pre nov\u00fd 4 EV.&nbsp;Elektrick\u00fd&nbsp;hatchback&nbsp;sa za\u010dne pred\u00e1va\u0165 vo Ve\u013ekej Brit\u00e1nii v septembri 2022 s cenami od 30 700 \u20ac.&nbsp;To znamen\u00e1, \u017ee predbehne s\u00faperov ako&nbsp;Volkswagen ID.3&nbsp;a&nbsp;Cupra Born&nbsp;o z\u00e1vratn\u00fdch 11 810 \u20ac.<\/p>\n\n\n\n<p>Kupuj\u00faci si bud\u00fa m\u00f4c\u0165 vybra\u0165 z dvoch \u00farovn\u00ed v\u00fdbavy nazvan\u00fdch SE a Trophy. Taktie\u017e z dvoch bat\u00e9ri\u00ed s n\u00e1zvom Standard Range a Long Range.&nbsp;Rovnako ako ostatn\u00e9 svoje aut\u00e1, aj MG bude pred\u00e1va\u0165 4 EV s konkurencieschopnou \u00farov\u0148ou \u0161tandardnej v\u00fdbavy napriek n\u00edzkej cene.<\/p>\n\n\n\n<p>Najlacnej\u0161\u00ed model SE Standard Range obsahuje 17-palcov\u00e9 zliatinov\u00e9 disky, automatick\u00e9 LED svetlomety, zadn\u00e9 parkovacie senzory, adapt\u00edvny tempomat a automatick\u00fa klimatiz\u00e1ciu.&nbsp;Bude poh\u00e1\u0148an\u00fd bat\u00e9riou s kapacitou 51 kWh, ktor\u00e1 pod\u013ea MG poskytne maxim\u00e1lny dojazd 351 km.<\/p>\n\n\n\n<p>Vozidl\u00e1 SE bud\u00fa volite\u013ene dostupn\u00e9 s 64kWh bat\u00e9riou MG Long Range, ktor\u00e1 zv\u00fd\u0161i maxim\u00e1lny dojazd a\u017e na 453 km.&nbsp;Tento variant je tie\u017e vybaven\u00fd akt\u00edvnou uz\u00e1vierkou, ktor\u00e1 odkryje mrie\u017eku chladi\u010da auta, ke\u010f nie je potrebn\u00e1 na chladenie. To preto , aby sa zv\u00e4\u010d\u0161il dojazd na jedno nabitie a\u017e o 10 %.&nbsp;Ceny bud\u00fa za\u010d\u00edna\u0165 na 33 650 \u20ac.<\/p>\n\n\n\n<figure class=\"wp-block-gallery has-nested-images columns-default is-cropped wp-block-gallery-3 is-layout-flex wp-block-gallery-is-layout-flex\">\n<figure class=\"wp-block-image size-large\"><img decoding=\"async\" loading=\"lazy\" width=\"1024\" height=\"576\" data-id=\"3724\" src=\"https:\/\/web.gtischarging.sk\/wp-content\/uploads\/2022\/08\/mg4_ev_050-1-1024x576.jpg\" alt=\"\" class=\"wp-image-3724\" srcset=\"https:\/\/web.gtischarging.sk\/wp-content\/uploads\/2022\/08\/mg4_ev_050-1-1024x576.jpg 1024w, https:\/\/web.gtischarging.sk\/wp-content\/uploads\/2022\/08\/mg4_ev_050-1-300x169.jpg 300w, https:\/\/web.gtischarging.sk\/wp-content\/uploads\/2022\/08\/mg4_ev_050-1-768x432.jpg 768w, https:\/\/web.gtischarging.sk\/wp-content\/uploads\/2022\/08\/mg4_ev_050-1-1536x864.jpg 1536w, https:\/\/web.gtischarging.sk\/wp-content\/uploads\/2022\/08\/mg4_ev_050-1.jpg 1752w\" sizes=\"(max-width: 1024px) 100vw, 1024px\" \/><\/figure>\n\n\n\n<figure class=\"wp-block-image size-large\"><img decoding=\"async\" loading=\"lazy\" width=\"1024\" height=\"576\" data-id=\"3723\" src=\"https:\/\/web.gtischarging.sk\/wp-content\/uploads\/2022\/08\/mg4_ev_049-1024x576.jpg\" alt=\"\" class=\"wp-image-3723\" srcset=\"https:\/\/web.gtischarging.sk\/wp-content\/uploads\/2022\/08\/mg4_ev_049-1024x576.jpg 1024w, https:\/\/web.gtischarging.sk\/wp-content\/uploads\/2022\/08\/mg4_ev_049-300x169.jpg 300w, https:\/\/web.gtischarging.sk\/wp-content\/uploads\/2022\/08\/mg4_ev_049-768x432.jpg 768w, https:\/\/web.gtischarging.sk\/wp-content\/uploads\/2022\/08\/mg4_ev_049-1536x864.jpg 1536w, https:\/\/web.gtischarging.sk\/wp-content\/uploads\/2022\/08\/mg4_ev_049.jpg 1752w\" sizes=\"(max-width: 1024px) 100vw, 1024px\" \/><\/figure>\n<\/figure>\n\n\n\n<p>\u0160pi\u010dkov\u00fd MG 4 EV Trophy bude ma\u0165 \u0161tartovaciu cenu 37 200 \u20ac.&nbsp;\u0160tandardne bude vybaven\u00fd bat\u00e9riou MG s dlh\u00fdm dojazdom. Ale ke\u010f\u017ee je vybaven\u00fd ove\u013ea v\u00e4\u010d\u0161\u00edm vybaven\u00edm ako model SE, jeho maxim\u00e1lny dojazd klesne na 435 km.<\/p>\n\n\n\n<p>Vylep\u0161enia oproti modelu SE zah\u0155\u0148aj\u00fa dvojfarebn\u00e9 lakovanie, zadn\u00e9 ochrann\u00e9 sklo, v\u00e4\u010d\u0161\u00ed zadn\u00fd spojler, ko\u017een\u00e9 \u010dal\u00fanenie, vyhrievan\u00e9 predn\u00e9 sedadl\u00e1, vyhrievan\u00fd volant, 360-stup\u0148ov\u00fa parkovaciu kameru a bezdr\u00f4tov\u00fa nab\u00edja\u010dku smartf\u00f3nov.&nbsp;Kupuj\u00faci tie\u017e z\u00edskaj\u00fa niektor\u00e9 \u010fal\u0161ie bezpe\u010dnostn\u00e9 vybavenie. Napr\u00edklad ako je&nbsp;<a href=\"https:\/\/www.directline.com\/car-cover\/magazine\/lane-departure-lane-assist-explained\">asistent zmeny jazdn\u00e9ho pruhu<\/a>&nbsp;, v\u00fdstraha pred prejazdom vzadu a&nbsp;syst\u00e9m sledovania m\u0155tveho uhla&nbsp;.<\/p>\n\n\n\n<p>Obe \u0161pecifik\u00e1cie bud\u00fa obsahova\u0165 rovnak\u00fd 7-palcov\u00fd digit\u00e1lny merac\u00ed pr\u00edstroj a 10,25-palcov\u00fd informa\u010dno-z\u00e1bavn\u00fd syst\u00e9m. Hoci variant Trophy bude ma\u0165 zabudovan\u00fd syst\u00e9m satelitnej navig\u00e1cie.&nbsp;Kupuj\u00faci bud\u00fa ma\u0165 tie\u017e na v\u00fdber zo \u0161iestich farieb laku, vr\u00e1tane pomerne n\u00e1padnej Volcano Orange, ktor\u00fa tu mo\u017eno vidie\u0165 na aute.<\/p>\n\n\n\n<p>V\u010faka p\u00f4sobiv\u00fdm zostatkov\u00fdm hodnot\u00e1m (viac ako 60% ponechanie, pod\u013ea CAP) m\u00f4\u017ee MG pon\u00faknu\u0165 \u0161tvorke nieko\u013eko neuverite\u013ene l\u00e1kav\u00fdch finan\u010dn\u00fdch obchodov.&nbsp;Hoci e\u0161te nie s\u00fa dokon\u010den\u00e9, predpoklad\u00e1 sa, \u017ee za z\u00e1kladn\u00fa \u00farove\u0148 4 bude \u00fa\u010dtova\u0165 pribli\u017ene 355 eur mesa\u010dne, \u010do sa zv\u00fd\u0161i na pribli\u017ene 415 eur mesa\u010dne v pr\u00edpade Long Range na z\u00e1klade vkladu 4725 eur a 36-mesa\u010dn\u00e9ho PCP.<\/p>\n\n\n\n<p>Pre porovnanie, to je o viac ako 120 \u20ac menej ako Vauxhall Corsa-e s rovnak\u00fdmi podmienkami. Pre v\u00e4\u010d\u0161ie, v\u00fdkonnej\u0161ie a lep\u0161ie vybaven\u00e9 auto.<\/p>\n\n\n\n<h2 class=\"wp-block-heading\" id=\"h-what-s-propping-up-this-bargain-basement-ev\">\u010co podporuje tento v\u00fdhodn\u00fd elektromobil?<\/h2>\n\n\n\n<p>4 EV je zalo\u017een\u00fd na novej modul\u00e1rnej \u0161k\u00e1lovate\u013enej platforme MG (MSP), ktor\u00e1 bude z\u00e1kladom v\u0161etk\u00fdch elektrick\u00fdch vozidiel novej gener\u00e1cie.&nbsp;A nehovor\u00edme tu len o&nbsp;lacn\u00fdch elektrick\u00fdch koloto\u010doch&nbsp;. MG hovor\u00ed, \u017ee nov\u00e9 podpery s\u00fa dostato\u010dne univerz\u00e1lne na to, aby podporili v\u0161etko od hatchbacku po SUV a dokonca aj&nbsp;\u0161portov\u00e9 auto&nbsp;, s r\u00e1zvorom od 2 650 mm do 3 100 mm.<\/p>\n\n\n\n<p>MG tie\u017e tvrd\u00ed, \u017ee platforma bola navrhnut\u00e1 s oh\u013eadom na manipul\u00e1ciu.&nbsp;Elektromotor je namontovan\u00fd na zadnej n\u00e1prave a zna\u010dka navrhla nov\u00fa \u0161t\u00edhlu bat\u00e9riu, ktor\u00e1 pom\u00e1ha zn\u00ed\u017ei\u0165 \u0165a\u017eisko auta t\u00fdm, \u017ee vodi\u010da spadne bli\u017e\u0161ie k zemi.&nbsp;In\u017einieri spolo\u010dnosti tvrdia, \u017ee v\u00fdsledkom t\u00fdchto vylep\u0161en\u00ed je rozlo\u017eenie hmotnosti v pomere 50:50.&nbsp;P\u00f4sobiv\u00e9 veci pre tak\u00fa lacn\u00fa zna\u010dku.<\/p>\n\n\n\n<figure class=\"wp-block-gallery has-nested-images columns-default is-cropped wp-block-gallery-5 is-layout-flex wp-block-gallery-is-layout-flex\">\n<figure class=\"wp-block-image\"><img decoding=\"async\" data-id=\"152568\" src=\"https:\/\/car-images.bauersecure.com\/wp-images\/152562\/1040x0\/mg4_ev_052.jpg?scale=down\" alt=\"Infografika platformy MG 4 EV\" class=\"wp-image-152568\"\/><\/figure>\n\n\n\n<figure class=\"wp-block-image size-large\"><img decoding=\"async\" loading=\"lazy\" width=\"1024\" height=\"576\" data-id=\"3719\" src=\"https:\/\/web.gtischarging.sk\/wp-content\/uploads\/2022\/08\/mg4_ev_053-1024x576.jpg\" alt=\"\" class=\"wp-image-3719\" srcset=\"https:\/\/web.gtischarging.sk\/wp-content\/uploads\/2022\/08\/mg4_ev_053-1024x576.jpg 1024w, https:\/\/web.gtischarging.sk\/wp-content\/uploads\/2022\/08\/mg4_ev_053-300x169.jpg 300w, https:\/\/web.gtischarging.sk\/wp-content\/uploads\/2022\/08\/mg4_ev_053-768x432.jpg 768w, https:\/\/web.gtischarging.sk\/wp-content\/uploads\/2022\/08\/mg4_ev_053-1536x864.jpg 1536w, https:\/\/web.gtischarging.sk\/wp-content\/uploads\/2022\/08\/mg4_ev_053.jpg 1752w\" sizes=\"(max-width: 1024px) 100vw, 1024px\" \/><\/figure>\n<\/figure>\n\n\n\n<p>In\u017einieri MG sa tie\u017e pok\u00fasili zabezpe\u010di\u0165 bud\u00facnos\u0165 platformy v\u0161ade, kde to bolo mo\u017en\u00e9.&nbsp;Napr\u00edklad v dizajne vytvorili priestor pre syst\u00e9m v\u00fdmeny bat\u00e9ri\u00ed, ktor\u00fd bude pridan\u00fd nesk\u00f4r (ktor\u00fd bude fungova\u0165 ako&nbsp;Nio&#8217;s Power Swap Station&nbsp;), zatia\u013e \u010do&nbsp;bezdr\u00f4tov\u00e9 aktualiz\u00e1cie&nbsp;umo\u017enia kupuj\u00facim upgradova\u0165 softv\u00e9r svojho auta po vydan\u00ed spolo\u010dnosti. vylep\u0161enia.<\/p>\n\n\n\n<h2 class=\"wp-block-heading\" id=\"h-what-s-the-mg-4-s-interior-like\">Ak\u00fd je interi\u00e9r MG 4?<\/h2>\n\n\n\n<p>Vyzer\u00e1 to ako ve\u013ek\u00fd krok vpred pre MG, aj ke\u010f m\u00f4\u017eete poveda\u0165, odkia\u013e dizajn\u00e9ri spolo\u010dnosti \u010derpali n\u00e1pady.&nbsp;Na pr\u00edstrojovej doske je namontovan\u00fd nov\u00fd \u0161irokouhl\u00fd informa\u010dno-z\u00e1bavn\u00fd syst\u00e9m a mal\u00fd digit\u00e1lny merac\u00ed pr\u00edstroj, ktor\u00fd vyzer\u00e1 a\u017e podozrivo podobne ako nastavenie infotainmentu v Cupre Born.&nbsp;Nech\u00fdba ani dvojramenn\u00fd volant, ak\u00fd m\u00e1te v&nbsp;\u0160kode Enyaq&nbsp;.<\/p>\n\n\n\n<p>Imit\u00e1cia je v\u0161ak naj\u00faprimnej\u0161ou formou lich\u00f4tky a je tu nieko\u013eko origin\u00e1lnych n\u00e1padov.&nbsp;Vezmite si pl\u00e1vaj\u00facu stredov\u00fa konzolu \u2013 nach\u00e1dza sa v nej oto\u010dn\u00fd voli\u010d prevodov, elektronick\u00e1 parkovacia brzda a odkladacia priehradka, v ktorej, ako o\u010dak\u00e1vame, bude umiestnen\u00e1 bezdr\u00f4tov\u00e1 nab\u00edja\u010dka smartf\u00f3nov na najdrah\u0161\u00edch verzi\u00e1ch auta.<\/p>\n\n\n\n<p>MG nezverejnilo \u017eiadne \u00fadaje o nosnosti 4 EV, ale najnov\u0161ie obr\u00e1zky zna\u010dky nazna\u010duj\u00fa, \u017ee to bude celkom praktick\u00e9.&nbsp;Spolo\u010dnos\u0165 n\u00e1s tie\u017e uistila, \u017ee auto pon\u00fakne dostatok vn\u00fatorn\u00e9ho priestoru a dobre dimenzovan\u00fd bato\u017einov\u00fd priestor.<\/p>\n\n\n\n<figure class=\"wp-block-gallery has-nested-images columns-default is-cropped wp-block-gallery-7 is-layout-flex wp-block-gallery-is-layout-flex\">\n<figure class=\"wp-block-image size-large\"><img decoding=\"async\" loading=\"lazy\" width=\"1024\" height=\"576\" data-id=\"3720\" src=\"https:\/\/web.gtischarging.sk\/wp-content\/uploads\/2022\/08\/mg4_ev_054-1-1024x576.jpg\" alt=\"\" class=\"wp-image-3720\" srcset=\"https:\/\/web.gtischarging.sk\/wp-content\/uploads\/2022\/08\/mg4_ev_054-1-1024x576.jpg 1024w, https:\/\/web.gtischarging.sk\/wp-content\/uploads\/2022\/08\/mg4_ev_054-1-300x169.jpg 300w, https:\/\/web.gtischarging.sk\/wp-content\/uploads\/2022\/08\/mg4_ev_054-1-768x432.jpg 768w, https:\/\/web.gtischarging.sk\/wp-content\/uploads\/2022\/08\/mg4_ev_054-1-1536x864.jpg 1536w, https:\/\/web.gtischarging.sk\/wp-content\/uploads\/2022\/08\/mg4_ev_054-1.jpg 1752w\" sizes=\"(max-width: 1024px) 100vw, 1024px\" \/><\/figure>\n\n\n\n<figure class=\"wp-block-image\"><img decoding=\"async\" data-id=\"153658\" src=\"https:\/\/car-images.bauersecure.com\/wp-images\/152562\/1040x0\/mg4_ev_048.jpg?scale=down\" alt=\"Kufor MG 4 EV\" class=\"wp-image-153658\"\/><\/figure>\n\n\n\n<figure class=\"wp-block-image size-large\"><img decoding=\"async\" loading=\"lazy\" width=\"1024\" height=\"576\" data-id=\"3722\" src=\"https:\/\/web.gtischarging.sk\/wp-content\/uploads\/2022\/08\/mg4_ev_047-1024x576.jpg\" alt=\"\" class=\"wp-image-3722\" srcset=\"https:\/\/web.gtischarging.sk\/wp-content\/uploads\/2022\/08\/mg4_ev_047-1024x576.jpg 1024w, https:\/\/web.gtischarging.sk\/wp-content\/uploads\/2022\/08\/mg4_ev_047-300x169.jpg 300w, https:\/\/web.gtischarging.sk\/wp-content\/uploads\/2022\/08\/mg4_ev_047-768x432.jpg 768w, https:\/\/web.gtischarging.sk\/wp-content\/uploads\/2022\/08\/mg4_ev_047-1536x864.jpg 1536w, https:\/\/web.gtischarging.sk\/wp-content\/uploads\/2022\/08\/mg4_ev_047.jpg 1752w\" sizes=\"(max-width: 1024px) 100vw, 1024px\" \/><\/figure>\n<\/figure>\n\n\n\n<p>Zd\u00e1 sa, \u017ee Guy Pigounakis, obchodn\u00fd riadite\u013e MG, je ur\u010dite presved\u010den\u00fd o schopnostiach 4 EV.&nbsp;Povedal: \u201eN\u00e1\u0161 prv\u00fd plne elektrick\u00fd hatchback pon\u00fakne bezkonkuren\u010dn\u00fd vn\u00fatorn\u00fd priestor a praktickos\u0165 s \u00farov\u0148ou v\u00fdbavy, ktor\u00e1 sa zvy\u010dajne o\u010dak\u00e1va od pr\u00e9miov\u00fdch a v\u00fdkonn\u00fdch v\u00fdrobcov elektromobilov.<\/p>\n\n\n\n<p>\u201eVer\u00edme, \u017ee n\u00e1\u0161 nov\u00fd MG4 EV bude l\u00e1kavou ponukou pre z\u00e1kazn\u00edkov, ktor\u00ed h\u013eadaj\u00fa cenovo dostupn\u00e9 elektrick\u00e9 auto bez kompromisov.&nbsp;Potenci\u00e1l inovat\u00edvnej modul\u00e1rnej \u0161k\u00e1lovate\u013enej platformy je zna\u010dn\u00fd a v nadch\u00e1dzaj\u00facich rokoch m\u00e1 prinies\u0165 nieko\u013eko zauj\u00edmav\u00fdch nov\u00fdch MG.&#8220;<\/p>\n\n\n\n<p>Zdroj<br><a href=\"https:\/\/www.carmagazine.co.uk\/car-news\/first-official-pictures\/mg\/4-ev-hatchback\/\">carmagazine<\/a><\/p>\n","protected":false},"excerpt":{"rendered":"<p>Vysokov\u00fdkonn\u00fd MG 4 EV uveden\u00fd na trh v roku 2023 MG bud\u00faci rok uvedie na trh vysokov\u00fdkonn\u00fa verziu svojho nov\u00e9ho MG 4 EV.&nbsp;Zatia\u013e nepomenovan\u00fd v\u00fdkonn\u00fd model bude uveden\u00fd na trh spolu s modelom Extended&#46;&#46;&#46;<\/p>\n","protected":false},"author":8,"featured_media":0,"parent":0,"menu_order":0,"comment_status":"closed","ping_status":"closed","template":"","meta":{"footnotes":""},"yoast_head":"<!-- This site is optimized with the Yoast SEO plugin v20.4 - https:\/\/yoast.com\/wordpress\/plugins\/seo\/ -->\n<title>MG 4 EV - gtischarging.sk<\/title>\n<meta name=\"description\" content=\"MG bud\u00faci rok uvedie na trh vysokov\u00fdkonn\u00fa verziu svojho nov\u00e9ho MG 4 EV.\u00a0Bude uveden\u00fd na trh spolu s modelom Extended Range.\" \/>\n<meta name=\"robots\" content=\"index, follow, max-snippet:-1, max-image-preview:large, max-video-preview:-1\" \/>\n<link rel=\"canonical\" href=\"https:\/\/web.gtischarging.sk\/index.php\/mg-4-ev\/\" \/>\n<meta property=\"og:locale\" content=\"cs_CZ\" \/>\n<meta property=\"og:type\" content=\"article\" \/>\n<meta property=\"og:title\" content=\"MG 4 EV - gtischarging.sk\" \/>\n<meta property=\"og:description\" content=\"MG bud\u00faci rok uvedie na trh vysokov\u00fdkonn\u00fa verziu svojho nov\u00e9ho MG 4 EV.\u00a0Bude uveden\u00fd na trh spolu s modelom Extended Range.\" \/>\n<meta property=\"og:url\" content=\"https:\/\/web.gtischarging.sk\/index.php\/mg-4-ev\/\" \/>\n<meta property=\"og:site_name\" content=\"gtischarging.sk\" \/>\n<meta property=\"article:publisher\" content=\"https:\/\/www.facebook.com\/gtischarging\" \/>\n<meta property=\"article:modified_time\" content=\"2022-10-25T06:14:57+00:00\" \/>\n<meta property=\"og:image\" content=\"https:\/\/web.gtischarging.sk\/wp-content\/uploads\/2022\/08\/mg4_ev_008-1024x576.jpg\" \/>\n<meta name=\"twitter:card\" content=\"summary_large_image\" \/>\n<meta name=\"twitter:label1\" content=\"Odhadovan\u00e1 doba \u010dten\u00ed\" \/>\n\t<meta name=\"twitter:data1\" content=\"9 minut\" \/>\n<script type=\"application\/ld+json\" class=\"yoast-schema-graph\">{\"@context\":\"https:\/\/schema.org\",\"@graph\":[{\"@type\":\"WebPage\",\"@id\":\"https:\/\/web.gtischarging.sk\/index.php\/mg-4-ev\/\",\"url\":\"https:\/\/web.gtischarging.sk\/index.php\/mg-4-ev\/\",\"name\":\"MG 4 EV - gtischarging.sk\",\"isPartOf\":{\"@id\":\"https:\/\/web.gtischarging.sk\/#website\"},\"datePublished\":\"2022-10-25T06:14:54+00:00\",\"dateModified\":\"2022-10-25T06:14:57+00:00\",\"description\":\"MG bud\u00faci rok uvedie na trh vysokov\u00fdkonn\u00fa verziu svojho nov\u00e9ho MG 4 EV.\u00a0Bude uveden\u00fd na trh spolu s modelom Extended Range.\",\"breadcrumb\":{\"@id\":\"https:\/\/web.gtischarging.sk\/index.php\/mg-4-ev\/#breadcrumb\"},\"inLanguage\":\"cs\",\"potentialAction\":[{\"@type\":\"ReadAction\",\"target\":[\"https:\/\/web.gtischarging.sk\/index.php\/mg-4-ev\/\"]}]},{\"@type\":\"BreadcrumbList\",\"@id\":\"https:\/\/web.gtischarging.sk\/index.php\/mg-4-ev\/#breadcrumb\",\"itemListElement\":[{\"@type\":\"ListItem\",\"position\":1,\"name\":\"Dom\u016f\",\"item\":\"https:\/\/web.gtischarging.sk\/\"},{\"@type\":\"ListItem\",\"position\":2,\"name\":\"MG 4 EV\"}]},{\"@type\":\"WebSite\",\"@id\":\"https:\/\/web.gtischarging.sk\/#website\",\"url\":\"https:\/\/web.gtischarging.sk\/\",\"name\":\"gtischarging.sk\",\"description\":\"U n\u00e1s sta\u010d\u00ed prilo\u017ei\u0165 platobn\u00fa kartu\",\"publisher\":{\"@id\":\"https:\/\/web.gtischarging.sk\/#organization\"},\"potentialAction\":[{\"@type\":\"SearchAction\",\"target\":{\"@type\":\"EntryPoint\",\"urlTemplate\":\"https:\/\/web.gtischarging.sk\/?s={search_term_string}\"},\"query-input\":\"required name=search_term_string\"}],\"inLanguage\":\"cs\"},{\"@type\":\"Organization\",\"@id\":\"https:\/\/web.gtischarging.sk\/#organization\",\"name\":\"GTIS charging\",\"url\":\"https:\/\/web.gtischarging.sk\/\",\"logo\":{\"@type\":\"ImageObject\",\"inLanguage\":\"cs\",\"@id\":\"https:\/\/web.gtischarging.sk\/#\/schema\/logo\/image\/\",\"url\":\"https:\/\/web.gtischarging.sk\/wp-content\/uploads\/2020\/03\/logo-180px.png\",\"contentUrl\":\"https:\/\/web.gtischarging.sk\/wp-content\/uploads\/2020\/03\/logo-180px.png\",\"width\":180,\"height\":123,\"caption\":\"GTIS charging\"},\"image\":{\"@id\":\"https:\/\/web.gtischarging.sk\/#\/schema\/logo\/image\/\"},\"sameAs\":[\"https:\/\/www.facebook.com\/gtischarging\"]}]}<\/script>\n<!-- \/ Yoast SEO plugin. -->","yoast_head_json":{"title":"MG 4 EV - gtischarging.sk","description":"MG bud\u00faci rok uvedie na trh vysokov\u00fdkonn\u00fa verziu svojho nov\u00e9ho MG 4 EV.\u00a0Bude uveden\u00fd na trh spolu s modelom Extended Range.","robots":{"index":"index","follow":"follow","max-snippet":"max-snippet:-1","max-image-preview":"max-image-preview:large","max-video-preview":"max-video-preview:-1"},"canonical":"https:\/\/web.gtischarging.sk\/index.php\/mg-4-ev\/","og_locale":"cs_CZ","og_type":"article","og_title":"MG 4 EV - gtischarging.sk","og_description":"MG bud\u00faci rok uvedie na trh vysokov\u00fdkonn\u00fa verziu svojho nov\u00e9ho MG 4 EV.\u00a0Bude uveden\u00fd na trh spolu s modelom Extended Range.","og_url":"https:\/\/web.gtischarging.sk\/index.php\/mg-4-ev\/","og_site_name":"gtischarging.sk","article_publisher":"https:\/\/www.facebook.com\/gtischarging","article_modified_time":"2022-10-25T06:14:57+00:00","og_image":[{"url":"https:\/\/web.gtischarging.sk\/wp-content\/uploads\/2022\/08\/mg4_ev_008-1024x576.jpg"}],"twitter_card":"summary_large_image","twitter_misc":{"Odhadovan\u00e1 doba \u010dten\u00ed":"9 minut"},"schema":{"@context":"https:\/\/schema.org","@graph":[{"@type":"WebPage","@id":"https:\/\/web.gtischarging.sk\/index.php\/mg-4-ev\/","url":"https:\/\/web.gtischarging.sk\/index.php\/mg-4-ev\/","name":"MG 4 EV - gtischarging.sk","isPartOf":{"@id":"https:\/\/web.gtischarging.sk\/#website"},"datePublished":"2022-10-25T06:14:54+00:00","dateModified":"2022-10-25T06:14:57+00:00","description":"MG bud\u00faci rok uvedie na trh vysokov\u00fdkonn\u00fa verziu svojho nov\u00e9ho MG 4 EV.\u00a0Bude uveden\u00fd na trh spolu s modelom Extended Range.","breadcrumb":{"@id":"https:\/\/web.gtischarging.sk\/index.php\/mg-4-ev\/#breadcrumb"},"inLanguage":"cs","potentialAction":[{"@type":"ReadAction","target":["https:\/\/web.gtischarging.sk\/index.php\/mg-4-ev\/"]}]},{"@type":"BreadcrumbList","@id":"https:\/\/web.gtischarging.sk\/index.php\/mg-4-ev\/#breadcrumb","itemListElement":[{"@type":"ListItem","position":1,"name":"Dom\u016f","item":"https:\/\/web.gtischarging.sk\/"},{"@type":"ListItem","position":2,"name":"MG 4 EV"}]},{"@type":"WebSite","@id":"https:\/\/web.gtischarging.sk\/#website","url":"https:\/\/web.gtischarging.sk\/","name":"gtischarging.sk","description":"U n\u00e1s sta\u010d\u00ed prilo\u017ei\u0165 platobn\u00fa kartu","publisher":{"@id":"https:\/\/web.gtischarging.sk\/#organization"},"potentialAction":[{"@type":"SearchAction","target":{"@type":"EntryPoint","urlTemplate":"https:\/\/web.gtischarging.sk\/?s={search_term_string}"},"query-input":"required name=search_term_string"}],"inLanguage":"cs"},{"@type":"Organization","@id":"https:\/\/web.gtischarging.sk\/#organization","name":"GTIS charging","url":"https:\/\/web.gtischarging.sk\/","logo":{"@type":"ImageObject","inLanguage":"cs","@id":"https:\/\/web.gtischarging.sk\/#\/schema\/logo\/image\/","url":"https:\/\/web.gtischarging.sk\/wp-content\/uploads\/2020\/03\/logo-180px.png","contentUrl":"https:\/\/web.gtischarging.sk\/wp-content\/uploads\/2020\/03\/logo-180px.png","width":180,"height":123,"caption":"GTIS charging"},"image":{"@id":"https:\/\/web.gtischarging.sk\/#\/schema\/logo\/image\/"},"sameAs":["https:\/\/www.facebook.com\/gtischarging"]}]}},"_links":{"self":[{"href":"https:\/\/web.gtischarging.sk\/index.php\/wp-json\/wp\/v2\/pages\/3712"}],"collection":[{"href":"https:\/\/web.gtischarging.sk\/index.php\/wp-json\/wp\/v2\/pages"}],"about":[{"href":"https:\/\/web.gtischarging.sk\/index.php\/wp-json\/wp\/v2\/types\/page"}],"author":[{"embeddable":true,"href":"https:\/\/web.gtischarging.sk\/index.php\/wp-json\/wp\/v2\/users\/8"}],"replies":[{"embeddable":true,"href":"https:\/\/web.gtischarging.sk\/index.php\/wp-json\/wp\/v2\/comments?post=3712"}],"version-history":[{"count":4,"href":"https:\/\/web.gtischarging.sk\/index.php\/wp-json\/wp\/v2\/pages\/3712\/revisions"}],"predecessor-version":[{"id":3774,"href":"https:\/\/web.gtischarging.sk\/index.php\/wp-json\/wp\/v2\/pages\/3712\/revisions\/3774"}],"wp:attachment":[{"href":"https:\/\/web.gtischarging.sk\/index.php\/wp-json\/wp\/v2\/media?parent=3712"}],"curies":[{"name":"wp","href":"https:\/\/api.w.org\/{rel}","templated":true}]}}