 {"id":3702,"date":"2022-10-19T07:25:42","date_gmt":"2022-10-19T05:25:42","guid":{"rendered":"https:\/\/web.gtischarging.sk\/?page_id=3702"},"modified":"2022-10-19T07:25:44","modified_gmt":"2022-10-19T05:25:44","slug":"suv-kia-ev9","status":"publish","type":"page","link":"https:\/\/web.gtischarging.sk\/index.php\/suv-kia-ev9\/","title":{"rendered":"SUV Kia EV9"},"content":{"rendered":"\n<figure class=\"wp-block-image size-large\"><img decoding=\"async\" loading=\"lazy\" width=\"1024\" height=\"404\" src=\"https:\/\/web.gtischarging.sk\/wp-content\/uploads\/2022\/08\/kiaev9_082-1024x404.jpg\" alt=\"\" class=\"wp-image-3703\" srcset=\"https:\/\/web.gtischarging.sk\/wp-content\/uploads\/2022\/08\/kiaev9_082-1024x404.jpg 1024w, https:\/\/web.gtischarging.sk\/wp-content\/uploads\/2022\/08\/kiaev9_082-300x118.jpg 300w, https:\/\/web.gtischarging.sk\/wp-content\/uploads\/2022\/08\/kiaev9_082-768x303.jpg 768w, https:\/\/web.gtischarging.sk\/wp-content\/uploads\/2022\/08\/kiaev9_082.jpg 1056w\" sizes=\"(max-width: 1024px) 100vw, 1024px\" \/><\/figure>\n\n\n\n<h1 class=\"has-text-align-center wp-block-heading\">Nov\u00e9 elektrick\u00e9 SUV Kia EV9 pr\u00edde v roku 2023<\/h1>\n\n\n\n<p><a href=\"https:\/\/www.carmagazine.co.uk\/car-news\/first-official-pictures\/kia\/ev9\/#\"><\/a><a href=\"https:\/\/www.carmagazine.co.uk\/car-news\/first-official-pictures\/kia\/ev9\/#\"><\/a><\/p>\n\n\n\n<p>Kia zverejnila obr\u00e1zky s\u00e9riovej verzie svojho nov\u00e9ho plne elektrick\u00e9ho SUV EV9 aj ako postupuje v testovacom re\u017eime.\u00a0Nov\u00fd sedemmiestny automobil pr\u00edde v roku 2023 a uvid\u00edme ho so zlo\u017een\u00fdmi krytmi v prv\u00fdch mesiacoch roka. Zna\u010dka je na vzostupe, od v\u00fdroby \u00e1ut s dobrou hodnotou, ak by ste pl\u00e1novali, a\u017e po tie spr\u00e1vne \u017eiadan\u00e9, ako s\u00fa Stinger GT a\u00a0EV6, ktor\u00fd jeden z na\u0161ich najob\u013e\u00fabenej\u0161\u00edch <a href=\"https:\/\/web.gtischarging.sk\/index.php\/autosalon\/elektromobily\/\">elektromobilov<\/a> pr\u00e1ve teraz.<\/p>\n\n\n\n<p>Jeho nov\u00fd EV9 bude pokra\u010dova\u0165 v tomto vzostupnom trende.&nbsp;Vzh\u013eadom na to, \u017ee ide o sedemmiestne SUV, bude sedie\u0165 nad EV6 v elektrickom rade Kia. Ke\u010f\u017ee bude zalo\u017een\u00e9 na pred\u013a\u017eenej verzii e-GMP z\u00e1kladov EV6, bude ma\u0165 rovnak\u00fd 800-voltov\u00fd elektrick\u00fd syst\u00e9m. .&nbsp;To znamen\u00e1 super vysok\u00e9 r\u00fdchlosti nab\u00edjania. Napr\u00edklad EV6 sa dok\u00e1\u017ee nabi\u0165 z pr\u00e1zdneho na 80 percent len \u200b\u200bza 18 min\u00fat.<\/p>\n\n\n\n<p>Kia n\u00e1m e\u0161te nepovedala, ako \u010faleko bude EV9 schopn\u00fd prejs\u0165 na jedno nabitie. Aby bol konkurencieschopn\u00fd na trhu, bude potrebova\u0165 maxim\u00e1lny dojazd okolo 480 km.&nbsp;To by ho postavilo \u010faleko pred 418 kilometrov\u00fd Mercedes EQB, ale za 560 kilometrov\u00fa Teslu Model X.<\/p>\n\n\n\n<figure class=\"wp-block-gallery has-nested-images columns-default is-cropped wp-block-gallery-1 is-layout-flex wp-block-gallery-is-layout-flex\">\n<figure class=\"wp-block-image size-large\"><img decoding=\"async\" loading=\"lazy\" width=\"1024\" height=\"576\" data-id=\"3704\" src=\"https:\/\/web.gtischarging.sk\/wp-content\/uploads\/2022\/08\/kiaev9_083-1024x576.jpg\" alt=\"\" class=\"wp-image-3704\" srcset=\"https:\/\/web.gtischarging.sk\/wp-content\/uploads\/2022\/08\/kiaev9_083-1024x576.jpg 1024w, https:\/\/web.gtischarging.sk\/wp-content\/uploads\/2022\/08\/kiaev9_083-300x169.jpg 300w, https:\/\/web.gtischarging.sk\/wp-content\/uploads\/2022\/08\/kiaev9_083-768x432.jpg 768w, https:\/\/web.gtischarging.sk\/wp-content\/uploads\/2022\/08\/kiaev9_083.jpg 1056w\" sizes=\"(max-width: 1024px) 100vw, 1024px\" \/><\/figure>\n\n\n\n<figure class=\"wp-block-image\"><img decoding=\"async\" data-id=\"154309\" src=\"https:\/\/car-images.bauersecure.com\/wp-images\/4667\/1040x0\/kiaev9_081.jpg?scale=down\" alt=\"\" class=\"wp-image-154309\"\/><\/figure>\n<\/figure>\n\n\n\n<p>To v\u0161ak nie je nerozumn\u00fd cie\u013e.&nbsp;In\u017einieri Kia maj\u00fa medzi n\u00e1pravami EV9 dodato\u010dn\u00fdch 300 mm priestoru, \u010do znamen\u00e1, \u017ee je tu dostatok miesta pre v\u00e4\u010d\u0161iu bat\u00e9riu.&nbsp;Kia tie\u017e t\u00fa\u017ei po tom, aby bol nov\u00fd EV9 sk\u00f4r poriadnym off-roadom ne\u017e m\u00e4kk\u00fdm SUV, preto\u017ee v r\u00e1mci testovania sa uk\u00e1zalo, \u017ee je nar\u00e1\u017ean\u00fd na drsn\u00e9 veci.<\/p>\n\n\n\n<h2 class=\"wp-block-heading\" id=\"h-clever-stuff-what-else-has-kia-told-you\">\u0160ikovn\u00e9 veci.&nbsp;\u010co n\u00e1m e\u0161te Kia povedala?<\/h2>\n\n\n\n<p>Pomerne ve\u013ea, ale v\u00e4\u010d\u0161ina z toho s\u00fa marketingov\u00e9 chm\u00e1ri spojen\u00e9 s n\u00e1padn\u00fdm konceptom EV9.&nbsp;Dizajn\u00e9rsky t\u00edm zna\u010dky n\u00e1m napr\u00edklad povedal, \u017ee \u0161t\u00fdl EV9 Concept je \u201ein\u0161pirovan\u00fd vodou\u201c.&nbsp;Nie, ani na to sme nevedeli pr\u00eds\u0165.&nbsp;Norm\u00e1lne, ke\u010f je voda tak\u00e1 pevn\u00e1 a blokov\u00e1, kol\u00ed\u0161e okolo Severn\u00e9ho \u013eadov\u00e9ho oce\u00e1nu a na nej jazd\u00ed rodina \u013eadov\u00fdch medve\u010fov.<\/p>\n\n\n\n<p>Zd\u00e1 sa, \u017ee EV9 je v\u0161etko o \u201epokoji, pokoji a pohode\u201c, ako aj o jednote s plan\u00e9tou.&nbsp;A hoci to v\u0161etko m\u00f4\u017ee znie\u0165 ako v\u00fd\u0148atok z pr\u00edru\u010dky hippies, pod povrchom EV9 je skuto\u010dne d\u00f4myseln\u00e9 udr\u017eate\u013en\u00e9 in\u017einierstvo.<\/p>\n\n\n\n<p>Podlaha je vyroben\u00e1 z recyklovan\u00fdch ryb\u00e1rskych siet\u00ed, \u010dal\u00fanenie sedadiel je vyroben\u00e9 z recyklovan\u00e9ho plastu a \u201eko\u017ea\u201c, ktor\u00fa vid\u00edte v kab\u00edne, nepoch\u00e1dza z kravy.&nbsp;Ide o veg\u00e1nsku alternat\u00edvu, ktor\u00e1 od\u0161tartuje pl\u00e1ny automobilky. Kia postupne zni\u017euje pou\u017e\u00edvanie zvieracej ko\u017ee vo svojich vozidl\u00e1ch.<\/p>\n\n\n\n<p>Kia tie\u017e hovor\u00ed, \u017ee kab\u00edna konceptu m\u00e1 tri re\u017eimy, ktor\u00e9 dok\u00e1\u017eu zmeni\u0165 rozlo\u017eenie sedadiel auta.&nbsp;Prv\u00fd s n\u00e1zvom Active rob\u00ed kab\u00ednu tak, aby vyzerala ako va\u0161e priemern\u00e9 auto, pri\u010dom v\u0161etky sedadl\u00e1 smeruj\u00fa dopredu.&nbsp;Pou\u017e\u00edva sa pri jazde.  Druh\u00e9 dve nastavenia je mo\u017en\u00e9 aktivova\u0165 len vtedy, ke\u010f je auto zaparkovan\u00e9.&nbsp;Re\u017eim pauzy oto\u010d\u00ed predn\u00e9 sedadl\u00e1 smerom dozadu a stredn\u00fd rad sedadiel sa sklop\u00ed do stola, v\u010faka \u010domu bude interi\u00e9r pod\u013ea Kia vyzera\u0165 sk\u00f4r ako \u201esal\u00f3nik prvej triedy\u201c.<\/p>\n\n\n\n<figure class=\"wp-block-gallery has-nested-images columns-default is-cropped wp-block-gallery-3 is-layout-flex wp-block-gallery-is-layout-flex\">\n<figure class=\"wp-block-image size-large\"><img decoding=\"async\" loading=\"lazy\" width=\"1024\" height=\"576\" data-id=\"3707\" src=\"https:\/\/web.gtischarging.sk\/wp-content\/uploads\/2022\/08\/kiaev9_095-1024x576.jpg\" alt=\"\" class=\"wp-image-3707\" srcset=\"https:\/\/web.gtischarging.sk\/wp-content\/uploads\/2022\/08\/kiaev9_095-1024x576.jpg 1024w, https:\/\/web.gtischarging.sk\/wp-content\/uploads\/2022\/08\/kiaev9_095-300x169.jpg 300w, https:\/\/web.gtischarging.sk\/wp-content\/uploads\/2022\/08\/kiaev9_095-768x432.jpg 768w, https:\/\/web.gtischarging.sk\/wp-content\/uploads\/2022\/08\/kiaev9_095.jpg 1056w\" sizes=\"(max-width: 1024px) 100vw, 1024px\" \/><\/figure>\n\n\n\n<figure class=\"wp-block-image\"><img decoding=\"async\" data-id=\"107059\" src=\"https:\/\/car-images.bauersecure.com\/wp-images\/4667\/1040x0\/kiaev9_092.jpg?scale=down\" alt=\"\" class=\"wp-image-107059\"\/><\/figure>\n\n\n\n<figure class=\"wp-block-image size-large\"><img decoding=\"async\" loading=\"lazy\" width=\"1024\" height=\"576\" data-id=\"3708\" src=\"https:\/\/web.gtischarging.sk\/wp-content\/uploads\/2022\/08\/kiaev9_093-1024x576.jpg\" alt=\"\" class=\"wp-image-3708\" srcset=\"https:\/\/web.gtischarging.sk\/wp-content\/uploads\/2022\/08\/kiaev9_093-1024x576.jpg 1024w, https:\/\/web.gtischarging.sk\/wp-content\/uploads\/2022\/08\/kiaev9_093-300x169.jpg 300w, https:\/\/web.gtischarging.sk\/wp-content\/uploads\/2022\/08\/kiaev9_093-768x432.jpg 768w, https:\/\/web.gtischarging.sk\/wp-content\/uploads\/2022\/08\/kiaev9_093.jpg 1056w\" sizes=\"(max-width: 1024px) 100vw, 1024px\" \/><\/figure>\n<\/figure>\n\n\n\n<p>Tretie nastavenie sa naz\u00fdva re\u017eim Enjoy.&nbsp;Oto\u010d\u00ed v\u0161etky sedadl\u00e1 smerom k zadnej \u010dasti vozidla a otvor\u00ed dvere bato\u017einov\u00e9ho priestoru. Pod\u013ea Kia d\u00e1va \u201ev\u0161etk\u00fdm pasa\u017eierom pr\u00edle\u017eitos\u0165 spoji\u0165 sa s vonkaj\u0161\u00edm prostred\u00edm a pozera\u0165 sa pred seba a za vozidlo a pritom pohodlne sedie\u0165\u201c.&nbsp;Pekn\u00fd n\u00e1pad, ale nie sme si ist\u00ed, pre\u010do by sa to nedalo urobi\u0165 pri poh\u013eade z \u010deln\u00e9ho skla.<\/p>\n\n\n\n<p>\u010ci sa niektor\u00fd z t\u00fdchto re\u017eimov dostane do produk\u010dnej verzie, je u\u017e in\u00fd pr\u00edbeh.<\/p>\n\n\n\n<h2 class=\"wp-block-heading\">Nejak\u00e1 luxusn\u00e1 technol\u00f3gia na nahl\u00e1senie?<\/h2>\n\n\n\n<p>Ve\u013ea.&nbsp;Pr\u00edstrojov\u00e1 doska je vybaven\u00e1 ultra\u0161irok\u00fdm 27-palcov\u00fdm displejom, ktor\u00fd m\u00e1 s\u00e9riu menu na ovl\u00e1danie klimatiz\u00e1cie a medi\u00e1lnych funkci\u00ed.&nbsp;V r\u00f4znych ponuk\u00e1ch je mo\u017en\u00e9 sa pohybova\u0165 pomocou dotykov\u00fdch tla\u010didiel na pr\u00edstrojovej doske.<\/p>\n\n\n\n<p>Kia tie\u017e vylep\u0161ila svoju mrie\u017eku chladi\u010da \u201eTiger Nose\u201c pre elektrick\u00fa \u00e9ru. Vymenila otvory v mrie\u017eke za pevn\u00fd panel vo farbe karos\u00e9rie s denn\u00fdmi svetlami v \u0161t\u00fdle pixel-art.&nbsp;Ke\u010f sa v\u0161ak auto vypne, tieto pixely sa stan\u00fa nevidite\u013en\u00fdmi a mrie\u017eka chladi\u010da vyzer\u00e1 ako oby\u010dajn\u00fd panel.<\/p>\n\n\n\n<figure class=\"wp-block-gallery has-nested-images columns-default is-cropped wp-block-gallery-5 is-layout-flex wp-block-gallery-is-layout-flex\">\n<figure class=\"wp-block-image size-large\"><img decoding=\"async\" loading=\"lazy\" width=\"1024\" height=\"576\" data-id=\"3709\" src=\"https:\/\/web.gtischarging.sk\/wp-content\/uploads\/2022\/08\/kiaev9_101-1024x576.jpg\" alt=\"\" class=\"wp-image-3709\" srcset=\"https:\/\/web.gtischarging.sk\/wp-content\/uploads\/2022\/08\/kiaev9_101-1024x576.jpg 1024w, https:\/\/web.gtischarging.sk\/wp-content\/uploads\/2022\/08\/kiaev9_101-300x169.jpg 300w, https:\/\/web.gtischarging.sk\/wp-content\/uploads\/2022\/08\/kiaev9_101-768x432.jpg 768w, https:\/\/web.gtischarging.sk\/wp-content\/uploads\/2022\/08\/kiaev9_101.jpg 1056w\" sizes=\"(max-width: 1024px) 100vw, 1024px\" \/><\/figure>\n\n\n\n<figure class=\"wp-block-image size-large\"><img decoding=\"async\" loading=\"lazy\" width=\"1024\" height=\"576\" data-id=\"3710\" src=\"https:\/\/web.gtischarging.sk\/wp-content\/uploads\/2022\/08\/kiaev9_096-1024x576.jpg\" alt=\"\" class=\"wp-image-3710\" srcset=\"https:\/\/web.gtischarging.sk\/wp-content\/uploads\/2022\/08\/kiaev9_096-1024x576.jpg 1024w, https:\/\/web.gtischarging.sk\/wp-content\/uploads\/2022\/08\/kiaev9_096-300x169.jpg 300w, https:\/\/web.gtischarging.sk\/wp-content\/uploads\/2022\/08\/kiaev9_096-768x432.jpg 768w, https:\/\/web.gtischarging.sk\/wp-content\/uploads\/2022\/08\/kiaev9_096.jpg 1056w\" sizes=\"(max-width: 1024px) 100vw, 1024px\" \/><\/figure>\n\n\n\n<figure class=\"wp-block-image\"><img decoding=\"async\" data-id=\"107099\" src=\"https:\/\/car-images.bauersecure.com\/wp-images\/4667\/1040x0\/kiaev9_094.jpg?scale=down\" alt=\"\" class=\"wp-image-107099\"\/><\/figure>\n<\/figure>\n\n\n\n<p>Vid\u00edte aj ten mas\u00edvny ventila\u010dn\u00fd otvor v kapote?&nbsp;No, nie je to vetrac\u00ed otvor, je to v skuto\u010dnosti sol\u00e1rny panel, o ktorom Kia hovor\u00ed, \u017ee dok\u00e1\u017ee dob\u00edja\u0165 bat\u00e9riu auta.&nbsp;Prirodzene, mno\u017estvo elektriny, ktor\u00e9 dok\u00e1\u017ee z\u00edska\u0165, je vzh\u013eadom na jeho ve\u013ekos\u0165 mal\u00e9, ale ka\u017ed\u00e1 mali\u010dkos\u0165 pom\u00e1ha.<\/p>\n\n\n\n<p>Majte na pam\u00e4ti, \u017ee v\u0161etko, \u010do bolo doteraz spomenut\u00e9, s\u00favis\u00ed s konceptom, tak\u017ee niektor\u00e9 z nich (napr\u00edklad oto\u010dn\u00e9 sedadl\u00e1) bud\u00fa z v\u00fdrobn\u00e9ho modelu vyl\u00fa\u010den\u00e9 z d\u00f4vodu n\u00e1kladov, praktickosti a bezpe\u010dnosti.&nbsp;Je v\u0161ak ve\u013ek\u00e1 \u0161anca, \u017ee tieto n\u00e1pady na udr\u017eate\u013enos\u0165 bud\u00fa dobr\u00e9.<\/p>\n\n\n\n<p>Zdroj<br><a href=\"https:\/\/www.carmagazine.co.uk\/car-news\/first-official-pictures\/kia\/ev9\/\">carmagazine<\/a><\/p>\n\n\n\n<p><\/p>\n","protected":false},"excerpt":{"rendered":"<p>Nov\u00e9 elektrick\u00e9 SUV Kia EV9 pr\u00edde v roku 2023 Kia zverejnila obr\u00e1zky s\u00e9riovej verzie svojho nov\u00e9ho plne elektrick\u00e9ho SUV EV9 aj ako postupuje v testovacom re\u017eime.\u00a0Nov\u00fd sedemmiestny automobil pr\u00edde v roku 2023 a uvid\u00edme&#46;&#46;&#46;<\/p>\n","protected":false},"author":8,"featured_media":0,"parent":0,"menu_order":0,"comment_status":"closed","ping_status":"closed","template":"","meta":{"footnotes":""},"yoast_head":"<!-- This site is optimized with the Yoast SEO plugin v20.4 - https:\/\/yoast.com\/wordpress\/plugins\/seo\/ -->\n<title>SUV Kia EV9 - gtischarging.sk<\/title>\n<meta name=\"description\" content=\"Kia zverejnila obr\u00e1zky s\u00e9riovej verzie svojho nov\u00e9ho plne elektrick\u00e9ho SUV EV9 aj ako postupuje v testovacom re\u017eime.\" \/>\n<meta name=\"robots\" content=\"index, follow, max-snippet:-1, max-image-preview:large, max-video-preview:-1\" \/>\n<link rel=\"canonical\" href=\"https:\/\/web.gtischarging.sk\/index.php\/suv-kia-ev9\/\" \/>\n<meta property=\"og:locale\" content=\"cs_CZ\" \/>\n<meta property=\"og:type\" content=\"article\" \/>\n<meta property=\"og:title\" content=\"SUV Kia EV9 - gtischarging.sk\" \/>\n<meta property=\"og:description\" content=\"Kia zverejnila obr\u00e1zky s\u00e9riovej verzie svojho nov\u00e9ho plne elektrick\u00e9ho SUV EV9 aj ako postupuje v testovacom re\u017eime.\" \/>\n<meta property=\"og:url\" content=\"https:\/\/web.gtischarging.sk\/index.php\/suv-kia-ev9\/\" \/>\n<meta property=\"og:site_name\" content=\"gtischarging.sk\" \/>\n<meta property=\"article:publisher\" content=\"https:\/\/www.facebook.com\/gtischarging\" \/>\n<meta property=\"article:modified_time\" content=\"2022-10-19T05:25:44+00:00\" \/>\n<meta property=\"og:image\" content=\"https:\/\/web.gtischarging.sk\/wp-content\/uploads\/2022\/08\/kiaev9_082-1024x404.jpg\" \/>\n<meta name=\"twitter:card\" content=\"summary_large_image\" \/>\n<meta name=\"twitter:label1\" content=\"Odhadovan\u00e1 doba \u010dten\u00ed\" \/>\n\t<meta name=\"twitter:data1\" content=\"6 minut\" \/>\n<script type=\"application\/ld+json\" class=\"yoast-schema-graph\">{\"@context\":\"https:\/\/schema.org\",\"@graph\":[{\"@type\":\"WebPage\",\"@id\":\"https:\/\/web.gtischarging.sk\/index.php\/suv-kia-ev9\/\",\"url\":\"https:\/\/web.gtischarging.sk\/index.php\/suv-kia-ev9\/\",\"name\":\"SUV Kia EV9 - gtischarging.sk\",\"isPartOf\":{\"@id\":\"https:\/\/web.gtischarging.sk\/#website\"},\"datePublished\":\"2022-10-19T05:25:42+00:00\",\"dateModified\":\"2022-10-19T05:25:44+00:00\",\"description\":\"Kia zverejnila obr\u00e1zky s\u00e9riovej verzie svojho nov\u00e9ho plne elektrick\u00e9ho SUV EV9 aj ako postupuje v testovacom re\u017eime.\",\"breadcrumb\":{\"@id\":\"https:\/\/web.gtischarging.sk\/index.php\/suv-kia-ev9\/#breadcrumb\"},\"inLanguage\":\"cs\",\"potentialAction\":[{\"@type\":\"ReadAction\",\"target\":[\"https:\/\/web.gtischarging.sk\/index.php\/suv-kia-ev9\/\"]}]},{\"@type\":\"BreadcrumbList\",\"@id\":\"https:\/\/web.gtischarging.sk\/index.php\/suv-kia-ev9\/#breadcrumb\",\"itemListElement\":[{\"@type\":\"ListItem\",\"position\":1,\"name\":\"Dom\u016f\",\"item\":\"https:\/\/web.gtischarging.sk\/\"},{\"@type\":\"ListItem\",\"position\":2,\"name\":\"SUV Kia EV9\"}]},{\"@type\":\"WebSite\",\"@id\":\"https:\/\/web.gtischarging.sk\/#website\",\"url\":\"https:\/\/web.gtischarging.sk\/\",\"name\":\"gtischarging.sk\",\"description\":\"U n\u00e1s sta\u010d\u00ed prilo\u017ei\u0165 platobn\u00fa kartu\",\"publisher\":{\"@id\":\"https:\/\/web.gtischarging.sk\/#organization\"},\"potentialAction\":[{\"@type\":\"SearchAction\",\"target\":{\"@type\":\"EntryPoint\",\"urlTemplate\":\"https:\/\/web.gtischarging.sk\/?s={search_term_string}\"},\"query-input\":\"required name=search_term_string\"}],\"inLanguage\":\"cs\"},{\"@type\":\"Organization\",\"@id\":\"https:\/\/web.gtischarging.sk\/#organization\",\"name\":\"GTIS charging\",\"url\":\"https:\/\/web.gtischarging.sk\/\",\"logo\":{\"@type\":\"ImageObject\",\"inLanguage\":\"cs\",\"@id\":\"https:\/\/web.gtischarging.sk\/#\/schema\/logo\/image\/\",\"url\":\"https:\/\/web.gtischarging.sk\/wp-content\/uploads\/2020\/03\/logo-180px.png\",\"contentUrl\":\"https:\/\/web.gtischarging.sk\/wp-content\/uploads\/2020\/03\/logo-180px.png\",\"width\":180,\"height\":123,\"caption\":\"GTIS charging\"},\"image\":{\"@id\":\"https:\/\/web.gtischarging.sk\/#\/schema\/logo\/image\/\"},\"sameAs\":[\"https:\/\/www.facebook.com\/gtischarging\"]}]}<\/script>\n<!-- \/ Yoast SEO plugin. -->","yoast_head_json":{"title":"SUV Kia EV9 - gtischarging.sk","description":"Kia zverejnila obr\u00e1zky s\u00e9riovej verzie svojho nov\u00e9ho plne elektrick\u00e9ho SUV EV9 aj ako postupuje v testovacom re\u017eime.","robots":{"index":"index","follow":"follow","max-snippet":"max-snippet:-1","max-image-preview":"max-image-preview:large","max-video-preview":"max-video-preview:-1"},"canonical":"https:\/\/web.gtischarging.sk\/index.php\/suv-kia-ev9\/","og_locale":"cs_CZ","og_type":"article","og_title":"SUV Kia EV9 - gtischarging.sk","og_description":"Kia zverejnila obr\u00e1zky s\u00e9riovej verzie svojho nov\u00e9ho plne elektrick\u00e9ho SUV EV9 aj ako postupuje v testovacom re\u017eime.","og_url":"https:\/\/web.gtischarging.sk\/index.php\/suv-kia-ev9\/","og_site_name":"gtischarging.sk","article_publisher":"https:\/\/www.facebook.com\/gtischarging","article_modified_time":"2022-10-19T05:25:44+00:00","og_image":[{"url":"https:\/\/web.gtischarging.sk\/wp-content\/uploads\/2022\/08\/kiaev9_082-1024x404.jpg"}],"twitter_card":"summary_large_image","twitter_misc":{"Odhadovan\u00e1 doba \u010dten\u00ed":"6 minut"},"schema":{"@context":"https:\/\/schema.org","@graph":[{"@type":"WebPage","@id":"https:\/\/web.gtischarging.sk\/index.php\/suv-kia-ev9\/","url":"https:\/\/web.gtischarging.sk\/index.php\/suv-kia-ev9\/","name":"SUV Kia EV9 - gtischarging.sk","isPartOf":{"@id":"https:\/\/web.gtischarging.sk\/#website"},"datePublished":"2022-10-19T05:25:42+00:00","dateModified":"2022-10-19T05:25:44+00:00","description":"Kia zverejnila obr\u00e1zky s\u00e9riovej verzie svojho nov\u00e9ho plne elektrick\u00e9ho SUV EV9 aj ako postupuje v testovacom re\u017eime.","breadcrumb":{"@id":"https:\/\/web.gtischarging.sk\/index.php\/suv-kia-ev9\/#breadcrumb"},"inLanguage":"cs","potentialAction":[{"@type":"ReadAction","target":["https:\/\/web.gtischarging.sk\/index.php\/suv-kia-ev9\/"]}]},{"@type":"BreadcrumbList","@id":"https:\/\/web.gtischarging.sk\/index.php\/suv-kia-ev9\/#breadcrumb","itemListElement":[{"@type":"ListItem","position":1,"name":"Dom\u016f","item":"https:\/\/web.gtischarging.sk\/"},{"@type":"ListItem","position":2,"name":"SUV Kia EV9"}]},{"@type":"WebSite","@id":"https:\/\/web.gtischarging.sk\/#website","url":"https:\/\/web.gtischarging.sk\/","name":"gtischarging.sk","description":"U n\u00e1s sta\u010d\u00ed prilo\u017ei\u0165 platobn\u00fa kartu","publisher":{"@id":"https:\/\/web.gtischarging.sk\/#organization"},"potentialAction":[{"@type":"SearchAction","target":{"@type":"EntryPoint","urlTemplate":"https:\/\/web.gtischarging.sk\/?s={search_term_string}"},"query-input":"required name=search_term_string"}],"inLanguage":"cs"},{"@type":"Organization","@id":"https:\/\/web.gtischarging.sk\/#organization","name":"GTIS charging","url":"https:\/\/web.gtischarging.sk\/","logo":{"@type":"ImageObject","inLanguage":"cs","@id":"https:\/\/web.gtischarging.sk\/#\/schema\/logo\/image\/","url":"https:\/\/web.gtischarging.sk\/wp-content\/uploads\/2020\/03\/logo-180px.png","contentUrl":"https:\/\/web.gtischarging.sk\/wp-content\/uploads\/2020\/03\/logo-180px.png","width":180,"height":123,"caption":"GTIS charging"},"image":{"@id":"https:\/\/web.gtischarging.sk\/#\/schema\/logo\/image\/"},"sameAs":["https:\/\/www.facebook.com\/gtischarging"]}]}},"_links":{"self":[{"href":"https:\/\/web.gtischarging.sk\/index.php\/wp-json\/wp\/v2\/pages\/3702"}],"collection":[{"href":"https:\/\/web.gtischarging.sk\/index.php\/wp-json\/wp\/v2\/pages"}],"about":[{"href":"https:\/\/web.gtischarging.sk\/index.php\/wp-json\/wp\/v2\/types\/page"}],"author":[{"embeddable":true,"href":"https:\/\/web.gtischarging.sk\/index.php\/wp-json\/wp\/v2\/users\/8"}],"replies":[{"embeddable":true,"href":"https:\/\/web.gtischarging.sk\/index.php\/wp-json\/wp\/v2\/comments?post=3702"}],"version-history":[{"count":4,"href":"https:\/\/web.gtischarging.sk\/index.php\/wp-json\/wp\/v2\/pages\/3702\/revisions"}],"predecessor-version":[{"id":3761,"href":"https:\/\/web.gtischarging.sk\/index.php\/wp-json\/wp\/v2\/pages\/3702\/revisions\/3761"}],"wp:attachment":[{"href":"https:\/\/web.gtischarging.sk\/index.php\/wp-json\/wp\/v2\/media?parent=3702"}],"curies":[{"name":"wp","href":"https:\/\/api.w.org\/{rel}","templated":true}]}}