 {"id":3655,"date":"2022-08-25T14:18:39","date_gmt":"2022-08-25T12:18:39","guid":{"rendered":"https:\/\/web.gtischarging.sk\/?page_id=3655"},"modified":"2022-08-25T14:26:37","modified_gmt":"2022-08-25T12:26:37","slug":"livan-rl7","status":"publish","type":"page","link":"https:\/\/web.gtischarging.sk\/index.php\/livan-rl7\/","title":{"rendered":"Livan RL7"},"content":{"rendered":"<div class=\"wp-block-image\">\n<figure class=\"aligncenter size-full is-resized\"><img decoding=\"async\" loading=\"lazy\" src=\"https:\/\/web.gtischarging.sk\/wp-content\/uploads\/2022\/08\/image-152.png\" alt=\"\" class=\"wp-image-3656\" width=\"1065\" height=\"556\" srcset=\"https:\/\/web.gtischarging.sk\/wp-content\/uploads\/2022\/08\/image-152.png 945w, https:\/\/web.gtischarging.sk\/wp-content\/uploads\/2022\/08\/image-152-300x157.png 300w, https:\/\/web.gtischarging.sk\/wp-content\/uploads\/2022\/08\/image-152-768x401.png 768w\" sizes=\"(max-width: 1065px) 100vw, 1065px\" \/><\/figure><\/div>\n\n\n<h1 class=\"has-text-align-center wp-block-heading\">Livan RL7 je koncept elektrick\u00e9ho SUV od koncernu Geely ako prv\u00fd od novej zna\u010dky<\/h1>\n\n\n\n<p>Ako vid\u00edme, \u010d\u00ednsky automobilov\u00fd priemysel sa jednozna\u010dne postavil na elektrick\u00e9 \u201eko\u013eajnice\u201c a nikam od nich neod\u00edde. V\u00fdvoj v&nbsp;oblasti elektromobility u\u017e v&nbsp;\u010c\u00edne nato\u013eko pokro\u010dil, \u017ee &nbsp;technol\u00f3gia r\u00fdchlej v\u00fdmeny bat\u00e9rie ako slu\u017eby (BaS) sa st\u00e1va \u0161tandardnou s\u00fa\u010das\u0165ou nab\u00edjacej infra\u0161trukt\u00fary krajiny. Teda, u\u017e okrem rozvinutej infra\u0161trukt\u00fary nab\u00edjac\u00edch stan\u00edc dostupn\u00fdch prakticky v\u0161ade, sa za\u010d\u00edna mohutne rozv\u00edja\u0165 aj vysoko perspekt\u00edvna slu\u017eba v\u00fdmenn\u00edkov\u00fdch stan\u00edc trak\u010dn\u00fdch bat\u00e9rii <a href=\"https:\/\/web.gtischarging.sk\/index.php\/autosalon\/elektromobily\/\">elektromobilov<\/a>. <\/p>\n\n\n\n<p>Maj\u00fa to ur\u010dite dobre zr\u00e1tan\u00e9, nako\u013eko tieto obrovsk\u00e9 investi\u010dn\u00e9 n\u00e1klady po priekopn\u00edckej spolo\u010dnosti&nbsp;<strong>NIO<\/strong>,&nbsp;za\u010d\u00edna zav\u00e1dza\u0165 aj jeden z&nbsp;gigantov automobilov\u00e9ho priemyslu \u2013 spolo\u010dnos\u0165&nbsp;<strong>Geely<\/strong>, ktor\u00e1 sa netaj\u00ed svojimi glob\u00e1lnymi amb\u00edciami. <\/p>\n\n\n\n<p>Na na\u0161u rados\u0165, jeden zo z\u00e1vodov tejto mohutne sa rozv\u00edjaj\u00facej skupiny, vyrastie onedlho aj na na\u0161om Slovensku, ne\u010faleko Ko\u0161\u00edc. Ak\u00fd elektromobil bude z\u00e1vod vyr\u00e1ba\u0165 sa e\u0161te nevie, ale z\u00e1sobn\u00edk plne elektrick\u00fdch modelov v&nbsp;portf\u00f3liu automobilov\u00e9ho holdingu&nbsp;<strong>Geely<\/strong>&nbsp;sa neprest\u00e1va roz\u0161irova\u0165. Nu\u017e, nechajme sa prekvapi\u0165! Nieko\u013eko pripravovan\u00fdch noviniek prestaven\u00fdch na autosal\u00f3ne v Chongqing v roku 2022 pod novou zna\u010dkou&nbsp;<strong>Livan<\/strong>, ur\u010dite zaujme.<\/p>\n\n\n\n<p>Zna\u010dka&nbsp;<strong>Livan&nbsp;<\/strong>bola zalo\u017een\u00e1 24. janu\u00e1ra tohto roku ako intern\u00fd spolo\u010dn\u00fd podnik medzi&nbsp;<strong>Geely<\/strong>&nbsp;a&nbsp;<strong>Lifan<\/strong>, preto\u017ee&nbsp;<strong>Geely<\/strong>&nbsp;vlastn\u00ed&nbsp;<strong>Lifan<\/strong>, rovnako ako napr\u00edklad&nbsp;<strong>Lynk &amp; Co<\/strong>, \u010do je spolo\u010dn\u00fd podnik medzi&nbsp;<strong>Geely<\/strong>&nbsp;a&nbsp;<strong>Volvo<\/strong>. Koncept elektrick\u00e9ho kompaktn\u00e9ho SUV kup\u00e9&nbsp;<strong>Livan RL7<\/strong>&nbsp;s funkciou r\u00fdchlej v\u00fdmeny bat\u00e9rie, bolo ofici\u00e1lne predstaven\u00e9 na autosal\u00f3ne v Chongqingu 25. j\u00fana 2022 ako uk\u00e1\u017eka pripravovan\u00e9ho s\u00e9riov\u00e9ho automobilu&nbsp;<strong>Livan RL7<\/strong>. Za\u010diatok s\u00e9riovej v\u00fdroby sa o\u010dak\u00e1va v roku 2023.<\/p>\n\n\n\n<figure class=\"wp-block-gallery has-nested-images columns-default is-cropped wp-block-gallery-1 is-layout-flex wp-block-gallery-is-layout-flex\">\n<figure class=\"wp-block-image size-large\"><img decoding=\"async\" loading=\"lazy\" width=\"945\" height=\"514\" data-id=\"3659\" src=\"https:\/\/web.gtischarging.sk\/wp-content\/uploads\/2022\/08\/image-171.png\" alt=\"\" class=\"wp-image-3659\" srcset=\"https:\/\/web.gtischarging.sk\/wp-content\/uploads\/2022\/08\/image-171.png 945w, https:\/\/web.gtischarging.sk\/wp-content\/uploads\/2022\/08\/image-171-300x163.png 300w, https:\/\/web.gtischarging.sk\/wp-content\/uploads\/2022\/08\/image-171-768x418.png 768w\" sizes=\"(max-width: 945px) 100vw, 945px\" \/><\/figure>\n\n\n\n<figure class=\"wp-block-image size-large\"><img decoding=\"async\" loading=\"lazy\" width=\"945\" height=\"551\" data-id=\"3658\" src=\"https:\/\/web.gtischarging.sk\/wp-content\/uploads\/2022\/08\/image-173.png\" alt=\"\" class=\"wp-image-3658\" srcset=\"https:\/\/web.gtischarging.sk\/wp-content\/uploads\/2022\/08\/image-173.png 945w, https:\/\/web.gtischarging.sk\/wp-content\/uploads\/2022\/08\/image-173-300x175.png 300w, https:\/\/web.gtischarging.sk\/wp-content\/uploads\/2022\/08\/image-173-768x448.png 768w\" sizes=\"(max-width: 945px) 100vw, 945px\" \/><\/figure>\n\n\n\n<figure class=\"wp-block-image\"><img decoding=\"async\" data-id=\"4729\" src=\"https:\/\/www.elektro-vozidla.sk\/wp-content\/uploads\/2022\/07\/image-169.png\" alt=\"\" class=\"wp-image-4729\"\/><\/figure>\n<\/figure>\n\n\n\n<p>Okrem v\u00fdroby elektromobilov sa&nbsp;<strong>Livan<\/strong>&nbsp;zaviazal vytvori\u0165 sie\u0165 na v\u00fdmenu bat\u00e9ri\u00ed <a href=\"https:\/\/web.gtischarging.sk\/index.php\/autosalon\/elektromobily\/\">elektromobilov <\/a>\u2013 SWAP. Stanice na v\u00fdmenu bat\u00e9ri\u00ed bud\u00fa otvoren\u00e9 pre r\u00f4zne druhy z\u00e1kazn\u00edkov. Ako s\u00fa dopravn\u00e9 spolo\u010dnosti (tax\u00edky, odvoz, at\u010f.) a dokonca aj koncov\u00ed pou\u017e\u00edvatelia. Do konca roku 2022 spolo\u010dnos\u0165&nbsp;<strong>Livan<\/strong>&nbsp;o\u010dak\u00e1va, \u017ee uvedie do prev\u00e1dzky viac ako 200 stan\u00edc na v\u00fdmenu bat\u00e9ri\u00ed. Na autosal\u00f3ne v Chongqing v roku 2022 predstavil&nbsp;<strong>Livan<\/strong>&nbsp;aj \u010fal\u0161ie dva elektromobily s funkciou v\u00fdmeny bat\u00e9rie:&nbsp;<strong>Maple Leaf 80V PRO&nbsp;<\/strong>a&nbsp;<strong>RL9<\/strong>.<\/p>\n\n\n\n<p>Koncep\u010dn\u00fd automobil&nbsp;<strong>Livan RL7<\/strong>&nbsp;je zalo\u017een\u00fd na platforme GBRC (Global Battery Rapid Change), ktor\u00fa spolo\u010dne navrhli&nbsp;<strong>Geely<\/strong>&nbsp;a&nbsp;<strong>Lifan<\/strong>&nbsp;pre r\u00f4zne nov\u00e9 elektrick\u00e9 vozidl\u00e1 s&nbsp;funkciou r\u00fdchlej v\u00fdmenou bat\u00e9ri\u00ed. Platforma GBRC pojme \u0161irok\u00fd rozsah r\u00e1zvoru od&nbsp;<strong>2 700<\/strong>&nbsp;do&nbsp;<strong>3 100 mm<\/strong>, pokr\u00fdvaj\u00faci aut\u00e1, SUV, MPV, at\u010f.<\/p>\n\n\n\n<p>Pokia\u013e ide o bezpe\u010dnos\u0165, koncep\u010dn\u00fd automobil&nbsp;<strong>Livan RL7&nbsp;<\/strong>je vybaven\u00fd 2 LiDARmi, 5 \u2013 milimetrov\u00fdmi radarmi, 12 ultrazvukov\u00fdmi radarmi a 11 kamerami pre syst\u00e9m auton\u00f3mneho riadenia \u00farovne L3 vr\u00e1tane funkcii asistencie v re\u017eime navig\u00e1cie, parkovacieho asistenta a&nbsp;asistenta prem\u00e1vky v&nbsp;dopravn\u00fdch z\u00e1pchach.<\/p>\n\n\n\n<p>S\u00e9riov\u00fd automobil&nbsp;<strong>Livan RL7<\/strong>&nbsp;bude k dispoz\u00edcii v troch variantoch pohonu: pohon predn\u00fdch kolies, pohon zadn\u00fdch kolies a pohon v\u0161etk\u00fdch \u0161tyroch kolies. Verzia s pohonom v\u0161etk\u00fdch \u0161tyroch kolies vyu\u017e\u00edva dvojmotorov\u00e9 usporiadanie&nbsp;<strong>120 kW<\/strong>&nbsp;&nbsp;a&nbsp;<strong>155 kW<\/strong>. Dok\u00e1\u017ee zr\u00fdchli\u0165 z 0 na 100 km\/h za&nbsp;<strong>4,9 sekundy<\/strong>&nbsp;a m\u00e1 dojazd&nbsp;<strong>550<\/strong>&nbsp;a\u017e&nbsp;<strong>750 km<\/strong>&nbsp;v&nbsp;testovac\u00edch podmienkach CLTC.<\/p>\n\n\n\n<p>\u010eal\u0161\u00edm predstaven\u00fdm modelom novej zna\u010dky je \u201crodinne zalo\u017een\u00fd\u201d&nbsp;<strong>Livan Maple 80V Pro<\/strong>. Elektrick\u00e9 MPV je odvoden\u00e9 od benz\u00ednov\u00e9ho &nbsp;<strong>Geely Jiaji<\/strong>. Ofici\u00e1lne bol pod novou zna\u010dkou&nbsp;<strong>Livan<\/strong>&nbsp;predstaven\u00fd na autosal\u00f3ne v Chongqingu . Tento model sa u\u017e v \u010c\u00edne pred\u00e1val bez predpony Pro za cenu 149,8 a\u017e 159,8 tis\u00edc juanov ( pribli\u017ene&nbsp;<strong>21&nbsp;757<\/strong>eur \u2013&nbsp;<strong>23&nbsp;209 eur&nbsp;<\/strong>pod\u013ea aktu\u00e1lneho kurzu NBS).<\/p>\n\n\n\n<figure class=\"wp-block-gallery has-nested-images columns-default is-cropped wp-block-gallery-3 is-layout-flex wp-block-gallery-is-layout-flex\">\n<figure class=\"wp-block-image\"><img decoding=\"async\" data-id=\"4713\" src=\"https:\/\/www.elektro-vozidla.sk\/wp-content\/uploads\/2022\/07\/image-155.png\" alt=\"\" class=\"wp-image-4713\"\/><\/figure>\n\n\n\n<figure class=\"wp-block-image size-large\"><img decoding=\"async\" loading=\"lazy\" width=\"945\" height=\"630\" data-id=\"3668\" src=\"https:\/\/web.gtischarging.sk\/wp-content\/uploads\/2022\/08\/image-176-1-1.png\" alt=\"\" class=\"wp-image-3668\" srcset=\"https:\/\/web.gtischarging.sk\/wp-content\/uploads\/2022\/08\/image-176-1-1.png 945w, https:\/\/web.gtischarging.sk\/wp-content\/uploads\/2022\/08\/image-176-1-1-300x200.png 300w, https:\/\/web.gtischarging.sk\/wp-content\/uploads\/2022\/08\/image-176-1-1-768x512.png 768w\" sizes=\"(max-width: 945px) 100vw, 945px\" \/><\/figure>\n<\/figure>\n\n\n\n<p>Aktualizovan\u00fd\u00a0<strong>Livan Maple 80V Pro<\/strong>\u00a0sa od s\u00fa\u010dasn\u00e9ho modelu\u00a0<strong>Maple 80V<\/strong>\u00a0z h\u013eadiska \u0161t\u00fdlu pr\u00edli\u0161 nezmenil. Nov\u00e9 auto pre\u0161lo komplexn\u00fdmi inov\u00e1ciami interi\u00e9ru. Rozmery auta s\u00fa: d\u013a\u017eka\u00a0<strong>4706mm\u00a0<\/strong>x \u0161\u00edrka<strong>\u00a01909 mm\u00a0<\/strong>x v\u00fd\u0161ka<strong>\u00a0\u00a01699 mm<\/strong>\u00a0s r\u00e1zvorom\u00a0<strong>2807 mm.\u00a0<\/strong>Plne elektrick\u00fd<strong>\u00a0Livan Maple 80V Pro\u00a0<\/strong>je teda len o\u00a0m\u00e1lo men\u0161\u00ed ako napr.\u00a0<strong>VW Sharan\u00a0<\/strong>. V\u00fdkonov\u00e9 charakteristiky\u00a0<strong>Livan Maple 80V Pro<\/strong>\u00a0s\u00fa definovan\u00e9 synchr\u00f3nnym motorom s permanentn\u00fdm magnetom. Ten elektromobilu tejto triedy dopraje \u201cdi\u00e9tnych\u201d\u00a0<strong>100kW (<\/strong>136 kon\u00ed) s maxim\u00e1lnym kr\u00fatiacim momentom\u00a0<strong>230 Nm.\u00a0<\/strong><\/p>\n\n\n\n<p>\u010co sa t\u00fdka v\u00fddr\u017ee bat\u00e9rie,&nbsp;<strong>Livan Maple 80V Pro<\/strong>&nbsp;&nbsp;m\u00e1 dojazd&nbsp;<strong>480 km<\/strong>. Nov\u00fd automobil je umiestnen\u00fd ako \u010disto elektrick\u00e9 &nbsp;MPV vybaven\u00e9 pokro\u010dilej\u0161\u00edm&nbsp;<strong>syst\u00e9mom r\u00fdchlej v\u00fdmeny<\/strong>&nbsp;<strong>bat\u00e9rie<\/strong>, ktor\u00e1 trv\u00e1&nbsp;<strong>iba 60 sek\u00fand<\/strong>. Kv\u00f4li tomuto \u201edoplnku\u201c pridal&nbsp;<strong>80V Pro<\/strong>&nbsp;na cene. Teraz \u017eiadaj\u00fa 164,8-179,8 tis\u00edc juanov ( pribli\u017ene&nbsp;<strong>23&nbsp;935<\/strong>&nbsp;\u2013<strong>&nbsp;26&nbsp;114 eur<\/strong>), v z\u00e1vislosti od bat\u00e9rie.<\/p>\n\n\n<div class=\"wp-block-image\">\n<figure class=\"aligncenter size-full is-resized\"><img decoding=\"async\" loading=\"lazy\" src=\"https:\/\/web.gtischarging.sk\/wp-content\/uploads\/2022\/08\/image-175-1.png\" alt=\"\" class=\"wp-image-3667\" width=\"1067\" height=\"801\" srcset=\"https:\/\/web.gtischarging.sk\/wp-content\/uploads\/2022\/08\/image-175-1.png 945w, https:\/\/web.gtischarging.sk\/wp-content\/uploads\/2022\/08\/image-175-1-300x225.png 300w, https:\/\/web.gtischarging.sk\/wp-content\/uploads\/2022\/08\/image-175-1-768x576.png 768w\" sizes=\"(max-width: 1067px) 100vw, 1067px\" \/><figcaption><strong><em>Livan<\/em><\/strong>&nbsp;<em><strong>Maple 80V Pro<\/strong>&nbsp;<strong>s<\/strong><\/em><strong><em>&nbsp;bonusom pre rodiny s de\u0165mi<\/em><\/strong><\/figcaption><\/figure><\/div>\n\n\n<p>Interi\u00e9r je vyroben\u00fd v trojfarebnom preveden\u00ed, kombinuj\u00facom modr\u00e9, biele a \u010dierne odtiene. Veniec volantu je z\u00e1rove\u0148 opl\u00e1\u0161ten\u00fd modr\u00fdm materi\u00e1lom. Sedadl\u00e1 vyzeraj\u00fa \u0161t\u00fdlovo v\u010faka kombin\u00e1cii snehovo bieleho odtie\u0148a a s\u00fdto modrej farby.<\/p>\n\n\n\n<figure class=\"wp-block-gallery has-nested-images columns-default is-cropped wp-block-gallery-5 is-layout-flex wp-block-gallery-is-layout-flex\">\n<figure class=\"wp-block-image size-large\"><img decoding=\"async\" loading=\"lazy\" width=\"945\" height=\"630\" data-id=\"3661\" src=\"https:\/\/web.gtischarging.sk\/wp-content\/uploads\/2022\/08\/image-161.png\" alt=\"\" class=\"wp-image-3661\" srcset=\"https:\/\/web.gtischarging.sk\/wp-content\/uploads\/2022\/08\/image-161.png 945w, https:\/\/web.gtischarging.sk\/wp-content\/uploads\/2022\/08\/image-161-300x200.png 300w, https:\/\/web.gtischarging.sk\/wp-content\/uploads\/2022\/08\/image-161-768x512.png 768w\" sizes=\"(max-width: 945px) 100vw, 945px\" \/><\/figure>\n\n\n\n<figure class=\"wp-block-image\"><img decoding=\"async\" data-id=\"4717\" src=\"https:\/\/www.elektro-vozidla.sk\/wp-content\/uploads\/2022\/07\/image-159.png\" alt=\"\" class=\"wp-image-4717\"\/><\/figure>\n<\/figure>\n\n\n\n<p>Je tu v\u0161ak jedna zvl\u00e1\u0161tnos\u0165. Auto si m\u00f4\u017eete k\u00fapi\u0165 aj bez bat\u00e9rie. Elektromobil bez bat\u00e9rie&nbsp;<strong>Maple 80V Pro<\/strong>&nbsp;bude st\u00e1\u0165 iba 104 000 juanov ( pribli\u017ene&nbsp;<strong>15&nbsp;105 eur<\/strong>&nbsp;\u2013 l\u00e1kav\u00e9!!!). Ale, na \u010do je elektromobil bez bat\u00e9rie? Ak ho chcete urobi\u0165 prev\u00e1dzky schopn\u00fdm, mus\u00edte si predplati\u0165 \u0161peci\u00e1lnu slu\u017ebu v\u00fdmeny bat\u00e9rie. Do konca roka 2022 zna\u010dka&nbsp;<strong>Livan<\/strong>&nbsp;nain\u0161taluje 200 stan\u00edc na r\u00fdchlu v\u00fdmenu bat\u00e9ri\u00ed po celej \u010c\u00edne. Ceny predplatn\u00e9ho v\u0161ak e\u0161te neboli zverejnen\u00e9. Ale v\u00fdrobca sa podelil o pekn\u00fd&nbsp;<strong>bonus pre rodiny s de\u0165mi<\/strong>. Pri k\u00fape&nbsp;<strong>Maple 80V Pro<\/strong>&nbsp;dostane rodina s jedn\u00fdm die\u0165a\u0165om &nbsp;kartu za 1 tis\u00edc juanov ( takmer&nbsp;<strong>145 eur<\/strong>) nab\u00edjania, s dvoma de\u0165mi \u2013 za 2 tis\u00edc juanov (<strong>290 eur<\/strong>) a s tromi de\u0165mi \u2013 za 3 tis\u00edc juanov (&nbsp;<strong>436 eur<\/strong>). Mali\u010dkos\u0165, ale pekn\u00e1!<\/p>\n\n\n\n<p>Aj tret\u00ed predstaven\u00fd elektromobil novej zna\u010dky, koncept ve\u013ek\u00e9ho SUV&nbsp;<strong>Livan RL9<\/strong>, vznik\u00e1 s mo\u017enos\u0165ou implement\u00e1cie slu\u017eby \u201ebat\u00e9ria ako slu\u017eba\u201c (BaS). Technick\u00e9 charakteristiky ani interi\u00e9r e\u0161te neboli zverejnen\u00e9. Auto zaujme minim\u00e1lne modern\u00fdm dizajnov\u00fdm jazykom a ur\u010dite aj vyspel\u00fdmi technol\u00f3giami od matersk\u00e9ho holdingu&nbsp;<strong>Geely<\/strong>.<\/p>\n\n\n\n<p>Nu\u017e, ak sa podar\u00ed dotiahnu\u0165 z\u00e1mer v\u00fdroby <a href=\"https:\/\/web.gtischarging.sk\/index.php\/autosalon\/elektromobily\/\">elektromobilov <\/a>pri Ko\u0161iciach do zdarn\u00e9ho konca, koncern&nbsp;<strong>Geely&nbsp;<\/strong>m\u00f4\u017ee pon\u00faknu\u0165 pre v\u00fdrobu ve\u013emi zauj\u00edmav\u00e9 modely. Ak bud\u00fa navy\u0161e vyr\u00e1ban\u00e9 pod zna\u010dkou&nbsp;<strong>Volvo<\/strong>, o kvalitu a teda aj o z\u00e1kazn\u00edkov u\u017e maj\u00fa dnes postaran\u00e9!<\/p>\n\n\n\n<figure class=\"wp-block-gallery has-nested-images columns-default is-cropped wp-block-gallery-7 is-layout-flex wp-block-gallery-is-layout-flex\">\n<figure class=\"wp-block-image size-large\"><img decoding=\"async\" loading=\"lazy\" width=\"945\" height=\"551\" data-id=\"3663\" src=\"https:\/\/web.gtischarging.sk\/wp-content\/uploads\/2022\/08\/image-167.png\" alt=\"\" class=\"wp-image-3663\" srcset=\"https:\/\/web.gtischarging.sk\/wp-content\/uploads\/2022\/08\/image-167.png 945w, https:\/\/web.gtischarging.sk\/wp-content\/uploads\/2022\/08\/image-167-300x175.png 300w, https:\/\/web.gtischarging.sk\/wp-content\/uploads\/2022\/08\/image-167-768x448.png 768w\" sizes=\"(max-width: 945px) 100vw, 945px\" \/><\/figure>\n\n\n\n<figure class=\"wp-block-image size-large\"><img decoding=\"async\" loading=\"lazy\" width=\"945\" height=\"532\" data-id=\"3662\" src=\"https:\/\/web.gtischarging.sk\/wp-content\/uploads\/2022\/08\/image-163.png\" alt=\"\" class=\"wp-image-3662\" srcset=\"https:\/\/web.gtischarging.sk\/wp-content\/uploads\/2022\/08\/image-163.png 945w, https:\/\/web.gtischarging.sk\/wp-content\/uploads\/2022\/08\/image-163-300x169.png 300w, https:\/\/web.gtischarging.sk\/wp-content\/uploads\/2022\/08\/image-163-768x432.png 768w\" sizes=\"(max-width: 945px) 100vw, 945px\" \/><\/figure>\n\n\n\n<figure class=\"wp-block-image\"><img decoding=\"async\" data-id=\"4723\" src=\"https:\/\/www.elektro-vozidla.sk\/wp-content\/uploads\/2022\/07\/image-165.png\" alt=\"\" class=\"wp-image-4723\"\/><\/figure>\n<\/figure>\n\n\n\n<p>Zdroj:&nbsp;<a href=\"https:\/\/www.elektro-vozidla.sk\/livan-rl7-koncept-elektrickeho-suv-od-koncernu-geely-prvy-od-novej-znacky\/\">elektro-vozidla.sk<\/a><\/p>\n","protected":false},"excerpt":{"rendered":"<p>Livan RL7 je koncept elektrick\u00e9ho SUV od koncernu Geely ako prv\u00fd od novej zna\u010dky Ako vid\u00edme, \u010d\u00ednsky automobilov\u00fd priemysel sa jednozna\u010dne postavil na elektrick\u00e9 \u201eko\u013eajnice\u201c a nikam od nich neod\u00edde. V\u00fdvoj v&nbsp;oblasti elektromobility u\u017e&#46;&#46;&#46;<\/p>\n","protected":false},"author":8,"featured_media":0,"parent":0,"menu_order":0,"comment_status":"closed","ping_status":"closed","template":"","meta":{"footnotes":""},"yoast_head":"<!-- This site is optimized with the Yoast SEO plugin v20.4 - https:\/\/yoast.com\/wordpress\/plugins\/seo\/ -->\n<title>Livan RL7 - gtischarging.sk<\/title>\n<meta name=\"description\" content=\"Koncept elektrick\u00e9ho kompaktn\u00e9ho SUV kup\u00e9\u00a0Livan RL7\u00a0s funkciou r\u00fdchlej v\u00fdmeny bat\u00e9rie, bolo ofici\u00e1lne predstaven\u00e9 na autosal\u00f3ne v Chongqingu.\" \/>\n<meta name=\"robots\" content=\"index, follow, max-snippet:-1, max-image-preview:large, max-video-preview:-1\" \/>\n<link rel=\"canonical\" href=\"https:\/\/web.gtischarging.sk\/index.php\/livan-rl7\/\" \/>\n<meta property=\"og:locale\" content=\"cs_CZ\" \/>\n<meta property=\"og:type\" content=\"article\" \/>\n<meta property=\"og:title\" content=\"Livan RL7 - gtischarging.sk\" \/>\n<meta property=\"og:description\" content=\"Koncept elektrick\u00e9ho kompaktn\u00e9ho SUV kup\u00e9\u00a0Livan RL7\u00a0s funkciou r\u00fdchlej v\u00fdmeny bat\u00e9rie, bolo ofici\u00e1lne predstaven\u00e9 na autosal\u00f3ne v Chongqingu.\" \/>\n<meta property=\"og:url\" content=\"https:\/\/web.gtischarging.sk\/index.php\/livan-rl7\/\" \/>\n<meta property=\"og:site_name\" content=\"gtischarging.sk\" \/>\n<meta property=\"article:publisher\" content=\"https:\/\/www.facebook.com\/gtischarging\" \/>\n<meta property=\"article:modified_time\" content=\"2022-08-25T12:26:37+00:00\" \/>\n<meta property=\"og:image\" content=\"https:\/\/web.gtischarging.sk\/wp-content\/uploads\/2022\/08\/image-152.png\" \/>\n<meta name=\"twitter:card\" content=\"summary_large_image\" \/>\n<meta name=\"twitter:label1\" content=\"Odhadovan\u00e1 doba \u010dten\u00ed\" \/>\n\t<meta name=\"twitter:data1\" content=\"8 minut\" \/>\n<script type=\"application\/ld+json\" class=\"yoast-schema-graph\">{\"@context\":\"https:\/\/schema.org\",\"@graph\":[{\"@type\":\"WebPage\",\"@id\":\"https:\/\/web.gtischarging.sk\/index.php\/livan-rl7\/\",\"url\":\"https:\/\/web.gtischarging.sk\/index.php\/livan-rl7\/\",\"name\":\"Livan RL7 - gtischarging.sk\",\"isPartOf\":{\"@id\":\"https:\/\/web.gtischarging.sk\/#website\"},\"datePublished\":\"2022-08-25T12:18:39+00:00\",\"dateModified\":\"2022-08-25T12:26:37+00:00\",\"description\":\"Koncept elektrick\u00e9ho kompaktn\u00e9ho SUV kup\u00e9\u00a0Livan RL7\u00a0s funkciou r\u00fdchlej v\u00fdmeny bat\u00e9rie, bolo ofici\u00e1lne predstaven\u00e9 na autosal\u00f3ne v Chongqingu.\",\"breadcrumb\":{\"@id\":\"https:\/\/web.gtischarging.sk\/index.php\/livan-rl7\/#breadcrumb\"},\"inLanguage\":\"cs\",\"potentialAction\":[{\"@type\":\"ReadAction\",\"target\":[\"https:\/\/web.gtischarging.sk\/index.php\/livan-rl7\/\"]}]},{\"@type\":\"BreadcrumbList\",\"@id\":\"https:\/\/web.gtischarging.sk\/index.php\/livan-rl7\/#breadcrumb\",\"itemListElement\":[{\"@type\":\"ListItem\",\"position\":1,\"name\":\"Dom\u016f\",\"item\":\"https:\/\/web.gtischarging.sk\/\"},{\"@type\":\"ListItem\",\"position\":2,\"name\":\"Livan RL7\"}]},{\"@type\":\"WebSite\",\"@id\":\"https:\/\/web.gtischarging.sk\/#website\",\"url\":\"https:\/\/web.gtischarging.sk\/\",\"name\":\"gtischarging.sk\",\"description\":\"U n\u00e1s sta\u010d\u00ed prilo\u017ei\u0165 platobn\u00fa kartu\",\"publisher\":{\"@id\":\"https:\/\/web.gtischarging.sk\/#organization\"},\"potentialAction\":[{\"@type\":\"SearchAction\",\"target\":{\"@type\":\"EntryPoint\",\"urlTemplate\":\"https:\/\/web.gtischarging.sk\/?s={search_term_string}\"},\"query-input\":\"required name=search_term_string\"}],\"inLanguage\":\"cs\"},{\"@type\":\"Organization\",\"@id\":\"https:\/\/web.gtischarging.sk\/#organization\",\"name\":\"GTIS charging\",\"url\":\"https:\/\/web.gtischarging.sk\/\",\"logo\":{\"@type\":\"ImageObject\",\"inLanguage\":\"cs\",\"@id\":\"https:\/\/web.gtischarging.sk\/#\/schema\/logo\/image\/\",\"url\":\"https:\/\/web.gtischarging.sk\/wp-content\/uploads\/2020\/03\/logo-180px.png\",\"contentUrl\":\"https:\/\/web.gtischarging.sk\/wp-content\/uploads\/2020\/03\/logo-180px.png\",\"width\":180,\"height\":123,\"caption\":\"GTIS charging\"},\"image\":{\"@id\":\"https:\/\/web.gtischarging.sk\/#\/schema\/logo\/image\/\"},\"sameAs\":[\"https:\/\/www.facebook.com\/gtischarging\"]}]}<\/script>\n<!-- \/ Yoast SEO plugin. -->","yoast_head_json":{"title":"Livan RL7 - gtischarging.sk","description":"Koncept elektrick\u00e9ho kompaktn\u00e9ho SUV kup\u00e9\u00a0Livan RL7\u00a0s funkciou r\u00fdchlej v\u00fdmeny bat\u00e9rie, bolo ofici\u00e1lne predstaven\u00e9 na autosal\u00f3ne v Chongqingu.","robots":{"index":"index","follow":"follow","max-snippet":"max-snippet:-1","max-image-preview":"max-image-preview:large","max-video-preview":"max-video-preview:-1"},"canonical":"https:\/\/web.gtischarging.sk\/index.php\/livan-rl7\/","og_locale":"cs_CZ","og_type":"article","og_title":"Livan RL7 - gtischarging.sk","og_description":"Koncept elektrick\u00e9ho kompaktn\u00e9ho SUV kup\u00e9\u00a0Livan RL7\u00a0s funkciou r\u00fdchlej v\u00fdmeny bat\u00e9rie, bolo ofici\u00e1lne predstaven\u00e9 na autosal\u00f3ne v Chongqingu.","og_url":"https:\/\/web.gtischarging.sk\/index.php\/livan-rl7\/","og_site_name":"gtischarging.sk","article_publisher":"https:\/\/www.facebook.com\/gtischarging","article_modified_time":"2022-08-25T12:26:37+00:00","og_image":[{"url":"https:\/\/web.gtischarging.sk\/wp-content\/uploads\/2022\/08\/image-152.png"}],"twitter_card":"summary_large_image","twitter_misc":{"Odhadovan\u00e1 doba \u010dten\u00ed":"8 minut"},"schema":{"@context":"https:\/\/schema.org","@graph":[{"@type":"WebPage","@id":"https:\/\/web.gtischarging.sk\/index.php\/livan-rl7\/","url":"https:\/\/web.gtischarging.sk\/index.php\/livan-rl7\/","name":"Livan RL7 - gtischarging.sk","isPartOf":{"@id":"https:\/\/web.gtischarging.sk\/#website"},"datePublished":"2022-08-25T12:18:39+00:00","dateModified":"2022-08-25T12:26:37+00:00","description":"Koncept elektrick\u00e9ho kompaktn\u00e9ho SUV kup\u00e9\u00a0Livan RL7\u00a0s funkciou r\u00fdchlej v\u00fdmeny bat\u00e9rie, bolo ofici\u00e1lne predstaven\u00e9 na autosal\u00f3ne v Chongqingu.","breadcrumb":{"@id":"https:\/\/web.gtischarging.sk\/index.php\/livan-rl7\/#breadcrumb"},"inLanguage":"cs","potentialAction":[{"@type":"ReadAction","target":["https:\/\/web.gtischarging.sk\/index.php\/livan-rl7\/"]}]},{"@type":"BreadcrumbList","@id":"https:\/\/web.gtischarging.sk\/index.php\/livan-rl7\/#breadcrumb","itemListElement":[{"@type":"ListItem","position":1,"name":"Dom\u016f","item":"https:\/\/web.gtischarging.sk\/"},{"@type":"ListItem","position":2,"name":"Livan RL7"}]},{"@type":"WebSite","@id":"https:\/\/web.gtischarging.sk\/#website","url":"https:\/\/web.gtischarging.sk\/","name":"gtischarging.sk","description":"U n\u00e1s sta\u010d\u00ed prilo\u017ei\u0165 platobn\u00fa kartu","publisher":{"@id":"https:\/\/web.gtischarging.sk\/#organization"},"potentialAction":[{"@type":"SearchAction","target":{"@type":"EntryPoint","urlTemplate":"https:\/\/web.gtischarging.sk\/?s={search_term_string}"},"query-input":"required name=search_term_string"}],"inLanguage":"cs"},{"@type":"Organization","@id":"https:\/\/web.gtischarging.sk\/#organization","name":"GTIS charging","url":"https:\/\/web.gtischarging.sk\/","logo":{"@type":"ImageObject","inLanguage":"cs","@id":"https:\/\/web.gtischarging.sk\/#\/schema\/logo\/image\/","url":"https:\/\/web.gtischarging.sk\/wp-content\/uploads\/2020\/03\/logo-180px.png","contentUrl":"https:\/\/web.gtischarging.sk\/wp-content\/uploads\/2020\/03\/logo-180px.png","width":180,"height":123,"caption":"GTIS charging"},"image":{"@id":"https:\/\/web.gtischarging.sk\/#\/schema\/logo\/image\/"},"sameAs":["https:\/\/www.facebook.com\/gtischarging"]}]}},"_links":{"self":[{"href":"https:\/\/web.gtischarging.sk\/index.php\/wp-json\/wp\/v2\/pages\/3655"}],"collection":[{"href":"https:\/\/web.gtischarging.sk\/index.php\/wp-json\/wp\/v2\/pages"}],"about":[{"href":"https:\/\/web.gtischarging.sk\/index.php\/wp-json\/wp\/v2\/types\/page"}],"author":[{"embeddable":true,"href":"https:\/\/web.gtischarging.sk\/index.php\/wp-json\/wp\/v2\/users\/8"}],"replies":[{"embeddable":true,"href":"https:\/\/web.gtischarging.sk\/index.php\/wp-json\/wp\/v2\/comments?post=3655"}],"version-history":[{"count":5,"href":"https:\/\/web.gtischarging.sk\/index.php\/wp-json\/wp\/v2\/pages\/3655\/revisions"}],"predecessor-version":[{"id":3699,"href":"https:\/\/web.gtischarging.sk\/index.php\/wp-json\/wp\/v2\/pages\/3655\/revisions\/3699"}],"wp:attachment":[{"href":"https:\/\/web.gtischarging.sk\/index.php\/wp-json\/wp\/v2\/media?parent=3655"}],"curies":[{"name":"wp","href":"https:\/\/api.w.org\/{rel}","templated":true}]}}