 {"id":3506,"date":"2022-06-21T11:41:32","date_gmt":"2022-06-21T09:41:32","guid":{"rendered":"https:\/\/web.gtischarging.sk\/?page_id=3506"},"modified":"2022-06-21T11:41:34","modified_gmt":"2022-06-21T09:41:34","slug":"avatar-011","status":"publish","type":"page","link":"https:\/\/web.gtischarging.sk\/index.php\/avatar-011\/","title":{"rendered":"Avatar 011"},"content":{"rendered":"\n<figure class=\"wp-block-image size-full is-resized\"><img decoding=\"async\" loading=\"lazy\" src=\"https:\/\/web.gtischarging.sk\/wp-content\/uploads\/2022\/06\/image-56-1.png\" alt=\"\" class=\"wp-image-3507\" width=\"1063\" height=\"489\" srcset=\"https:\/\/web.gtischarging.sk\/wp-content\/uploads\/2022\/06\/image-56-1.png 945w, https:\/\/web.gtischarging.sk\/wp-content\/uploads\/2022\/06\/image-56-1-300x138.png 300w, https:\/\/web.gtischarging.sk\/wp-content\/uploads\/2022\/06\/image-56-1-768x354.png 768w\" sizes=\"(max-width: 1063px) 100vw, 1063px\" \/><\/figure>\n\n\n\n<h1 class=\"has-text-align-center wp-block-heading\">Changan, Huawei a CATL predstavili s\u00e9riov\u00e9 elektrick\u00e9 SUV-kup\u00e9 Avatar 011<\/h1>\n\n\n\n<p>Troj\u010dlenn\u00e1 aliancia&nbsp;<strong>Changan, Huawei&nbsp;<\/strong>a&nbsp;<strong>CATL<\/strong>&nbsp;sa prv\u00fd raz ohl\u00e1sila vlani na jese\u0148. Ich spolo\u010dn\u00fd podnik&nbsp;<strong>Avatar Technology Co.<\/strong>&nbsp;bude vyr\u00e1ba\u0165 iba elektrick\u00e9 vozidl\u00e1 a to relat\u00edvne drah\u00e9 a pokro\u010dil\u00e9. Za komplexn\u00fd v\u00fdvoj <a href=\"https:\/\/web.gtischarging.sk\/index.php\/autosalon\/elektromobily\/\">elektromobilov<\/a> je zodpovedn\u00fd&nbsp;<strong>Changan&nbsp;<\/strong>a dizajnom sa zaober\u00e1 \u0161t\u00fadio firmy v Mn\u00edchove.&nbsp;<strong>Huawei<\/strong>&nbsp;poskytol svoje multimedi\u00e1lne a online technol\u00f3gie integrovan\u00e9 do celkov\u00e9ho ekosyst\u00e9mu zna\u010dky, zatia\u013e \u010do&nbsp;<strong>CATL<\/strong>&nbsp;je zodpovedn\u00e1 za trak\u010dn\u00e9 bat\u00e9rie a s\u00favisiace komponenty.<\/p>\n\n\n\n<p>Prv\u00fdm modelom novej zna\u010dky je SUV kup\u00e9, ktor\u00e9 bolo v&nbsp;novembri 2021 predstaven\u00e9 v statuse koncep\u010dn\u00e9ho vozidla s n\u00e1zvom&nbsp;<strong>Avatar 11<\/strong>. Teraz je pripraven\u00e1 jeho s\u00e9riov\u00e1 verzia \u2013 u\u017e pod n\u00e1zvom&nbsp;<strong>Avatar 011<\/strong>. Vidite\u013en\u00e9 rozdiely od konceptu prakticky nie s\u00fa, ale k\u013e\u00fa\u010dov\u00e9 charakteristiky vozidla &nbsp;boli &nbsp;nakoniec odtajnen\u00e9.<\/p>\n\n\n\n<figure class=\"wp-block-gallery has-nested-images columns-default is-cropped wp-block-gallery-1 is-layout-flex wp-block-gallery-is-layout-flex\">\n<figure class=\"wp-block-image size-large\"><img decoding=\"async\" loading=\"lazy\" width=\"945\" height=\"532\" data-id=\"3508\" src=\"https:\/\/web.gtischarging.sk\/wp-content\/uploads\/2022\/06\/image-59-1.png\" alt=\"\" class=\"wp-image-3508\" srcset=\"https:\/\/web.gtischarging.sk\/wp-content\/uploads\/2022\/06\/image-59-1.png 945w, https:\/\/web.gtischarging.sk\/wp-content\/uploads\/2022\/06\/image-59-1-300x169.png 300w, https:\/\/web.gtischarging.sk\/wp-content\/uploads\/2022\/06\/image-59-1-768x432.png 768w\" sizes=\"(max-width: 945px) 100vw, 945px\" \/><\/figure>\n\n\n\n<figure class=\"wp-block-image\"><img decoding=\"async\" data-id=\"4285\" src=\"https:\/\/www.elektro-vozidla.sk\/wp-content\/uploads\/2022\/06\/image-63.png\" alt=\"\" class=\"wp-image-4285\"\/><\/figure>\n<\/figure>\n\n\n\n<p>Nejde o p\u00e4\u0165dverov\u00fd liftback, ako by ste si na z\u00e1klade profilu karos\u00e9rie mohli myslie\u0165. \u010c\u00ed\u0148ania vyvinuli \u0161tvordverov\u00fd fastback: zadn\u00e9 okno je in\u0161talovan\u00e9 vertik\u00e1lne a do kufra vedie samostatn\u00fd kryt.&nbsp;<strong>Avatar 011<\/strong>&nbsp;sa ve\u013ekos\u0165ou bl\u00ed\u017ei k&nbsp;<strong>BMW X6<\/strong>: d\u013a\u017eka \u2013&nbsp;<strong>4880 mm<\/strong>, \u0161\u00edrka \u2013&nbsp;<strong>1970 mm<\/strong>, v\u00fd\u0161ka \u2013&nbsp;<strong>1601 mm<\/strong>. M\u00e1 bezr\u00e1mov\u00e9 dvere a panoramatick\u00fa strechu s pevn\u00fdm most\u00edkom medzi dvoma sekciami. R\u00e1zvor &nbsp;os\u00ed kolies je &nbsp;<strong>2975 mm.<\/strong><\/p>\n\n\n\n<p>Elektromobil je postaven\u00fd na novej modul\u00e1rnej platforme CHN a je vybaven\u00fd dvomi elektromotormi (jeden na ka\u017edej n\u00e1prave) s celkov\u00fdm v\u00fdkonom&nbsp;<strong>431 kW<\/strong>&nbsp;(578 k .). Elektrick\u00fd syst\u00e9m m\u00e1 prev\u00e1dzkov\u00e9 nap\u00e4tie&nbsp;<strong>750 voltov<\/strong>. Kapacita l\u00edtium-i\u00f3novej trak\u010dnej bat\u00e9rie je&nbsp;<strong>90,4 kWh<\/strong>, posta\u010duje na deklarovan\u00fd dojazd&nbsp;<strong>600 km&nbsp;<\/strong>na jedno nabitie , pri\u010dom n\u00e1sledn\u00e9 verzie elektromobilu bud\u00fa ma\u0165 dojazd a\u017e&nbsp;<strong>700 km<\/strong>. Elektrick\u00fd syst\u00e9m elektromobilu umo\u017e\u0148uje nab\u00edjanie z DC nab\u00edjacej stanice v\u00fdkonom 240 kW. &nbsp;<\/p>\n\n\n\n<p>Odtajnen\u00fd bol aj&nbsp;<strong>&nbsp;interi\u00e9r<\/strong>&nbsp;auta. Predn\u00fd panel m\u00e1 nezvy\u010dajn\u00fa architekt\u00faru so skri\u0148ou subwoofera, ktor\u00e1 je in\u0161talovan\u00e1 v strede za obrazovkou multimedi\u00e1lneho syst\u00e9mu a m\u00e1 tvar \u201esopky\u201c. Rovnak\u00e9 obrazovky s\u00fa in\u0161talovan\u00e9 pred vodi\u010dom a spolujazdcom. Na prednom paneli ani na volante nie s\u00fa \u017eiadne fyzick\u00e9 tla\u010didl\u00e1 a na stredovom tuneli s\u00fa tri podlo\u017eky pre bezdr\u00f4tov\u00e9 nab\u00edjanie smartf\u00f3nov naraz.<\/p>\n\n\n\n<figure class=\"wp-block-gallery has-nested-images columns-default is-cropped wp-block-gallery-3 is-layout-flex wp-block-gallery-is-layout-flex\">\n<figure class=\"wp-block-image\"><img decoding=\"async\" data-id=\"4284\" src=\"https:\/\/www.elektro-vozidla.sk\/wp-content\/uploads\/2022\/06\/image-62.png\" alt=\"\" class=\"wp-image-4284\"\/><\/figure>\n\n\n\n<figure class=\"wp-block-image size-large\"><img decoding=\"async\" loading=\"lazy\" width=\"945\" height=\"551\" data-id=\"3510\" src=\"https:\/\/web.gtischarging.sk\/wp-content\/uploads\/2022\/06\/image-64-1.png\" alt=\"\" class=\"wp-image-3510\" srcset=\"https:\/\/web.gtischarging.sk\/wp-content\/uploads\/2022\/06\/image-64-1.png 945w, https:\/\/web.gtischarging.sk\/wp-content\/uploads\/2022\/06\/image-64-1-300x175.png 300w, https:\/\/web.gtischarging.sk\/wp-content\/uploads\/2022\/06\/image-64-1-768x448.png 768w\" sizes=\"(max-width: 945px) 100vw, 945px\" \/><\/figure>\n<\/figure>\n\n\n\n<p>Samostatnou p\u00fdchou v\u00fdvoj\u00e1rov je autopilot, ktor\u00fd je vyzbrojen\u00fd tromi LiDARmi, \u0161iestimi milimetrov\u00fdch radarmi, dvan\u00e1stimi ultrazvukov\u00fdmi senzormi a trin\u00e1stimi kamerami. Procesor CPU m\u00e1 v\u00fdkon 400 top (bili\u00f3n oper\u00e1ci\u00ed za sekundu). Pravda, zatia\u013e nie je jasn\u00e9, akej \u00farovni auton\u00f3mie jazdy tento komplex zodpoved\u00e1.<\/p>\n\n\n\n<p><strong>Avatar&nbsp;<\/strong>sa na \u010d\u00ednsky trh dostane v tre\u0165om \u0161tvr\u0165roku 2022, no cena zatia\u013e nebola ozn\u00e1men\u00e1. Prv\u00fdm do predaja pr\u00edde \u0161peci\u00e1lna verzia&nbsp;<strong>Avatar 011 MMW<\/strong>, \u00fadajne vytvoren\u00e1 v spolupr\u00e1ci s kreat\u00edvnym riadite\u013eom Givenchy Matthewom M. Williamsom, ktor\u00e9ho inici\u00e1ly s\u00fa uveden\u00e9 v n\u00e1zve. No hlavnou \u010drtou \u0161peci\u00e1lnej verzie je \u00faplne \u010dierny dekor na karos\u00e9rii a v kab\u00edne. Vyrob\u00ed sa asi 500 crossoverov vo verzii MMW, po ktor\u00fdch sa za\u010dn\u00fa pred\u00e1va\u0165 \u201ebe\u017en\u00e9\u201c aut\u00e1.<\/p>\n\n\n\n<figure class=\"wp-block-gallery has-nested-images columns-default is-cropped wp-block-gallery-5 is-layout-flex wp-block-gallery-is-layout-flex\">\n<figure class=\"wp-block-image size-large\"><img decoding=\"async\" loading=\"lazy\" width=\"945\" height=\"709\" data-id=\"3509\" src=\"https:\/\/web.gtischarging.sk\/wp-content\/uploads\/2022\/06\/image-65.png\" alt=\"\" class=\"wp-image-3509\" srcset=\"https:\/\/web.gtischarging.sk\/wp-content\/uploads\/2022\/06\/image-65.png 945w, https:\/\/web.gtischarging.sk\/wp-content\/uploads\/2022\/06\/image-65-300x225.png 300w, https:\/\/web.gtischarging.sk\/wp-content\/uploads\/2022\/06\/image-65-768x576.png 768w\" sizes=\"(max-width: 945px) 100vw, 945px\" \/><\/figure>\n\n\n\n<figure class=\"wp-block-image\"><img decoding=\"async\" data-id=\"4288\" src=\"https:\/\/www.elektro-vozidla.sk\/wp-content\/uploads\/2022\/06\/image-66.png\" alt=\"\" class=\"wp-image-4288\"\/><\/figure>\n<\/figure>\n\n\n\n<p>Zdroj<br><a href=\"https:\/\/www.elektro-vozidla.sk\/changan-huawei-a-catl-predstavili-seriove-elektricke-suv-kupe-avatar-011\/\">elektro-vozidla<\/a><\/p>\n","protected":false},"excerpt":{"rendered":"<p>Changan, Huawei a CATL predstavili s\u00e9riov\u00e9 elektrick\u00e9 SUV-kup\u00e9 Avatar 011 Troj\u010dlenn\u00e1 aliancia&nbsp;Changan, Huawei&nbsp;a&nbsp;CATL&nbsp;sa prv\u00fd raz ohl\u00e1sila vlani na jese\u0148. Ich spolo\u010dn\u00fd podnik&nbsp;Avatar Technology Co.&nbsp;bude vyr\u00e1ba\u0165 iba elektrick\u00e9 vozidl\u00e1 a to relat\u00edvne drah\u00e9 a pokro\u010dil\u00e9.&#46;&#46;&#46;<\/p>\n","protected":false},"author":8,"featured_media":0,"parent":0,"menu_order":0,"comment_status":"closed","ping_status":"closed","template":"","meta":{"footnotes":""},"yoast_head":"<!-- This site is optimized with the Yoast SEO plugin v20.4 - https:\/\/yoast.com\/wordpress\/plugins\/seo\/ -->\n<title>Avatar 011 - gtischarging.sk<\/title>\n<meta name=\"description\" content=\"Troj\u010dlenn\u00e1 aliancia Changan, Huawei a CATL a ich spolo\u010dn\u00fd podnik Avatar Technology Co. bude vyr\u00e1ba\u0165 iba elektrick\u00e9 vozidl\u00e1.\" \/>\n<meta name=\"robots\" content=\"index, follow, max-snippet:-1, max-image-preview:large, max-video-preview:-1\" \/>\n<link rel=\"canonical\" href=\"https:\/\/web.gtischarging.sk\/index.php\/avatar-011\/\" \/>\n<meta property=\"og:locale\" content=\"cs_CZ\" \/>\n<meta property=\"og:type\" content=\"article\" \/>\n<meta property=\"og:title\" content=\"Avatar 011 - gtischarging.sk\" \/>\n<meta property=\"og:description\" content=\"Troj\u010dlenn\u00e1 aliancia Changan, Huawei a CATL a ich spolo\u010dn\u00fd podnik Avatar Technology Co. bude vyr\u00e1ba\u0165 iba elektrick\u00e9 vozidl\u00e1.\" \/>\n<meta property=\"og:url\" content=\"https:\/\/web.gtischarging.sk\/index.php\/avatar-011\/\" \/>\n<meta property=\"og:site_name\" content=\"gtischarging.sk\" \/>\n<meta property=\"article:publisher\" content=\"https:\/\/www.facebook.com\/gtischarging\" \/>\n<meta property=\"article:modified_time\" content=\"2022-06-21T09:41:34+00:00\" \/>\n<meta property=\"og:image\" content=\"https:\/\/web.gtischarging.sk\/wp-content\/uploads\/2022\/06\/image-56-1.png\" \/>\n<meta name=\"twitter:card\" content=\"summary_large_image\" \/>\n<meta name=\"twitter:label1\" content=\"Odhadovan\u00e1 doba \u010dten\u00ed\" \/>\n\t<meta name=\"twitter:data1\" content=\"4 minuty\" \/>\n<script type=\"application\/ld+json\" class=\"yoast-schema-graph\">{\"@context\":\"https:\/\/schema.org\",\"@graph\":[{\"@type\":\"WebPage\",\"@id\":\"https:\/\/web.gtischarging.sk\/index.php\/avatar-011\/\",\"url\":\"https:\/\/web.gtischarging.sk\/index.php\/avatar-011\/\",\"name\":\"Avatar 011 - gtischarging.sk\",\"isPartOf\":{\"@id\":\"https:\/\/web.gtischarging.sk\/#website\"},\"datePublished\":\"2022-06-21T09:41:32+00:00\",\"dateModified\":\"2022-06-21T09:41:34+00:00\",\"description\":\"Troj\u010dlenn\u00e1 aliancia Changan, Huawei a CATL a ich spolo\u010dn\u00fd podnik Avatar Technology Co. bude vyr\u00e1ba\u0165 iba elektrick\u00e9 vozidl\u00e1.\",\"breadcrumb\":{\"@id\":\"https:\/\/web.gtischarging.sk\/index.php\/avatar-011\/#breadcrumb\"},\"inLanguage\":\"cs\",\"potentialAction\":[{\"@type\":\"ReadAction\",\"target\":[\"https:\/\/web.gtischarging.sk\/index.php\/avatar-011\/\"]}]},{\"@type\":\"BreadcrumbList\",\"@id\":\"https:\/\/web.gtischarging.sk\/index.php\/avatar-011\/#breadcrumb\",\"itemListElement\":[{\"@type\":\"ListItem\",\"position\":1,\"name\":\"Dom\u016f\",\"item\":\"https:\/\/web.gtischarging.sk\/\"},{\"@type\":\"ListItem\",\"position\":2,\"name\":\"Avatar 011\"}]},{\"@type\":\"WebSite\",\"@id\":\"https:\/\/web.gtischarging.sk\/#website\",\"url\":\"https:\/\/web.gtischarging.sk\/\",\"name\":\"gtischarging.sk\",\"description\":\"U n\u00e1s sta\u010d\u00ed prilo\u017ei\u0165 platobn\u00fa kartu\",\"publisher\":{\"@id\":\"https:\/\/web.gtischarging.sk\/#organization\"},\"potentialAction\":[{\"@type\":\"SearchAction\",\"target\":{\"@type\":\"EntryPoint\",\"urlTemplate\":\"https:\/\/web.gtischarging.sk\/?s={search_term_string}\"},\"query-input\":\"required name=search_term_string\"}],\"inLanguage\":\"cs\"},{\"@type\":\"Organization\",\"@id\":\"https:\/\/web.gtischarging.sk\/#organization\",\"name\":\"GTIS charging\",\"url\":\"https:\/\/web.gtischarging.sk\/\",\"logo\":{\"@type\":\"ImageObject\",\"inLanguage\":\"cs\",\"@id\":\"https:\/\/web.gtischarging.sk\/#\/schema\/logo\/image\/\",\"url\":\"https:\/\/web.gtischarging.sk\/wp-content\/uploads\/2020\/03\/logo-180px.png\",\"contentUrl\":\"https:\/\/web.gtischarging.sk\/wp-content\/uploads\/2020\/03\/logo-180px.png\",\"width\":180,\"height\":123,\"caption\":\"GTIS charging\"},\"image\":{\"@id\":\"https:\/\/web.gtischarging.sk\/#\/schema\/logo\/image\/\"},\"sameAs\":[\"https:\/\/www.facebook.com\/gtischarging\"]}]}<\/script>\n<!-- \/ Yoast SEO plugin. -->","yoast_head_json":{"title":"Avatar 011 - gtischarging.sk","description":"Troj\u010dlenn\u00e1 aliancia Changan, Huawei a CATL a ich spolo\u010dn\u00fd podnik Avatar Technology Co. bude vyr\u00e1ba\u0165 iba elektrick\u00e9 vozidl\u00e1.","robots":{"index":"index","follow":"follow","max-snippet":"max-snippet:-1","max-image-preview":"max-image-preview:large","max-video-preview":"max-video-preview:-1"},"canonical":"https:\/\/web.gtischarging.sk\/index.php\/avatar-011\/","og_locale":"cs_CZ","og_type":"article","og_title":"Avatar 011 - gtischarging.sk","og_description":"Troj\u010dlenn\u00e1 aliancia Changan, Huawei a CATL a ich spolo\u010dn\u00fd podnik Avatar Technology Co. bude vyr\u00e1ba\u0165 iba elektrick\u00e9 vozidl\u00e1.","og_url":"https:\/\/web.gtischarging.sk\/index.php\/avatar-011\/","og_site_name":"gtischarging.sk","article_publisher":"https:\/\/www.facebook.com\/gtischarging","article_modified_time":"2022-06-21T09:41:34+00:00","og_image":[{"url":"https:\/\/web.gtischarging.sk\/wp-content\/uploads\/2022\/06\/image-56-1.png"}],"twitter_card":"summary_large_image","twitter_misc":{"Odhadovan\u00e1 doba \u010dten\u00ed":"4 minuty"},"schema":{"@context":"https:\/\/schema.org","@graph":[{"@type":"WebPage","@id":"https:\/\/web.gtischarging.sk\/index.php\/avatar-011\/","url":"https:\/\/web.gtischarging.sk\/index.php\/avatar-011\/","name":"Avatar 011 - gtischarging.sk","isPartOf":{"@id":"https:\/\/web.gtischarging.sk\/#website"},"datePublished":"2022-06-21T09:41:32+00:00","dateModified":"2022-06-21T09:41:34+00:00","description":"Troj\u010dlenn\u00e1 aliancia Changan, Huawei a CATL a ich spolo\u010dn\u00fd podnik Avatar Technology Co. bude vyr\u00e1ba\u0165 iba elektrick\u00e9 vozidl\u00e1.","breadcrumb":{"@id":"https:\/\/web.gtischarging.sk\/index.php\/avatar-011\/#breadcrumb"},"inLanguage":"cs","potentialAction":[{"@type":"ReadAction","target":["https:\/\/web.gtischarging.sk\/index.php\/avatar-011\/"]}]},{"@type":"BreadcrumbList","@id":"https:\/\/web.gtischarging.sk\/index.php\/avatar-011\/#breadcrumb","itemListElement":[{"@type":"ListItem","position":1,"name":"Dom\u016f","item":"https:\/\/web.gtischarging.sk\/"},{"@type":"ListItem","position":2,"name":"Avatar 011"}]},{"@type":"WebSite","@id":"https:\/\/web.gtischarging.sk\/#website","url":"https:\/\/web.gtischarging.sk\/","name":"gtischarging.sk","description":"U n\u00e1s sta\u010d\u00ed prilo\u017ei\u0165 platobn\u00fa kartu","publisher":{"@id":"https:\/\/web.gtischarging.sk\/#organization"},"potentialAction":[{"@type":"SearchAction","target":{"@type":"EntryPoint","urlTemplate":"https:\/\/web.gtischarging.sk\/?s={search_term_string}"},"query-input":"required name=search_term_string"}],"inLanguage":"cs"},{"@type":"Organization","@id":"https:\/\/web.gtischarging.sk\/#organization","name":"GTIS charging","url":"https:\/\/web.gtischarging.sk\/","logo":{"@type":"ImageObject","inLanguage":"cs","@id":"https:\/\/web.gtischarging.sk\/#\/schema\/logo\/image\/","url":"https:\/\/web.gtischarging.sk\/wp-content\/uploads\/2020\/03\/logo-180px.png","contentUrl":"https:\/\/web.gtischarging.sk\/wp-content\/uploads\/2020\/03\/logo-180px.png","width":180,"height":123,"caption":"GTIS charging"},"image":{"@id":"https:\/\/web.gtischarging.sk\/#\/schema\/logo\/image\/"},"sameAs":["https:\/\/www.facebook.com\/gtischarging"]}]}},"_links":{"self":[{"href":"https:\/\/web.gtischarging.sk\/index.php\/wp-json\/wp\/v2\/pages\/3506"}],"collection":[{"href":"https:\/\/web.gtischarging.sk\/index.php\/wp-json\/wp\/v2\/pages"}],"about":[{"href":"https:\/\/web.gtischarging.sk\/index.php\/wp-json\/wp\/v2\/types\/page"}],"author":[{"embeddable":true,"href":"https:\/\/web.gtischarging.sk\/index.php\/wp-json\/wp\/v2\/users\/8"}],"replies":[{"embeddable":true,"href":"https:\/\/web.gtischarging.sk\/index.php\/wp-json\/wp\/v2\/comments?post=3506"}],"version-history":[{"count":3,"href":"https:\/\/web.gtischarging.sk\/index.php\/wp-json\/wp\/v2\/pages\/3506\/revisions"}],"predecessor-version":[{"id":3540,"href":"https:\/\/web.gtischarging.sk\/index.php\/wp-json\/wp\/v2\/pages\/3506\/revisions\/3540"}],"wp:attachment":[{"href":"https:\/\/web.gtischarging.sk\/index.php\/wp-json\/wp\/v2\/media?parent=3506"}],"curies":[{"name":"wp","href":"https:\/\/api.w.org\/{rel}","templated":true}]}}