 {"id":3394,"date":"2022-04-25T23:23:38","date_gmt":"2022-04-25T21:23:38","guid":{"rendered":"https:\/\/web.gtischarging.sk\/?page_id=3394"},"modified":"2022-04-25T23:23:40","modified_gmt":"2022-04-25T21:23:40","slug":"mg5-electric","status":"publish","type":"page","link":"https:\/\/web.gtischarging.sk\/index.php\/mg5-electric\/","title":{"rendered":"MG5 Electric"},"content":{"rendered":"\n<div class=\"wp-block-image\"><figure class=\"aligncenter size-full is-resized\"><img decoding=\"async\" loading=\"lazy\" src=\"https:\/\/web.gtischarging.sk\/wp-content\/uploads\/2022\/04\/image-57.png\" alt=\"\" class=\"wp-image-3412\" width=\"1065\" height=\"451\" srcset=\"https:\/\/web.gtischarging.sk\/wp-content\/uploads\/2022\/04\/image-57.png 945w, https:\/\/web.gtischarging.sk\/wp-content\/uploads\/2022\/04\/image-57-300x127.png 300w, https:\/\/web.gtischarging.sk\/wp-content\/uploads\/2022\/04\/image-57-768x326.png 768w\" sizes=\"(max-width: 1065px) 100vw, 1065px\" \/><\/figure><\/div>\n\n\n\n<h1 class=\"has-text-align-center wp-block-heading\" id=\"mg5-electric-od-saic-bude-prve-elektricke-kombi-v-europe\">MG5 Electric od SAIC bude prv\u00e9 elektrick\u00e9 kombi v Eur\u00f3pe<\/h1>\n\n\n\n<p>Britsk\u00e1 zna\u010dka&nbsp;<strong><a href=\"https:\/\/www.mgmotor.eu\/model\/mg5\">MG<\/a><\/strong>, ktor\u00e1 je s\u00fa\u010das\u0165ou \u010d\u00ednskeho koncernu&nbsp;<strong><a href=\"https:\/\/www.roewe.com.cn\/\">SAIC<\/a><\/strong>, zverejnila inform\u00e1cie o elektrickom kombi&nbsp;MG5 Electric&nbsp;pre eur\u00f3psky trh. Za\u010diatok predaja sa o\u010dak\u00e1va v marci 2022.Elektrick\u00e9 rodinn\u00e9 kombi&nbsp;MG5 Electric&nbsp;bol predstaven\u00fd u\u017e v marci 2021 s pr\u00eds\u013eubom, \u017ee predaj sa za\u010dne v okt\u00f3bri, no uvedenie auta sa oneskorilo \u2013 uvedenie na trh bolo odlo\u017een\u00e9 na marec tohto roku. Novinka je vlastne pre\u0161tylizovan\u00fd \u010d\u00ednsky&nbsp;Roewe Ei5, ktor\u00fd pre\u0161iel restylingom v minulom roku.<\/p>\n\n\n\n<p><strong><a href=\"https:\/\/www.mgmotor.eu\/model\/mg5\">MG5 Electric<\/a><\/strong>&nbsp;je prezentovan\u00e9 ako jedin\u00e9 elektrick\u00e9 kombi v Eur\u00f3pe. Pr\u00edchod najbli\u017e\u0161\u00edch anal\u00f3gov sa o\u010dak\u00e1va a\u017e v roku 2023 od koncernu Stellantis. Spolo\u010dnos\u0165 predstav\u00ed kombi&nbsp;<strong>Opel Astra-e Sports Tourer&nbsp;<\/strong>a<strong>&nbsp;Peugeot e-308 SW<\/strong>.<\/p>\n\n\n\n<figure class=\"wp-block-gallery has-nested-images columns-default is-cropped wp-block-gallery-1 is-layout-flex wp-block-gallery-is-layout-flex\">\n<figure class=\"wp-block-image size-large\"><img decoding=\"async\" loading=\"lazy\" width=\"1024\" height=\"576\" data-id=\"3413\" src=\"https:\/\/web.gtischarging.sk\/wp-content\/uploads\/2022\/04\/foto_011-1024x576.jpg\" alt=\"\" class=\"wp-image-3413\" srcset=\"https:\/\/web.gtischarging.sk\/wp-content\/uploads\/2022\/04\/foto_011-1024x576.jpg 1024w, https:\/\/web.gtischarging.sk\/wp-content\/uploads\/2022\/04\/foto_011-300x169.jpg 300w, https:\/\/web.gtischarging.sk\/wp-content\/uploads\/2022\/04\/foto_011-768x432.jpg 768w, https:\/\/web.gtischarging.sk\/wp-content\/uploads\/2022\/04\/foto_011.jpg 1300w\" sizes=\"(max-width: 1024px) 100vw, 1024px\" \/><\/figure>\n\n\n\n<figure class=\"wp-block-image size-large\"><img decoding=\"async\" loading=\"lazy\" width=\"800\" height=\"449\" data-id=\"3414\" src=\"https:\/\/web.gtischarging.sk\/wp-content\/uploads\/2022\/04\/edinstvennyj-batarejnyj-saraj-mg5-electric-vyhodit-na-evropejskij-rynok-9c09db5.jpg\" alt=\"\" class=\"wp-image-3414\" srcset=\"https:\/\/web.gtischarging.sk\/wp-content\/uploads\/2022\/04\/edinstvennyj-batarejnyj-saraj-mg5-electric-vyhodit-na-evropejskij-rynok-9c09db5.jpg 800w, https:\/\/web.gtischarging.sk\/wp-content\/uploads\/2022\/04\/edinstvennyj-batarejnyj-saraj-mg5-electric-vyhodit-na-evropejskij-rynok-9c09db5-300x168.jpg 300w, https:\/\/web.gtischarging.sk\/wp-content\/uploads\/2022\/04\/edinstvennyj-batarejnyj-saraj-mg5-electric-vyhodit-na-evropejskij-rynok-9c09db5-768x431.jpg 768w\" sizes=\"(max-width: 800px) 100vw, 800px\" \/><\/figure>\n\n\n\n<figure class=\"wp-block-image\"><img decoding=\"async\" src=\"https:\/\/www.electrive.com\/wp-content\/uploads\/2022\/02\/mg-motor-mg-5-ev-2022-04-min-888x444.png\" alt=\"\"\/><\/figure>\n<\/figure>\n\n\n\n<p>Technick\u00e9 \u0161pecifik\u00e1cie&nbsp;<strong><a href=\"https:\/\/www.mgmotor.eu\/model\/mg5\">MG5 Electric<\/a><\/strong>&nbsp;boli v porovnan\u00ed s minuloro\u010dn\u00fdm ozn\u00e1men\u00edm \u00fadajov mierne upraven\u00e9. Rozmery novinky s\u00fa&nbsp;<strong>4 600 mm&nbsp;<\/strong>na d\u013a\u017eku,&nbsp;<strong>1 818 mm na&nbsp;<\/strong>\u0161\u00edrku a&nbsp;<strong>1 543 mm<\/strong>&nbsp;na v\u00fd\u0161ku. R\u00e1zvor \u2013&nbsp;<strong>2 659 mm<\/strong>. Objem kufra elektrick\u00e9ho kombi je&nbsp;<strong>479 litrov<\/strong>&nbsp;a so sklopen\u00fdmi sedadlami 1 367 litrov.<\/p>\n\n\n\n<p>Novinka m\u00f4\u017ee by\u0165 vybaven\u00e1 dvoma typmi pohonnej jednotky, obe pou\u017e\u00edvaj\u00fa jedin\u00fd elektromotor na prednej n\u00e1prave. Vo verzii Standard Range je schopn\u00fd doda\u0165 v\u00fdkon&nbsp;<strong>130 kW<\/strong>&nbsp;(177 k.) a&nbsp;kr\u00fatiaci moment&nbsp;<strong>280 Nm<\/strong>. Elektromotor je dopovan\u00fd&nbsp;<strong>50,3 kWh<\/strong>&nbsp;bat\u00e9riou. Na jedno nabitie je elektrick\u00e9 kombi schopn\u00e9 prekona\u0165&nbsp;<strong>320 kilometrov<\/strong>&nbsp;v cykle WLTP. Agreg\u00e1t vo verzii Long Range produkuje&nbsp;<strong>115 kW<\/strong>&nbsp;(156 kon\u00ed), no kapacita bat\u00e9rie sa zv\u00fd\u0161ila na&nbsp;<strong>61,1 kWh<\/strong>. Dojazd tejto konfigur\u00e1cie je pribli\u017ene&nbsp;<strong>400 kilometrov<\/strong>&nbsp;v cykle WLTP. Zr\u00fdchlenie z nuly na 100 km\/h v oboch pr\u00edpadoch trv\u00e1 takmer rovnako&nbsp;<strong>8,3,&nbsp;<\/strong>alebo<strong>&nbsp;8,5 sekundy<\/strong>&nbsp;a maxim\u00e1lna r\u00fdchlos\u0165 je obmedzen\u00e1 na&nbsp;<strong>185 km\/h<\/strong>.<\/p>\n\n\n\n<figure class=\"wp-block-gallery has-nested-images columns-default is-cropped wp-block-gallery-3 is-layout-flex wp-block-gallery-is-layout-flex\">\n<figure class=\"wp-block-image size-large\"><img decoding=\"async\" loading=\"lazy\" width=\"980\" height=\"547\" data-id=\"3415\" src=\"https:\/\/web.gtischarging.sk\/wp-content\/uploads\/2022\/04\/1645176644219_.jpg\" alt=\"\" class=\"wp-image-3415\" srcset=\"https:\/\/web.gtischarging.sk\/wp-content\/uploads\/2022\/04\/1645176644219_.jpg 980w, https:\/\/web.gtischarging.sk\/wp-content\/uploads\/2022\/04\/1645176644219_-300x167.jpg 300w, https:\/\/web.gtischarging.sk\/wp-content\/uploads\/2022\/04\/1645176644219_-768x429.jpg 768w\" sizes=\"(max-width: 980px) 100vw, 980px\" \/><\/figure>\n\n\n\n<figure class=\"wp-block-image size-large\"><img decoding=\"async\" loading=\"lazy\" width=\"1024\" height=\"683\" data-id=\"3416\" src=\"https:\/\/web.gtischarging.sk\/wp-content\/uploads\/2022\/04\/a3195ddfa438526dd79ba8a8deee289409-1024x683.jpg\" alt=\"\" class=\"wp-image-3416\" srcset=\"https:\/\/web.gtischarging.sk\/wp-content\/uploads\/2022\/04\/a3195ddfa438526dd79ba8a8deee289409-1024x683.jpg 1024w, https:\/\/web.gtischarging.sk\/wp-content\/uploads\/2022\/04\/a3195ddfa438526dd79ba8a8deee289409-300x200.jpg 300w, https:\/\/web.gtischarging.sk\/wp-content\/uploads\/2022\/04\/a3195ddfa438526dd79ba8a8deee289409-768x512.jpg 768w, https:\/\/web.gtischarging.sk\/wp-content\/uploads\/2022\/04\/a3195ddfa438526dd79ba8a8deee289409.jpg 1280w\" sizes=\"(max-width: 1024px) 100vw, 1024px\" \/><\/figure>\n\n\n\n<figure class=\"wp-block-image\"><img decoding=\"async\" data-id=\"3973\" src=\"https:\/\/www.elektro-vozidla.sk\/wp-content\/uploads\/2022\/02\/image-60.png\" alt=\"\" class=\"wp-image-3973\"\/><\/figure>\n<\/figure>\n\n\n\n<p>Z\u00e1kladn\u00fd bal\u00edk Comfort pon\u00faka z\u00e1kazn\u00edkom sadu elektronick\u00fdch asistentov vodi\u010da MG Pilot, ktor\u00fd obsahuje adapt\u00edvny tempomat, syst\u00e9m udr\u017eiavania v jazdnom pruhu, sledovanie m\u0155tveho uhla a mno\u017estvo \u010fal\u0161\u00edch funkci\u00ed. Vozidlo je tie\u017e vybaven\u00e9 klimatiz\u00e1ciou, LED optikou, vyhrievan\u00fdmi sedadlami a zadnou kamerou.<\/p>\n\n\n\n<p><strong>MG<\/strong>&nbsp;m\u00e1 svoje predajne takmer v celej z\u00e1padnej Eur\u00f3pe a aj v susednom Rak\u00fasku s\u00fa ich u\u017e desiatky. Na Slovensku si ho zatia\u013e nek\u00fapite! D\u00fafajme, \u017ee tento stav sa v doh\u013eadnej dobe zmen\u00ed. Elektrick\u00e9 kombi ve\u013ekosti&nbsp;<strong>\u0160kody Octavie<\/strong>&nbsp;by si to zasl\u00fa\u017eilo \u2013 a aj na\u0161i motoristi!<\/p>\n\n\n\n<p>Zdroj<br><a href=\"https:\/\/www.elektro-vozidla.sk\/mg5-electric-od-saic-bude-prve-elektricke-kombi-v-europe\/\">elektro-vozidla<\/a><\/p>\n","protected":false},"excerpt":{"rendered":"<p>MG5 Electric od SAIC bude prv\u00e9 elektrick\u00e9 kombi v Eur\u00f3pe Britsk\u00e1 zna\u010dka&nbsp;MG, ktor\u00e1 je s\u00fa\u010das\u0165ou \u010d\u00ednskeho koncernu&nbsp;SAIC, zverejnila inform\u00e1cie o elektrickom kombi&nbsp;MG5 Electric&nbsp;pre eur\u00f3psky trh. Za\u010diatok predaja sa o\u010dak\u00e1va v marci 2022.Elektrick\u00e9 rodinn\u00e9 kombi&nbsp;MG5&#46;&#46;&#46;<\/p>\n","protected":false},"author":8,"featured_media":0,"parent":0,"menu_order":0,"comment_status":"closed","ping_status":"closed","template":"","meta":{"footnotes":""},"yoast_head":"<!-- This site is optimized with the Yoast SEO plugin v20.4 - https:\/\/yoast.com\/wordpress\/plugins\/seo\/ -->\n<title>MG5 Electric - gtischarging.sk<\/title>\n<meta name=\"description\" content=\"Britsk\u00e1 zna\u010dka\u00a0MG, ktor\u00e1 je s\u00fa\u010das\u0165ou \u010d\u00ednskeho koncernu\u00a0SAIC, zverejnila inform\u00e1cie o elektrickom kombi\u00a0MG5 Electric\u00a0pre eur\u00f3psky trh.\" \/>\n<meta name=\"robots\" content=\"index, follow, max-snippet:-1, max-image-preview:large, max-video-preview:-1\" \/>\n<link rel=\"canonical\" href=\"https:\/\/web.gtischarging.sk\/index.php\/mg5-electric\/\" \/>\n<meta property=\"og:locale\" content=\"cs_CZ\" \/>\n<meta property=\"og:type\" content=\"article\" \/>\n<meta property=\"og:title\" content=\"MG5 Electric - gtischarging.sk\" \/>\n<meta property=\"og:description\" content=\"Britsk\u00e1 zna\u010dka\u00a0MG, ktor\u00e1 je s\u00fa\u010das\u0165ou \u010d\u00ednskeho koncernu\u00a0SAIC, zverejnila inform\u00e1cie o elektrickom kombi\u00a0MG5 Electric\u00a0pre eur\u00f3psky trh.\" \/>\n<meta property=\"og:url\" content=\"https:\/\/web.gtischarging.sk\/index.php\/mg5-electric\/\" \/>\n<meta property=\"og:site_name\" content=\"gtischarging.sk\" \/>\n<meta property=\"article:publisher\" content=\"https:\/\/www.facebook.com\/gtischarging\" \/>\n<meta property=\"article:modified_time\" content=\"2022-04-25T21:23:40+00:00\" \/>\n<meta property=\"og:image\" content=\"https:\/\/web.gtischarging.sk\/wp-content\/uploads\/2022\/04\/image-57.png\" \/>\n<meta name=\"twitter:card\" content=\"summary_large_image\" \/>\n<meta name=\"twitter:label1\" content=\"Odhadovan\u00e1 doba \u010dten\u00ed\" \/>\n\t<meta name=\"twitter:data1\" content=\"4 minuty\" \/>\n<script type=\"application\/ld+json\" class=\"yoast-schema-graph\">{\"@context\":\"https:\/\/schema.org\",\"@graph\":[{\"@type\":\"WebPage\",\"@id\":\"https:\/\/web.gtischarging.sk\/index.php\/mg5-electric\/\",\"url\":\"https:\/\/web.gtischarging.sk\/index.php\/mg5-electric\/\",\"name\":\"MG5 Electric - gtischarging.sk\",\"isPartOf\":{\"@id\":\"https:\/\/web.gtischarging.sk\/#website\"},\"datePublished\":\"2022-04-25T21:23:38+00:00\",\"dateModified\":\"2022-04-25T21:23:40+00:00\",\"description\":\"Britsk\u00e1 zna\u010dka\u00a0MG, ktor\u00e1 je s\u00fa\u010das\u0165ou \u010d\u00ednskeho koncernu\u00a0SAIC, zverejnila inform\u00e1cie o elektrickom kombi\u00a0MG5 Electric\u00a0pre eur\u00f3psky trh.\",\"breadcrumb\":{\"@id\":\"https:\/\/web.gtischarging.sk\/index.php\/mg5-electric\/#breadcrumb\"},\"inLanguage\":\"cs\",\"potentialAction\":[{\"@type\":\"ReadAction\",\"target\":[\"https:\/\/web.gtischarging.sk\/index.php\/mg5-electric\/\"]}]},{\"@type\":\"BreadcrumbList\",\"@id\":\"https:\/\/web.gtischarging.sk\/index.php\/mg5-electric\/#breadcrumb\",\"itemListElement\":[{\"@type\":\"ListItem\",\"position\":1,\"name\":\"Dom\u016f\",\"item\":\"https:\/\/web.gtischarging.sk\/\"},{\"@type\":\"ListItem\",\"position\":2,\"name\":\"MG5 Electric\"}]},{\"@type\":\"WebSite\",\"@id\":\"https:\/\/web.gtischarging.sk\/#website\",\"url\":\"https:\/\/web.gtischarging.sk\/\",\"name\":\"gtischarging.sk\",\"description\":\"U n\u00e1s sta\u010d\u00ed prilo\u017ei\u0165 platobn\u00fa kartu\",\"publisher\":{\"@id\":\"https:\/\/web.gtischarging.sk\/#organization\"},\"potentialAction\":[{\"@type\":\"SearchAction\",\"target\":{\"@type\":\"EntryPoint\",\"urlTemplate\":\"https:\/\/web.gtischarging.sk\/?s={search_term_string}\"},\"query-input\":\"required name=search_term_string\"}],\"inLanguage\":\"cs\"},{\"@type\":\"Organization\",\"@id\":\"https:\/\/web.gtischarging.sk\/#organization\",\"name\":\"GTIS charging\",\"url\":\"https:\/\/web.gtischarging.sk\/\",\"logo\":{\"@type\":\"ImageObject\",\"inLanguage\":\"cs\",\"@id\":\"https:\/\/web.gtischarging.sk\/#\/schema\/logo\/image\/\",\"url\":\"https:\/\/web.gtischarging.sk\/wp-content\/uploads\/2020\/03\/logo-180px.png\",\"contentUrl\":\"https:\/\/web.gtischarging.sk\/wp-content\/uploads\/2020\/03\/logo-180px.png\",\"width\":180,\"height\":123,\"caption\":\"GTIS charging\"},\"image\":{\"@id\":\"https:\/\/web.gtischarging.sk\/#\/schema\/logo\/image\/\"},\"sameAs\":[\"https:\/\/www.facebook.com\/gtischarging\"]}]}<\/script>\n<!-- \/ Yoast SEO plugin. -->","yoast_head_json":{"title":"MG5 Electric - gtischarging.sk","description":"Britsk\u00e1 zna\u010dka\u00a0MG, ktor\u00e1 je s\u00fa\u010das\u0165ou \u010d\u00ednskeho koncernu\u00a0SAIC, zverejnila inform\u00e1cie o elektrickom kombi\u00a0MG5 Electric\u00a0pre eur\u00f3psky trh.","robots":{"index":"index","follow":"follow","max-snippet":"max-snippet:-1","max-image-preview":"max-image-preview:large","max-video-preview":"max-video-preview:-1"},"canonical":"https:\/\/web.gtischarging.sk\/index.php\/mg5-electric\/","og_locale":"cs_CZ","og_type":"article","og_title":"MG5 Electric - gtischarging.sk","og_description":"Britsk\u00e1 zna\u010dka\u00a0MG, ktor\u00e1 je s\u00fa\u010das\u0165ou \u010d\u00ednskeho koncernu\u00a0SAIC, zverejnila inform\u00e1cie o elektrickom kombi\u00a0MG5 Electric\u00a0pre eur\u00f3psky trh.","og_url":"https:\/\/web.gtischarging.sk\/index.php\/mg5-electric\/","og_site_name":"gtischarging.sk","article_publisher":"https:\/\/www.facebook.com\/gtischarging","article_modified_time":"2022-04-25T21:23:40+00:00","og_image":[{"url":"https:\/\/web.gtischarging.sk\/wp-content\/uploads\/2022\/04\/image-57.png"}],"twitter_card":"summary_large_image","twitter_misc":{"Odhadovan\u00e1 doba \u010dten\u00ed":"4 minuty"},"schema":{"@context":"https:\/\/schema.org","@graph":[{"@type":"WebPage","@id":"https:\/\/web.gtischarging.sk\/index.php\/mg5-electric\/","url":"https:\/\/web.gtischarging.sk\/index.php\/mg5-electric\/","name":"MG5 Electric - gtischarging.sk","isPartOf":{"@id":"https:\/\/web.gtischarging.sk\/#website"},"datePublished":"2022-04-25T21:23:38+00:00","dateModified":"2022-04-25T21:23:40+00:00","description":"Britsk\u00e1 zna\u010dka\u00a0MG, ktor\u00e1 je s\u00fa\u010das\u0165ou \u010d\u00ednskeho koncernu\u00a0SAIC, zverejnila inform\u00e1cie o elektrickom kombi\u00a0MG5 Electric\u00a0pre eur\u00f3psky trh.","breadcrumb":{"@id":"https:\/\/web.gtischarging.sk\/index.php\/mg5-electric\/#breadcrumb"},"inLanguage":"cs","potentialAction":[{"@type":"ReadAction","target":["https:\/\/web.gtischarging.sk\/index.php\/mg5-electric\/"]}]},{"@type":"BreadcrumbList","@id":"https:\/\/web.gtischarging.sk\/index.php\/mg5-electric\/#breadcrumb","itemListElement":[{"@type":"ListItem","position":1,"name":"Dom\u016f","item":"https:\/\/web.gtischarging.sk\/"},{"@type":"ListItem","position":2,"name":"MG5 Electric"}]},{"@type":"WebSite","@id":"https:\/\/web.gtischarging.sk\/#website","url":"https:\/\/web.gtischarging.sk\/","name":"gtischarging.sk","description":"U n\u00e1s sta\u010d\u00ed prilo\u017ei\u0165 platobn\u00fa kartu","publisher":{"@id":"https:\/\/web.gtischarging.sk\/#organization"},"potentialAction":[{"@type":"SearchAction","target":{"@type":"EntryPoint","urlTemplate":"https:\/\/web.gtischarging.sk\/?s={search_term_string}"},"query-input":"required name=search_term_string"}],"inLanguage":"cs"},{"@type":"Organization","@id":"https:\/\/web.gtischarging.sk\/#organization","name":"GTIS charging","url":"https:\/\/web.gtischarging.sk\/","logo":{"@type":"ImageObject","inLanguage":"cs","@id":"https:\/\/web.gtischarging.sk\/#\/schema\/logo\/image\/","url":"https:\/\/web.gtischarging.sk\/wp-content\/uploads\/2020\/03\/logo-180px.png","contentUrl":"https:\/\/web.gtischarging.sk\/wp-content\/uploads\/2020\/03\/logo-180px.png","width":180,"height":123,"caption":"GTIS charging"},"image":{"@id":"https:\/\/web.gtischarging.sk\/#\/schema\/logo\/image\/"},"sameAs":["https:\/\/www.facebook.com\/gtischarging"]}]}},"_links":{"self":[{"href":"https:\/\/web.gtischarging.sk\/index.php\/wp-json\/wp\/v2\/pages\/3394"}],"collection":[{"href":"https:\/\/web.gtischarging.sk\/index.php\/wp-json\/wp\/v2\/pages"}],"about":[{"href":"https:\/\/web.gtischarging.sk\/index.php\/wp-json\/wp\/v2\/types\/page"}],"author":[{"embeddable":true,"href":"https:\/\/web.gtischarging.sk\/index.php\/wp-json\/wp\/v2\/users\/8"}],"replies":[{"embeddable":true,"href":"https:\/\/web.gtischarging.sk\/index.php\/wp-json\/wp\/v2\/comments?post=3394"}],"version-history":[{"count":5,"href":"https:\/\/web.gtischarging.sk\/index.php\/wp-json\/wp\/v2\/pages\/3394\/revisions"}],"predecessor-version":[{"id":3425,"href":"https:\/\/web.gtischarging.sk\/index.php\/wp-json\/wp\/v2\/pages\/3394\/revisions\/3425"}],"wp:attachment":[{"href":"https:\/\/web.gtischarging.sk\/index.php\/wp-json\/wp\/v2\/media?parent=3394"}],"curies":[{"name":"wp","href":"https:\/\/api.w.org\/{rel}","templated":true}]}}