 {"id":3198,"date":"2022-02-04T10:25:18","date_gmt":"2022-02-04T09:25:18","guid":{"rendered":"https:\/\/web.gtischarging.sk\/?page_id=3198"},"modified":"2022-02-04T10:25:21","modified_gmt":"2022-02-04T09:25:21","slug":"chevrolet-equinox-ev","status":"publish","type":"page","link":"https:\/\/web.gtischarging.sk\/index.php\/chevrolet-equinox-ev\/","title":{"rendered":"Chevrolet Equinox EV"},"content":{"rendered":"\n<div class=\"wp-block-image\"><figure class=\"aligncenter\"><img decoding=\"async\" src=\"https:\/\/www.elektro-vozidla.sk\/wp-content\/uploads\/2022\/01\/image-26.png\" alt=\"\"\/><\/figure><\/div>\n\n\n\n<h1 class=\"has-text-align-center wp-block-heading\">Chevrolet Equinox EV \u2013 koncept dostupn\u00e9ho elektrick\u00e9ho crossoveru<\/h1>\n\n\n\n<p>Americk\u00e1 spolo\u010dnos\u0165&nbsp;<strong><a href=\"https:\/\/media.chevrolet.com\/media\/us\/en\/chevrolet\/home.detail.html\/content\/Pages\/news\/us\/en\/2022\/jan\/ces\/0105-2024-equinox.html\">Chevrolet<\/a><\/strong>&nbsp;predstavila nov\u00fd dostupn\u00fd elektromobil&nbsp;<strong><a href=\"https:\/\/media.chevrolet.com\/media\/us\/en\/chevrolet\/home.detail.html\/content\/Pages\/news\/us\/en\/2022\/jan\/ces\/0105-2024-equinox.html\">Equinox EV<\/a><\/strong>. Kompaktn\u00fd elektrick\u00fd crossover s o\u010dak\u00e1vanou \u0161tartovacou cenou&nbsp;<strong>okolo 30 tis\u00edc dol\u00e1rov<\/strong>&nbsp;znamen\u00e1, \u017ee aj po prechode na elektrick\u00fa trakciu model zostane v p\u00f4vodnom cenovom segmente. Z\u00e1kladn\u00fd benz\u00ednov\u00fd Equinox stoj\u00ed dnes od 26 000 dol\u00e1rov a&nbsp;ur\u010dite ne\u010del\u00ed hrozbe pred\u010dasn\u00e9ho odst\u00fapenia \u2013 po prv\u00e9, crossover sa v&nbsp;USA dobre pred\u00e1va a po druh\u00e9, elektrick\u00fd&nbsp;<strong><a href=\"https:\/\/media.chevrolet.com\/media\/us\/en\/chevrolet\/home.detail.html\/content\/Pages\/news\/us\/en\/2022\/jan\/ces\/0105-2024-equinox.html\">Equinox EV<\/a><\/strong>&nbsp;sa objav\u00ed u predajcov a\u017e na jese\u0148 roku 2023.<\/p>\n\n\n\n<p>Technick\u00e9 charakteristiky modelu&nbsp;<strong><a href=\"https:\/\/media.chevrolet.com\/media\/us\/en\/chevrolet\/home.detail.html\/content\/Pages\/news\/us\/en\/2022\/jan\/ces\/0105-2024-equinox.html\">Chevrolet Equinox EV<\/a><\/strong>&nbsp;bud\u00fa zn\u00e1me a\u017e nesk\u00f4r, hoci General Motors u\u017e o nie\u010dom povedal \u2013 crossover bude zdie\u013ea\u0165 modul\u00e1rnu platformu Ultium s pickupom&nbsp;<strong>Silverado EV<\/strong>&nbsp;a bude ma\u0165 dojazd&nbsp;<strong>400 \u2013 480 kilometrov<\/strong>. Ohl\u00e1sen\u00e9 boli minim\u00e1lne dve verzie: z\u00e1kladn\u00e1 a \u0161portov\u00e1 RS.<\/p>\n\n\n\n<figure class=\"wp-block-gallery columns-2 is-cropped wp-block-gallery-1 is-layout-flex wp-block-gallery-is-layout-flex\"><ul class=\"blocks-gallery-grid\"><li class=\"blocks-gallery-item\"><figure><img decoding=\"async\" src=\"https:\/\/www.elektro-vozidla.sk\/wp-content\/uploads\/2022\/01\/image-32.png\" alt=\"\" data-id=\"3700\" class=\"wp-image-3700\"\/><\/figure><\/li><li class=\"blocks-gallery-item\"><figure><img decoding=\"async\" loading=\"lazy\" width=\"945\" height=\"624\" src=\"https:\/\/web.gtischarging.sk\/wp-content\/uploads\/2022\/01\/image-28.png\" alt=\"\" data-id=\"3215\" data-full-url=\"https:\/\/web.gtischarging.sk\/wp-content\/uploads\/2022\/01\/image-28.png\" data-link=\"https:\/\/web.gtischarging.sk\/?attachment_id=3215\" class=\"wp-image-3215\" srcset=\"https:\/\/web.gtischarging.sk\/wp-content\/uploads\/2022\/01\/image-28.png 945w, https:\/\/web.gtischarging.sk\/wp-content\/uploads\/2022\/01\/image-28-300x198.png 300w, https:\/\/web.gtischarging.sk\/wp-content\/uploads\/2022\/01\/image-28-768x507.png 768w\" sizes=\"(max-width: 945px) 100vw, 945px\" \/><\/figure><\/li><\/ul><\/figure>\n\n\n\n<p><strong><a href=\"https:\/\/media.chevrolet.com\/media\/us\/en\/chevrolet\/home.detail.html\/content\/Pages\/news\/us\/en\/2022\/jan\/ces\/0105-2024-equinox.html\">Equinox EV<\/a>&nbsp;<\/strong>si zachoval tradi\u010dn\u00fd dizajn a mierne konzervat\u00edvny interi\u00e9r s tradi\u010dn\u00fdmi vetrac\u00edmi otvormi a ovl\u00e1da\u010dmi &nbsp;regul\u00e1cie teploty. Pred cestuj\u00facimi na predn\u00fdch sedadl\u00e1ch bud\u00fa dve obrovsk\u00e9 obrazovky, pri\u010dom pr\u00edstrojov\u00e1 doska sa bude prekr\u00fdva\u0165 s dotykov\u00fdm displejom multimedi\u00e1lneho syst\u00e9mu. Pl\u00e1vaj\u00faca stredov\u00e1 konzola nie je ni\u010d\u00edm in\u00fdm ako dizajnov\u00fdm prvkom, preto\u017ee medzi sedadlami nie s\u00fa \u017eiadne tla\u010didl\u00e1.<\/p>\n\n\n\n<p><strong><a href=\"https:\/\/media.chevrolet.com\/media\/us\/en\/chevrolet\/home.detail.html\/content\/Pages\/news\/us\/en\/2022\/jan\/ces\/0105-2024-equinox.html\">Equinox EV RS&nbsp;<\/a><\/strong>bude ma\u0165 odli\u0161n\u00fd s\u00fabor aerodynamick\u00fdch prvkov, ako aj dvojfarebn\u00fa karos\u00e9riu a interi\u00e9r. Pravdepodobne dostane modifik\u00e1cia RS aj v\u00fdkonnej\u0161iu dvojmotorov\u00fa elektrick\u00fa pohonn\u00fa jednotku a kupuj\u00faci cenovo dostupnej\u0161\u00edch crossoverov nebud\u00fa ma\u0165 pohon v\u0161etk\u00fdch kolies.<\/p>\n\n\n\n<figure class=\"wp-block-gallery columns-2 is-cropped wp-block-gallery-3 is-layout-flex wp-block-gallery-is-layout-flex\"><ul class=\"blocks-gallery-grid\"><li class=\"blocks-gallery-item\"><figure><img decoding=\"async\" src=\"https:\/\/www.elektro-vozidla.sk\/wp-content\/uploads\/2022\/01\/image-34.png\" alt=\"\" data-id=\"3702\" class=\"wp-image-3702\"\/><\/figure><\/li><li class=\"blocks-gallery-item\"><figure><img decoding=\"async\" loading=\"lazy\" width=\"945\" height=\"624\" src=\"https:\/\/web.gtischarging.sk\/wp-content\/uploads\/2022\/01\/image-30.png\" alt=\"\" data-id=\"3216\" data-full-url=\"https:\/\/web.gtischarging.sk\/wp-content\/uploads\/2022\/01\/image-30.png\" data-link=\"https:\/\/web.gtischarging.sk\/?attachment_id=3216\" class=\"wp-image-3216\" srcset=\"https:\/\/web.gtischarging.sk\/wp-content\/uploads\/2022\/01\/image-30.png 945w, https:\/\/web.gtischarging.sk\/wp-content\/uploads\/2022\/01\/image-30-300x198.png 300w, https:\/\/web.gtischarging.sk\/wp-content\/uploads\/2022\/01\/image-30-768x507.png 768w\" sizes=\"(max-width: 945px) 100vw, 945px\" \/><\/figure><\/li><\/ul><\/figure>\n\n\n\n<p>Premi\u00e9ra&nbsp;<strong><a href=\"https:\/\/media.chevrolet.com\/media\/us\/en\/chevrolet\/home.detail.html\/content\/Pages\/news\/us\/en\/2022\/jan\/ces\/0105-2024-equinox.html\">Chevrolet Equinox EV&nbsp;<\/a><\/strong>na trhu je napl\u00e1novan\u00e1 na jese\u0148 2023, pri\u010dom bat\u00e9riov\u00e9 a&nbsp;benz\u00ednov\u00e9 varianty Equinox sa m\u00f4\u017eu nejak\u00fd \u010das pred\u00e1va\u0165 s\u00fabe\u017ene.<\/p>\n\n\n\n<p>Prechod na elektrick\u00fa trakciu \u201eohrozuje\u201c aj men\u0161\u00ed model Blazer , ktor\u00e9ho elektrick\u00fd n\u00e1stupca e\u0161te nie je odtajnen\u00fd. General Motors ale s\u013eubuje, \u017ee jeho predstavenie sa uskuto\u010dn\u00ed na jar bud\u00faceho roku.<\/p>\n\n\n\n<div class=\"wp-block-image\"><figure class=\"aligncenter\"><img decoding=\"async\" src=\"https:\/\/www.elektro-vozidla.sk\/wp-content\/uploads\/2022\/01\/image-35.png\" alt=\"\" class=\"wp-image-3703\"\/><\/figure><\/div>\n\n\n\n<p>Zdroj:&nbsp;<a href=\"https:\/\/motor.ru\/news\/chevrolet-equinox-ev-view-09-01-2022.htm?utm_source=yxnews&amp;utm_medium=desktop\">motor<\/a>,&nbsp;<a href=\"https:\/\/media.chevrolet.com\/media\/us\/en\/chevrolet\/home.detail.html\/content\/Pages\/news\/us\/en\/2022\/jan\/ces\/0105-2024-equinox.html\">media chevrolet<\/a> , <a href=\"https:\/\/www.elektro-vozidla.sk\/chevrolet-predstavil-koncept-dostupneho-elektrickeho-crossoveru-equinox-ev\/\">elektro-vozidla<\/a><\/p>\n","protected":false},"excerpt":{"rendered":"<p>Chevrolet Equinox EV \u2013 koncept dostupn\u00e9ho elektrick\u00e9ho crossoveru Americk\u00e1 spolo\u010dnos\u0165&nbsp;Chevrolet&nbsp;predstavila nov\u00fd dostupn\u00fd elektromobil&nbsp;Equinox EV. Kompaktn\u00fd elektrick\u00fd crossover s o\u010dak\u00e1vanou \u0161tartovacou cenou&nbsp;okolo 30 tis\u00edc dol\u00e1rov&nbsp;znamen\u00e1, \u017ee aj po prechode na elektrick\u00fa trakciu model zostane v&#46;&#46;&#46;<\/p>\n","protected":false},"author":8,"featured_media":0,"parent":0,"menu_order":0,"comment_status":"closed","ping_status":"closed","template":"","meta":{"footnotes":""},"yoast_head":"<!-- This site is optimized with the Yoast SEO plugin v20.4 - https:\/\/yoast.com\/wordpress\/plugins\/seo\/ -->\n<title>Chevrolet Equinox EV - gtischarging.sk<\/title>\n<meta name=\"description\" content=\"Americk\u00e1 spolo\u010dnos\u0165\u00a0Chevrolet\u00a0predstavila nov\u00fd dostupn\u00fd elektromobil\u00a0Equinox EV.\" \/>\n<meta name=\"robots\" content=\"index, follow, max-snippet:-1, max-image-preview:large, max-video-preview:-1\" \/>\n<link rel=\"canonical\" href=\"https:\/\/web.gtischarging.sk\/index.php\/chevrolet-equinox-ev\/\" \/>\n<meta property=\"og:locale\" content=\"cs_CZ\" \/>\n<meta property=\"og:type\" content=\"article\" \/>\n<meta property=\"og:title\" content=\"Chevrolet Equinox EV - gtischarging.sk\" \/>\n<meta property=\"og:description\" content=\"Americk\u00e1 spolo\u010dnos\u0165\u00a0Chevrolet\u00a0predstavila nov\u00fd dostupn\u00fd elektromobil\u00a0Equinox EV.\" \/>\n<meta property=\"og:url\" content=\"https:\/\/web.gtischarging.sk\/index.php\/chevrolet-equinox-ev\/\" \/>\n<meta property=\"og:site_name\" content=\"gtischarging.sk\" \/>\n<meta property=\"article:publisher\" content=\"https:\/\/www.facebook.com\/gtischarging\" \/>\n<meta property=\"article:modified_time\" content=\"2022-02-04T09:25:21+00:00\" \/>\n<meta property=\"og:image\" content=\"https:\/\/www.elektro-vozidla.sk\/wp-content\/uploads\/2022\/01\/image-26.png\" \/>\n<meta name=\"twitter:card\" content=\"summary_large_image\" \/>\n<meta name=\"twitter:label1\" content=\"Odhadovan\u00e1 doba \u010dten\u00ed\" \/>\n\t<meta name=\"twitter:data1\" content=\"3 minuty\" \/>\n<script type=\"application\/ld+json\" class=\"yoast-schema-graph\">{\"@context\":\"https:\/\/schema.org\",\"@graph\":[{\"@type\":\"WebPage\",\"@id\":\"https:\/\/web.gtischarging.sk\/index.php\/chevrolet-equinox-ev\/\",\"url\":\"https:\/\/web.gtischarging.sk\/index.php\/chevrolet-equinox-ev\/\",\"name\":\"Chevrolet Equinox EV - gtischarging.sk\",\"isPartOf\":{\"@id\":\"https:\/\/web.gtischarging.sk\/#website\"},\"datePublished\":\"2022-02-04T09:25:18+00:00\",\"dateModified\":\"2022-02-04T09:25:21+00:00\",\"description\":\"Americk\u00e1 spolo\u010dnos\u0165\u00a0Chevrolet\u00a0predstavila nov\u00fd dostupn\u00fd elektromobil\u00a0Equinox EV.\",\"breadcrumb\":{\"@id\":\"https:\/\/web.gtischarging.sk\/index.php\/chevrolet-equinox-ev\/#breadcrumb\"},\"inLanguage\":\"cs\",\"potentialAction\":[{\"@type\":\"ReadAction\",\"target\":[\"https:\/\/web.gtischarging.sk\/index.php\/chevrolet-equinox-ev\/\"]}]},{\"@type\":\"BreadcrumbList\",\"@id\":\"https:\/\/web.gtischarging.sk\/index.php\/chevrolet-equinox-ev\/#breadcrumb\",\"itemListElement\":[{\"@type\":\"ListItem\",\"position\":1,\"name\":\"Dom\u016f\",\"item\":\"https:\/\/web.gtischarging.sk\/\"},{\"@type\":\"ListItem\",\"position\":2,\"name\":\"Chevrolet Equinox EV\"}]},{\"@type\":\"WebSite\",\"@id\":\"https:\/\/web.gtischarging.sk\/#website\",\"url\":\"https:\/\/web.gtischarging.sk\/\",\"name\":\"gtischarging.sk\",\"description\":\"U n\u00e1s sta\u010d\u00ed prilo\u017ei\u0165 platobn\u00fa kartu\",\"publisher\":{\"@id\":\"https:\/\/web.gtischarging.sk\/#organization\"},\"potentialAction\":[{\"@type\":\"SearchAction\",\"target\":{\"@type\":\"EntryPoint\",\"urlTemplate\":\"https:\/\/web.gtischarging.sk\/?s={search_term_string}\"},\"query-input\":\"required name=search_term_string\"}],\"inLanguage\":\"cs\"},{\"@type\":\"Organization\",\"@id\":\"https:\/\/web.gtischarging.sk\/#organization\",\"name\":\"GTIS charging\",\"url\":\"https:\/\/web.gtischarging.sk\/\",\"logo\":{\"@type\":\"ImageObject\",\"inLanguage\":\"cs\",\"@id\":\"https:\/\/web.gtischarging.sk\/#\/schema\/logo\/image\/\",\"url\":\"https:\/\/web.gtischarging.sk\/wp-content\/uploads\/2020\/03\/logo-180px.png\",\"contentUrl\":\"https:\/\/web.gtischarging.sk\/wp-content\/uploads\/2020\/03\/logo-180px.png\",\"width\":180,\"height\":123,\"caption\":\"GTIS charging\"},\"image\":{\"@id\":\"https:\/\/web.gtischarging.sk\/#\/schema\/logo\/image\/\"},\"sameAs\":[\"https:\/\/www.facebook.com\/gtischarging\"]}]}<\/script>\n<!-- \/ Yoast SEO plugin. -->","yoast_head_json":{"title":"Chevrolet Equinox EV - gtischarging.sk","description":"Americk\u00e1 spolo\u010dnos\u0165\u00a0Chevrolet\u00a0predstavila nov\u00fd dostupn\u00fd elektromobil\u00a0Equinox EV.","robots":{"index":"index","follow":"follow","max-snippet":"max-snippet:-1","max-image-preview":"max-image-preview:large","max-video-preview":"max-video-preview:-1"},"canonical":"https:\/\/web.gtischarging.sk\/index.php\/chevrolet-equinox-ev\/","og_locale":"cs_CZ","og_type":"article","og_title":"Chevrolet Equinox EV - gtischarging.sk","og_description":"Americk\u00e1 spolo\u010dnos\u0165\u00a0Chevrolet\u00a0predstavila nov\u00fd dostupn\u00fd elektromobil\u00a0Equinox EV.","og_url":"https:\/\/web.gtischarging.sk\/index.php\/chevrolet-equinox-ev\/","og_site_name":"gtischarging.sk","article_publisher":"https:\/\/www.facebook.com\/gtischarging","article_modified_time":"2022-02-04T09:25:21+00:00","og_image":[{"url":"https:\/\/www.elektro-vozidla.sk\/wp-content\/uploads\/2022\/01\/image-26.png"}],"twitter_card":"summary_large_image","twitter_misc":{"Odhadovan\u00e1 doba \u010dten\u00ed":"3 minuty"},"schema":{"@context":"https:\/\/schema.org","@graph":[{"@type":"WebPage","@id":"https:\/\/web.gtischarging.sk\/index.php\/chevrolet-equinox-ev\/","url":"https:\/\/web.gtischarging.sk\/index.php\/chevrolet-equinox-ev\/","name":"Chevrolet Equinox EV - gtischarging.sk","isPartOf":{"@id":"https:\/\/web.gtischarging.sk\/#website"},"datePublished":"2022-02-04T09:25:18+00:00","dateModified":"2022-02-04T09:25:21+00:00","description":"Americk\u00e1 spolo\u010dnos\u0165\u00a0Chevrolet\u00a0predstavila nov\u00fd dostupn\u00fd elektromobil\u00a0Equinox EV.","breadcrumb":{"@id":"https:\/\/web.gtischarging.sk\/index.php\/chevrolet-equinox-ev\/#breadcrumb"},"inLanguage":"cs","potentialAction":[{"@type":"ReadAction","target":["https:\/\/web.gtischarging.sk\/index.php\/chevrolet-equinox-ev\/"]}]},{"@type":"BreadcrumbList","@id":"https:\/\/web.gtischarging.sk\/index.php\/chevrolet-equinox-ev\/#breadcrumb","itemListElement":[{"@type":"ListItem","position":1,"name":"Dom\u016f","item":"https:\/\/web.gtischarging.sk\/"},{"@type":"ListItem","position":2,"name":"Chevrolet Equinox EV"}]},{"@type":"WebSite","@id":"https:\/\/web.gtischarging.sk\/#website","url":"https:\/\/web.gtischarging.sk\/","name":"gtischarging.sk","description":"U n\u00e1s sta\u010d\u00ed prilo\u017ei\u0165 platobn\u00fa kartu","publisher":{"@id":"https:\/\/web.gtischarging.sk\/#organization"},"potentialAction":[{"@type":"SearchAction","target":{"@type":"EntryPoint","urlTemplate":"https:\/\/web.gtischarging.sk\/?s={search_term_string}"},"query-input":"required name=search_term_string"}],"inLanguage":"cs"},{"@type":"Organization","@id":"https:\/\/web.gtischarging.sk\/#organization","name":"GTIS charging","url":"https:\/\/web.gtischarging.sk\/","logo":{"@type":"ImageObject","inLanguage":"cs","@id":"https:\/\/web.gtischarging.sk\/#\/schema\/logo\/image\/","url":"https:\/\/web.gtischarging.sk\/wp-content\/uploads\/2020\/03\/logo-180px.png","contentUrl":"https:\/\/web.gtischarging.sk\/wp-content\/uploads\/2020\/03\/logo-180px.png","width":180,"height":123,"caption":"GTIS charging"},"image":{"@id":"https:\/\/web.gtischarging.sk\/#\/schema\/logo\/image\/"},"sameAs":["https:\/\/www.facebook.com\/gtischarging"]}]}},"_links":{"self":[{"href":"https:\/\/web.gtischarging.sk\/index.php\/wp-json\/wp\/v2\/pages\/3198"}],"collection":[{"href":"https:\/\/web.gtischarging.sk\/index.php\/wp-json\/wp\/v2\/pages"}],"about":[{"href":"https:\/\/web.gtischarging.sk\/index.php\/wp-json\/wp\/v2\/types\/page"}],"author":[{"embeddable":true,"href":"https:\/\/web.gtischarging.sk\/index.php\/wp-json\/wp\/v2\/users\/8"}],"replies":[{"embeddable":true,"href":"https:\/\/web.gtischarging.sk\/index.php\/wp-json\/wp\/v2\/comments?post=3198"}],"version-history":[{"count":3,"href":"https:\/\/web.gtischarging.sk\/index.php\/wp-json\/wp\/v2\/pages\/3198\/revisions"}],"predecessor-version":[{"id":3247,"href":"https:\/\/web.gtischarging.sk\/index.php\/wp-json\/wp\/v2\/pages\/3198\/revisions\/3247"}],"wp:attachment":[{"href":"https:\/\/web.gtischarging.sk\/index.php\/wp-json\/wp\/v2\/media?parent=3198"}],"curies":[{"name":"wp","href":"https:\/\/api.w.org\/{rel}","templated":true}]}}