 {"id":3196,"date":"2022-02-04T10:28:26","date_gmt":"2022-02-04T09:28:26","guid":{"rendered":"https:\/\/web.gtischarging.sk\/?page_id=3196"},"modified":"2022-02-04T10:28:29","modified_gmt":"2022-02-04T09:28:29","slug":"maple-60s","status":"publish","type":"page","link":"https:\/\/web.gtischarging.sk\/index.php\/maple-60s\/","title":{"rendered":"Maple 60S"},"content":{"rendered":"\n<div class=\"wp-block-image\"><figure class=\"aligncenter\"><img decoding=\"async\" src=\"https:\/\/www.elektro-vozidla.sk\/wp-content\/uploads\/2022\/01\/image-67.png\" alt=\"\"\/><\/figure><\/div>\n\n\n\n<h1 class=\"has-text-align-center wp-block-heading\">Geely predstavila elektrick\u00fd sedan Maple 60S<\/h1>\n\n\n\n<p>\u010c\u00ednska zna\u010dka&nbsp;<strong>Maple<\/strong>&nbsp;(dc\u00e9rska spolo\u010dnos\u0165<strong>&nbsp;Geely<\/strong>) predstavila po modeloch&nbsp;<strong>Maple 30X<\/strong>&nbsp;a&nbsp;<strong>Maple 80V<\/strong>&nbsp;svoj tret\u00ed model, elektrick\u00fd sedan&nbsp;<strong>Maple 60S<\/strong>. Novinka, ktorou je vynoven\u00e1 verzia&nbsp;<strong>Geely Emgrand EV Pro<\/strong>, sa od \u201eorigin\u00e1lu\u201c l\u00ed\u0161i skromnej\u0161\u00edmi technick\u00fdmi vlastnos\u0165ami. Zauj\u00edmavou vlastnos\u0165ou je mo\u017enos\u0165ou r\u00fdchlej v\u00fdmeny <a href=\"https:\/\/web.gtischarging.sk\/index.php\/baterie\/\">bat\u00e9rie<\/a>, ktor\u00e1 na v\u00fdmenn\u00edkov\u00fdch staniciach&nbsp;<strong>Geely&nbsp;<\/strong>zvy\u010dajne trv\u00e1 asi min\u00fatu.<\/p>\n\n\n\n<p>Vo vonkaj\u0161om vzh\u013eade&nbsp;<strong>Maple 60S<\/strong>&nbsp;takmer \u00faplne opakuje sedan&nbsp;<strong><a href=\"http:\/\/global.geely.com\/car\/emgrand-ev\/\">Geely Emgrand EV Pro<\/a><\/strong> rozdiely s\u00fa iba v n\u00e1razn\u00edkoch, kryte na mieste mrie\u017eky chladi\u010da a na niektor\u00fdch plastov\u00fdch detailoch.&nbsp;<strong>Maple 60S<\/strong>&nbsp;dostal v\u0161etko ostatn\u00e9 od svojho predchodcu, benz\u00ednov\u00e9ho sedanu&nbsp;<strong>Geely Emgrand GL&nbsp;<\/strong>z roku 2016. S d\u013a\u017ekou&nbsp;<strong>4725 mm<\/strong>, \u0161\u00edrkou&nbsp;<strong>1802 mm<\/strong>, v\u00fd\u0161kou&nbsp;<strong>1478 mm<\/strong>&nbsp;a r\u00e1zvorom&nbsp;<strong>2700mm<\/strong>, je rozmerovo takmer rovnak\u00fd ako&nbsp;<strong>AUDI A4<\/strong>.<\/p>\n\n\n\n<figure class=\"wp-block-gallery columns-3 is-cropped wp-block-gallery-1 is-layout-flex wp-block-gallery-is-layout-flex\"><ul class=\"blocks-gallery-grid\"><li class=\"blocks-gallery-item\"><figure><img decoding=\"async\" src=\"https:\/\/www.elektro-vozidla.sk\/wp-content\/uploads\/2022\/01\/image-70.png\" alt=\"\" data-id=\"3757\" class=\"wp-image-3757\"\/><\/figure><\/li><li class=\"blocks-gallery-item\"><figure><img decoding=\"async\" loading=\"lazy\" width=\"945\" height=\"531\" src=\"https:\/\/web.gtischarging.sk\/wp-content\/uploads\/2022\/01\/image-71.png\" alt=\"\" data-id=\"3207\" data-link=\"https:\/\/web.gtischarging.sk\/?attachment_id=3207\" class=\"wp-image-3207\" srcset=\"https:\/\/web.gtischarging.sk\/wp-content\/uploads\/2022\/01\/image-71.png 945w, https:\/\/web.gtischarging.sk\/wp-content\/uploads\/2022\/01\/image-71-300x169.png 300w, https:\/\/web.gtischarging.sk\/wp-content\/uploads\/2022\/01\/image-71-768x432.png 768w\" sizes=\"(max-width: 945px) 100vw, 945px\" \/><\/figure><\/li><li class=\"blocks-gallery-item\"><figure><img decoding=\"async\" loading=\"lazy\" width=\"1024\" height=\"600\" src=\"https:\/\/web.gtischarging.sk\/wp-content\/uploads\/2022\/01\/charging-station1.jpg\" alt=\"\" data-id=\"3208\" data-full-url=\"https:\/\/web.gtischarging.sk\/wp-content\/uploads\/2022\/01\/charging-station1.jpg\" data-link=\"https:\/\/web.gtischarging.sk\/?attachment_id=3208\" class=\"wp-image-3208\" srcset=\"https:\/\/web.gtischarging.sk\/wp-content\/uploads\/2022\/01\/charging-station1.jpg 1024w, https:\/\/web.gtischarging.sk\/wp-content\/uploads\/2022\/01\/charging-station1-300x176.jpg 300w, https:\/\/web.gtischarging.sk\/wp-content\/uploads\/2022\/01\/charging-station1-768x450.jpg 768w\" sizes=\"(max-width: 1024px) 100vw, 1024px\" \/><\/figure><\/li><\/ul><\/figure>\n\n\n\n<p>Ove\u013ea viac sa aut\u00e1 l\u00ed\u0161ia technicky. Vzh\u013eadom na to, \u017ee samotn\u00e1 zna\u010dka&nbsp;<strong>Maple<\/strong>&nbsp;m\u00e1 viac \u201eprolet\u00e1rsky\u201c status, v\u00fdkon jedin\u00e9ho predn\u00e9ho elektromotora sa zn\u00ed\u017eil z p\u00f4vodn\u00fdch 204 kon\u00ed a 240 Nm do skromnej\u0161\u00edch &nbsp;<strong>100kW<\/strong>&nbsp;(136 k.) a&nbsp;<strong>230 Nm<\/strong>. Motor poh\u00e1\u0148a trak\u010dn\u00e1 bat\u00e9ria s kapacitou&nbsp;<strong>52 kWh<\/strong>, ktor\u00e1 by na jedno nabitie mala vysta\u010di\u0165 na&nbsp;<strong>415 kilometrov<\/strong>.<\/p>\n\n\n\n<p>Trak\u010dn\u00fa bat\u00e9riu, ktor\u00fa je mo\u017en\u00e9 nabi\u0165 &nbsp;na 80 % len za 30 min\u00fat (za predpokladu, \u017ee sa nab\u00edja zo 60-kilowattov\u00e9ho DC nab\u00edjacieho termin\u00e1lu), mo\u017eno v pr\u00edpade potreby vymeni\u0165 u\u017e&nbsp;za 1 min\u00fatu. Za t\u00fdmto \u00fa\u010delom&nbsp;<strong><a href=\"https:\/\/www.geely.com\/geelynews\/newslist\/2021\/1231\">Geely<\/a><\/strong>&nbsp;buduje sie\u0165 stan\u00edc na v\u00fdmenu bat\u00e9ri\u00ed v \u010c\u00edne.<\/p>\n\n\n\n<figure class=\"wp-block-gallery columns-2 is-cropped wp-block-gallery-3 is-layout-flex wp-block-gallery-is-layout-flex\"><ul class=\"blocks-gallery-grid\"><li class=\"blocks-gallery-item\"><figure><img decoding=\"async\" src=\"https:\/\/www.elektro-vozidla.sk\/wp-content\/uploads\/2022\/01\/image-72.png\" alt=\"\" data-id=\"3759\" class=\"wp-image-3759\"\/><\/figure><\/li><li class=\"blocks-gallery-item\"><figure><img decoding=\"async\" loading=\"lazy\" width=\"945\" height=\"549\" src=\"https:\/\/web.gtischarging.sk\/wp-content\/uploads\/2022\/01\/image-73.png\" alt=\"\" data-id=\"3209\" data-full-url=\"https:\/\/web.gtischarging.sk\/wp-content\/uploads\/2022\/01\/image-73.png\" data-link=\"https:\/\/web.gtischarging.sk\/?attachment_id=3209\" class=\"wp-image-3209\" srcset=\"https:\/\/web.gtischarging.sk\/wp-content\/uploads\/2022\/01\/image-73.png 945w, https:\/\/web.gtischarging.sk\/wp-content\/uploads\/2022\/01\/image-73-300x174.png 300w, https:\/\/web.gtischarging.sk\/wp-content\/uploads\/2022\/01\/image-73-768x446.png 768w\" sizes=\"(max-width: 945px) 100vw, 945px\" \/><\/figure><\/li><\/ul><\/figure>\n\n\n\n<p>Za\u010diatok predaja&nbsp;<strong>Maple 60S<\/strong>&nbsp;v \u010c\u00edne sa uskuto\u010dn\u00ed vo febru\u00e1ri tohto roku. Ceny zatia\u013e neboli zverejnen\u00e9, no je jasn\u00e9, \u017ee novinka bude lacnej\u0161ia ako pr\u00edbuzn\u00fd&nbsp;<strong>Geely Emgrand EV Pro<\/strong>. Tento model teraz stoj\u00ed minim\u00e1lne 21 500 dol\u00e1rov (asi&nbsp;<strong>18 963 EUR<\/strong>&nbsp;pri aktu\u00e1lnom kurze NBS). Za elektromobil rozmeru AUDI A4 to bude ur\u010dite \u201cdemokratick\u00e1\u201d cena!<\/p>\n\n\n\n<p>Zdroj:&nbsp;<a href=\"https:\/\/carsweek.ru\/news\/avtonovinki\/1252601\/?utm_source=yxnews&amp;utm_medium=desktop\">carsweek<\/a>, <a href=\"https:\/\/www.elektro-vozidla.sk\/geely-predstavila-elektricky-sedan-maple-60s\/\">elektro-vozidla<\/a><\/p>\n","protected":false},"excerpt":{"rendered":"<p>Geely predstavila elektrick\u00fd sedan Maple 60S \u010c\u00ednska zna\u010dka&nbsp;Maple&nbsp;(dc\u00e9rska spolo\u010dnos\u0165&nbsp;Geely) predstavila po modeloch&nbsp;Maple 30X&nbsp;a&nbsp;Maple 80V&nbsp;svoj tret\u00ed model, elektrick\u00fd sedan&nbsp;Maple 60S. Novinka, ktorou je vynoven\u00e1 verzia&nbsp;Geely Emgrand EV Pro, sa od \u201eorigin\u00e1lu\u201c l\u00ed\u0161i skromnej\u0161\u00edmi technick\u00fdmi vlastnos\u0165ami.&#46;&#46;&#46;<\/p>\n","protected":false},"author":8,"featured_media":0,"parent":0,"menu_order":0,"comment_status":"closed","ping_status":"closed","template":"","meta":{"footnotes":""},"yoast_head":"<!-- This site is optimized with the Yoast SEO plugin v20.4 - https:\/\/yoast.com\/wordpress\/plugins\/seo\/ -->\n<title>Maple 60S - gtischarging.sk<\/title>\n<meta name=\"description\" content=\"\u010c\u00ednska zna\u010dka\u00a0Maple\u00a0(dc\u00e9rska spolo\u010dnos\u0165\u00a0Geely) predstavila po modeloch\u00a0Maple 30X\u00a0a\u00a0Maple 80V\u00a0svoj tret\u00ed model, elektrick\u00fd sedan\u00a0Maple 60S.\" \/>\n<meta name=\"robots\" content=\"index, follow, max-snippet:-1, max-image-preview:large, max-video-preview:-1\" \/>\n<link rel=\"canonical\" href=\"https:\/\/web.gtischarging.sk\/index.php\/maple-60s\/\" \/>\n<meta property=\"og:locale\" content=\"cs_CZ\" \/>\n<meta property=\"og:type\" content=\"article\" \/>\n<meta property=\"og:title\" content=\"Maple 60S - gtischarging.sk\" \/>\n<meta property=\"og:description\" content=\"\u010c\u00ednska zna\u010dka\u00a0Maple\u00a0(dc\u00e9rska spolo\u010dnos\u0165\u00a0Geely) predstavila po modeloch\u00a0Maple 30X\u00a0a\u00a0Maple 80V\u00a0svoj tret\u00ed model, elektrick\u00fd sedan\u00a0Maple 60S.\" \/>\n<meta property=\"og:url\" content=\"https:\/\/web.gtischarging.sk\/index.php\/maple-60s\/\" \/>\n<meta property=\"og:site_name\" content=\"gtischarging.sk\" \/>\n<meta property=\"article:publisher\" content=\"https:\/\/www.facebook.com\/gtischarging\" \/>\n<meta property=\"article:modified_time\" content=\"2022-02-04T09:28:29+00:00\" \/>\n<meta property=\"og:image\" content=\"https:\/\/www.elektro-vozidla.sk\/wp-content\/uploads\/2022\/01\/image-67.png\" \/>\n<meta name=\"twitter:card\" content=\"summary_large_image\" \/>\n<meta name=\"twitter:label1\" content=\"Odhadovan\u00e1 doba \u010dten\u00ed\" \/>\n\t<meta name=\"twitter:data1\" content=\"3 minuty\" \/>\n<script type=\"application\/ld+json\" class=\"yoast-schema-graph\">{\"@context\":\"https:\/\/schema.org\",\"@graph\":[{\"@type\":\"WebPage\",\"@id\":\"https:\/\/web.gtischarging.sk\/index.php\/maple-60s\/\",\"url\":\"https:\/\/web.gtischarging.sk\/index.php\/maple-60s\/\",\"name\":\"Maple 60S - gtischarging.sk\",\"isPartOf\":{\"@id\":\"https:\/\/web.gtischarging.sk\/#website\"},\"datePublished\":\"2022-02-04T09:28:26+00:00\",\"dateModified\":\"2022-02-04T09:28:29+00:00\",\"description\":\"\u010c\u00ednska zna\u010dka\u00a0Maple\u00a0(dc\u00e9rska spolo\u010dnos\u0165\u00a0Geely) predstavila po modeloch\u00a0Maple 30X\u00a0a\u00a0Maple 80V\u00a0svoj tret\u00ed model, elektrick\u00fd sedan\u00a0Maple 60S.\",\"breadcrumb\":{\"@id\":\"https:\/\/web.gtischarging.sk\/index.php\/maple-60s\/#breadcrumb\"},\"inLanguage\":\"cs\",\"potentialAction\":[{\"@type\":\"ReadAction\",\"target\":[\"https:\/\/web.gtischarging.sk\/index.php\/maple-60s\/\"]}]},{\"@type\":\"BreadcrumbList\",\"@id\":\"https:\/\/web.gtischarging.sk\/index.php\/maple-60s\/#breadcrumb\",\"itemListElement\":[{\"@type\":\"ListItem\",\"position\":1,\"name\":\"Dom\u016f\",\"item\":\"https:\/\/web.gtischarging.sk\/\"},{\"@type\":\"ListItem\",\"position\":2,\"name\":\"Maple 60S\"}]},{\"@type\":\"WebSite\",\"@id\":\"https:\/\/web.gtischarging.sk\/#website\",\"url\":\"https:\/\/web.gtischarging.sk\/\",\"name\":\"gtischarging.sk\",\"description\":\"U n\u00e1s sta\u010d\u00ed prilo\u017ei\u0165 platobn\u00fa kartu\",\"publisher\":{\"@id\":\"https:\/\/web.gtischarging.sk\/#organization\"},\"potentialAction\":[{\"@type\":\"SearchAction\",\"target\":{\"@type\":\"EntryPoint\",\"urlTemplate\":\"https:\/\/web.gtischarging.sk\/?s={search_term_string}\"},\"query-input\":\"required name=search_term_string\"}],\"inLanguage\":\"cs\"},{\"@type\":\"Organization\",\"@id\":\"https:\/\/web.gtischarging.sk\/#organization\",\"name\":\"GTIS charging\",\"url\":\"https:\/\/web.gtischarging.sk\/\",\"logo\":{\"@type\":\"ImageObject\",\"inLanguage\":\"cs\",\"@id\":\"https:\/\/web.gtischarging.sk\/#\/schema\/logo\/image\/\",\"url\":\"https:\/\/web.gtischarging.sk\/wp-content\/uploads\/2020\/03\/logo-180px.png\",\"contentUrl\":\"https:\/\/web.gtischarging.sk\/wp-content\/uploads\/2020\/03\/logo-180px.png\",\"width\":180,\"height\":123,\"caption\":\"GTIS charging\"},\"image\":{\"@id\":\"https:\/\/web.gtischarging.sk\/#\/schema\/logo\/image\/\"},\"sameAs\":[\"https:\/\/www.facebook.com\/gtischarging\"]}]}<\/script>\n<!-- \/ Yoast SEO plugin. -->","yoast_head_json":{"title":"Maple 60S - gtischarging.sk","description":"\u010c\u00ednska zna\u010dka\u00a0Maple\u00a0(dc\u00e9rska spolo\u010dnos\u0165\u00a0Geely) predstavila po modeloch\u00a0Maple 30X\u00a0a\u00a0Maple 80V\u00a0svoj tret\u00ed model, elektrick\u00fd sedan\u00a0Maple 60S.","robots":{"index":"index","follow":"follow","max-snippet":"max-snippet:-1","max-image-preview":"max-image-preview:large","max-video-preview":"max-video-preview:-1"},"canonical":"https:\/\/web.gtischarging.sk\/index.php\/maple-60s\/","og_locale":"cs_CZ","og_type":"article","og_title":"Maple 60S - gtischarging.sk","og_description":"\u010c\u00ednska zna\u010dka\u00a0Maple\u00a0(dc\u00e9rska spolo\u010dnos\u0165\u00a0Geely) predstavila po modeloch\u00a0Maple 30X\u00a0a\u00a0Maple 80V\u00a0svoj tret\u00ed model, elektrick\u00fd sedan\u00a0Maple 60S.","og_url":"https:\/\/web.gtischarging.sk\/index.php\/maple-60s\/","og_site_name":"gtischarging.sk","article_publisher":"https:\/\/www.facebook.com\/gtischarging","article_modified_time":"2022-02-04T09:28:29+00:00","og_image":[{"url":"https:\/\/www.elektro-vozidla.sk\/wp-content\/uploads\/2022\/01\/image-67.png"}],"twitter_card":"summary_large_image","twitter_misc":{"Odhadovan\u00e1 doba \u010dten\u00ed":"3 minuty"},"schema":{"@context":"https:\/\/schema.org","@graph":[{"@type":"WebPage","@id":"https:\/\/web.gtischarging.sk\/index.php\/maple-60s\/","url":"https:\/\/web.gtischarging.sk\/index.php\/maple-60s\/","name":"Maple 60S - gtischarging.sk","isPartOf":{"@id":"https:\/\/web.gtischarging.sk\/#website"},"datePublished":"2022-02-04T09:28:26+00:00","dateModified":"2022-02-04T09:28:29+00:00","description":"\u010c\u00ednska zna\u010dka\u00a0Maple\u00a0(dc\u00e9rska spolo\u010dnos\u0165\u00a0Geely) predstavila po modeloch\u00a0Maple 30X\u00a0a\u00a0Maple 80V\u00a0svoj tret\u00ed model, elektrick\u00fd sedan\u00a0Maple 60S.","breadcrumb":{"@id":"https:\/\/web.gtischarging.sk\/index.php\/maple-60s\/#breadcrumb"},"inLanguage":"cs","potentialAction":[{"@type":"ReadAction","target":["https:\/\/web.gtischarging.sk\/index.php\/maple-60s\/"]}]},{"@type":"BreadcrumbList","@id":"https:\/\/web.gtischarging.sk\/index.php\/maple-60s\/#breadcrumb","itemListElement":[{"@type":"ListItem","position":1,"name":"Dom\u016f","item":"https:\/\/web.gtischarging.sk\/"},{"@type":"ListItem","position":2,"name":"Maple 60S"}]},{"@type":"WebSite","@id":"https:\/\/web.gtischarging.sk\/#website","url":"https:\/\/web.gtischarging.sk\/","name":"gtischarging.sk","description":"U n\u00e1s sta\u010d\u00ed prilo\u017ei\u0165 platobn\u00fa kartu","publisher":{"@id":"https:\/\/web.gtischarging.sk\/#organization"},"potentialAction":[{"@type":"SearchAction","target":{"@type":"EntryPoint","urlTemplate":"https:\/\/web.gtischarging.sk\/?s={search_term_string}"},"query-input":"required name=search_term_string"}],"inLanguage":"cs"},{"@type":"Organization","@id":"https:\/\/web.gtischarging.sk\/#organization","name":"GTIS charging","url":"https:\/\/web.gtischarging.sk\/","logo":{"@type":"ImageObject","inLanguage":"cs","@id":"https:\/\/web.gtischarging.sk\/#\/schema\/logo\/image\/","url":"https:\/\/web.gtischarging.sk\/wp-content\/uploads\/2020\/03\/logo-180px.png","contentUrl":"https:\/\/web.gtischarging.sk\/wp-content\/uploads\/2020\/03\/logo-180px.png","width":180,"height":123,"caption":"GTIS charging"},"image":{"@id":"https:\/\/web.gtischarging.sk\/#\/schema\/logo\/image\/"},"sameAs":["https:\/\/www.facebook.com\/gtischarging"]}]}},"_links":{"self":[{"href":"https:\/\/web.gtischarging.sk\/index.php\/wp-json\/wp\/v2\/pages\/3196"}],"collection":[{"href":"https:\/\/web.gtischarging.sk\/index.php\/wp-json\/wp\/v2\/pages"}],"about":[{"href":"https:\/\/web.gtischarging.sk\/index.php\/wp-json\/wp\/v2\/types\/page"}],"author":[{"embeddable":true,"href":"https:\/\/web.gtischarging.sk\/index.php\/wp-json\/wp\/v2\/users\/8"}],"replies":[{"embeddable":true,"href":"https:\/\/web.gtischarging.sk\/index.php\/wp-json\/wp\/v2\/comments?post=3196"}],"version-history":[{"count":5,"href":"https:\/\/web.gtischarging.sk\/index.php\/wp-json\/wp\/v2\/pages\/3196\/revisions"}],"predecessor-version":[{"id":3256,"href":"https:\/\/web.gtischarging.sk\/index.php\/wp-json\/wp\/v2\/pages\/3196\/revisions\/3256"}],"wp:attachment":[{"href":"https:\/\/web.gtischarging.sk\/index.php\/wp-json\/wp\/v2\/media?parent=3196"}],"curies":[{"name":"wp","href":"https:\/\/api.w.org\/{rel}","templated":true}]}}