 {"id":3049,"date":"2021-11-30T14:14:28","date_gmt":"2021-11-30T13:14:28","guid":{"rendered":"https:\/\/web.gtischarging.sk\/?page_id=3049"},"modified":"2021-11-30T14:14:31","modified_gmt":"2021-11-30T13:14:31","slug":"vw-cross-kupe-id-5","status":"publish","type":"page","link":"https:\/\/web.gtischarging.sk\/index.php\/vw-cross-kupe-id-5\/","title":{"rendered":"VW cross-kup\u00e9 ID.5"},"content":{"rendered":"\n<figure class=\"wp-block-image size-large\"><img decoding=\"async\" loading=\"lazy\" width=\"1024\" height=\"324\" src=\"https:\/\/web.gtischarging.sk\/wp-content\/uploads\/2021\/11\/vw-id5title-1024x324.jpg\" alt=\"\" class=\"wp-image-3098\" srcset=\"https:\/\/web.gtischarging.sk\/wp-content\/uploads\/2021\/11\/vw-id5title-1024x324.jpg 1024w, https:\/\/web.gtischarging.sk\/wp-content\/uploads\/2021\/11\/vw-id5title-300x95.jpg 300w, https:\/\/web.gtischarging.sk\/wp-content\/uploads\/2021\/11\/vw-id5title-768x243.jpg 768w, https:\/\/web.gtischarging.sk\/wp-content\/uploads\/2021\/11\/vw-id5title-1536x486.jpg 1536w, https:\/\/web.gtischarging.sk\/wp-content\/uploads\/2021\/11\/vw-id5title.jpg 1920w\" sizes=\"(max-width: 1024px) 100vw, 1024px\" \/><\/figure>\n\n\n\n<h1 class=\"has-text-align-center wp-block-heading\">Volkswagen predstavil nov\u00e9 elektrick\u00e9 cross-kup\u00e9 ID.5<\/h1>\n\n\n\n<p><strong><a href=\"https:\/\/www.vw.sk\/id5\/id5-gtx\">Volkswagen<\/a><\/strong>&nbsp;to zrejme s \u00fatokom na poz\u00edcie&nbsp;<strong>TESLY&nbsp;<\/strong>mysl\u00ed v\u00e1\u017ene a na\u010falej roz\u0161iruje modelov\u00fd rad svojich plne elektrick\u00fdch modelov. Nov\u00fd&nbsp; model s&nbsp;ozna\u010den\u00edm&nbsp;<strong><a href=\"https:\/\/www.vw.sk\/id5\/id5-gtx\">ID.5<\/a><\/strong>&nbsp;bol predstaven\u00fd verejnosti pred p\u00e1r hodinami. Model bude pon\u00fakan\u00fd v dvoch verzi\u00e1ch \u2013 \u0161tandardnej a silnej\u0161ej GTX \u2013 s tromi stup\u0148ami v\u00fdbavy a tromi v\u00fdkonov\u00fdmi verziami elektrick\u00fdch motorov. Obe verzie nov\u00e9ho modelu maj\u00fa rovnak\u00fd r\u00e1zvor a celkov\u00fa d\u013a\u017eku, aj ke\u010f&nbsp;<strong><a href=\"https:\/\/www.vw.sk\/id5\/id5-gtx\">ID.5<\/a><\/strong>&nbsp;m\u00e1 strechu podobn\u00fa kup\u00e9, ktor\u00e1 ju odli\u0161uje od tradi\u010dnej\u0161ieho&nbsp;<strong><a href=\"https:\/\/www.vw.sk\/modely\/id4\">ID.4<\/a><\/strong>.<\/p>\n\n\n\n<p>Nov\u00e1&nbsp;<strong><a href=\"https:\/\/www.vw.sk\/id5\/id5-gtx\">ID.5<\/a><\/strong>&nbsp;sa l\u00ed\u0161i od modelu&nbsp;<strong><a href=\"https:\/\/www.vw.sk\/modely\/id4\">ID.4<\/a><\/strong>&nbsp;vlastne len tvarom strechy a&nbsp;zadnej \u010dasti karos\u00e9rie. Cross-kup\u00e9 je asi o 2-3 cm dlh\u0161ie ako&nbsp;<strong>ID.4<\/strong>: d\u013a\u017eka \u2013&nbsp;<strong>4600 mm<\/strong>, \u0161\u00edrka&nbsp;&nbsp;<strong>1850 mm<\/strong>&nbsp;a v\u00fd\u0161ka \u2013&nbsp;<strong>1610 mm<\/strong>. R\u00e1zvor os\u00ed n\u00e1prav je&nbsp;<strong>2770mm<\/strong>. Zadn\u00fd stiera\u010d nie je v ponuke, zadn\u00e9 sklo &nbsp;od zne\u010distenia chr\u00e1ni \u0161tandardn\u00fd spojler. Zjednodu\u0161en\u00fd tvar karos\u00e9rie umo\u017enil zn\u00ed\u017ei\u0165 koeficient aerodynamick\u00e9ho odporu Cd z 0,28 do 0,26 na<strong>&nbsp;ID.5<\/strong>.<\/p>\n\n\n\n<p>Naklonen\u00e1 strecha&nbsp;<strong>ID.5<\/strong>&nbsp;naproti tomu mierne zni\u017euje mo\u017en\u00fd objem prepravovan\u00e9ho&nbsp; n\u00e1kladu, ke\u010f\u017ee \u0161tandardne pon\u00faka&nbsp;<strong>549 litrov<\/strong>&nbsp;a so zlo\u017een\u00fdmi zadn\u00fdmi sedadlami&nbsp;&nbsp;<strong>1561 litrov<\/strong>. Tieto \u010d\u00edsla s\u00fa podobn\u00e9 ako &nbsp;v&nbsp;<strong><a href=\"https:\/\/www.vw.sk\/modely\/id4\">ID.4<\/a>&nbsp;\u2013<\/strong>&nbsp;543 a 1575 litrov<strong>.<\/strong><\/p>\n\n\n\n<figure class=\"wp-block-gallery columns-3 is-cropped wp-block-gallery-1 is-layout-flex wp-block-gallery-is-layout-flex\"><ul class=\"blocks-gallery-grid\"><li class=\"blocks-gallery-item\"><figure><img decoding=\"async\" loading=\"lazy\" width=\"605\" height=\"404\" src=\"https:\/\/web.gtischarging.sk\/wp-content\/uploads\/2021\/11\/image-30-1.png\" alt=\"\" data-id=\"3099\" data-link=\"https:\/\/web.gtischarging.sk\/?attachment_id=3099\" class=\"wp-image-3099\" srcset=\"https:\/\/web.gtischarging.sk\/wp-content\/uploads\/2021\/11\/image-30-1.png 605w, https:\/\/web.gtischarging.sk\/wp-content\/uploads\/2021\/11\/image-30-1-300x200.png 300w\" sizes=\"(max-width: 605px) 100vw, 605px\" \/><\/figure><\/li><li class=\"blocks-gallery-item\"><figure><img decoding=\"async\" loading=\"lazy\" width=\"605\" height=\"340\" src=\"https:\/\/web.gtischarging.sk\/wp-content\/uploads\/2021\/11\/image-34-2.png\" alt=\"\" data-id=\"3101\" data-link=\"https:\/\/web.gtischarging.sk\/?attachment_id=3101\" class=\"wp-image-3101\" srcset=\"https:\/\/web.gtischarging.sk\/wp-content\/uploads\/2021\/11\/image-34-2.png 605w, https:\/\/web.gtischarging.sk\/wp-content\/uploads\/2021\/11\/image-34-2-300x169.png 300w\" sizes=\"(max-width: 605px) 100vw, 605px\" \/><\/figure><\/li><li class=\"blocks-gallery-item\"><figure><img decoding=\"async\" loading=\"lazy\" width=\"1024\" height=\"768\" src=\"https:\/\/web.gtischarging.sk\/wp-content\/uploads\/2021\/11\/ic0384-id5-gtx-exterior-loading-hand-10-6-1-1024x768.jpg\" alt=\"\" data-id=\"3114\" data-full-url=\"https:\/\/web.gtischarging.sk\/wp-content\/uploads\/2021\/11\/ic0384-id5-gtx-exterior-loading-hand-10-6-1.jpg\" data-link=\"https:\/\/web.gtischarging.sk\/?attachment_id=3114\" class=\"wp-image-3114\" srcset=\"https:\/\/web.gtischarging.sk\/wp-content\/uploads\/2021\/11\/ic0384-id5-gtx-exterior-loading-hand-10-6-1-1024x768.jpg 1024w, https:\/\/web.gtischarging.sk\/wp-content\/uploads\/2021\/11\/ic0384-id5-gtx-exterior-loading-hand-10-6-1-300x225.jpg 300w, https:\/\/web.gtischarging.sk\/wp-content\/uploads\/2021\/11\/ic0384-id5-gtx-exterior-loading-hand-10-6-1-768x576.jpg 768w, https:\/\/web.gtischarging.sk\/wp-content\/uploads\/2021\/11\/ic0384-id5-gtx-exterior-loading-hand-10-6-1.jpg 1235w\" sizes=\"(max-width: 1024px) 100vw, 1024px\" \/><\/figure><\/li><\/ul><\/figure>\n\n\n\n<p>Na rozdiel od&nbsp;<strong><a href=\"https:\/\/www.vw.sk\/modely\/id4\">ID.4<\/a><\/strong>, nov\u00e1&nbsp;<strong><a href=\"https:\/\/www.vw.sk\/id5\/id5\">ID.5<\/a><\/strong>&nbsp;prich\u00e1dza s jedinou bat\u00e9riou o kapacite&nbsp;<strong>77 kWh<\/strong>. Pripojuje sa k jedn\u00e9mu z troch v\u00fdkonov\u00fdch stup\u0148ov elektrick\u00fdch motorov, v z\u00e1vislosti od konfigur\u00e1cie \u2013&nbsp;<strong>ID.5 Pro<\/strong>,&nbsp;<strong>ID.5 Pro Performance<\/strong>&nbsp;, alebo&nbsp;<strong>ID.5 GTX<\/strong>. VW ozn\u00e1mila, \u017ee &nbsp;verzia<strong>&nbsp;ID.5 Pro Performance<\/strong>&nbsp;&nbsp;poskytne dojazd a\u017e&nbsp;<strong>520 kilometrov<\/strong>&nbsp;pod\u013ea sk\u00fa\u0161obn\u00e9ho cyklu&nbsp;<strong>WLTP&nbsp;<\/strong>prijat\u00e9ho v Eur\u00f3pe. Pre&nbsp;<strong>ID.5 GTX<\/strong>&nbsp;je t\u00e1to hodnota &nbsp;o nie\u010do ni\u017e\u0161ia \u2013&nbsp;<strong>480 km,&nbsp;<\/strong>ale i&nbsp;tak je ve\u013emi dobre pou\u017eite\u013en\u00e1. Bat\u00e9rie&nbsp;<strong><a href=\"https:\/\/www.vw.sk\/id5\/id5\">ID.5<\/a><\/strong>&nbsp;m\u00f4\u017eu by\u0165 dob\u00edjan\u00e9 zo stan\u00edc s v\u00fdkonom a\u017e 135 kW.<\/p>\n\n\n\n<p>Verzie&nbsp;<strong>Pro<\/strong>&nbsp;a&nbsp;<strong>PRO Performance<\/strong>&nbsp;maj\u00fa elektrick\u00e9 motory in\u0161talovan\u00e9 vzadu (RWD). Motor&nbsp;<strong>ID.5 Pro<\/strong>&nbsp;vyvinie v\u00fdkon&nbsp;<strong>128 kW<\/strong>&nbsp;(171 kon\u00ed), kr\u00fatiaci moment&nbsp;<strong>310 Nm<\/strong>&nbsp;a m\u00f4\u017ee zr\u00fdchli\u0165 z&nbsp;pokoja do 100 km \/ h za&nbsp;<strong>10,4 sekundy<\/strong>. U&nbsp;verzie&nbsp;<strong>ID.5 Pro Performance<\/strong>&nbsp;elektromotor na zadnej osi vyv\u00edja v\u00fdkon&nbsp;<strong>150 kW<\/strong>&nbsp;(201 kon\u00ed) pri rovnakom kr\u00fatiacom momente&nbsp;<strong>310 Nm<\/strong>&nbsp;a m\u00f4\u017ee zr\u00fdchli\u0165 na &nbsp;prv\u00fdch 100 km\/h na&nbsp;<strong>8,4 sekundy<\/strong>. Obe verzie modelu maj\u00fa maxim\u00e1lnu r\u00fdchlos\u0165&nbsp;<strong>160 km \/ h<\/strong>.<\/p>\n\n\n\n<figure class=\"wp-block-gallery columns-3 is-cropped wp-block-gallery-3 is-layout-flex wp-block-gallery-is-layout-flex\"><ul class=\"blocks-gallery-grid\"><li class=\"blocks-gallery-item\"><figure><img decoding=\"async\" loading=\"lazy\" width=\"1024\" height=\"768\" src=\"https:\/\/web.gtischarging.sk\/wp-content\/uploads\/2021\/11\/ic0408-id5-gtx-interior-detail-infotainment-10-6-1024x768.jpg\" alt=\"\" data-id=\"3105\" data-link=\"https:\/\/web.gtischarging.sk\/?attachment_id=3105\" class=\"wp-image-3105\" srcset=\"https:\/\/web.gtischarging.sk\/wp-content\/uploads\/2021\/11\/ic0408-id5-gtx-interior-detail-infotainment-10-6-1024x768.jpg 1024w, https:\/\/web.gtischarging.sk\/wp-content\/uploads\/2021\/11\/ic0408-id5-gtx-interior-detail-infotainment-10-6-300x225.jpg 300w, https:\/\/web.gtischarging.sk\/wp-content\/uploads\/2021\/11\/ic0408-id5-gtx-interior-detail-infotainment-10-6-768x576.jpg 768w, https:\/\/web.gtischarging.sk\/wp-content\/uploads\/2021\/11\/ic0408-id5-gtx-interior-detail-infotainment-10-6.jpg 1235w\" sizes=\"(max-width: 1024px) 100vw, 1024px\" \/><\/figure><\/li><li class=\"blocks-gallery-item\"><figure><img decoding=\"async\" loading=\"lazy\" width=\"1024\" height=\"682\" src=\"https:\/\/web.gtischarging.sk\/wp-content\/uploads\/2021\/11\/ic0407-id5-gtx-interior-steering-wheel-10-6-1024x682.jpg\" alt=\"\" data-id=\"3107\" data-link=\"https:\/\/web.gtischarging.sk\/?attachment_id=3107\" class=\"wp-image-3107\" srcset=\"https:\/\/web.gtischarging.sk\/wp-content\/uploads\/2021\/11\/ic0407-id5-gtx-interior-steering-wheel-10-6-1024x682.jpg 1024w, https:\/\/web.gtischarging.sk\/wp-content\/uploads\/2021\/11\/ic0407-id5-gtx-interior-steering-wheel-10-6-300x200.jpg 300w, https:\/\/web.gtischarging.sk\/wp-content\/uploads\/2021\/11\/ic0407-id5-gtx-interior-steering-wheel-10-6-768x512.jpg 768w, https:\/\/web.gtischarging.sk\/wp-content\/uploads\/2021\/11\/ic0407-id5-gtx-interior-steering-wheel-10-6.jpg 1235w\" sizes=\"(max-width: 1024px) 100vw, 1024px\" \/><\/figure><\/li><li class=\"blocks-gallery-item\"><figure><img decoding=\"async\" loading=\"lazy\" width=\"1024\" height=\"768\" src=\"https:\/\/web.gtischarging.sk\/wp-content\/uploads\/2021\/11\/ic0400-id5-interior-ar-hud-10-6-1024x768.jpg\" alt=\"\" data-id=\"3108\" data-link=\"https:\/\/web.gtischarging.sk\/?attachment_id=3108\" class=\"wp-image-3108\" srcset=\"https:\/\/web.gtischarging.sk\/wp-content\/uploads\/2021\/11\/ic0400-id5-interior-ar-hud-10-6-1024x768.jpg 1024w, https:\/\/web.gtischarging.sk\/wp-content\/uploads\/2021\/11\/ic0400-id5-interior-ar-hud-10-6-300x225.jpg 300w, https:\/\/web.gtischarging.sk\/wp-content\/uploads\/2021\/11\/ic0400-id5-interior-ar-hud-10-6-768x576.jpg 768w, https:\/\/web.gtischarging.sk\/wp-content\/uploads\/2021\/11\/ic0400-id5-interior-ar-hud-10-6.jpg 1235w\" sizes=\"(max-width: 1024px) 100vw, 1024px\" \/><\/figure><\/li><\/ul><\/figure>\n\n\n\n<p>&nbsp;&nbsp;Najv\u00fdkonnej\u0161ia verzia&nbsp;<strong>ID.5 GTX<\/strong>&nbsp;dostane dvojmotorov\u00fa konfigur\u00e1ciu pohonu v\u0161etk\u00fdch kolies, ktor\u00e1 vyv\u00edja&nbsp;<strong>220 kW<\/strong>&nbsp;(295 kon\u00ed)&nbsp;<strong>470 Nm<\/strong>&nbsp;a&nbsp;je schopn\u00e1 \u0161printu na 100 km \/ h za&nbsp;<strong>6,3 sekundy<\/strong>&nbsp;s maxim\u00e1lnou r\u00fdchlos\u0165ou&nbsp;<strong>180 km \/ h<\/strong>.<\/p>\n\n\n\n<p>Vn\u00fatri vyzer\u00e1<strong><a href=\"https:\/\/www.vw.sk\/id5\/id5\">&nbsp;ID.5<\/a><\/strong>&nbsp;takmer identicky ako&nbsp;<strong>ID.4<\/strong>, s rovnakou obrazovkou informa\u010dn\u00e9ho syst\u00e9mu a digit\u00e1lnej pr\u00edstrojovej dosky. Na sedadl\u00e1ch modelov GTX s\u00fa perforovan\u00e9 chrbtov\u00e9 \u200b\u200bopierky, ktor\u00e9 im d\u00e1vaj\u00fa \u0161portov\u00fd \u0161t\u00fdl.<\/p>\n\n\n\n<p>VW neposkytol zatia\u013e \u017eiadne inform\u00e1cie o\u00a0cen\u00e1ch a tieto \u00fadaje by mali by\u0165 zverejnen\u00e9 bli\u017e\u0161ie k za\u010diatku predaja modelu na jar 2022.<\/p>\n\n\n\n<figure class=\"wp-block-gallery columns-3 is-cropped wp-block-gallery-5 is-layout-flex wp-block-gallery-is-layout-flex\"><ul class=\"blocks-gallery-grid\"><li class=\"blocks-gallery-item\"><figure><img decoding=\"async\" src=\"https:\/\/www.elektro-vozidla.sk\/wp-content\/uploads\/2021\/11\/image-36.png\" alt=\"\" data-id=\"3132\" class=\"wp-image-3132\"\/><figcaption class=\"blocks-gallery-item__caption\"><em>interi\u00e9r VW ID.5<\/em><\/figcaption><\/figure><\/li><li class=\"blocks-gallery-item\"><figure><img decoding=\"async\" loading=\"lazy\" width=\"605\" height=\"353\" src=\"https:\/\/web.gtischarging.sk\/wp-content\/uploads\/2021\/11\/image-32-1.png\" alt=\"\" data-id=\"3100\" data-link=\"https:\/\/web.gtischarging.sk\/?attachment_id=3100\" class=\"wp-image-3100\" srcset=\"https:\/\/web.gtischarging.sk\/wp-content\/uploads\/2021\/11\/image-32-1.png 605w, https:\/\/web.gtischarging.sk\/wp-content\/uploads\/2021\/11\/image-32-1-300x175.png 300w\" sizes=\"(max-width: 605px) 100vw, 605px\" \/><\/figure><\/li><li class=\"blocks-gallery-item\"><figure><img decoding=\"async\" loading=\"lazy\" width=\"635\" height=\"423\" src=\"https:\/\/web.gtischarging.sk\/wp-content\/uploads\/2021\/11\/ic0391-id5-interior-beauty-display-cockpit-woman-mountain-road-10-6.jpg\" alt=\"\" data-id=\"3102\" data-link=\"https:\/\/web.gtischarging.sk\/?attachment_id=3102\" class=\"wp-image-3102\" srcset=\"https:\/\/web.gtischarging.sk\/wp-content\/uploads\/2021\/11\/ic0391-id5-interior-beauty-display-cockpit-woman-mountain-road-10-6.jpg 635w, https:\/\/web.gtischarging.sk\/wp-content\/uploads\/2021\/11\/ic0391-id5-interior-beauty-display-cockpit-woman-mountain-road-10-6-300x200.jpg 300w\" sizes=\"(max-width: 635px) 100vw, 635px\" \/><\/figure><\/li><\/ul><\/figure>\n\n\n\n<p>Zdroj:&nbsp;<br><strong><a href=\"https:\/\/www.elektro-vozidla.sk\/volkswagen-predstavil-nove-elektricke-cross-kupe-id-5\/\" target=\"_blank\" rel=\"noreferrer noopener\">elektro-vozidla<\/a><\/strong><\/p>\n","protected":false},"excerpt":{"rendered":"<p>Volkswagen predstavil nov\u00e9 elektrick\u00e9 cross-kup\u00e9 ID.5 Volkswagen&nbsp;to zrejme s \u00fatokom na poz\u00edcie&nbsp;TESLY&nbsp;mysl\u00ed v\u00e1\u017ene a na\u010falej roz\u0161iruje modelov\u00fd rad svojich plne elektrick\u00fdch modelov. Nov\u00fd&nbsp; model s&nbsp;ozna\u010den\u00edm&nbsp;ID.5&nbsp;bol predstaven\u00fd verejnosti pred p\u00e1r hodinami. Model bude pon\u00fakan\u00fd v&#46;&#46;&#46;<\/p>\n","protected":false},"author":8,"featured_media":0,"parent":0,"menu_order":0,"comment_status":"closed","ping_status":"closed","template":"","meta":{"footnotes":""},"yoast_head":"<!-- This site is optimized with the Yoast SEO plugin v20.4 - https:\/\/yoast.com\/wordpress\/plugins\/seo\/ -->\n<title>VW cross-kup\u00e9 ID.5 - gtischarging.sk<\/title>\n<meta name=\"robots\" content=\"index, follow, max-snippet:-1, max-image-preview:large, max-video-preview:-1\" \/>\n<link rel=\"canonical\" href=\"https:\/\/web.gtischarging.sk\/index.php\/vw-cross-kupe-id-5\/\" \/>\n<meta property=\"og:locale\" content=\"cs_CZ\" \/>\n<meta property=\"og:type\" content=\"article\" \/>\n<meta property=\"og:title\" content=\"VW cross-kup\u00e9 ID.5 - gtischarging.sk\" \/>\n<meta property=\"og:description\" content=\"Volkswagen predstavil nov\u00e9 elektrick\u00e9 cross-kup\u00e9 ID.5 Volkswagen&nbsp;to zrejme s \u00fatokom na poz\u00edcie&nbsp;TESLY&nbsp;mysl\u00ed v\u00e1\u017ene a na\u010falej roz\u0161iruje modelov\u00fd rad svojich plne elektrick\u00fdch modelov. Nov\u00fd&nbsp; model s&nbsp;ozna\u010den\u00edm&nbsp;ID.5&nbsp;bol predstaven\u00fd verejnosti pred p\u00e1r hodinami. Model bude pon\u00fakan\u00fd v&#046;&#046;&#046;\" \/>\n<meta property=\"og:url\" content=\"https:\/\/web.gtischarging.sk\/index.php\/vw-cross-kupe-id-5\/\" \/>\n<meta property=\"og:site_name\" content=\"gtischarging.sk\" \/>\n<meta property=\"article:publisher\" content=\"https:\/\/www.facebook.com\/gtischarging\" \/>\n<meta property=\"article:modified_time\" content=\"2021-11-30T13:14:31+00:00\" \/>\n<meta property=\"og:image\" content=\"https:\/\/web.gtischarging.sk\/wp-content\/uploads\/2021\/11\/vw-id5title-1024x324.jpg\" \/>\n<meta name=\"twitter:card\" content=\"summary_large_image\" \/>\n<meta name=\"twitter:label1\" content=\"Odhadovan\u00e1 doba \u010dten\u00ed\" \/>\n\t<meta name=\"twitter:data1\" content=\"4 minuty\" \/>\n<script type=\"application\/ld+json\" class=\"yoast-schema-graph\">{\"@context\":\"https:\/\/schema.org\",\"@graph\":[{\"@type\":\"WebPage\",\"@id\":\"https:\/\/web.gtischarging.sk\/index.php\/vw-cross-kupe-id-5\/\",\"url\":\"https:\/\/web.gtischarging.sk\/index.php\/vw-cross-kupe-id-5\/\",\"name\":\"VW cross-kup\u00e9 ID.5 - gtischarging.sk\",\"isPartOf\":{\"@id\":\"https:\/\/web.gtischarging.sk\/#website\"},\"datePublished\":\"2021-11-30T13:14:28+00:00\",\"dateModified\":\"2021-11-30T13:14:31+00:00\",\"breadcrumb\":{\"@id\":\"https:\/\/web.gtischarging.sk\/index.php\/vw-cross-kupe-id-5\/#breadcrumb\"},\"inLanguage\":\"cs\",\"potentialAction\":[{\"@type\":\"ReadAction\",\"target\":[\"https:\/\/web.gtischarging.sk\/index.php\/vw-cross-kupe-id-5\/\"]}]},{\"@type\":\"BreadcrumbList\",\"@id\":\"https:\/\/web.gtischarging.sk\/index.php\/vw-cross-kupe-id-5\/#breadcrumb\",\"itemListElement\":[{\"@type\":\"ListItem\",\"position\":1,\"name\":\"Dom\u016f\",\"item\":\"https:\/\/web.gtischarging.sk\/\"},{\"@type\":\"ListItem\",\"position\":2,\"name\":\"VW cross-kup\u00e9 ID.5\"}]},{\"@type\":\"WebSite\",\"@id\":\"https:\/\/web.gtischarging.sk\/#website\",\"url\":\"https:\/\/web.gtischarging.sk\/\",\"name\":\"gtischarging.sk\",\"description\":\"U n\u00e1s sta\u010d\u00ed prilo\u017ei\u0165 platobn\u00fa kartu\",\"publisher\":{\"@id\":\"https:\/\/web.gtischarging.sk\/#organization\"},\"potentialAction\":[{\"@type\":\"SearchAction\",\"target\":{\"@type\":\"EntryPoint\",\"urlTemplate\":\"https:\/\/web.gtischarging.sk\/?s={search_term_string}\"},\"query-input\":\"required name=search_term_string\"}],\"inLanguage\":\"cs\"},{\"@type\":\"Organization\",\"@id\":\"https:\/\/web.gtischarging.sk\/#organization\",\"name\":\"GTIS charging\",\"url\":\"https:\/\/web.gtischarging.sk\/\",\"logo\":{\"@type\":\"ImageObject\",\"inLanguage\":\"cs\",\"@id\":\"https:\/\/web.gtischarging.sk\/#\/schema\/logo\/image\/\",\"url\":\"https:\/\/web.gtischarging.sk\/wp-content\/uploads\/2020\/03\/logo-180px.png\",\"contentUrl\":\"https:\/\/web.gtischarging.sk\/wp-content\/uploads\/2020\/03\/logo-180px.png\",\"width\":180,\"height\":123,\"caption\":\"GTIS charging\"},\"image\":{\"@id\":\"https:\/\/web.gtischarging.sk\/#\/schema\/logo\/image\/\"},\"sameAs\":[\"https:\/\/www.facebook.com\/gtischarging\"]}]}<\/script>\n<!-- \/ Yoast SEO plugin. -->","yoast_head_json":{"title":"VW cross-kup\u00e9 ID.5 - gtischarging.sk","robots":{"index":"index","follow":"follow","max-snippet":"max-snippet:-1","max-image-preview":"max-image-preview:large","max-video-preview":"max-video-preview:-1"},"canonical":"https:\/\/web.gtischarging.sk\/index.php\/vw-cross-kupe-id-5\/","og_locale":"cs_CZ","og_type":"article","og_title":"VW cross-kup\u00e9 ID.5 - gtischarging.sk","og_description":"Volkswagen predstavil nov\u00e9 elektrick\u00e9 cross-kup\u00e9 ID.5 Volkswagen&nbsp;to zrejme s \u00fatokom na poz\u00edcie&nbsp;TESLY&nbsp;mysl\u00ed v\u00e1\u017ene a na\u010falej roz\u0161iruje modelov\u00fd rad svojich plne elektrick\u00fdch modelov. Nov\u00fd&nbsp; model s&nbsp;ozna\u010den\u00edm&nbsp;ID.5&nbsp;bol predstaven\u00fd verejnosti pred p\u00e1r hodinami. Model bude pon\u00fakan\u00fd v&#46;&#46;&#46;","og_url":"https:\/\/web.gtischarging.sk\/index.php\/vw-cross-kupe-id-5\/","og_site_name":"gtischarging.sk","article_publisher":"https:\/\/www.facebook.com\/gtischarging","article_modified_time":"2021-11-30T13:14:31+00:00","og_image":[{"url":"https:\/\/web.gtischarging.sk\/wp-content\/uploads\/2021\/11\/vw-id5title-1024x324.jpg"}],"twitter_card":"summary_large_image","twitter_misc":{"Odhadovan\u00e1 doba \u010dten\u00ed":"4 minuty"},"schema":{"@context":"https:\/\/schema.org","@graph":[{"@type":"WebPage","@id":"https:\/\/web.gtischarging.sk\/index.php\/vw-cross-kupe-id-5\/","url":"https:\/\/web.gtischarging.sk\/index.php\/vw-cross-kupe-id-5\/","name":"VW cross-kup\u00e9 ID.5 - gtischarging.sk","isPartOf":{"@id":"https:\/\/web.gtischarging.sk\/#website"},"datePublished":"2021-11-30T13:14:28+00:00","dateModified":"2021-11-30T13:14:31+00:00","breadcrumb":{"@id":"https:\/\/web.gtischarging.sk\/index.php\/vw-cross-kupe-id-5\/#breadcrumb"},"inLanguage":"cs","potentialAction":[{"@type":"ReadAction","target":["https:\/\/web.gtischarging.sk\/index.php\/vw-cross-kupe-id-5\/"]}]},{"@type":"BreadcrumbList","@id":"https:\/\/web.gtischarging.sk\/index.php\/vw-cross-kupe-id-5\/#breadcrumb","itemListElement":[{"@type":"ListItem","position":1,"name":"Dom\u016f","item":"https:\/\/web.gtischarging.sk\/"},{"@type":"ListItem","position":2,"name":"VW cross-kup\u00e9 ID.5"}]},{"@type":"WebSite","@id":"https:\/\/web.gtischarging.sk\/#website","url":"https:\/\/web.gtischarging.sk\/","name":"gtischarging.sk","description":"U n\u00e1s sta\u010d\u00ed prilo\u017ei\u0165 platobn\u00fa kartu","publisher":{"@id":"https:\/\/web.gtischarging.sk\/#organization"},"potentialAction":[{"@type":"SearchAction","target":{"@type":"EntryPoint","urlTemplate":"https:\/\/web.gtischarging.sk\/?s={search_term_string}"},"query-input":"required name=search_term_string"}],"inLanguage":"cs"},{"@type":"Organization","@id":"https:\/\/web.gtischarging.sk\/#organization","name":"GTIS charging","url":"https:\/\/web.gtischarging.sk\/","logo":{"@type":"ImageObject","inLanguage":"cs","@id":"https:\/\/web.gtischarging.sk\/#\/schema\/logo\/image\/","url":"https:\/\/web.gtischarging.sk\/wp-content\/uploads\/2020\/03\/logo-180px.png","contentUrl":"https:\/\/web.gtischarging.sk\/wp-content\/uploads\/2020\/03\/logo-180px.png","width":180,"height":123,"caption":"GTIS charging"},"image":{"@id":"https:\/\/web.gtischarging.sk\/#\/schema\/logo\/image\/"},"sameAs":["https:\/\/www.facebook.com\/gtischarging"]}]}},"_links":{"self":[{"href":"https:\/\/web.gtischarging.sk\/index.php\/wp-json\/wp\/v2\/pages\/3049"}],"collection":[{"href":"https:\/\/web.gtischarging.sk\/index.php\/wp-json\/wp\/v2\/pages"}],"about":[{"href":"https:\/\/web.gtischarging.sk\/index.php\/wp-json\/wp\/v2\/types\/page"}],"author":[{"embeddable":true,"href":"https:\/\/web.gtischarging.sk\/index.php\/wp-json\/wp\/v2\/users\/8"}],"replies":[{"embeddable":true,"href":"https:\/\/web.gtischarging.sk\/index.php\/wp-json\/wp\/v2\/comments?post=3049"}],"version-history":[{"count":2,"href":"https:\/\/web.gtischarging.sk\/index.php\/wp-json\/wp\/v2\/pages\/3049\/revisions"}],"predecessor-version":[{"id":3115,"href":"https:\/\/web.gtischarging.sk\/index.php\/wp-json\/wp\/v2\/pages\/3049\/revisions\/3115"}],"wp:attachment":[{"href":"https:\/\/web.gtischarging.sk\/index.php\/wp-json\/wp\/v2\/media?parent=3049"}],"curies":[{"name":"wp","href":"https:\/\/api.w.org\/{rel}","templated":true}]}}