 {"id":3046,"date":"2021-11-30T14:23:25","date_gmt":"2021-11-30T13:23:25","guid":{"rendered":"https:\/\/web.gtischarging.sk\/?page_id=3046"},"modified":"2021-11-30T14:23:28","modified_gmt":"2021-11-30T13:23:28","slug":"toyota-bz4x","status":"publish","type":"page","link":"https:\/\/web.gtischarging.sk\/index.php\/toyota-bz4x\/","title":{"rendered":"Toyota bZ4X"},"content":{"rendered":"\n<div class=\"wp-block-image\"><figure class=\"aligncenter size-large\"><img decoding=\"async\" loading=\"lazy\" width=\"1024\" height=\"428\" src=\"https:\/\/web.gtischarging.sk\/wp-content\/uploads\/2021\/11\/toyota-title-1024x428.jpg\" alt=\"\" class=\"wp-image-3117\" srcset=\"https:\/\/web.gtischarging.sk\/wp-content\/uploads\/2021\/11\/toyota-title-1024x428.jpg 1024w, https:\/\/web.gtischarging.sk\/wp-content\/uploads\/2021\/11\/toyota-title-300x125.jpg 300w, https:\/\/web.gtischarging.sk\/wp-content\/uploads\/2021\/11\/toyota-title-768x321.jpg 768w, https:\/\/web.gtischarging.sk\/wp-content\/uploads\/2021\/11\/toyota-title.jpg 1200w\" sizes=\"(max-width: 1024px) 100vw, 1024px\" \/><\/figure><\/div>\n\n\n\n<h1 class=\"has-text-align-center wp-block-heading\">Toyota predstavila elektrick\u00e9 kompaktn\u00e9 SUV \u2013 Toyota bZ4X<\/h1>\n\n\n\n<p>Uvedenie &nbsp;<strong>Toyoty bZ4X<\/strong>&nbsp;ozna\u010duje za\u010diatok novej kapitoly v modernej hist\u00f3rii&nbsp;<strong><a href=\"https:\/\/newsroom.toyota.eu\/world-premiere-of-the-all-new-toyota-bz4x\/\">Toyoty<\/a><\/strong>. Aj ke\u010f japonsk\u00e1 zna\u010dka je v&nbsp;ur\u010ditej miere priekopn\u00edkom elektrifik\u00e1cie dopravy prostredn\u00edctvom ve\u013emi vydaren\u00fdch a&nbsp;masovo vyr\u00e1ban\u00fdch hybridov ako Toyota Prius, Auris, \u010di Yaris, dlhodobo prezentovala zdr\u017eanliv\u00fd postoj k&nbsp;bat\u00e9riov\u00fdm elektrick\u00fdm vozidl\u00e1m.<\/p>\n\n\n\n<p>T\u00fdm, \u017ee&nbsp;<strong><a href=\"https:\/\/newsroom.toyota.eu\/world-premiere-of-the-all-new-toyota-bz4x\/\">TOYOTA<\/a><\/strong>&nbsp;predstavila nov\u00fa podzna\u010dku pre \u010disto &nbsp;elektrick\u00e9 vozidl\u00e1&nbsp;<strong>bZ<\/strong>, symbolicky priznala perspekt\u00edvnos\u0165 tohto konceptu vozidiel. Pod touto zna\u010dkou bolo uveden\u00e9 aj elektrick\u00e9 kompaktn\u00e9 SUV&nbsp;<strong>Toyota bZ4X<\/strong>. Toto je prv\u00fd model v novej s\u00e9rii bat\u00e9riov\u00fdch elektrick\u00fdch vozidiel pod zna\u010dkou&nbsp;<strong><a href=\"https:\/\/newsroom.toyota.eu\/world-premiere-of-the-all-new-toyota-bz4x\/\">Toyota<\/a><\/strong>.<\/p>\n\n\n\n<p>Spustenie podzna\u010dky&nbsp;<strong>bZ<\/strong>&nbsp;sprev\u00e1dzal aj pr\u00eds\u013eub zna\u010dky&nbsp;<strong>Toyota<\/strong>, \u017ee sa elektrick\u00e9 vozidl\u00e1 stan\u00fa viac popul\u00e1rne a cenovo dostupnej\u0161ie pre ka\u017ed\u00e9ho. Nov\u00fd<strong>&nbsp;bZ4X<\/strong>&nbsp;m\u00e1 vysoko technologick\u00e9 zariadenia, podporovan\u00e9 \u0161peci\u00e1lnou&nbsp;<strong>platformou e-TNGA<\/strong>&nbsp;pre 100% elektrick\u00e9 modely \u00e1ut.<\/p>\n\n\n\n<figure class=\"wp-block-gallery columns-3 is-cropped wp-block-gallery-1 is-layout-flex wp-block-gallery-is-layout-flex\"><ul class=\"blocks-gallery-grid\"><li class=\"blocks-gallery-item\"><figure><img decoding=\"async\" src=\"https:\/\/www.elektro-vozidla.sk\/wp-content\/uploads\/2021\/10\/image-181.png\" alt=\"\" data-id=\"3053\" class=\"wp-image-3053\"\/><\/figure><\/li><li class=\"blocks-gallery-item\"><figure><img decoding=\"async\" loading=\"lazy\" width=\"629\" height=\"419\" src=\"https:\/\/web.gtischarging.sk\/wp-content\/uploads\/2021\/11\/image-179.png\" alt=\"\" data-id=\"3118\" data-link=\"https:\/\/web.gtischarging.sk\/?attachment_id=3118\" class=\"wp-image-3118\" srcset=\"https:\/\/web.gtischarging.sk\/wp-content\/uploads\/2021\/11\/image-179.png 629w, https:\/\/web.gtischarging.sk\/wp-content\/uploads\/2021\/11\/image-179-300x200.png 300w\" sizes=\"(max-width: 629px) 100vw, 629px\" \/><\/figure><\/li><li class=\"blocks-gallery-item\"><figure><img decoding=\"async\" loading=\"lazy\" width=\"628\" height=\"415\" src=\"https:\/\/web.gtischarging.sk\/wp-content\/uploads\/2021\/11\/image-191.png\" alt=\"\" data-id=\"3123\" data-full-url=\"https:\/\/web.gtischarging.sk\/wp-content\/uploads\/2021\/11\/image-191.png\" data-link=\"https:\/\/web.gtischarging.sk\/?attachment_id=3123\" class=\"wp-image-3123\" srcset=\"https:\/\/web.gtischarging.sk\/wp-content\/uploads\/2021\/11\/image-191.png 628w, https:\/\/web.gtischarging.sk\/wp-content\/uploads\/2021\/11\/image-191-300x198.png 300w\" sizes=\"(max-width: 628px) 100vw, 628px\" \/><\/figure><\/li><\/ul><\/figure>\n\n\n\n<p>Prv\u00e9 s\u00e9riov\u00e9 elektrick\u00e9 kompaktn\u00e9 SUV zna\u010dky&nbsp;<strong><a href=\"https:\/\/newsroom.toyota.eu\/world-premiere-of-the-all-new-toyota-bz4x\/\">Toyota<\/a><\/strong>&nbsp;sa naz\u00fdva&nbsp;aj bat\u00e9riov\u00fdm&nbsp;<strong>RAV4<\/strong>&nbsp;v\u010faka podobn\u00fdm rozmerom: d\u013a\u017eka&nbsp;<strong>4 690 mm<\/strong>&nbsp;x \u0161\u00edrka&nbsp;<strong>1 860 mm&nbsp;<\/strong>x v\u00fd\u0161ka&nbsp;<strong>1 650 mm<\/strong>. R\u00e1zvor os\u00ed kolies&nbsp;<strong>2850 mm<\/strong>&nbsp;je o nie\u010do v\u00e4\u010d\u0161\u00ed ako u&nbsp;<strong>RAV4<\/strong>&nbsp;a zabezpe\u010d\u00ed komfortn\u00fd priestor nielen pre nohy \u0161of\u00e9ra auta. Bato\u017einov\u00fd priestor m\u00e1 objem&nbsp;<strong>452 litrov<\/strong>. Charakteristick\u00fdm znakom elektrick\u00e9ho SUV je strecha so sol\u00e1rnym panelom na dob\u00edjanie bat\u00e9rie. Po\u010das cel\u00e9ho roka dok\u00e1\u017ee naakumulova\u0165 dostatok energie na prejdenie&nbsp;<strong>1 800 km<\/strong>&nbsp;vzdialenosti ( aj ke\u010f tento \u00fadaj dos\u0165 z\u00e1le\u017e\u00ed od po\u010dasia, v letn\u00fdch hor\u00fa\u010dav\u00e1ch ur\u010dite zop\u00e1r kilometrov k dojazdu prid\u00e1 ).<\/p>\n\n\n\n<p><strong>Toyota bZ4X<\/strong>\u00a0sa stal prv\u00fdm modelom postaven\u00fdm na novej platforme e<strong>-TNGA<\/strong>, ktor\u00e1 je elektrifikovanou vari\u00e1ciou glob\u00e1lnej architekt\u00fary TNGA. Pri n\u00e1vrhu modelu in\u017einieri aplikovali inovat\u00edvne rie\u0161enia na zlep\u0161enie aerodynamiky. Predn\u00fd n\u00e1razn\u00edk \u00a0dostal nezvy\u010dajn\u00fd dizajn s\u00a0 hlb\u0161\u00edmi ako obvykle bo\u010dn\u00fdmi \u0161trbinami. Zadn\u00fd dif\u00fazor a\u00a0spodn\u00fa \u010das\u0165 mrie\u017eky chladi\u010da vybavili uzatv\u00e1rate\u013en\u00fdmi klapkami, ktor\u00e9 nastavuj\u00fa smer pr\u00fadenia chladiaceho vzduchu k <a href=\"https:\/\/web.gtischarging.sk\/index.php\/baterie\/\">bat\u00e9rii<\/a> a zni\u017euj\u00fa aerodynamick\u00fd odpor.<\/p>\n\n\n\n<p>Model&nbsp;<strong>bZ4X<\/strong>&nbsp;s&nbsp;pohonom &nbsp;predn\u00fdch kolies (<strong>FWD<\/strong>) poh\u00e1\u0148a elektromotor s v\u00fdkonom&nbsp;<strong>150 kW&nbsp;<\/strong>(204 kon\u00ed) a&nbsp;kr\u00fatiacim momentom&nbsp;<strong>265 Nm<\/strong>. Zr\u00fdchlenie z 0 do 100 km \/ h stihne za &nbsp;<strong>8,4 sekundy<\/strong>. Maxim\u00e1lnu r\u00fdchlos\u0165 dosiahne na zna\u010dke&nbsp;<strong>160 km \/ h<\/strong>. V\u00fdkon s&nbsp;verzie s&nbsp;pohonom v\u0161etk\u00fdch kolies (&nbsp;<strong>AWD<\/strong>) bude&nbsp;<strong>160 kW<\/strong>&nbsp;(218 kon\u00ed) a&nbsp;<strong>336 Nm<\/strong>. Zr\u00fdchlenie od 0 do 100 km \/ h zvl\u00e1dne za&nbsp;<strong>7,7 sekundy<\/strong>. Model s pohonom v\u0161etk\u00fdch kolies m\u00e1 dva&nbsp;<strong>80 kW<\/strong>&nbsp;motory na prednej a zadnej n\u00e1prave. Elektromotory s\u00fa nap\u00e1jan\u00e9 energiou ulo\u017eenou v l\u00edtium-i\u00f3novej bat\u00e9rii s kapacitou&nbsp;<strong>71,4 kWh<\/strong>, \u010do autu umo\u017en\u00ed dojazd &nbsp;a\u017e&nbsp;<strong>450 kilometrov<\/strong>&nbsp;pre verziu AWD a asi&nbsp;<strong>500 km<\/strong>&nbsp;pre FWD v s\u00falade s cyklom WLTP.<\/p>\n\n\n\n<figure class=\"wp-block-gallery columns-2 is-cropped wp-block-gallery-3 is-layout-flex wp-block-gallery-is-layout-flex\"><ul class=\"blocks-gallery-grid\"><li class=\"blocks-gallery-item\"><figure><img decoding=\"async\" src=\"https:\/\/www.elektro-vozidla.sk\/wp-content\/uploads\/2021\/10\/image-185.png\" alt=\"\" data-id=\"3057\" class=\"wp-image-3057\"\/><\/figure><\/li><li class=\"blocks-gallery-item\"><figure><img decoding=\"async\" loading=\"lazy\" width=\"908\" height=\"600\" src=\"https:\/\/web.gtischarging.sk\/wp-content\/uploads\/2021\/11\/cd81292a2a8c67baecc74644e949fd07c0110bc2.jpg\" alt=\"\" data-id=\"3122\" data-full-url=\"https:\/\/web.gtischarging.sk\/wp-content\/uploads\/2021\/11\/cd81292a2a8c67baecc74644e949fd07c0110bc2.jpg\" data-link=\"https:\/\/web.gtischarging.sk\/?attachment_id=3122\" class=\"wp-image-3122\" srcset=\"https:\/\/web.gtischarging.sk\/wp-content\/uploads\/2021\/11\/cd81292a2a8c67baecc74644e949fd07c0110bc2.jpg 908w, https:\/\/web.gtischarging.sk\/wp-content\/uploads\/2021\/11\/cd81292a2a8c67baecc74644e949fd07c0110bc2-300x198.jpg 300w, https:\/\/web.gtischarging.sk\/wp-content\/uploads\/2021\/11\/cd81292a2a8c67baecc74644e949fd07c0110bc2-768x507.jpg 768w\" sizes=\"(max-width: 908px) 100vw, 908px\" \/><\/figure><\/li><\/ul><\/figure>\n\n\n\n<p>Nab\u00edjac\u00ed syst\u00e9m auta podporuje DC nab\u00edjanie v\u00fdkonom a\u017e 150 kW c, pri\u010dom bat\u00e9ria sa na 80 % kapacity nabije asi za 30 min. Palubn\u00e1 nab\u00edja\u010dka m\u00e1 v\u00fdkon 6,6 kW. Bat\u00e9riov\u00fd syst\u00e9m m\u00e1 vodn\u00e9 chladenie a vozidlo disponuje tepeln\u00fdm \u010derpadlom. Bat\u00e9ria si m\u00e1 zachova\u0165 90 % p\u00f4vodnej kapacity aj po 10 rokoch pou\u017e\u00edvania, alebo po n\u00e1jazde 240 000 km.<\/p>\n\n\n\n<p>V interi\u00e9ri tejto novinky je dostatok priestoru pre p\u00e4\u0165 dospel\u00fdch cestuj\u00facich. Pou\u017e\u00edvaj\u00fa sa tu m\u00e4kk\u00e9 text\u00fary, na dotyk pr\u00edjemn\u00e9 tkaniny a vysoko kvalitn\u00e1 \u00faprava povrchu dielov interi\u00e9ru.<\/p>\n\n\n\n<p>V najvy\u0161\u0161ej verzii bude&nbsp;<strong>Toyota bZ4X<\/strong>&nbsp;pon\u00fakan\u00e1 s volantom vyroben\u00fdm vo forme podobnej ako u lietadiel. Syst\u00e9m<strong><em>&nbsp;<\/em><\/strong><em>e<\/em>lektronick\u00e9ho riadenia&nbsp;<strong>One Motion Grip<\/strong>&nbsp;pon\u00faka ovl\u00e1danie vozidla \u201e po dr\u00f4te\u201c, bez mechanick\u00e9ho prepojenia ovl\u00e1dac\u00edch elementov a&nbsp;v\u00fdkonn\u00fdch jednotiek ( anal\u00f3g leteck\u00e9ho \u201c<strong>Fly by wire<\/strong>\u201c). Pod\u013ea \u0161pecialistov spolo\u010dnosti t\u00e1to mo\u017enos\u0165 eliminuje potrebu meni\u0165 polohu r\u00fak na volante pri jazde v z\u00e1krut\u00e1ch, parkovan\u00ed, alebo na k\u013eukat\u00fdch &nbsp;cest\u00e1ch.<\/p>\n\n\n\n<figure class=\"wp-block-gallery columns-3 is-cropped wp-block-gallery-5 is-layout-flex wp-block-gallery-is-layout-flex\"><ul class=\"blocks-gallery-grid\"><li class=\"blocks-gallery-item\"><figure><img decoding=\"async\" src=\"https:\/\/www.elektro-vozidla.sk\/wp-content\/uploads\/2021\/10\/image-189.png\" alt=\"\" data-id=\"3061\" class=\"wp-image-3061\"\/><\/figure><\/li><li class=\"blocks-gallery-item\"><figure><img decoding=\"async\" loading=\"lazy\" width=\"605\" height=\"400\" src=\"https:\/\/web.gtischarging.sk\/wp-content\/uploads\/2021\/11\/image-183-1.png\" alt=\"\" data-id=\"3120\" data-link=\"https:\/\/web.gtischarging.sk\/?attachment_id=3120\" class=\"wp-image-3120\" srcset=\"https:\/\/web.gtischarging.sk\/wp-content\/uploads\/2021\/11\/image-183-1.png 605w, https:\/\/web.gtischarging.sk\/wp-content\/uploads\/2021\/11\/image-183-1-300x198.png 300w\" sizes=\"(max-width: 605px) 100vw, 605px\" \/><\/figure><\/li><li class=\"blocks-gallery-item\"><figure><img decoding=\"async\" loading=\"lazy\" width=\"605\" height=\"400\" src=\"https:\/\/web.gtischarging.sk\/wp-content\/uploads\/2021\/11\/image-187.png\" alt=\"\" data-id=\"3121\" data-full-url=\"https:\/\/web.gtischarging.sk\/wp-content\/uploads\/2021\/11\/image-187.png\" data-link=\"https:\/\/web.gtischarging.sk\/?attachment_id=3121\" class=\"wp-image-3121\" srcset=\"https:\/\/web.gtischarging.sk\/wp-content\/uploads\/2021\/11\/image-187.png 605w, https:\/\/web.gtischarging.sk\/wp-content\/uploads\/2021\/11\/image-187-300x198.png 300w\" sizes=\"(max-width: 605px) 100vw, 605px\" \/><\/figure><\/li><\/ul><\/figure>\n\n\n\n<p>Inovat\u00edvna technol\u00f3gia tie\u017e ochr\u00e1ni vodi\u010da od vibr\u00e1ci\u00ed vych\u00e1dzaj\u00facich z povrchu vozovky. Okrem toho &nbsp;v interi\u00e9ri up\u00fata aj zv\u00fd\u0161en\u00e1 digit\u00e1lna pr\u00edstrojov\u00e1 doska, ktor\u00e1 umo\u017e\u0148uje v\u00fdborn\u00fa \u010ditate\u013enos\u0165 \u00fadajov,&nbsp; ve\u013ek\u00e1 presklen\u00e1 plocha kab\u00edny a mas\u00edvna obrazovka multimedi\u00e1lneho syst\u00e9mu.<\/p>\n\n\n\n<p>Model sa stal prv\u00fdm zo siedmich elektrick\u00fdch vozidiel pod zna\u010dkou\u00a0<strong>bZ<\/strong>, ktor\u00e9 pl\u00e1nuje\u00a0<a href=\"https:\/\/newsroom.toyota.eu\/world-premiere-of-the-all-new-toyota-bz4x\/\"><strong>Toyota<\/strong>\u00a0<\/a>uvies\u0165 \u00a0do roku 2025. Automobilka potvrdila, \u017ee debut modelu pre Eur\u00f3pu sa uskuto\u010dn\u00ed 2. decembra 2021, kr\u00e1tko pred spusten\u00edm \u0161peci\u00e1lnej online rezerva\u010dnej slu\u017eby. \u0160tart predaja je napl\u00e1novan\u00fd na 2022.<\/p>\n\n\n\n<figure class=\"wp-block-gallery columns-3 is-cropped wp-block-gallery-7 is-layout-flex wp-block-gallery-is-layout-flex\"><ul class=\"blocks-gallery-grid\"><li class=\"blocks-gallery-item\"><figure><img decoding=\"async\" loading=\"lazy\" width=\"908\" height=\"600\" src=\"https:\/\/web.gtischarging.sk\/wp-content\/uploads\/2021\/11\/2feb6c27fbc8a0e11602e1581f40a78dae8d04f2.jpg\" alt=\"\" data-id=\"3125\" data-link=\"https:\/\/web.gtischarging.sk\/?attachment_id=3125\" class=\"wp-image-3125\" srcset=\"https:\/\/web.gtischarging.sk\/wp-content\/uploads\/2021\/11\/2feb6c27fbc8a0e11602e1581f40a78dae8d04f2.jpg 908w, https:\/\/web.gtischarging.sk\/wp-content\/uploads\/2021\/11\/2feb6c27fbc8a0e11602e1581f40a78dae8d04f2-300x198.jpg 300w, https:\/\/web.gtischarging.sk\/wp-content\/uploads\/2021\/11\/2feb6c27fbc8a0e11602e1581f40a78dae8d04f2-768x507.jpg 768w\" sizes=\"(max-width: 908px) 100vw, 908px\" \/><\/figure><\/li><li class=\"blocks-gallery-item\"><figure><img decoding=\"async\" loading=\"lazy\" width=\"908\" height=\"600\" src=\"https:\/\/web.gtischarging.sk\/wp-content\/uploads\/2021\/11\/64c94b5830f12e709e57a58759f79e08ecd8e373.jpg\" alt=\"\" data-id=\"3126\" data-link=\"https:\/\/web.gtischarging.sk\/?attachment_id=3126\" class=\"wp-image-3126\" srcset=\"https:\/\/web.gtischarging.sk\/wp-content\/uploads\/2021\/11\/64c94b5830f12e709e57a58759f79e08ecd8e373.jpg 908w, https:\/\/web.gtischarging.sk\/wp-content\/uploads\/2021\/11\/64c94b5830f12e709e57a58759f79e08ecd8e373-300x198.jpg 300w, https:\/\/web.gtischarging.sk\/wp-content\/uploads\/2021\/11\/64c94b5830f12e709e57a58759f79e08ecd8e373-768x507.jpg 768w\" sizes=\"(max-width: 908px) 100vw, 908px\" \/><\/figure><\/li><li class=\"blocks-gallery-item\"><figure><img decoding=\"async\" loading=\"lazy\" width=\"908\" height=\"600\" src=\"https:\/\/web.gtischarging.sk\/wp-content\/uploads\/2021\/11\/56b3bb26deb7be1da8022abf6d22fd284eef0aba.jpg\" alt=\"\" data-id=\"3127\" data-full-url=\"https:\/\/web.gtischarging.sk\/wp-content\/uploads\/2021\/11\/56b3bb26deb7be1da8022abf6d22fd284eef0aba.jpg\" data-link=\"https:\/\/web.gtischarging.sk\/?attachment_id=3127\" class=\"wp-image-3127\" srcset=\"https:\/\/web.gtischarging.sk\/wp-content\/uploads\/2021\/11\/56b3bb26deb7be1da8022abf6d22fd284eef0aba.jpg 908w, https:\/\/web.gtischarging.sk\/wp-content\/uploads\/2021\/11\/56b3bb26deb7be1da8022abf6d22fd284eef0aba-300x198.jpg 300w, https:\/\/web.gtischarging.sk\/wp-content\/uploads\/2021\/11\/56b3bb26deb7be1da8022abf6d22fd284eef0aba-768x507.jpg 768w\" sizes=\"(max-width: 908px) 100vw, 908px\" \/><\/figure><\/li><\/ul><\/figure>\n\n\n\n<p>Zdroj<br><a href=\"https:\/\/www.elektro-vozidla.sk\/toyota-predstavila-novy-elektricky-crossover-toyota-bz4x\/\" target=\"_blank\" rel=\"noreferrer noopener\">elektro-vozidla<\/a><\/p>\n","protected":false},"excerpt":{"rendered":"<p>Toyota predstavila elektrick\u00e9 kompaktn\u00e9 SUV \u2013 Toyota bZ4X Uvedenie &nbsp;Toyoty bZ4X&nbsp;ozna\u010duje za\u010diatok novej kapitoly v modernej hist\u00f3rii&nbsp;Toyoty. Aj ke\u010f japonsk\u00e1 zna\u010dka je v&nbsp;ur\u010ditej miere priekopn\u00edkom elektrifik\u00e1cie dopravy prostredn\u00edctvom ve\u013emi vydaren\u00fdch a&nbsp;masovo vyr\u00e1ban\u00fdch hybridov ako&#46;&#46;&#46;<\/p>\n","protected":false},"author":8,"featured_media":0,"parent":0,"menu_order":0,"comment_status":"closed","ping_status":"closed","template":"","meta":{"footnotes":""},"yoast_head":"<!-- This site is optimized with the Yoast SEO plugin v20.4 - https:\/\/yoast.com\/wordpress\/plugins\/seo\/ -->\n<title>Toyota bZ4X - gtischarging.sk<\/title>\n<meta name=\"description\" content=\"Uvedenie \u00a0Toyoty bZ4X\u00a0ozna\u010duje za\u010diatok novej kapitoly v modernej hist\u00f3rii\u00a0Toyoty.\" \/>\n<meta name=\"robots\" content=\"index, follow, max-snippet:-1, max-image-preview:large, max-video-preview:-1\" \/>\n<link rel=\"canonical\" href=\"https:\/\/web.gtischarging.sk\/index.php\/toyota-bz4x\/\" \/>\n<meta property=\"og:locale\" content=\"cs_CZ\" \/>\n<meta property=\"og:type\" content=\"article\" \/>\n<meta property=\"og:title\" content=\"Toyota bZ4X - gtischarging.sk\" \/>\n<meta property=\"og:description\" content=\"Uvedenie \u00a0Toyoty bZ4X\u00a0ozna\u010duje za\u010diatok novej kapitoly v modernej hist\u00f3rii\u00a0Toyoty.\" \/>\n<meta property=\"og:url\" content=\"https:\/\/web.gtischarging.sk\/index.php\/toyota-bz4x\/\" \/>\n<meta property=\"og:site_name\" content=\"gtischarging.sk\" \/>\n<meta property=\"article:publisher\" content=\"https:\/\/www.facebook.com\/gtischarging\" \/>\n<meta property=\"article:modified_time\" content=\"2021-11-30T13:23:28+00:00\" \/>\n<meta property=\"og:image\" content=\"https:\/\/web.gtischarging.sk\/wp-content\/uploads\/2021\/11\/toyota-title-1024x428.jpg\" \/>\n<meta name=\"twitter:card\" content=\"summary_large_image\" \/>\n<meta name=\"twitter:label1\" content=\"Odhadovan\u00e1 doba \u010dten\u00ed\" \/>\n\t<meta name=\"twitter:data1\" content=\"6 minut\" \/>\n<script type=\"application\/ld+json\" class=\"yoast-schema-graph\">{\"@context\":\"https:\/\/schema.org\",\"@graph\":[{\"@type\":\"WebPage\",\"@id\":\"https:\/\/web.gtischarging.sk\/index.php\/toyota-bz4x\/\",\"url\":\"https:\/\/web.gtischarging.sk\/index.php\/toyota-bz4x\/\",\"name\":\"Toyota bZ4X - gtischarging.sk\",\"isPartOf\":{\"@id\":\"https:\/\/web.gtischarging.sk\/#website\"},\"datePublished\":\"2021-11-30T13:23:25+00:00\",\"dateModified\":\"2021-11-30T13:23:28+00:00\",\"description\":\"Uvedenie \u00a0Toyoty bZ4X\u00a0ozna\u010duje za\u010diatok novej kapitoly v modernej hist\u00f3rii\u00a0Toyoty.\",\"breadcrumb\":{\"@id\":\"https:\/\/web.gtischarging.sk\/index.php\/toyota-bz4x\/#breadcrumb\"},\"inLanguage\":\"cs\",\"potentialAction\":[{\"@type\":\"ReadAction\",\"target\":[\"https:\/\/web.gtischarging.sk\/index.php\/toyota-bz4x\/\"]}]},{\"@type\":\"BreadcrumbList\",\"@id\":\"https:\/\/web.gtischarging.sk\/index.php\/toyota-bz4x\/#breadcrumb\",\"itemListElement\":[{\"@type\":\"ListItem\",\"position\":1,\"name\":\"Dom\u016f\",\"item\":\"https:\/\/web.gtischarging.sk\/\"},{\"@type\":\"ListItem\",\"position\":2,\"name\":\"Toyota bZ4X\"}]},{\"@type\":\"WebSite\",\"@id\":\"https:\/\/web.gtischarging.sk\/#website\",\"url\":\"https:\/\/web.gtischarging.sk\/\",\"name\":\"gtischarging.sk\",\"description\":\"U n\u00e1s sta\u010d\u00ed prilo\u017ei\u0165 platobn\u00fa kartu\",\"publisher\":{\"@id\":\"https:\/\/web.gtischarging.sk\/#organization\"},\"potentialAction\":[{\"@type\":\"SearchAction\",\"target\":{\"@type\":\"EntryPoint\",\"urlTemplate\":\"https:\/\/web.gtischarging.sk\/?s={search_term_string}\"},\"query-input\":\"required name=search_term_string\"}],\"inLanguage\":\"cs\"},{\"@type\":\"Organization\",\"@id\":\"https:\/\/web.gtischarging.sk\/#organization\",\"name\":\"GTIS charging\",\"url\":\"https:\/\/web.gtischarging.sk\/\",\"logo\":{\"@type\":\"ImageObject\",\"inLanguage\":\"cs\",\"@id\":\"https:\/\/web.gtischarging.sk\/#\/schema\/logo\/image\/\",\"url\":\"https:\/\/web.gtischarging.sk\/wp-content\/uploads\/2020\/03\/logo-180px.png\",\"contentUrl\":\"https:\/\/web.gtischarging.sk\/wp-content\/uploads\/2020\/03\/logo-180px.png\",\"width\":180,\"height\":123,\"caption\":\"GTIS charging\"},\"image\":{\"@id\":\"https:\/\/web.gtischarging.sk\/#\/schema\/logo\/image\/\"},\"sameAs\":[\"https:\/\/www.facebook.com\/gtischarging\"]}]}<\/script>\n<!-- \/ Yoast SEO plugin. -->","yoast_head_json":{"title":"Toyota bZ4X - gtischarging.sk","description":"Uvedenie \u00a0Toyoty bZ4X\u00a0ozna\u010duje za\u010diatok novej kapitoly v modernej hist\u00f3rii\u00a0Toyoty.","robots":{"index":"index","follow":"follow","max-snippet":"max-snippet:-1","max-image-preview":"max-image-preview:large","max-video-preview":"max-video-preview:-1"},"canonical":"https:\/\/web.gtischarging.sk\/index.php\/toyota-bz4x\/","og_locale":"cs_CZ","og_type":"article","og_title":"Toyota bZ4X - gtischarging.sk","og_description":"Uvedenie \u00a0Toyoty bZ4X\u00a0ozna\u010duje za\u010diatok novej kapitoly v modernej hist\u00f3rii\u00a0Toyoty.","og_url":"https:\/\/web.gtischarging.sk\/index.php\/toyota-bz4x\/","og_site_name":"gtischarging.sk","article_publisher":"https:\/\/www.facebook.com\/gtischarging","article_modified_time":"2021-11-30T13:23:28+00:00","og_image":[{"url":"https:\/\/web.gtischarging.sk\/wp-content\/uploads\/2021\/11\/toyota-title-1024x428.jpg"}],"twitter_card":"summary_large_image","twitter_misc":{"Odhadovan\u00e1 doba \u010dten\u00ed":"6 minut"},"schema":{"@context":"https:\/\/schema.org","@graph":[{"@type":"WebPage","@id":"https:\/\/web.gtischarging.sk\/index.php\/toyota-bz4x\/","url":"https:\/\/web.gtischarging.sk\/index.php\/toyota-bz4x\/","name":"Toyota bZ4X - gtischarging.sk","isPartOf":{"@id":"https:\/\/web.gtischarging.sk\/#website"},"datePublished":"2021-11-30T13:23:25+00:00","dateModified":"2021-11-30T13:23:28+00:00","description":"Uvedenie \u00a0Toyoty bZ4X\u00a0ozna\u010duje za\u010diatok novej kapitoly v modernej hist\u00f3rii\u00a0Toyoty.","breadcrumb":{"@id":"https:\/\/web.gtischarging.sk\/index.php\/toyota-bz4x\/#breadcrumb"},"inLanguage":"cs","potentialAction":[{"@type":"ReadAction","target":["https:\/\/web.gtischarging.sk\/index.php\/toyota-bz4x\/"]}]},{"@type":"BreadcrumbList","@id":"https:\/\/web.gtischarging.sk\/index.php\/toyota-bz4x\/#breadcrumb","itemListElement":[{"@type":"ListItem","position":1,"name":"Dom\u016f","item":"https:\/\/web.gtischarging.sk\/"},{"@type":"ListItem","position":2,"name":"Toyota bZ4X"}]},{"@type":"WebSite","@id":"https:\/\/web.gtischarging.sk\/#website","url":"https:\/\/web.gtischarging.sk\/","name":"gtischarging.sk","description":"U n\u00e1s sta\u010d\u00ed prilo\u017ei\u0165 platobn\u00fa kartu","publisher":{"@id":"https:\/\/web.gtischarging.sk\/#organization"},"potentialAction":[{"@type":"SearchAction","target":{"@type":"EntryPoint","urlTemplate":"https:\/\/web.gtischarging.sk\/?s={search_term_string}"},"query-input":"required name=search_term_string"}],"inLanguage":"cs"},{"@type":"Organization","@id":"https:\/\/web.gtischarging.sk\/#organization","name":"GTIS charging","url":"https:\/\/web.gtischarging.sk\/","logo":{"@type":"ImageObject","inLanguage":"cs","@id":"https:\/\/web.gtischarging.sk\/#\/schema\/logo\/image\/","url":"https:\/\/web.gtischarging.sk\/wp-content\/uploads\/2020\/03\/logo-180px.png","contentUrl":"https:\/\/web.gtischarging.sk\/wp-content\/uploads\/2020\/03\/logo-180px.png","width":180,"height":123,"caption":"GTIS charging"},"image":{"@id":"https:\/\/web.gtischarging.sk\/#\/schema\/logo\/image\/"},"sameAs":["https:\/\/www.facebook.com\/gtischarging"]}]}},"_links":{"self":[{"href":"https:\/\/web.gtischarging.sk\/index.php\/wp-json\/wp\/v2\/pages\/3046"}],"collection":[{"href":"https:\/\/web.gtischarging.sk\/index.php\/wp-json\/wp\/v2\/pages"}],"about":[{"href":"https:\/\/web.gtischarging.sk\/index.php\/wp-json\/wp\/v2\/types\/page"}],"author":[{"embeddable":true,"href":"https:\/\/web.gtischarging.sk\/index.php\/wp-json\/wp\/v2\/users\/8"}],"replies":[{"embeddable":true,"href":"https:\/\/web.gtischarging.sk\/index.php\/wp-json\/wp\/v2\/comments?post=3046"}],"version-history":[{"count":3,"href":"https:\/\/web.gtischarging.sk\/index.php\/wp-json\/wp\/v2\/pages\/3046\/revisions"}],"predecessor-version":[{"id":3128,"href":"https:\/\/web.gtischarging.sk\/index.php\/wp-json\/wp\/v2\/pages\/3046\/revisions\/3128"}],"wp:attachment":[{"href":"https:\/\/web.gtischarging.sk\/index.php\/wp-json\/wp\/v2\/media?parent=3046"}],"curies":[{"name":"wp","href":"https:\/\/api.w.org\/{rel}","templated":true}]}}