 {"id":2972,"date":"2021-10-13T14:50:01","date_gmt":"2021-10-13T12:50:01","guid":{"rendered":"https:\/\/web.gtischarging.sk\/?page_id=2972"},"modified":"2021-10-13T15:01:58","modified_gmt":"2021-10-13T13:01:58","slug":"renault-jiangling-yi","status":"publish","type":"page","link":"https:\/\/web.gtischarging.sk\/index.php\/renault-jiangling-yi\/","title":{"rendered":"Renault Jiangling Yi"},"content":{"rendered":"\n<div class=\"wp-block-image\"><figure class=\"aligncenter size-large\"><img decoding=\"async\" loading=\"lazy\" width=\"1024\" height=\"432\" src=\"https:\/\/web.gtischarging.sk\/wp-content\/uploads\/2021\/10\/image-184-1-1024x432.png\" alt=\"\" class=\"wp-image-2974\" srcset=\"https:\/\/web.gtischarging.sk\/wp-content\/uploads\/2021\/10\/image-184-1-1024x432.png 1024w, https:\/\/web.gtischarging.sk\/wp-content\/uploads\/2021\/10\/image-184-1-300x126.png 300w, https:\/\/web.gtischarging.sk\/wp-content\/uploads\/2021\/10\/image-184-1-768x324.png 768w, https:\/\/web.gtischarging.sk\/wp-content\/uploads\/2021\/10\/image-184-1.png 1400w\" sizes=\"(max-width: 1024px) 100vw, 1024px\" \/><\/figure><\/div>\n\n\n\n<h1 class=\"has-text-align-center wp-block-heading\">Elektrick\u00fd sedan Renault Jiangling Yi dostal pohon v\u0161etk\u00fdch kolies<\/h1>\n\n\n\n<p>E\u0161te v\u00a0<strong>apr\u00edli 2021 RENAULT<\/strong>\u00a0spolu s\u00a0\u010d\u00ednskym v\u00fdrobcom automobilov\u00a0\u00a0<strong><a href=\"https:\/\/www.jmc.com.cn\/index.html\">Jiangling<\/a><\/strong>\u00a0predstavil koncept nov\u00e9ho elektrick\u00e9ho sedanu\u00a0<strong>Yi<\/strong>.\u00a0Elektrick\u00fd \u0161tvordverov\u00fd sedan, ktor\u00fd bol v Eur\u00f3pe uveden\u00fd pod zna\u010dkou\u00a0<a href=\"https:\/\/web.gtischarging.sk\/index.php\/renault-mobilize-limo\/\">Mobilize Limo<\/a>\u00a0vst\u00fapil na \u010d\u00ednsky trh pod n\u00e1zvom\u00a0<strong>Renault Jiangling Yi<\/strong>\u00a0a\u00a0bol predstaven\u00fd\u00a0 ako \u201einteligentn\u00e9 kup\u00e9\u201c. Na rozdiel od \u201ceur\u00f3psko-franc\u00fazskej strat\u00e9gie\u201d sa v\u00a0\u010c\u00edne elektrick\u00fd sedan u\u017e pred\u00e1va a\u00a0to \u00a0za ceny od 139 800 do 195,800 Yuanov (<strong>18 443 EUR\u00a0<\/strong>\u2013\u00a0<strong>25 830 EUR\u00a0<\/strong>po prepo\u010dte aktu\u00e1lnym kurzom NBS ).<\/p>\n\n\n\n<p>Dizajn&nbsp;<strong>Renault Jiangling Yi<\/strong>&nbsp;sa zhoduje s&nbsp;eur\u00f3pskym s\u00farodencom&nbsp;<a href=\"https:\/\/web.gtischarging.sk\/index.php\/renault-mobilize-limo\/\">Mobilize Limo&nbsp;<\/a>aj ke\u010f rozmery nie s\u00fa presne rovnak\u00e9: d\u013a\u017eka \u2013&nbsp;<strong>4675 mm<\/strong>&nbsp;(+ 5 mm), \u0161\u00edrka \u2013&nbsp;<strong>1835mm<\/strong>&nbsp;(+5 mm), v\u00fd\u0161ka \u2013&nbsp;<strong>1480mm<\/strong>&nbsp;(+ 10mm), r\u00e1zvor os\u00ed n\u00e1prav \u2013&nbsp;<strong>2750mm<\/strong>&nbsp;(je rovnak\u00fd). Rozmer kolies je 18 palcov a pneumatiky Michelin Primacy 4 maj\u00fa ve\u013ekos\u0165 225\/45 R18. Na kapote a veku bato\u017einov\u00e9ho priestoru sa nach\u00e1dza logo JMEV, spolo\u010dn\u00e9ho podniku&nbsp;<strong>Renault<\/strong>&nbsp;a&nbsp;<strong>Jiangling Motors.<\/strong><\/p>\n\n\n\n<figure class=\"wp-block-gallery aligncenter columns-3 is-cropped wp-block-gallery-1 is-layout-flex wp-block-gallery-is-layout-flex\"><ul class=\"blocks-gallery-grid\"><li class=\"blocks-gallery-item\"><figure><img decoding=\"async\" loading=\"lazy\" width=\"605\" height=\"454\" src=\"https:\/\/web.gtischarging.sk\/wp-content\/uploads\/2021\/10\/image-172.png\" alt=\"\" data-id=\"2975\" data-link=\"https:\/\/web.gtischarging.sk\/?attachment_id=2975\" class=\"wp-image-2975\" srcset=\"https:\/\/web.gtischarging.sk\/wp-content\/uploads\/2021\/10\/image-172.png 605w, https:\/\/web.gtischarging.sk\/wp-content\/uploads\/2021\/10\/image-172-300x225.png 300w\" sizes=\"(max-width: 605px) 100vw, 605px\" \/><\/figure><\/li><li class=\"blocks-gallery-item\"><figure><img decoding=\"async\" loading=\"lazy\" width=\"605\" height=\"454\" src=\"https:\/\/web.gtischarging.sk\/wp-content\/uploads\/2021\/10\/image-176.png\" alt=\"\" data-id=\"2976\" data-link=\"https:\/\/web.gtischarging.sk\/?attachment_id=2976\" class=\"wp-image-2976\" srcset=\"https:\/\/web.gtischarging.sk\/wp-content\/uploads\/2021\/10\/image-176.png 605w, https:\/\/web.gtischarging.sk\/wp-content\/uploads\/2021\/10\/image-176-300x225.png 300w\" sizes=\"(max-width: 605px) 100vw, 605px\" \/><\/figure><\/li><li class=\"blocks-gallery-item\"><figure><img decoding=\"async\" loading=\"lazy\" width=\"1024\" height=\"768\" src=\"https:\/\/web.gtischarging.sk\/wp-content\/uploads\/2021\/10\/60798e435f5f1b766adb425e-1-1024x768.jpg\" alt=\"\" data-id=\"2978\" data-full-url=\"https:\/\/web.gtischarging.sk\/wp-content\/uploads\/2021\/10\/60798e435f5f1b766adb425e-1.jpg\" data-link=\"https:\/\/web.gtischarging.sk\/?attachment_id=2978\" class=\"wp-image-2978\" srcset=\"https:\/\/web.gtischarging.sk\/wp-content\/uploads\/2021\/10\/60798e435f5f1b766adb425e-1-1024x768.jpg 1024w, https:\/\/web.gtischarging.sk\/wp-content\/uploads\/2021\/10\/60798e435f5f1b766adb425e-1-300x225.jpg 300w, https:\/\/web.gtischarging.sk\/wp-content\/uploads\/2021\/10\/60798e435f5f1b766adb425e-1-768x576.jpg 768w, https:\/\/web.gtischarging.sk\/wp-content\/uploads\/2021\/10\/60798e435f5f1b766adb425e-1-1536x1152.jpg 1536w, https:\/\/web.gtischarging.sk\/wp-content\/uploads\/2021\/10\/60798e435f5f1b766adb425e-1.jpg 2000w\" sizes=\"(max-width: 1024px) 100vw, 1024px\" \/><\/figure><\/li><\/ul><\/figure>\n\n\n\n<p>Z\u00e1kladn\u00e1 verzia&nbsp;<strong>Yi&nbsp;<\/strong>opakuje&nbsp;<strong>Limo<\/strong>: V\u00fdkon \u2013&nbsp;<strong>110 kW<\/strong>&nbsp;(150 kon\u00ed,&nbsp;<strong>225 Nm<\/strong>), dojazd \u2013&nbsp;<strong>500 km<\/strong>&nbsp;(NEDC). Dvojmotorov\u00e1 verzia s pohonom v\u0161etk\u00fdch kolies, ktor\u00e1 zatia\u013e nie je v&nbsp;Eur\u00f3pe pon\u00fakan\u00e1, vyv\u00edja zdru\u017een\u00fd v\u00fdkon&nbsp;<strong>170 kW&nbsp;<\/strong>(231kon\u00ed, kr\u00fatiaci moment&nbsp;<strong>395 Nm<\/strong>) a zr\u00fdch\u013euje z nuly na 100km\/h za&nbsp;<strong>5,8 sekundy<\/strong>, ale m\u00e1 dojazd len&nbsp;<strong>450 km<\/strong>.<\/p>\n\n\n\n<p>Nab\u00edjanie z&nbsp;0 na100% kapacity vy\u017eaduje 8-10 hod\u00edn, ale<strong>&nbsp;z 30% na 80% kapacity<\/strong>&nbsp;bat\u00e9rie je mo\u017en\u00e9 uskuto\u010dni\u0165 z&nbsp;r\u00fdchlej DC nab\u00edja\u010dky&nbsp;<strong>za pol hodiny<\/strong>.<\/p>\n\n\n\n<figure class=\"wp-block-gallery aligncenter columns-3 is-cropped wp-block-gallery-3 is-layout-flex wp-block-gallery-is-layout-flex\"><ul class=\"blocks-gallery-grid\"><li class=\"blocks-gallery-item\"><figure><img decoding=\"async\" src=\"https:\/\/www.elektro-vozidla.sk\/wp-content\/uploads\/2021\/09\/image-178.png\" alt=\"\" data-id=\"2761\" class=\"wp-image-2761\"\/><\/figure><\/li><li class=\"blocks-gallery-item\"><figure><img decoding=\"async\" loading=\"lazy\" width=\"1024\" height=\"768\" src=\"https:\/\/web.gtischarging.sk\/wp-content\/uploads\/2021\/10\/61516f740a266718b1dee142-1024x768.jpg\" alt=\"\" data-id=\"2979\" data-full-url=\"https:\/\/web.gtischarging.sk\/wp-content\/uploads\/2021\/10\/61516f740a266718b1dee142.jpg\" data-link=\"https:\/\/web.gtischarging.sk\/?attachment_id=2979\" class=\"wp-image-2979\" srcset=\"https:\/\/web.gtischarging.sk\/wp-content\/uploads\/2021\/10\/61516f740a266718b1dee142-1024x768.jpg 1024w, https:\/\/web.gtischarging.sk\/wp-content\/uploads\/2021\/10\/61516f740a266718b1dee142-300x225.jpg 300w, https:\/\/web.gtischarging.sk\/wp-content\/uploads\/2021\/10\/61516f740a266718b1dee142-768x576.jpg 768w, https:\/\/web.gtischarging.sk\/wp-content\/uploads\/2021\/10\/61516f740a266718b1dee142-1536x1152.jpg 1536w, https:\/\/web.gtischarging.sk\/wp-content\/uploads\/2021\/10\/61516f740a266718b1dee142.jpg 2000w\" sizes=\"(max-width: 1024px) 100vw, 1024px\" \/><\/figure><\/li><li class=\"blocks-gallery-item\"><figure><img decoding=\"async\" loading=\"lazy\" width=\"1024\" height=\"768\" src=\"https:\/\/web.gtischarging.sk\/wp-content\/uploads\/2021\/10\/61516f7794212962a0efee49-1024x768.jpg\" alt=\"\" data-id=\"2980\" data-full-url=\"https:\/\/web.gtischarging.sk\/wp-content\/uploads\/2021\/10\/61516f7794212962a0efee49.jpg\" data-link=\"https:\/\/web.gtischarging.sk\/?attachment_id=2980\" class=\"wp-image-2980\" srcset=\"https:\/\/web.gtischarging.sk\/wp-content\/uploads\/2021\/10\/61516f7794212962a0efee49-1024x768.jpg 1024w, https:\/\/web.gtischarging.sk\/wp-content\/uploads\/2021\/10\/61516f7794212962a0efee49-300x225.jpg 300w, https:\/\/web.gtischarging.sk\/wp-content\/uploads\/2021\/10\/61516f7794212962a0efee49-768x576.jpg 768w, https:\/\/web.gtischarging.sk\/wp-content\/uploads\/2021\/10\/61516f7794212962a0efee49-1536x1152.jpg 1536w, https:\/\/web.gtischarging.sk\/wp-content\/uploads\/2021\/10\/61516f7794212962a0efee49.jpg 2000w\" sizes=\"(max-width: 1024px) 100vw, 1024px\" \/><\/figure><\/li><\/ul><\/figure>\n\n\n\n<p>S\u00fa\u010das\u0165ou elektrick\u00e9ho sedanu s\u00fa 2 displeje na palubnej doske spojen\u00e9 do jednej zdru\u017eenej obrazovky. Franc\u00fazsko-\u010d\u00ednska novinka je vybaven\u00e1 sedadlami s&nbsp;eko-ko\u017een\u00fdm \u010dal\u00fanen\u00edm, dvojz\u00f3novou klimatiz\u00e1ciou, tla\u010didlom \u0161tartu motora, multi-funk\u010dn\u00fdm volantom a \u010fal\u0161\u00edmi mo\u017enos\u0165ami. Vstavan\u00e1 elektronika podporuje ovl\u00e1danie niektor\u00fdch funkcii gestami. Tie\u017e novinka dostala skryt\u00e9 k\u013eu\u010dky dver\u00ed s elektrick\u00fdm pohonom a matricov\u00fa&nbsp; optiku na b\u00e1ze LED di\u00f3d. Okrem toho sa pon\u00faka aj panoramatick\u00e9 presklenie strechy auta.<\/p>\n\n\n\n<p>V komplexe Ezoom-Pilot 3.0 sa zhroma\u017e\u010fuje tucet pokro\u010dil\u00fdch bezpe\u010dnostn\u00fdch syst\u00e9mov. Pod ozna\u010den\u00edm E.C.H.O. sa skr\u00fdvaj\u00fa adapt\u00edvne matricov\u00e9 svetlomety, bezk\u013e\u00fa\u010dov\u00fd pr\u00edstup (pomocou smartf\u00f3nu), dvojfarebn\u00e9 prevedenie karos\u00e9rie. Volite\u013en\u00e1 sada SF obsahuje dekor\u00e1cie s \u010derven\u00fdmi akcentmi a&nbsp;prvky s napodoben\u00edm uhl\u00edkov\u00fdch vl\u00e1kien. Dvojmotorov\u00fd&nbsp;<strong>Yi<\/strong>&nbsp;bude k&nbsp;dispoz\u00edcii od novembra 2021.<\/p>\n\n\n\n<figure class=\"wp-block-gallery columns-3 is-cropped wp-block-gallery-5 is-layout-flex wp-block-gallery-is-layout-flex\"><ul class=\"blocks-gallery-grid\"><li class=\"blocks-gallery-item\"><figure><img decoding=\"async\" src=\"https:\/\/www.elektro-vozidla.sk\/wp-content\/uploads\/2021\/09\/image-182.png\" alt=\"\" data-id=\"2765\" class=\"wp-image-2765\"\/><\/figure><\/li><li class=\"blocks-gallery-item\"><figure><img decoding=\"async\" loading=\"lazy\" width=\"1024\" height=\"768\" src=\"https:\/\/web.gtischarging.sk\/wp-content\/uploads\/2021\/10\/61516f7594212962a0efee47-1024x768.jpg\" alt=\"\" data-id=\"2981\" data-link=\"https:\/\/web.gtischarging.sk\/?attachment_id=2981\" class=\"wp-image-2981\" srcset=\"https:\/\/web.gtischarging.sk\/wp-content\/uploads\/2021\/10\/61516f7594212962a0efee47-1024x768.jpg 1024w, https:\/\/web.gtischarging.sk\/wp-content\/uploads\/2021\/10\/61516f7594212962a0efee47-300x225.jpg 300w, https:\/\/web.gtischarging.sk\/wp-content\/uploads\/2021\/10\/61516f7594212962a0efee47-768x576.jpg 768w, https:\/\/web.gtischarging.sk\/wp-content\/uploads\/2021\/10\/61516f7594212962a0efee47-1536x1152.jpg 1536w, https:\/\/web.gtischarging.sk\/wp-content\/uploads\/2021\/10\/61516f7594212962a0efee47.jpg 2000w\" sizes=\"(max-width: 1024px) 100vw, 1024px\" \/><\/figure><\/li><li class=\"blocks-gallery-item\"><figure><img decoding=\"async\" loading=\"lazy\" width=\"1024\" height=\"768\" src=\"https:\/\/web.gtischarging.sk\/wp-content\/uploads\/2021\/10\/61516f7594212962a0efee48-1-1024x768.jpg\" alt=\"\" data-id=\"2983\" data-link=\"https:\/\/web.gtischarging.sk\/?attachment_id=2983\" class=\"wp-image-2983\" srcset=\"https:\/\/web.gtischarging.sk\/wp-content\/uploads\/2021\/10\/61516f7594212962a0efee48-1-1024x768.jpg 1024w, https:\/\/web.gtischarging.sk\/wp-content\/uploads\/2021\/10\/61516f7594212962a0efee48-1-300x225.jpg 300w, https:\/\/web.gtischarging.sk\/wp-content\/uploads\/2021\/10\/61516f7594212962a0efee48-1-768x576.jpg 768w, https:\/\/web.gtischarging.sk\/wp-content\/uploads\/2021\/10\/61516f7594212962a0efee48-1-1536x1152.jpg 1536w, https:\/\/web.gtischarging.sk\/wp-content\/uploads\/2021\/10\/61516f7594212962a0efee48-1.jpg 2000w\" sizes=\"(max-width: 1024px) 100vw, 1024px\" \/><\/figure><\/li><\/ul><\/figure>\n\n\n\n<p><strong>Renault Yi<\/strong>&nbsp;m\u00e1 charakteristiky a ceny&nbsp; porovnate\u013en\u00e9 s mnoh\u00fdmi \u010fal\u0161\u00edmi modelmi svojej triedy. Najm\u00e4&nbsp;<strong>Geometry A<\/strong>&nbsp;a&nbsp;<strong>Aion S<\/strong>&nbsp;sa vyzna\u010duj\u00fa podobn\u00fdmi charakteristikami. Av\u0161ak, iba&nbsp;<strong>RENAULT&nbsp;Jiangling<\/strong>&nbsp;<strong>Yi<\/strong>&nbsp;mo\u017eno zak\u00fapi\u0165 v dvojmotorovom preveden\u00ed.<\/p>\n\n\n\n<figure class=\"wp-block-gallery columns-2 is-cropped wp-block-gallery-7 is-layout-flex wp-block-gallery-is-layout-flex\"><ul class=\"blocks-gallery-grid\"><li class=\"blocks-gallery-item\"><figure><img decoding=\"async\" src=\"https:\/\/www.elektro-vozidla.sk\/wp-content\/uploads\/2021\/09\/image-184.png\" alt=\"\" data-id=\"2767\" class=\"wp-image-2767\"\/><\/figure><\/li><li class=\"blocks-gallery-item\"><figure><img decoding=\"async\" loading=\"lazy\" width=\"1024\" height=\"768\" src=\"https:\/\/web.gtischarging.sk\/wp-content\/uploads\/2021\/10\/61516f76a4e27718b03ad4dd-1024x768.jpg\" alt=\"\" data-id=\"2985\" data-full-url=\"https:\/\/web.gtischarging.sk\/wp-content\/uploads\/2021\/10\/61516f76a4e27718b03ad4dd.jpg\" data-link=\"https:\/\/web.gtischarging.sk\/?attachment_id=2985\" class=\"wp-image-2985\" srcset=\"https:\/\/web.gtischarging.sk\/wp-content\/uploads\/2021\/10\/61516f76a4e27718b03ad4dd-1024x768.jpg 1024w, https:\/\/web.gtischarging.sk\/wp-content\/uploads\/2021\/10\/61516f76a4e27718b03ad4dd-300x225.jpg 300w, https:\/\/web.gtischarging.sk\/wp-content\/uploads\/2021\/10\/61516f76a4e27718b03ad4dd-768x576.jpg 768w, https:\/\/web.gtischarging.sk\/wp-content\/uploads\/2021\/10\/61516f76a4e27718b03ad4dd-1536x1152.jpg 1536w, https:\/\/web.gtischarging.sk\/wp-content\/uploads\/2021\/10\/61516f76a4e27718b03ad4dd.jpg 2000w\" sizes=\"(max-width: 1024px) 100vw, 1024px\" \/><\/figure><\/li><\/ul><\/figure>\n\n\n\n<p>Pr\u00edbeh&nbsp;<a href=\"https:\/\/web.gtischarging.sk\/index.php\/renault-mobilize-limo\/\">Mobilize Limo<\/a>&nbsp;a jeho \u010d\u00ednskeho variantu&nbsp;<strong>Renault Jiangling Yi<\/strong>, je \u017eia\u013e typick\u00fdm pr\u00edkladom faktu, \u017ee na\u0161a milovan\u00e1 Eur\u00f3pa je naozaj \u201cStar\u00fd kontinent\u201d. Mo\u017eno nie a\u017e tak \u201cstar\u00fd\u201d, ako \u201czastaral\u00fd\u201d. Najm\u00e4, ak si d\u00e1me do porovnania pru\u017enos\u0165 a efekt\u00edvnos\u0165 \u010d\u00ednskeho a franc\u00fazskeho pr\u00edstupu k zav\u00e1dzaniu vysok\u00fdch technol\u00f3gii, ak\u00fdmi s\u00fa bezo sporu aj elektromobily. Tak\u00e9to pekn\u00e9 a modern\u00e9 aut\u00e1 u\u017e mali by\u0165 d\u00e1vno v maloobchodnom predaji a to po celej Eur\u00f3pe. Nu\u017e, ale \u010do sa divi\u0165, sta\u010d\u00ed si \u201c\u0165ukn\u00fa\u0165\u201d do internetu a zist\u00edme ak\u00e9 technick\u00e9 \u201ctalenty\u201d n\u00e1m to vl\u00e1dnu. \u017dia\u013e!<\/p>\n\n\n\n<p>Zdroj:&nbsp;<br><a href=\"https:\/\/www.drive.ru\/news\/61516f68968b256e9aaa92a6.html?utm_source=yxnews&amp;utm_medium=desktop\">drive<\/a> <a href=\"https:\/\/www.elektro-vozidla.sk\/elektricky-sedan-renault-jiangling-yi-dostal-pohon-vsetkych-kolies\/\">elektro-vozidla<\/a><\/p>\n","protected":false},"excerpt":{"rendered":"<p>Elektrick\u00fd sedan Renault Jiangling Yi dostal pohon v\u0161etk\u00fdch kolies E\u0161te v\u00a0apr\u00edli 2021 RENAULT\u00a0spolu s\u00a0\u010d\u00ednskym v\u00fdrobcom automobilov\u00a0\u00a0Jiangling\u00a0predstavil koncept nov\u00e9ho elektrick\u00e9ho sedanu\u00a0Yi.\u00a0Elektrick\u00fd \u0161tvordverov\u00fd sedan, ktor\u00fd bol v Eur\u00f3pe uveden\u00fd pod zna\u010dkou\u00a0Mobilize Limo\u00a0vst\u00fapil na \u010d\u00ednsky trh pod&#46;&#46;&#46;<\/p>\n","protected":false},"author":8,"featured_media":0,"parent":0,"menu_order":0,"comment_status":"closed","ping_status":"closed","template":"","meta":{"footnotes":""},"yoast_head":"<!-- This site is optimized with the Yoast SEO plugin v20.4 - https:\/\/yoast.com\/wordpress\/plugins\/seo\/ -->\n<title>Renault Jiangling Yi - gtischarging.sk<\/title>\n<meta name=\"description\" content=\"Elektrick\u00fd sedan, ktor\u00fd bol v Eur\u00f3pe uveden\u00fd ako Mobilize Limo vst\u00fapil na \u010d\u00ednsky trh s n\u00e1zvom Renault Jiangling Yi ako \u201einteligentn\u00e9 kup\u00e9\u201c.\" \/>\n<meta name=\"robots\" content=\"index, follow, max-snippet:-1, max-image-preview:large, max-video-preview:-1\" \/>\n<link rel=\"canonical\" href=\"https:\/\/web.gtischarging.sk\/index.php\/renault-jiangling-yi\/\" \/>\n<meta property=\"og:locale\" content=\"cs_CZ\" \/>\n<meta property=\"og:type\" content=\"article\" \/>\n<meta property=\"og:title\" content=\"Renault Jiangling Yi - gtischarging.sk\" \/>\n<meta property=\"og:description\" content=\"Elektrick\u00fd sedan, ktor\u00fd bol v Eur\u00f3pe uveden\u00fd ako Mobilize Limo vst\u00fapil na \u010d\u00ednsky trh s n\u00e1zvom Renault Jiangling Yi ako \u201einteligentn\u00e9 kup\u00e9\u201c.\" \/>\n<meta property=\"og:url\" content=\"https:\/\/web.gtischarging.sk\/index.php\/renault-jiangling-yi\/\" \/>\n<meta property=\"og:site_name\" content=\"gtischarging.sk\" \/>\n<meta property=\"article:publisher\" content=\"https:\/\/www.facebook.com\/gtischarging\" \/>\n<meta property=\"article:modified_time\" content=\"2021-10-13T13:01:58+00:00\" \/>\n<meta property=\"og:image\" content=\"https:\/\/web.gtischarging.sk\/wp-content\/uploads\/2021\/10\/image-184-1-1024x432.png\" \/>\n<meta name=\"twitter:card\" content=\"summary_large_image\" \/>\n<meta name=\"twitter:label1\" content=\"Odhadovan\u00e1 doba \u010dten\u00ed\" \/>\n\t<meta name=\"twitter:data1\" content=\"5 minut\" \/>\n<script type=\"application\/ld+json\" class=\"yoast-schema-graph\">{\"@context\":\"https:\/\/schema.org\",\"@graph\":[{\"@type\":\"WebPage\",\"@id\":\"https:\/\/web.gtischarging.sk\/index.php\/renault-jiangling-yi\/\",\"url\":\"https:\/\/web.gtischarging.sk\/index.php\/renault-jiangling-yi\/\",\"name\":\"Renault Jiangling Yi - gtischarging.sk\",\"isPartOf\":{\"@id\":\"https:\/\/web.gtischarging.sk\/#website\"},\"datePublished\":\"2021-10-13T12:50:01+00:00\",\"dateModified\":\"2021-10-13T13:01:58+00:00\",\"description\":\"Elektrick\u00fd sedan, ktor\u00fd bol v Eur\u00f3pe uveden\u00fd ako Mobilize Limo vst\u00fapil na \u010d\u00ednsky trh s n\u00e1zvom Renault Jiangling Yi ako \u201einteligentn\u00e9 kup\u00e9\u201c.\",\"breadcrumb\":{\"@id\":\"https:\/\/web.gtischarging.sk\/index.php\/renault-jiangling-yi\/#breadcrumb\"},\"inLanguage\":\"cs\",\"potentialAction\":[{\"@type\":\"ReadAction\",\"target\":[\"https:\/\/web.gtischarging.sk\/index.php\/renault-jiangling-yi\/\"]}]},{\"@type\":\"BreadcrumbList\",\"@id\":\"https:\/\/web.gtischarging.sk\/index.php\/renault-jiangling-yi\/#breadcrumb\",\"itemListElement\":[{\"@type\":\"ListItem\",\"position\":1,\"name\":\"Dom\u016f\",\"item\":\"https:\/\/web.gtischarging.sk\/\"},{\"@type\":\"ListItem\",\"position\":2,\"name\":\"Renault Jiangling Yi\"}]},{\"@type\":\"WebSite\",\"@id\":\"https:\/\/web.gtischarging.sk\/#website\",\"url\":\"https:\/\/web.gtischarging.sk\/\",\"name\":\"gtischarging.sk\",\"description\":\"U n\u00e1s sta\u010d\u00ed prilo\u017ei\u0165 platobn\u00fa kartu\",\"publisher\":{\"@id\":\"https:\/\/web.gtischarging.sk\/#organization\"},\"potentialAction\":[{\"@type\":\"SearchAction\",\"target\":{\"@type\":\"EntryPoint\",\"urlTemplate\":\"https:\/\/web.gtischarging.sk\/?s={search_term_string}\"},\"query-input\":\"required name=search_term_string\"}],\"inLanguage\":\"cs\"},{\"@type\":\"Organization\",\"@id\":\"https:\/\/web.gtischarging.sk\/#organization\",\"name\":\"GTIS charging\",\"url\":\"https:\/\/web.gtischarging.sk\/\",\"logo\":{\"@type\":\"ImageObject\",\"inLanguage\":\"cs\",\"@id\":\"https:\/\/web.gtischarging.sk\/#\/schema\/logo\/image\/\",\"url\":\"https:\/\/web.gtischarging.sk\/wp-content\/uploads\/2020\/03\/logo-180px.png\",\"contentUrl\":\"https:\/\/web.gtischarging.sk\/wp-content\/uploads\/2020\/03\/logo-180px.png\",\"width\":180,\"height\":123,\"caption\":\"GTIS charging\"},\"image\":{\"@id\":\"https:\/\/web.gtischarging.sk\/#\/schema\/logo\/image\/\"},\"sameAs\":[\"https:\/\/www.facebook.com\/gtischarging\"]}]}<\/script>\n<!-- \/ Yoast SEO plugin. -->","yoast_head_json":{"title":"Renault Jiangling Yi - gtischarging.sk","description":"Elektrick\u00fd sedan, ktor\u00fd bol v Eur\u00f3pe uveden\u00fd ako Mobilize Limo vst\u00fapil na \u010d\u00ednsky trh s n\u00e1zvom Renault Jiangling Yi ako \u201einteligentn\u00e9 kup\u00e9\u201c.","robots":{"index":"index","follow":"follow","max-snippet":"max-snippet:-1","max-image-preview":"max-image-preview:large","max-video-preview":"max-video-preview:-1"},"canonical":"https:\/\/web.gtischarging.sk\/index.php\/renault-jiangling-yi\/","og_locale":"cs_CZ","og_type":"article","og_title":"Renault Jiangling Yi - gtischarging.sk","og_description":"Elektrick\u00fd sedan, ktor\u00fd bol v Eur\u00f3pe uveden\u00fd ako Mobilize Limo vst\u00fapil na \u010d\u00ednsky trh s n\u00e1zvom Renault Jiangling Yi ako \u201einteligentn\u00e9 kup\u00e9\u201c.","og_url":"https:\/\/web.gtischarging.sk\/index.php\/renault-jiangling-yi\/","og_site_name":"gtischarging.sk","article_publisher":"https:\/\/www.facebook.com\/gtischarging","article_modified_time":"2021-10-13T13:01:58+00:00","og_image":[{"url":"https:\/\/web.gtischarging.sk\/wp-content\/uploads\/2021\/10\/image-184-1-1024x432.png"}],"twitter_card":"summary_large_image","twitter_misc":{"Odhadovan\u00e1 doba \u010dten\u00ed":"5 minut"},"schema":{"@context":"https:\/\/schema.org","@graph":[{"@type":"WebPage","@id":"https:\/\/web.gtischarging.sk\/index.php\/renault-jiangling-yi\/","url":"https:\/\/web.gtischarging.sk\/index.php\/renault-jiangling-yi\/","name":"Renault Jiangling Yi - gtischarging.sk","isPartOf":{"@id":"https:\/\/web.gtischarging.sk\/#website"},"datePublished":"2021-10-13T12:50:01+00:00","dateModified":"2021-10-13T13:01:58+00:00","description":"Elektrick\u00fd sedan, ktor\u00fd bol v Eur\u00f3pe uveden\u00fd ako Mobilize Limo vst\u00fapil na \u010d\u00ednsky trh s n\u00e1zvom Renault Jiangling Yi ako \u201einteligentn\u00e9 kup\u00e9\u201c.","breadcrumb":{"@id":"https:\/\/web.gtischarging.sk\/index.php\/renault-jiangling-yi\/#breadcrumb"},"inLanguage":"cs","potentialAction":[{"@type":"ReadAction","target":["https:\/\/web.gtischarging.sk\/index.php\/renault-jiangling-yi\/"]}]},{"@type":"BreadcrumbList","@id":"https:\/\/web.gtischarging.sk\/index.php\/renault-jiangling-yi\/#breadcrumb","itemListElement":[{"@type":"ListItem","position":1,"name":"Dom\u016f","item":"https:\/\/web.gtischarging.sk\/"},{"@type":"ListItem","position":2,"name":"Renault Jiangling Yi"}]},{"@type":"WebSite","@id":"https:\/\/web.gtischarging.sk\/#website","url":"https:\/\/web.gtischarging.sk\/","name":"gtischarging.sk","description":"U n\u00e1s sta\u010d\u00ed prilo\u017ei\u0165 platobn\u00fa kartu","publisher":{"@id":"https:\/\/web.gtischarging.sk\/#organization"},"potentialAction":[{"@type":"SearchAction","target":{"@type":"EntryPoint","urlTemplate":"https:\/\/web.gtischarging.sk\/?s={search_term_string}"},"query-input":"required name=search_term_string"}],"inLanguage":"cs"},{"@type":"Organization","@id":"https:\/\/web.gtischarging.sk\/#organization","name":"GTIS charging","url":"https:\/\/web.gtischarging.sk\/","logo":{"@type":"ImageObject","inLanguage":"cs","@id":"https:\/\/web.gtischarging.sk\/#\/schema\/logo\/image\/","url":"https:\/\/web.gtischarging.sk\/wp-content\/uploads\/2020\/03\/logo-180px.png","contentUrl":"https:\/\/web.gtischarging.sk\/wp-content\/uploads\/2020\/03\/logo-180px.png","width":180,"height":123,"caption":"GTIS charging"},"image":{"@id":"https:\/\/web.gtischarging.sk\/#\/schema\/logo\/image\/"},"sameAs":["https:\/\/www.facebook.com\/gtischarging"]}]}},"_links":{"self":[{"href":"https:\/\/web.gtischarging.sk\/index.php\/wp-json\/wp\/v2\/pages\/2972"}],"collection":[{"href":"https:\/\/web.gtischarging.sk\/index.php\/wp-json\/wp\/v2\/pages"}],"about":[{"href":"https:\/\/web.gtischarging.sk\/index.php\/wp-json\/wp\/v2\/types\/page"}],"author":[{"embeddable":true,"href":"https:\/\/web.gtischarging.sk\/index.php\/wp-json\/wp\/v2\/users\/8"}],"replies":[{"embeddable":true,"href":"https:\/\/web.gtischarging.sk\/index.php\/wp-json\/wp\/v2\/comments?post=2972"}],"version-history":[{"count":4,"href":"https:\/\/web.gtischarging.sk\/index.php\/wp-json\/wp\/v2\/pages\/2972\/revisions"}],"predecessor-version":[{"id":3007,"href":"https:\/\/web.gtischarging.sk\/index.php\/wp-json\/wp\/v2\/pages\/2972\/revisions\/3007"}],"wp:attachment":[{"href":"https:\/\/web.gtischarging.sk\/index.php\/wp-json\/wp\/v2\/media?parent=2972"}],"curies":[{"name":"wp","href":"https:\/\/api.w.org\/{rel}","templated":true}]}}