 {"id":2929,"date":"2021-10-13T14:56:25","date_gmt":"2021-10-13T12:56:25","guid":{"rendered":"https:\/\/web.gtischarging.sk\/?page_id=2929"},"modified":"2021-10-26T08:47:00","modified_gmt":"2021-10-26T06:47:00","slug":"geometry-ex3-2021","status":"publish","type":"page","link":"https:\/\/web.gtischarging.sk\/index.php\/geometry-ex3-2021\/","title":{"rendered":"Geometry EX3 2021"},"content":{"rendered":"\n<div class=\"wp-block-image\"><figure class=\"aligncenter size-large\"><img decoding=\"async\" loading=\"lazy\" width=\"1024\" height=\"355\" src=\"https:\/\/web.gtischarging.sk\/wp-content\/uploads\/2021\/10\/image-1-1024x355.png\" alt=\"\" class=\"wp-image-2963\" srcset=\"https:\/\/web.gtischarging.sk\/wp-content\/uploads\/2021\/10\/image-1-1024x355.png 1024w, https:\/\/web.gtischarging.sk\/wp-content\/uploads\/2021\/10\/image-1-300x104.png 300w, https:\/\/web.gtischarging.sk\/wp-content\/uploads\/2021\/10\/image-1-768x267.png 768w, https:\/\/web.gtischarging.sk\/wp-content\/uploads\/2021\/10\/image-1.png 1400w\" sizes=\"(max-width: 1024px) 100vw, 1024px\" \/><\/figure><\/div>\n\n\n\n<h1 class=\"has-text-align-center wp-block-heading\">Spolo\u010dnos\u0165 Geely predstavila nov\u00fd crossover Geometry EX3 2021<\/h1>\n\n\n\n<p>Zna\u010dka&nbsp;<strong>Geometry&nbsp;<\/strong>bola vytvoren\u00e1 koncernom&nbsp;<strong>Geely<\/strong>&nbsp;s&nbsp;cie\u013eom pred\u00e1va\u0165 pod \u0148ou \u010disto elektrick\u00e9 aut\u00e1&nbsp; e\u0161te v roku 2019. Najsk\u00f4r zna\u010dka predstavila elektrick\u00fd sedan&nbsp;<strong>Geometry A<\/strong>&nbsp;a potom aj elektrick\u00fd hatchback&nbsp;<strong>Geometry C<\/strong>. Ned\u00e1vno v\u00fdrobca ofici\u00e1lne uviedol nov\u00e9 mal\u00e9 elektrick\u00e9 SUV s n\u00e1zvom&nbsp;<strong>EX3<\/strong>. V \u010c\u00edne je mo\u017en\u00e9 u\u017e na tento model &nbsp;urobi\u0165 predbe\u017en\u00fa objedn\u00e1vku. Jeho pomerne n\u00edzka cena 59,700 Yuanov ( pribli\u017ene&nbsp;<strong>7 923 EUR&nbsp;<\/strong>pod\u013ea aktu\u00e1lneho kurzu NBS) z neho rob\u00ed jeden z najdostupnej\u0161\u00edch elektromobilov na miestnom trhu.<\/p>\n\n\n\n<p>Rozmery&nbsp;<strong>Geometry EX3<\/strong>&nbsp;s\u00fa: d\u013a\u017eka \u2013&nbsp;<strong>4 005 mm<\/strong>, \u0161\u00edrka \u2013&nbsp;<strong>1 760 mm<\/strong>, v\u00fd\u0161ka \u2013&nbsp;<strong>1 575 mm<\/strong>, r\u00e1zvor os\u00ed kolies \u2013&nbsp;<strong>2 480 mm<\/strong>. Ide o \u0161tandardn\u00e9 rozmery pre kompaktn\u00e9 modely \u00e1ut, ktor\u00fd je podobn\u00fd ako m\u00e1 napr.&nbsp;<strong>\u0160koda Kamiq<\/strong>, alebo&nbsp;<strong>VW T-Cross<\/strong>. V\u00fdrobca pridal nov\u00e9mu SUV ochrann\u00e9 plastov\u00e9 prvky, stre\u0161n\u00e9 nosi\u010de a in\u00e9 dekorat\u00edvne diely, ktor\u00e9 poskytuj\u00fa elektromobilu \u0161t\u00fdlov\u00fd a harmonick\u00fd vzh\u013ead.<\/p>\n\n\n\n<figure class=\"wp-block-gallery aligncenter columns-3 is-cropped wp-block-gallery-1 is-layout-flex wp-block-gallery-is-layout-flex\"><ul class=\"blocks-gallery-grid\"><li class=\"blocks-gallery-item\"><figure><img decoding=\"async\" src=\"https:\/\/www.elektro-vozidla.sk\/wp-content\/uploads\/2021\/10\/image-6.png\" alt=\"\" data-id=\"2781\" class=\"wp-image-2781\"\/><\/figure><\/li><li class=\"blocks-gallery-item\"><figure><img decoding=\"async\" loading=\"lazy\" width=\"625\" height=\"376\" src=\"https:\/\/web.gtischarging.sk\/wp-content\/uploads\/2021\/10\/image-4.png\" alt=\"\" data-id=\"2964\" data-link=\"https:\/\/web.gtischarging.sk\/?attachment_id=2964\" class=\"wp-image-2964\" srcset=\"https:\/\/web.gtischarging.sk\/wp-content\/uploads\/2021\/10\/image-4.png 625w, https:\/\/web.gtischarging.sk\/wp-content\/uploads\/2021\/10\/image-4-300x180.png 300w\" sizes=\"(max-width: 625px) 100vw, 625px\" \/><\/figure><\/li><li class=\"blocks-gallery-item\"><figure><img decoding=\"async\" loading=\"lazy\" width=\"605\" height=\"342\" src=\"https:\/\/web.gtischarging.sk\/wp-content\/uploads\/2021\/10\/image-2-1.png\" alt=\"\" data-id=\"2965\" data-full-url=\"https:\/\/web.gtischarging.sk\/wp-content\/uploads\/2021\/10\/image-2-1.png\" data-link=\"https:\/\/web.gtischarging.sk\/?attachment_id=2965\" class=\"wp-image-2965\" srcset=\"https:\/\/web.gtischarging.sk\/wp-content\/uploads\/2021\/10\/image-2-1.png 605w, https:\/\/web.gtischarging.sk\/wp-content\/uploads\/2021\/10\/image-2-1-300x170.png 300w\" sizes=\"(max-width: 605px) 100vw, 605px\" \/><\/figure><\/li><\/ul><\/figure>\n\n\n\n<p><strong>Geometry EX3<\/strong>&nbsp;pon\u00faka u\u017e\u00edvate\u013eom dojazd&nbsp;<strong>322 km<\/strong>&nbsp;pod\u013ea cyklu NEDC v\u010faka&nbsp;<strong>37.23kWh<\/strong>&nbsp;bat\u00e9rii, ktor\u00e1 m\u00f4\u017ee by\u0165 nabit\u00e1 z nuly na 80% za menej ako 30 min\u00fat s vysokor\u00fdchlostn\u00fdmi DC nab\u00edja\u010dkami. Vozidlo je tie\u017e navrhnut\u00e9 tak, aby ho &nbsp;bolo mo\u017en\u00e9 \u013eahko nab\u00edja\u0165 aj od norm\u00e1lnej 230V z\u00e1suvky v dom\u00e1cnosti.<\/p>\n\n\n\n<p><strong>EX3<\/strong>&nbsp;m\u00e1 syst\u00e9m kvapaln\u00e9ho riadenia teploty bat\u00e9rie, ktor\u00fd umo\u017e\u0148uje vozidlu bezpe\u010dne sa nab\u00edja\u0165 pri vysok\u00fdch nab\u00edjac\u00edch v\u00fdkonoch &nbsp;a efekt\u00edvne fungova\u0165 v hor\u00facich aj chladn\u00fdch teplot\u00e1ch. Vn\u00fatorn\u00e1 teplota bat\u00e9rie sa udr\u017eiava na&nbsp; 20 \u00b0 C, aby sa maximalizoval jej v\u00fdkon vo v\u0161etk\u00fdch podmienkach a&nbsp;pred\u013a\u017eila sa \u017eivotnos\u0165 bat\u00e9rie.<\/p>\n\n\n\n<p><strong>EX3<\/strong>&nbsp;je vybaven\u00fd elektromotorom o&nbsp;v\u00fdkone&nbsp;<strong>70 kW<\/strong>, ktor\u00fd poskytuje&nbsp;<strong>180 Nm<\/strong>&nbsp;kr\u00fatiaceho momentu. Dobr\u00fd dojazd auta&nbsp; je mo\u017en\u00fd aj v\u010faka vysoko \u00fa\u010dinn\u00e9mu &nbsp;rekupera\u010dn\u00e9mu brzdov\u00e9mu syst\u00e9mu.<\/p>\n\n\n\n<figure class=\"wp-block-gallery aligncenter columns-2 is-cropped wp-block-gallery-3 is-layout-flex wp-block-gallery-is-layout-flex\"><ul class=\"blocks-gallery-grid\"><li class=\"blocks-gallery-item\"><figure><img decoding=\"async\" src=\"https:\/\/www.elektro-vozidla.sk\/wp-content\/uploads\/2021\/10\/image-8.png\" alt=\"\" data-id=\"2783\" class=\"wp-image-2783\"\/><\/figure><\/li><li class=\"blocks-gallery-item\"><figure><img decoding=\"async\" loading=\"lazy\" width=\"605\" height=\"420\" src=\"https:\/\/web.gtischarging.sk\/wp-content\/uploads\/2021\/10\/image-10.png\" alt=\"\" data-id=\"2967\" data-full-url=\"https:\/\/web.gtischarging.sk\/wp-content\/uploads\/2021\/10\/image-10.png\" data-link=\"https:\/\/web.gtischarging.sk\/?attachment_id=2967\" class=\"wp-image-2967\" srcset=\"https:\/\/web.gtischarging.sk\/wp-content\/uploads\/2021\/10\/image-10.png 605w, https:\/\/web.gtischarging.sk\/wp-content\/uploads\/2021\/10\/image-10-300x208.png 300w\" sizes=\"(max-width: 605px) 100vw, 605px\" \/><\/figure><\/li><\/ul><\/figure>\n\n\n\n<p>Aj napriek kompaktnej\u0161\u00edm vonkaj\u0161\u00edm rozmerom v\u00fdrobca deklaruje, \u017ee&nbsp;<strong>EX3<\/strong>&nbsp;m\u00e1 mimoriadne praktick\u00fd interi\u00e9r v ktorom m\u00f4\u017ee cestova\u0165 a\u017e p\u00e4\u0165 dospel\u00fdch os\u00f4b bez ak\u00fdchko\u013evek probl\u00e9mov. Pre zabezpe\u010denie ich komfortu m\u00e1 auto ve\u013ek\u00e9 mno\u017estvo v\u00fdklenkov a odkladac\u00edch priestorov na ukladanie r\u00f4znych drobnost\u00ed v&nbsp;celkovom objeme a\u017e&nbsp;<strong>26 litrov<\/strong>. Okrem toho&nbsp;<strong>EX3<\/strong>&nbsp;pon\u00faka&nbsp;<strong>500 litrov<\/strong>&nbsp;&nbsp;bato\u017einov\u00e9ho priestoru s&nbsp;mo\u017enos\u0165ou jeho roz\u0161\u00edrenia a\u017e na&nbsp;<strong>1050 litrov<\/strong>&nbsp;po sklopen\u00ed zadn\u00fdch sedadiel.<\/p>\n\n\n\n<p>Napriek svojej nevysokej cene je interi\u00e9r mal\u00e9ho SUV celkom \u00fatuln\u00fd a \u0161t\u00fdlov\u00fd. \u0160tandardn\u00fd model je navrhnut\u00fd s 10,25-palcov\u00fdm digit\u00e1lnym displejom pr\u00edstrojovej dosky a 8 palcov\u00fdm displejom multimedi\u00e1lneho syst\u00e9mu. Okrem toho multimedi\u00e1lne zariadenie podporuje ve\u013ek\u00e9 mno\u017estvo modern\u00fdch syst\u00e9mov a funkci\u00ed, ktor\u00e9 u\u013eah\u010duj\u00fa a v\u00fdrazne zjednodu\u0161uje pou\u017e\u00edvanie SUV pri jazde.<\/p>\n\n\n\n<p><strong>EX3<\/strong>&nbsp;sa dod\u00e1va so syst\u00e9mom G-Link od Geely, ktor\u00fd poskytuje zrkadlenie mobiln\u00e9ho zariadenia v multimedi\u00e1lnom syst\u00e9me, nat\u00edvnu hudbu QQ, navig\u00e1ciu, Ximalaya Radio, hlasov\u00e9 ovl\u00e1danie niektor\u00fdch syst\u00e9mov auta, Wi-Fi pripojenie na internet a in\u00e9 inteligentn\u00e9 aplik\u00e1cie. Bezpe\u010dnostn\u00e9 zariadenia v&nbsp;<strong>Geometry EX3<\/strong>&nbsp;zah\u0155\u0148aj\u00fa dvojit\u00e9 airbagy, r\u00f4zne sn\u00edma\u010de a kamery, syst\u00e9m monitorovania tlaku v pneumatik\u00e1ch, ako aj ABS a EBD.<\/p>\n\n\n\n<p>Doned\u00e1vna boli pod \u010d\u00ednskou zna\u010dkou&nbsp;<strong>Geometry<\/strong>&nbsp;dostupn\u00e9 relat\u00edvne drah\u0161ie elektromobily, ako&nbsp;Geometry A&nbsp;a&nbsp;Geometry C. Mal\u00e9 elektrick\u00e9 SUV&nbsp;<strong>Geometry EX3<\/strong>&nbsp;za&nbsp;<strong>7 923 EUR<\/strong>&nbsp;je pre&nbsp;<strong>Gelly<\/strong>&nbsp;ur\u010dite krok spr\u00e1vnym smerom.<\/p>\n\n\n\n<figure class=\"wp-block-gallery aligncenter columns-2 is-cropped wp-block-gallery-5 is-layout-flex wp-block-gallery-is-layout-flex\"><ul class=\"blocks-gallery-grid\"><li class=\"blocks-gallery-item\"><figure><img decoding=\"async\" src=\"https:\/\/www.elektro-vozidla.sk\/wp-content\/uploads\/2021\/10\/image-14.png\" alt=\"\" data-id=\"2789\" class=\"wp-image-2789\"\/><\/figure><\/li><li class=\"blocks-gallery-item\"><figure><img decoding=\"async\" loading=\"lazy\" width=\"647\" height=\"411\" src=\"https:\/\/web.gtischarging.sk\/wp-content\/uploads\/2021\/10\/image-12-2.png\" alt=\"\" data-id=\"2966\" data-full-url=\"https:\/\/web.gtischarging.sk\/wp-content\/uploads\/2021\/10\/image-12-2.png\" data-link=\"https:\/\/web.gtischarging.sk\/?attachment_id=2966\" class=\"wp-image-2966\" srcset=\"https:\/\/web.gtischarging.sk\/wp-content\/uploads\/2021\/10\/image-12-2.png 647w, https:\/\/web.gtischarging.sk\/wp-content\/uploads\/2021\/10\/image-12-2-300x191.png 300w\" sizes=\"(max-width: 647px) 100vw, 647px\" \/><\/figure><\/li><\/ul><\/figure>\n\n\n\n<p>Na pr\u00edklade obrovsk\u00e9ho \u00faspechu&nbsp;Wuling Hong Guang MINI EV&nbsp;\u010d\u00ednski v\u00fdrobcovia \u00e1ut pochopili, \u017ee cesta k v\u00e4\u010d\u0161iemu predaju elektromobilov vedie pr\u00e1ve cez v\u00fdrobu dostupn\u00fdch elektrick\u00fdch \u00e1ut. \u010c\u00edm \u010falej, t\u00fdm viac modelov sa pos\u00fava do cenovo dostupnej\u0161\u00edch \u00farovn\u00ed. Preto je opodstatnen\u00e1 aj tendencia \u010d\u00ednskej vl\u00e1dy postupne zni\u017eova\u0165 dot\u00e1cie na k\u00fapu elektromobilov. Na\u010do aj dotova\u0165, ke\u010f ich cena na \u010d\u00ednskom trhu sa prakticky vyrovn\u00e1va s cenami na be\u017en\u00e9 aut\u00e1 so spa\u013eovac\u00edm motorom.<\/p>\n\n\n\n<p>Elektromobily si svoje miesto pod slnkom n\u00e1jdu nie a\u017e tak cez dot\u00e1cie, ako sk\u00f4r cez men\u0161iu \u201d nena\u017eranos\u0165\u201d automobilov\u00fdch koncernov, ktor\u00e9 chc\u00fa zarobi\u0165 na ich v\u00fdrobe \u201cteraz a hne\u010f\u201d!&nbsp;<strong>Gelly<\/strong>&nbsp;s modelom&nbsp;<strong>Geometry EX3<\/strong>&nbsp;ukazuje na spr\u00e1vnej\u0161\u00ed pr\u00edstup k elektromobilite. Niet najmen\u0161ej pochybnosti, \u017ee ak by sa aj na Slovensku pred\u00e1val podobn\u00fd model s podobnou cenovkou, \u017eiadne dot\u00e1cie na elektromobil by nebolo treba ani u n\u00e1s!<\/p>\n\n\n\n<p>Zdroj:&nbsp;<strong><a href=\"https:\/\/cenyavto.com\/geely-predstavila-krossover-geometry-ex3-2\/?utm_source=yxnews&amp;utm_medium=desktop\">cenyavto<\/a><\/strong>  <a href=\"https:\/\/www.elektro-vozidla.sk\/geometry-ex3-dostupne-male-elektricke-suv-od-geely\/\"><strong>elektro-vozidla<\/strong><\/a><\/p>\n","protected":false},"excerpt":{"rendered":"<p>Spolo\u010dnos\u0165 Geely predstavila nov\u00fd crossover Geometry EX3 2021 Zna\u010dka&nbsp;Geometry&nbsp;bola vytvoren\u00e1 koncernom&nbsp;Geely&nbsp;s&nbsp;cie\u013eom pred\u00e1va\u0165 pod \u0148ou \u010disto elektrick\u00e9 aut\u00e1&nbsp; e\u0161te v roku 2019. Najsk\u00f4r zna\u010dka predstavila elektrick\u00fd sedan&nbsp;Geometry A&nbsp;a potom aj elektrick\u00fd hatchback&nbsp;Geometry C. Ned\u00e1vno v\u00fdrobca&#46;&#46;&#46;<\/p>\n","protected":false},"author":8,"featured_media":0,"parent":0,"menu_order":0,"comment_status":"closed","ping_status":"closed","template":"","meta":{"footnotes":""},"yoast_head":"<!-- This site is optimized with the Yoast SEO plugin v20.4 - https:\/\/yoast.com\/wordpress\/plugins\/seo\/ -->\n<title>Geometry EX3 2021 - gtischarging.sk<\/title>\n<meta name=\"description\" content=\"Ned\u00e1vno v\u00fdrobca ofici\u00e1lne uviedol nov\u00e9 mal\u00e9 elektrick\u00e9 SUV s n\u00e1zvom EX3. V \u010c\u00edne je mo\u017en\u00e9 u\u017e na tento model urobi\u0165 predbe\u017en\u00fa objedn\u00e1vku.\" \/>\n<meta name=\"robots\" content=\"index, follow, max-snippet:-1, max-image-preview:large, max-video-preview:-1\" \/>\n<link rel=\"canonical\" href=\"https:\/\/web.gtischarging.sk\/index.php\/geometry-ex3-2021\/\" \/>\n<meta property=\"og:locale\" content=\"cs_CZ\" \/>\n<meta property=\"og:type\" content=\"article\" \/>\n<meta property=\"og:title\" content=\"Geometry EX3 2021 - gtischarging.sk\" \/>\n<meta property=\"og:description\" content=\"Ned\u00e1vno v\u00fdrobca ofici\u00e1lne uviedol nov\u00e9 mal\u00e9 elektrick\u00e9 SUV s n\u00e1zvom EX3. V \u010c\u00edne je mo\u017en\u00e9 u\u017e na tento model urobi\u0165 predbe\u017en\u00fa objedn\u00e1vku.\" \/>\n<meta property=\"og:url\" content=\"https:\/\/web.gtischarging.sk\/index.php\/geometry-ex3-2021\/\" \/>\n<meta property=\"og:site_name\" content=\"gtischarging.sk\" \/>\n<meta property=\"article:publisher\" content=\"https:\/\/www.facebook.com\/gtischarging\" \/>\n<meta property=\"article:modified_time\" content=\"2021-10-26T06:47:00+00:00\" \/>\n<meta property=\"og:image\" content=\"https:\/\/web.gtischarging.sk\/wp-content\/uploads\/2021\/10\/image-1-1024x355.png\" \/>\n<meta name=\"twitter:card\" content=\"summary_large_image\" \/>\n<meta name=\"twitter:label1\" content=\"Odhadovan\u00e1 doba \u010dten\u00ed\" \/>\n\t<meta name=\"twitter:data1\" content=\"5 minut\" \/>\n<script type=\"application\/ld+json\" class=\"yoast-schema-graph\">{\"@context\":\"https:\/\/schema.org\",\"@graph\":[{\"@type\":\"WebPage\",\"@id\":\"https:\/\/web.gtischarging.sk\/index.php\/geometry-ex3-2021\/\",\"url\":\"https:\/\/web.gtischarging.sk\/index.php\/geometry-ex3-2021\/\",\"name\":\"Geometry EX3 2021 - gtischarging.sk\",\"isPartOf\":{\"@id\":\"https:\/\/web.gtischarging.sk\/#website\"},\"datePublished\":\"2021-10-13T12:56:25+00:00\",\"dateModified\":\"2021-10-26T06:47:00+00:00\",\"description\":\"Ned\u00e1vno v\u00fdrobca ofici\u00e1lne uviedol nov\u00e9 mal\u00e9 elektrick\u00e9 SUV s n\u00e1zvom EX3. V \u010c\u00edne je mo\u017en\u00e9 u\u017e na tento model urobi\u0165 predbe\u017en\u00fa objedn\u00e1vku.\",\"breadcrumb\":{\"@id\":\"https:\/\/web.gtischarging.sk\/index.php\/geometry-ex3-2021\/#breadcrumb\"},\"inLanguage\":\"cs\",\"potentialAction\":[{\"@type\":\"ReadAction\",\"target\":[\"https:\/\/web.gtischarging.sk\/index.php\/geometry-ex3-2021\/\"]}]},{\"@type\":\"BreadcrumbList\",\"@id\":\"https:\/\/web.gtischarging.sk\/index.php\/geometry-ex3-2021\/#breadcrumb\",\"itemListElement\":[{\"@type\":\"ListItem\",\"position\":1,\"name\":\"Dom\u016f\",\"item\":\"https:\/\/web.gtischarging.sk\/\"},{\"@type\":\"ListItem\",\"position\":2,\"name\":\"Geometry EX3 2021\"}]},{\"@type\":\"WebSite\",\"@id\":\"https:\/\/web.gtischarging.sk\/#website\",\"url\":\"https:\/\/web.gtischarging.sk\/\",\"name\":\"gtischarging.sk\",\"description\":\"U n\u00e1s sta\u010d\u00ed prilo\u017ei\u0165 platobn\u00fa kartu\",\"publisher\":{\"@id\":\"https:\/\/web.gtischarging.sk\/#organization\"},\"potentialAction\":[{\"@type\":\"SearchAction\",\"target\":{\"@type\":\"EntryPoint\",\"urlTemplate\":\"https:\/\/web.gtischarging.sk\/?s={search_term_string}\"},\"query-input\":\"required name=search_term_string\"}],\"inLanguage\":\"cs\"},{\"@type\":\"Organization\",\"@id\":\"https:\/\/web.gtischarging.sk\/#organization\",\"name\":\"GTIS charging\",\"url\":\"https:\/\/web.gtischarging.sk\/\",\"logo\":{\"@type\":\"ImageObject\",\"inLanguage\":\"cs\",\"@id\":\"https:\/\/web.gtischarging.sk\/#\/schema\/logo\/image\/\",\"url\":\"https:\/\/web.gtischarging.sk\/wp-content\/uploads\/2020\/03\/logo-180px.png\",\"contentUrl\":\"https:\/\/web.gtischarging.sk\/wp-content\/uploads\/2020\/03\/logo-180px.png\",\"width\":180,\"height\":123,\"caption\":\"GTIS charging\"},\"image\":{\"@id\":\"https:\/\/web.gtischarging.sk\/#\/schema\/logo\/image\/\"},\"sameAs\":[\"https:\/\/www.facebook.com\/gtischarging\"]}]}<\/script>\n<!-- \/ Yoast SEO plugin. -->","yoast_head_json":{"title":"Geometry EX3 2021 - gtischarging.sk","description":"Ned\u00e1vno v\u00fdrobca ofici\u00e1lne uviedol nov\u00e9 mal\u00e9 elektrick\u00e9 SUV s n\u00e1zvom EX3. V \u010c\u00edne je mo\u017en\u00e9 u\u017e na tento model urobi\u0165 predbe\u017en\u00fa objedn\u00e1vku.","robots":{"index":"index","follow":"follow","max-snippet":"max-snippet:-1","max-image-preview":"max-image-preview:large","max-video-preview":"max-video-preview:-1"},"canonical":"https:\/\/web.gtischarging.sk\/index.php\/geometry-ex3-2021\/","og_locale":"cs_CZ","og_type":"article","og_title":"Geometry EX3 2021 - gtischarging.sk","og_description":"Ned\u00e1vno v\u00fdrobca ofici\u00e1lne uviedol nov\u00e9 mal\u00e9 elektrick\u00e9 SUV s n\u00e1zvom EX3. V \u010c\u00edne je mo\u017en\u00e9 u\u017e na tento model urobi\u0165 predbe\u017en\u00fa objedn\u00e1vku.","og_url":"https:\/\/web.gtischarging.sk\/index.php\/geometry-ex3-2021\/","og_site_name":"gtischarging.sk","article_publisher":"https:\/\/www.facebook.com\/gtischarging","article_modified_time":"2021-10-26T06:47:00+00:00","og_image":[{"url":"https:\/\/web.gtischarging.sk\/wp-content\/uploads\/2021\/10\/image-1-1024x355.png"}],"twitter_card":"summary_large_image","twitter_misc":{"Odhadovan\u00e1 doba \u010dten\u00ed":"5 minut"},"schema":{"@context":"https:\/\/schema.org","@graph":[{"@type":"WebPage","@id":"https:\/\/web.gtischarging.sk\/index.php\/geometry-ex3-2021\/","url":"https:\/\/web.gtischarging.sk\/index.php\/geometry-ex3-2021\/","name":"Geometry EX3 2021 - gtischarging.sk","isPartOf":{"@id":"https:\/\/web.gtischarging.sk\/#website"},"datePublished":"2021-10-13T12:56:25+00:00","dateModified":"2021-10-26T06:47:00+00:00","description":"Ned\u00e1vno v\u00fdrobca ofici\u00e1lne uviedol nov\u00e9 mal\u00e9 elektrick\u00e9 SUV s n\u00e1zvom EX3. V \u010c\u00edne je mo\u017en\u00e9 u\u017e na tento model urobi\u0165 predbe\u017en\u00fa objedn\u00e1vku.","breadcrumb":{"@id":"https:\/\/web.gtischarging.sk\/index.php\/geometry-ex3-2021\/#breadcrumb"},"inLanguage":"cs","potentialAction":[{"@type":"ReadAction","target":["https:\/\/web.gtischarging.sk\/index.php\/geometry-ex3-2021\/"]}]},{"@type":"BreadcrumbList","@id":"https:\/\/web.gtischarging.sk\/index.php\/geometry-ex3-2021\/#breadcrumb","itemListElement":[{"@type":"ListItem","position":1,"name":"Dom\u016f","item":"https:\/\/web.gtischarging.sk\/"},{"@type":"ListItem","position":2,"name":"Geometry EX3 2021"}]},{"@type":"WebSite","@id":"https:\/\/web.gtischarging.sk\/#website","url":"https:\/\/web.gtischarging.sk\/","name":"gtischarging.sk","description":"U n\u00e1s sta\u010d\u00ed prilo\u017ei\u0165 platobn\u00fa kartu","publisher":{"@id":"https:\/\/web.gtischarging.sk\/#organization"},"potentialAction":[{"@type":"SearchAction","target":{"@type":"EntryPoint","urlTemplate":"https:\/\/web.gtischarging.sk\/?s={search_term_string}"},"query-input":"required name=search_term_string"}],"inLanguage":"cs"},{"@type":"Organization","@id":"https:\/\/web.gtischarging.sk\/#organization","name":"GTIS charging","url":"https:\/\/web.gtischarging.sk\/","logo":{"@type":"ImageObject","inLanguage":"cs","@id":"https:\/\/web.gtischarging.sk\/#\/schema\/logo\/image\/","url":"https:\/\/web.gtischarging.sk\/wp-content\/uploads\/2020\/03\/logo-180px.png","contentUrl":"https:\/\/web.gtischarging.sk\/wp-content\/uploads\/2020\/03\/logo-180px.png","width":180,"height":123,"caption":"GTIS charging"},"image":{"@id":"https:\/\/web.gtischarging.sk\/#\/schema\/logo\/image\/"},"sameAs":["https:\/\/www.facebook.com\/gtischarging"]}]}},"_links":{"self":[{"href":"https:\/\/web.gtischarging.sk\/index.php\/wp-json\/wp\/v2\/pages\/2929"}],"collection":[{"href":"https:\/\/web.gtischarging.sk\/index.php\/wp-json\/wp\/v2\/pages"}],"about":[{"href":"https:\/\/web.gtischarging.sk\/index.php\/wp-json\/wp\/v2\/types\/page"}],"author":[{"embeddable":true,"href":"https:\/\/web.gtischarging.sk\/index.php\/wp-json\/wp\/v2\/users\/8"}],"replies":[{"embeddable":true,"href":"https:\/\/web.gtischarging.sk\/index.php\/wp-json\/wp\/v2\/comments?post=2929"}],"version-history":[{"count":8,"href":"https:\/\/web.gtischarging.sk\/index.php\/wp-json\/wp\/v2\/pages\/2929\/revisions"}],"predecessor-version":[{"id":3011,"href":"https:\/\/web.gtischarging.sk\/index.php\/wp-json\/wp\/v2\/pages\/2929\/revisions\/3011"}],"wp:attachment":[{"href":"https:\/\/web.gtischarging.sk\/index.php\/wp-json\/wp\/v2\/media?parent=2929"}],"curies":[{"name":"wp","href":"https:\/\/api.w.org\/{rel}","templated":true}]}}