 {"id":2884,"date":"2021-09-29T15:46:50","date_gmt":"2021-09-29T13:46:50","guid":{"rendered":"https:\/\/web.gtischarging.sk\/?page_id=2884"},"modified":"2021-09-29T15:48:27","modified_gmt":"2021-09-29T13:48:27","slug":"renault-mobilize-limo","status":"publish","type":"page","link":"https:\/\/web.gtischarging.sk\/index.php\/renault-mobilize-limo\/","title":{"rendered":"Renault Mobilize Limo"},"content":{"rendered":"\n<div class=\"wp-block-image\"><figure class=\"aligncenter size-large\"><img decoding=\"async\" loading=\"lazy\" width=\"1024\" height=\"356\" src=\"https:\/\/web.gtischarging.sk\/wp-content\/uploads\/2021\/09\/6128bede745a9a38d75c3161-1-1024x356.jpg\" alt=\"\" class=\"wp-image-2885\" srcset=\"https:\/\/web.gtischarging.sk\/wp-content\/uploads\/2021\/09\/6128bede745a9a38d75c3161-1-1024x356.jpg 1024w, https:\/\/web.gtischarging.sk\/wp-content\/uploads\/2021\/09\/6128bede745a9a38d75c3161-1-300x104.jpg 300w, https:\/\/web.gtischarging.sk\/wp-content\/uploads\/2021\/09\/6128bede745a9a38d75c3161-1-768x267.jpg 768w, https:\/\/web.gtischarging.sk\/wp-content\/uploads\/2021\/09\/6128bede745a9a38d75c3161-1-1536x534.jpg 1536w, https:\/\/web.gtischarging.sk\/wp-content\/uploads\/2021\/09\/6128bede745a9a38d75c3161-1.jpg 1991w\" sizes=\"(max-width: 1024px) 100vw, 1024px\" \/><\/figure><\/div>\n\n\n\n<h1 class=\"has-text-align-center wp-block-heading\">Renault predstavil nov\u00fd elektrick\u00fd sedan Mobilize Limo<\/h1>\n\n\n\n<p>Nov\u00fd elektrick\u00fd sedan&nbsp;<strong>Mobilize Limo<\/strong>&nbsp; je prim\u00e1rne ur\u010den\u00fd na pou\u017eitie v&nbsp;slu\u017eb\u00e1ch zdie\u013eanej mobility, autopo\u017ei\u010dovn\u00ed a &nbsp;taxislu\u017eby. Gener\u00e1lny riadite\u013e&nbsp;<strong>Mobilize<\/strong>&nbsp;&nbsp;povedal: \u201ePrv\u00fd model zna\u010dky&nbsp;<strong>Mobilize<\/strong>&nbsp;\u2013&nbsp;<strong>Limo<\/strong>&nbsp;\u2013 sa stal odpove\u010fou na v\u00fdrazn\u00fd rozvoj segmentu taxislu\u017eieb. Ide o komplexn\u00fd n\u00e1vrh, ktor\u00fd zah\u0155\u0148a samotn\u00e9 auto a flexibiln\u00fd s\u00fabor slu\u017eieb, ktor\u00fd jasne ilustruje schopnos\u0165&nbsp;<strong>Mobilize&nbsp;<\/strong>reflektova\u0165 &nbsp;na skuto\u010dn\u00e9 potreby pou\u017e\u00edvate\u013eov. Pri jeho v\u00fdvoji sa implementovali dlhoro\u010dn\u00e9 sk\u00fasenosti skupiny RENAULT v oblasti mobility, ako aj programy financovania RCI Bank\u201c.<\/p>\n\n\n\n<figure class=\"wp-block-gallery columns-2 is-cropped wp-block-gallery-1 is-layout-flex wp-block-gallery-is-layout-flex\"><ul class=\"blocks-gallery-grid\"><li class=\"blocks-gallery-item\"><figure><img decoding=\"async\" loading=\"lazy\" width=\"1024\" height=\"683\" src=\"https:\/\/web.gtischarging.sk\/wp-content\/uploads\/2021\/09\/6128bee3259ca162a7a3f4ba-1024x683.jpg\" alt=\"\" data-id=\"2900\" data-link=\"https:\/\/web.gtischarging.sk\/?attachment_id=2900\" class=\"wp-image-2900\" srcset=\"https:\/\/web.gtischarging.sk\/wp-content\/uploads\/2021\/09\/6128bee3259ca162a7a3f4ba-1024x683.jpg 1024w, https:\/\/web.gtischarging.sk\/wp-content\/uploads\/2021\/09\/6128bee3259ca162a7a3f4ba-300x200.jpg 300w, https:\/\/web.gtischarging.sk\/wp-content\/uploads\/2021\/09\/6128bee3259ca162a7a3f4ba-768x512.jpg 768w, https:\/\/web.gtischarging.sk\/wp-content\/uploads\/2021\/09\/6128bee3259ca162a7a3f4ba-1536x1025.jpg 1536w, https:\/\/web.gtischarging.sk\/wp-content\/uploads\/2021\/09\/6128bee3259ca162a7a3f4ba.jpg 2000w\" sizes=\"(max-width: 1024px) 100vw, 1024px\" \/><\/figure><\/li><li class=\"blocks-gallery-item\"><figure><img decoding=\"async\" loading=\"lazy\" width=\"1024\" height=\"411\" src=\"https:\/\/web.gtischarging.sk\/wp-content\/uploads\/2021\/09\/6128bedffd2ee1629baa4547-1024x411.jpg\" alt=\"\" data-id=\"2901\" data-full-url=\"https:\/\/web.gtischarging.sk\/wp-content\/uploads\/2021\/09\/6128bedffd2ee1629baa4547.jpg\" data-link=\"https:\/\/web.gtischarging.sk\/?attachment_id=2901\" class=\"wp-image-2901\" srcset=\"https:\/\/web.gtischarging.sk\/wp-content\/uploads\/2021\/09\/6128bedffd2ee1629baa4547-1024x411.jpg 1024w, https:\/\/web.gtischarging.sk\/wp-content\/uploads\/2021\/09\/6128bedffd2ee1629baa4547-300x120.jpg 300w, https:\/\/web.gtischarging.sk\/wp-content\/uploads\/2021\/09\/6128bedffd2ee1629baa4547-768x308.jpg 768w, https:\/\/web.gtischarging.sk\/wp-content\/uploads\/2021\/09\/6128bedffd2ee1629baa4547-1536x616.jpg 1536w, https:\/\/web.gtischarging.sk\/wp-content\/uploads\/2021\/09\/6128bedffd2ee1629baa4547.jpg 2000w\" sizes=\"(max-width: 1024px) 100vw, 1024px\" \/><\/figure><\/li><\/ul><\/figure>\n\n\n\n<p>Div\u00edzia&nbsp;<strong>Mobilize<\/strong>&nbsp;vytvoren\u00e1 skupinou&nbsp;<strong>RENAULT<\/strong>&nbsp;v r\u00e1mci postupn\u00e9ho prechodu na bezemisn\u00e9 automobily predlo\u017eila svoj prv\u00fd model \u2013 elektrick\u00fd sedan&nbsp;<strong>Limo<\/strong>&nbsp;(je to s\u00farodenec&nbsp;<strong>Yi<\/strong>&nbsp;a GSE), vyvinut\u00fd v spojen\u00ed s \u010d\u00ednskym&nbsp;<strong>Jiangling Motors<\/strong>&nbsp;(JMCG).<\/p>\n\n\n\n<p>Slovom \u201eLimo\u201c sa zvy\u010dajne naz\u00fdva limuz\u00edna, ale toto auto je \u0161tvordverov\u00fd elektrick\u00fd sedan ve\u013ekosti C-triedy, ako je napr\u00edklad aj \u0160koda Oct\u00e1via A7: d\u013a\u017eka&nbsp;<strong>4670mm<\/strong>&nbsp;\u00d7 \u0161\u00edrka&nbsp;<strong>1830mm<\/strong>&nbsp;\u00d7 v\u00fd\u0161ka&nbsp;<strong>1470 mm<\/strong>, s &nbsp;r\u00e1zvorom os\u00ed kolies \u2013&nbsp;<strong>2750mm<\/strong>. Pre farebn\u00e9 prevedenie karos\u00e9rie sa pon\u00faka siv\u00e1 a \u010dierna metalick\u00e1 farba plus jednoduch\u00e1 biela. Technika osvetlenia je LED di\u00f3dov\u00e1. Zliatinov\u00e9 koles\u00e1 s\u00fa 17 palcov\u00e9.<\/p>\n\n\n\n<figure class=\"wp-block-gallery columns-2 is-cropped wp-block-gallery-3 is-layout-flex wp-block-gallery-is-layout-flex\"><ul class=\"blocks-gallery-grid\"><li class=\"blocks-gallery-item\"><figure><img decoding=\"async\" loading=\"lazy\" width=\"1024\" height=\"576\" src=\"https:\/\/web.gtischarging.sk\/wp-content\/uploads\/2021\/09\/6128beef94212962a0efed83-1-1024x576.jpg\" alt=\"\" data-id=\"2898\" data-link=\"https:\/\/web.gtischarging.sk\/?attachment_id=2898\" class=\"wp-image-2898\" srcset=\"https:\/\/web.gtischarging.sk\/wp-content\/uploads\/2021\/09\/6128beef94212962a0efed83-1-1024x576.jpg 1024w, https:\/\/web.gtischarging.sk\/wp-content\/uploads\/2021\/09\/6128beef94212962a0efed83-1-300x169.jpg 300w, https:\/\/web.gtischarging.sk\/wp-content\/uploads\/2021\/09\/6128beef94212962a0efed83-1-768x432.jpg 768w, https:\/\/web.gtischarging.sk\/wp-content\/uploads\/2021\/09\/6128beef94212962a0efed83-1-1536x864.jpg 1536w, https:\/\/web.gtischarging.sk\/wp-content\/uploads\/2021\/09\/6128beef94212962a0efed83-1.jpg 2000w\" sizes=\"(max-width: 1024px) 100vw, 1024px\" \/><\/figure><\/li><li class=\"blocks-gallery-item\"><figure><img decoding=\"async\" loading=\"lazy\" width=\"1024\" height=\"576\" src=\"https:\/\/web.gtischarging.sk\/wp-content\/uploads\/2021\/09\/6128bef0a4e27718b03ad414-1-1024x576.jpg\" alt=\"\" data-id=\"2899\" data-full-url=\"https:\/\/web.gtischarging.sk\/wp-content\/uploads\/2021\/09\/6128bef0a4e27718b03ad414-1.jpg\" data-link=\"https:\/\/web.gtischarging.sk\/?attachment_id=2899\" class=\"wp-image-2899\" srcset=\"https:\/\/web.gtischarging.sk\/wp-content\/uploads\/2021\/09\/6128bef0a4e27718b03ad414-1-1024x576.jpg 1024w, https:\/\/web.gtischarging.sk\/wp-content\/uploads\/2021\/09\/6128bef0a4e27718b03ad414-1-300x169.jpg 300w, https:\/\/web.gtischarging.sk\/wp-content\/uploads\/2021\/09\/6128bef0a4e27718b03ad414-1-768x432.jpg 768w, https:\/\/web.gtischarging.sk\/wp-content\/uploads\/2021\/09\/6128bef0a4e27718b03ad414-1-1536x864.jpg 1536w, https:\/\/web.gtischarging.sk\/wp-content\/uploads\/2021\/09\/6128bef0a4e27718b03ad414-1.jpg 2000w\" sizes=\"(max-width: 1024px) 100vw, 1024px\" \/><\/figure><\/li><\/ul><\/figure>\n\n\n\n<p><strong>Mobilize Limo<\/strong>&nbsp;uv\u00e1dza do pohybu bezalternat\u00edvny elektromotor s v\u00fdkonom&nbsp;<strong>110 kW<\/strong>&nbsp;(150 k.) a&nbsp;<strong>220 Nm<\/strong>&nbsp;kr\u00fatiaceho momentu. U\u017e\u00edvate\u013eovi bud\u00fa k dispoz\u00edcii tri jazdn\u00e9 re\u017eimy: Eco, Normal a&nbsp;Sport a&nbsp;taktie\u017e si m\u00f4\u017ee vybra\u0165 jednu z troch \u00farovn\u00ed intenzity rekupera\u010dn\u00e9ho brzdenia. Z nuly&nbsp; do 100 km \/ h auto zr\u00fdch\u013euje za&nbsp;<strong>9,6 sekundy<\/strong>&nbsp;a jeho maxim\u00e1lna r\u00fdchlos\u0165 je obmedzen\u00e1 na 140 km \/ h. Motor sa nap\u00e1ja z akumul\u00e1tora o&nbsp;kapacite&nbsp;<strong>60 kWh<\/strong>&nbsp;s kvapalinov\u00fdm chladen\u00edm. Na jedno nabitie &nbsp;m\u00f4\u017ee elektrick\u00fd sedan prejs\u0165 a\u017e&nbsp;<strong>450 km<\/strong>&nbsp;(pod\u013ea cyklu WLTP). Z termin\u00e1lov s r\u00fdchlym DC nab\u00edjan\u00edm je mo\u017en\u00e9 doplni\u0165 energiu na prejdenie&nbsp;<strong>250 kilometrov<\/strong>&nbsp;len za&nbsp;<strong>40 min\u00fat.<\/strong><\/p>\n\n\n\n<p>Objem bato\u017einov\u00e9ho priestoru je 411 litrov a pod n\u00edm je e\u0161te koleso na n\u00fadzov\u00fd dojazd. Symbol zna\u010dky Mobilize je umiestnen\u00fd na prednej \u010dasti kapoty, dver\u00e1ch bato\u017einov\u00e9ho priestoru a na predn\u00fdch dver\u00e1ch (vo forme n\u00e1pisu Mobilize Limo &nbsp;ved\u013ea zrkadiel).<\/p>\n\n\n\n<figure class=\"wp-block-gallery columns-3 is-cropped wp-block-gallery-5 is-layout-flex wp-block-gallery-is-layout-flex\"><ul class=\"blocks-gallery-grid\"><li class=\"blocks-gallery-item\"><figure><img decoding=\"async\" loading=\"lazy\" width=\"1024\" height=\"737\" src=\"https:\/\/web.gtischarging.sk\/wp-content\/uploads\/2021\/09\/6128bee6524d5b38d0fc32c9-1-1024x737.jpg\" alt=\"\" data-id=\"2887\" data-link=\"https:\/\/web.gtischarging.sk\/?attachment_id=2887\" class=\"wp-image-2887\" srcset=\"https:\/\/web.gtischarging.sk\/wp-content\/uploads\/2021\/09\/6128bee6524d5b38d0fc32c9-1-1024x737.jpg 1024w, https:\/\/web.gtischarging.sk\/wp-content\/uploads\/2021\/09\/6128bee6524d5b38d0fc32c9-1-300x216.jpg 300w, https:\/\/web.gtischarging.sk\/wp-content\/uploads\/2021\/09\/6128bee6524d5b38d0fc32c9-1-768x553.jpg 768w, https:\/\/web.gtischarging.sk\/wp-content\/uploads\/2021\/09\/6128bee6524d5b38d0fc32c9-1-1536x1106.jpg 1536w, https:\/\/web.gtischarging.sk\/wp-content\/uploads\/2021\/09\/6128bee6524d5b38d0fc32c9-1.jpg 2000w\" sizes=\"(max-width: 1024px) 100vw, 1024px\" \/><\/figure><\/li><li class=\"blocks-gallery-item\"><figure><img decoding=\"async\" loading=\"lazy\" width=\"1024\" height=\"676\" src=\"https:\/\/web.gtischarging.sk\/wp-content\/uploads\/2021\/09\/6128bee6524d5b38d0fc32ca-1024x676.jpg\" alt=\"\" data-id=\"2888\" data-link=\"https:\/\/web.gtischarging.sk\/?attachment_id=2888\" class=\"wp-image-2888\" srcset=\"https:\/\/web.gtischarging.sk\/wp-content\/uploads\/2021\/09\/6128bee6524d5b38d0fc32ca-1024x676.jpg 1024w, https:\/\/web.gtischarging.sk\/wp-content\/uploads\/2021\/09\/6128bee6524d5b38d0fc32ca-300x198.jpg 300w, https:\/\/web.gtischarging.sk\/wp-content\/uploads\/2021\/09\/6128bee6524d5b38d0fc32ca-768x507.jpg 768w, https:\/\/web.gtischarging.sk\/wp-content\/uploads\/2021\/09\/6128bee6524d5b38d0fc32ca-1536x1015.jpg 1536w, https:\/\/web.gtischarging.sk\/wp-content\/uploads\/2021\/09\/6128bee6524d5b38d0fc32ca.jpg 2000w\" sizes=\"(max-width: 1024px) 100vw, 1024px\" \/><\/figure><\/li><li class=\"blocks-gallery-item\"><figure><img decoding=\"async\" loading=\"lazy\" width=\"1024\" height=\"525\" src=\"https:\/\/web.gtischarging.sk\/wp-content\/uploads\/2021\/09\/6128bee40a266718b1dee04f-1-1024x525.jpg\" alt=\"\" data-id=\"2890\" data-full-url=\"https:\/\/web.gtischarging.sk\/wp-content\/uploads\/2021\/09\/6128bee40a266718b1dee04f-1.jpg\" data-link=\"https:\/\/web.gtischarging.sk\/?attachment_id=2890\" class=\"wp-image-2890\" srcset=\"https:\/\/web.gtischarging.sk\/wp-content\/uploads\/2021\/09\/6128bee40a266718b1dee04f-1-1024x525.jpg 1024w, https:\/\/web.gtischarging.sk\/wp-content\/uploads\/2021\/09\/6128bee40a266718b1dee04f-1-300x154.jpg 300w, https:\/\/web.gtischarging.sk\/wp-content\/uploads\/2021\/09\/6128bee40a266718b1dee04f-1-768x394.jpg 768w, https:\/\/web.gtischarging.sk\/wp-content\/uploads\/2021\/09\/6128bee40a266718b1dee04f-1-1536x788.jpg 1536w, https:\/\/web.gtischarging.sk\/wp-content\/uploads\/2021\/09\/6128bee40a266718b1dee04f-1.jpg 2000w\" sizes=\"(max-width: 1024px) 100vw, 1024px\" \/><\/figure><\/li><\/ul><\/figure>\n\n\n\n<p>\u0160tandardn\u00e9 vybavenie zah\u0155\u0148a osem airbagov, automatick\u00e9 n\u00fadzov\u00e9 brzdenie, adapt\u00edvny tempomat, monitorovanie slep\u00fdch z\u00f3n, asistenta pre zmenu a&nbsp;udr\u017eanie sa v&nbsp;jazdnom pruh, kameru s&nbsp;kruhov\u00fdm obzorom, parkovacie senzory vpredu aj vzadu, rozpozn\u00e1vanie dopravn\u00e9ho zna\u010denia a tak \u010falej. Volite\u013en\u00fd \u201ezimn\u00fd bal\u00edk\u201c pon\u00faka vyhrievan\u00e9 sedadl\u00e1 a volant. Pri r\u00fdchlosti ni\u017e\u0161ej ako 30 km \/ h syst\u00e9m VSP produkuje zvuk pre upozornenie chodcom o&nbsp;pribli\u017euj\u00facom sa aute.<\/p>\n\n\n\n<p>Digit\u00e1lna pr\u00edstrojov\u00e1 doska m\u00e1 uhloprie\u010dku 10,25 palca, centr\u00e1lny displej je 12,3. Multifunk\u010dn\u00fd volant je nastavite\u013en\u00fd v\u00fd\u0161kovo aj pozd\u013a\u017ene, kreslo vodi\u010da m\u00e1 elektricky regul\u00e1ciu v \u00f4smich smeroch.<\/p>\n\n\n\n<figure class=\"wp-block-gallery columns-3 is-cropped wp-block-gallery-7 is-layout-flex wp-block-gallery-is-layout-flex\"><ul class=\"blocks-gallery-grid\"><li class=\"blocks-gallery-item\"><figure><img decoding=\"async\" loading=\"lazy\" width=\"682\" height=\"1024\" src=\"https:\/\/web.gtischarging.sk\/wp-content\/uploads\/2021\/09\/6128bee7fd2ee1629baa4549-682x1024.jpg\" alt=\"\" data-id=\"2892\" data-link=\"https:\/\/web.gtischarging.sk\/?attachment_id=2892\" class=\"wp-image-2892\" srcset=\"https:\/\/web.gtischarging.sk\/wp-content\/uploads\/2021\/09\/6128bee7fd2ee1629baa4549-682x1024.jpg 682w, https:\/\/web.gtischarging.sk\/wp-content\/uploads\/2021\/09\/6128bee7fd2ee1629baa4549-200x300.jpg 200w, https:\/\/web.gtischarging.sk\/wp-content\/uploads\/2021\/09\/6128bee7fd2ee1629baa4549-768x1152.jpg 768w, https:\/\/web.gtischarging.sk\/wp-content\/uploads\/2021\/09\/6128bee7fd2ee1629baa4549-1024x1536.jpg 1024w, https:\/\/web.gtischarging.sk\/wp-content\/uploads\/2021\/09\/6128bee7fd2ee1629baa4549.jpg 1333w\" sizes=\"(max-width: 682px) 100vw, 682px\" \/><\/figure><\/li><li class=\"blocks-gallery-item\"><figure><img decoding=\"async\" loading=\"lazy\" width=\"1024\" height=\"570\" src=\"https:\/\/web.gtischarging.sk\/wp-content\/uploads\/2021\/09\/6128bee80a266718b1dee050-1-1024x570.jpg\" alt=\"\" data-id=\"2894\" data-link=\"https:\/\/web.gtischarging.sk\/?attachment_id=2894\" class=\"wp-image-2894\" srcset=\"https:\/\/web.gtischarging.sk\/wp-content\/uploads\/2021\/09\/6128bee80a266718b1dee050-1-1024x570.jpg 1024w, https:\/\/web.gtischarging.sk\/wp-content\/uploads\/2021\/09\/6128bee80a266718b1dee050-1-300x167.jpg 300w, https:\/\/web.gtischarging.sk\/wp-content\/uploads\/2021\/09\/6128bee80a266718b1dee050-1-768x428.jpg 768w, https:\/\/web.gtischarging.sk\/wp-content\/uploads\/2021\/09\/6128bee80a266718b1dee050-1-1536x856.jpg 1536w, https:\/\/web.gtischarging.sk\/wp-content\/uploads\/2021\/09\/6128bee80a266718b1dee050-1.jpg 2000w\" sizes=\"(max-width: 1024px) 100vw, 1024px\" \/><\/figure><\/li><li class=\"blocks-gallery-item\"><figure><img decoding=\"async\" loading=\"lazy\" width=\"1024\" height=\"683\" src=\"https:\/\/web.gtischarging.sk\/wp-content\/uploads\/2021\/09\/6128bedf69e37e18b7fbcef1-1024x683.jpg\" alt=\"\" data-id=\"2895\" data-full-url=\"https:\/\/web.gtischarging.sk\/wp-content\/uploads\/2021\/09\/6128bedf69e37e18b7fbcef1.jpg\" data-link=\"https:\/\/web.gtischarging.sk\/?attachment_id=2895\" class=\"wp-image-2895\" srcset=\"https:\/\/web.gtischarging.sk\/wp-content\/uploads\/2021\/09\/6128bedf69e37e18b7fbcef1-1024x683.jpg 1024w, https:\/\/web.gtischarging.sk\/wp-content\/uploads\/2021\/09\/6128bedf69e37e18b7fbcef1-300x200.jpg 300w, https:\/\/web.gtischarging.sk\/wp-content\/uploads\/2021\/09\/6128bedf69e37e18b7fbcef1-768x512.jpg 768w, https:\/\/web.gtischarging.sk\/wp-content\/uploads\/2021\/09\/6128bedf69e37e18b7fbcef1-1536x1025.jpg 1536w, https:\/\/web.gtischarging.sk\/wp-content\/uploads\/2021\/09\/6128bedf69e37e18b7fbcef1.jpg 2000w\" sizes=\"(max-width: 1024px) 100vw, 1024px\" \/><\/figure><\/li><\/ul><\/figure>\n\n\n\n<p>Zatia\u013e sa nepredpoklad\u00e1 \u017eiadny obvykl\u00fd maloobchodn\u00fd predaj auta, preto\u017ee&nbsp;<strong>Limo<\/strong>&nbsp;je ur\u010den\u00e9 pre&nbsp; taxislu\u017eby a firemn\u00e9 flotily v celej Eur\u00f3pe. Organiz\u00e1cie bud\u00fa m\u00f4c\u0165 prenaja\u0165 sedan v\u00fdhradne na predplatn\u00e9 v druhej polovici 2022. Mobilize hovor\u00ed, \u017ee r\u00fdchla DC nab\u00edjacia stanica bude schopn\u00e1 za 40 min\u00fat nabi\u0165&nbsp;<strong>Limo&nbsp;<\/strong>na 250 km jazdy a t\u00e1to vzdialenos\u0165 by mala pokr\u00fdva\u0165 priemern\u00fd denn\u00fd n\u00e1jazd kilometrov u \u00e1ut vo firemn\u00fdch flotil\u00e1ch.https:\/\/www.youtube.com\/embed\/JCP5It9kujE?feature=oembed<\/p>\n\n\n\n<p>Zdroj:&nbsp;<strong><a href=\"https:\/\/www.drive.ru\/news\/renault\/6128bf298b442e2c5ed7cc1b.html\">elektro-vozidla<\/a><\/strong><\/p>\n","protected":false},"excerpt":{"rendered":"<p>Renault predstavil nov\u00fd elektrick\u00fd sedan Mobilize Limo Nov\u00fd elektrick\u00fd sedan&nbsp;Mobilize Limo&nbsp; je prim\u00e1rne ur\u010den\u00fd na pou\u017eitie v&nbsp;slu\u017eb\u00e1ch zdie\u013eanej mobility, autopo\u017ei\u010dovn\u00ed a &nbsp;taxislu\u017eby. Gener\u00e1lny riadite\u013e&nbsp;Mobilize&nbsp;&nbsp;povedal: \u201ePrv\u00fd model zna\u010dky&nbsp;Mobilize&nbsp;\u2013&nbsp;Limo&nbsp;\u2013 sa stal odpove\u010fou na v\u00fdrazn\u00fd rozvoj segmentu&#46;&#46;&#46;<\/p>\n","protected":false},"author":8,"featured_media":0,"parent":0,"menu_order":0,"comment_status":"closed","ping_status":"closed","template":"","meta":{"footnotes":""},"yoast_head":"<!-- This site is optimized with the Yoast SEO plugin v20.4 - https:\/\/yoast.com\/wordpress\/plugins\/seo\/ -->\n<title>Renault Mobilize Limo - gtischarging.sk<\/title>\n<meta name=\"description\" content=\"Nov\u00fd elektrick\u00fd sedan Mobilize Limo je prim\u00e1rne ur\u010den\u00fd na pou\u017eitie v slu\u017eb\u00e1ch zdie\u013eanej mobility, autopo\u017ei\u010dovn\u00ed a taxislu\u017eby.\" \/>\n<meta name=\"robots\" content=\"index, follow, max-snippet:-1, max-image-preview:large, max-video-preview:-1\" \/>\n<link rel=\"canonical\" href=\"https:\/\/web.gtischarging.sk\/index.php\/renault-mobilize-limo\/\" \/>\n<meta property=\"og:locale\" content=\"cs_CZ\" \/>\n<meta property=\"og:type\" content=\"article\" \/>\n<meta property=\"og:title\" content=\"Renault Mobilize Limo - gtischarging.sk\" \/>\n<meta property=\"og:description\" content=\"Nov\u00fd elektrick\u00fd sedan Mobilize Limo je prim\u00e1rne ur\u010den\u00fd na pou\u017eitie v slu\u017eb\u00e1ch zdie\u013eanej mobility, autopo\u017ei\u010dovn\u00ed a taxislu\u017eby.\" \/>\n<meta property=\"og:url\" content=\"https:\/\/web.gtischarging.sk\/index.php\/renault-mobilize-limo\/\" \/>\n<meta property=\"og:site_name\" content=\"gtischarging.sk\" \/>\n<meta property=\"article:publisher\" content=\"https:\/\/www.facebook.com\/gtischarging\" \/>\n<meta property=\"article:modified_time\" content=\"2021-09-29T13:48:27+00:00\" \/>\n<meta property=\"og:image\" content=\"https:\/\/web.gtischarging.sk\/wp-content\/uploads\/2021\/09\/6128bede745a9a38d75c3161-1-1024x356.jpg\" \/>\n<meta name=\"twitter:card\" content=\"summary_large_image\" \/>\n<meta name=\"twitter:label1\" content=\"Odhadovan\u00e1 doba \u010dten\u00ed\" \/>\n\t<meta name=\"twitter:data1\" content=\"5 minut\" \/>\n<script type=\"application\/ld+json\" class=\"yoast-schema-graph\">{\"@context\":\"https:\/\/schema.org\",\"@graph\":[{\"@type\":\"WebPage\",\"@id\":\"https:\/\/web.gtischarging.sk\/index.php\/renault-mobilize-limo\/\",\"url\":\"https:\/\/web.gtischarging.sk\/index.php\/renault-mobilize-limo\/\",\"name\":\"Renault Mobilize Limo - gtischarging.sk\",\"isPartOf\":{\"@id\":\"https:\/\/web.gtischarging.sk\/#website\"},\"datePublished\":\"2021-09-29T13:46:50+00:00\",\"dateModified\":\"2021-09-29T13:48:27+00:00\",\"description\":\"Nov\u00fd elektrick\u00fd sedan Mobilize Limo je prim\u00e1rne ur\u010den\u00fd na pou\u017eitie v slu\u017eb\u00e1ch zdie\u013eanej mobility, autopo\u017ei\u010dovn\u00ed a taxislu\u017eby.\",\"breadcrumb\":{\"@id\":\"https:\/\/web.gtischarging.sk\/index.php\/renault-mobilize-limo\/#breadcrumb\"},\"inLanguage\":\"cs\",\"potentialAction\":[{\"@type\":\"ReadAction\",\"target\":[\"https:\/\/web.gtischarging.sk\/index.php\/renault-mobilize-limo\/\"]}]},{\"@type\":\"BreadcrumbList\",\"@id\":\"https:\/\/web.gtischarging.sk\/index.php\/renault-mobilize-limo\/#breadcrumb\",\"itemListElement\":[{\"@type\":\"ListItem\",\"position\":1,\"name\":\"Dom\u016f\",\"item\":\"https:\/\/web.gtischarging.sk\/\"},{\"@type\":\"ListItem\",\"position\":2,\"name\":\"Renault Mobilize Limo\"}]},{\"@type\":\"WebSite\",\"@id\":\"https:\/\/web.gtischarging.sk\/#website\",\"url\":\"https:\/\/web.gtischarging.sk\/\",\"name\":\"gtischarging.sk\",\"description\":\"U n\u00e1s sta\u010d\u00ed prilo\u017ei\u0165 platobn\u00fa kartu\",\"publisher\":{\"@id\":\"https:\/\/web.gtischarging.sk\/#organization\"},\"potentialAction\":[{\"@type\":\"SearchAction\",\"target\":{\"@type\":\"EntryPoint\",\"urlTemplate\":\"https:\/\/web.gtischarging.sk\/?s={search_term_string}\"},\"query-input\":\"required name=search_term_string\"}],\"inLanguage\":\"cs\"},{\"@type\":\"Organization\",\"@id\":\"https:\/\/web.gtischarging.sk\/#organization\",\"name\":\"GTIS charging\",\"url\":\"https:\/\/web.gtischarging.sk\/\",\"logo\":{\"@type\":\"ImageObject\",\"inLanguage\":\"cs\",\"@id\":\"https:\/\/web.gtischarging.sk\/#\/schema\/logo\/image\/\",\"url\":\"https:\/\/web.gtischarging.sk\/wp-content\/uploads\/2020\/03\/logo-180px.png\",\"contentUrl\":\"https:\/\/web.gtischarging.sk\/wp-content\/uploads\/2020\/03\/logo-180px.png\",\"width\":180,\"height\":123,\"caption\":\"GTIS charging\"},\"image\":{\"@id\":\"https:\/\/web.gtischarging.sk\/#\/schema\/logo\/image\/\"},\"sameAs\":[\"https:\/\/www.facebook.com\/gtischarging\"]}]}<\/script>\n<!-- \/ Yoast SEO plugin. -->","yoast_head_json":{"title":"Renault Mobilize Limo - gtischarging.sk","description":"Nov\u00fd elektrick\u00fd sedan Mobilize Limo je prim\u00e1rne ur\u010den\u00fd na pou\u017eitie v slu\u017eb\u00e1ch zdie\u013eanej mobility, autopo\u017ei\u010dovn\u00ed a taxislu\u017eby.","robots":{"index":"index","follow":"follow","max-snippet":"max-snippet:-1","max-image-preview":"max-image-preview:large","max-video-preview":"max-video-preview:-1"},"canonical":"https:\/\/web.gtischarging.sk\/index.php\/renault-mobilize-limo\/","og_locale":"cs_CZ","og_type":"article","og_title":"Renault Mobilize Limo - gtischarging.sk","og_description":"Nov\u00fd elektrick\u00fd sedan Mobilize Limo je prim\u00e1rne ur\u010den\u00fd na pou\u017eitie v slu\u017eb\u00e1ch zdie\u013eanej mobility, autopo\u017ei\u010dovn\u00ed a taxislu\u017eby.","og_url":"https:\/\/web.gtischarging.sk\/index.php\/renault-mobilize-limo\/","og_site_name":"gtischarging.sk","article_publisher":"https:\/\/www.facebook.com\/gtischarging","article_modified_time":"2021-09-29T13:48:27+00:00","og_image":[{"url":"https:\/\/web.gtischarging.sk\/wp-content\/uploads\/2021\/09\/6128bede745a9a38d75c3161-1-1024x356.jpg"}],"twitter_card":"summary_large_image","twitter_misc":{"Odhadovan\u00e1 doba \u010dten\u00ed":"5 minut"},"schema":{"@context":"https:\/\/schema.org","@graph":[{"@type":"WebPage","@id":"https:\/\/web.gtischarging.sk\/index.php\/renault-mobilize-limo\/","url":"https:\/\/web.gtischarging.sk\/index.php\/renault-mobilize-limo\/","name":"Renault Mobilize Limo - gtischarging.sk","isPartOf":{"@id":"https:\/\/web.gtischarging.sk\/#website"},"datePublished":"2021-09-29T13:46:50+00:00","dateModified":"2021-09-29T13:48:27+00:00","description":"Nov\u00fd elektrick\u00fd sedan Mobilize Limo je prim\u00e1rne ur\u010den\u00fd na pou\u017eitie v slu\u017eb\u00e1ch zdie\u013eanej mobility, autopo\u017ei\u010dovn\u00ed a taxislu\u017eby.","breadcrumb":{"@id":"https:\/\/web.gtischarging.sk\/index.php\/renault-mobilize-limo\/#breadcrumb"},"inLanguage":"cs","potentialAction":[{"@type":"ReadAction","target":["https:\/\/web.gtischarging.sk\/index.php\/renault-mobilize-limo\/"]}]},{"@type":"BreadcrumbList","@id":"https:\/\/web.gtischarging.sk\/index.php\/renault-mobilize-limo\/#breadcrumb","itemListElement":[{"@type":"ListItem","position":1,"name":"Dom\u016f","item":"https:\/\/web.gtischarging.sk\/"},{"@type":"ListItem","position":2,"name":"Renault Mobilize Limo"}]},{"@type":"WebSite","@id":"https:\/\/web.gtischarging.sk\/#website","url":"https:\/\/web.gtischarging.sk\/","name":"gtischarging.sk","description":"U n\u00e1s sta\u010d\u00ed prilo\u017ei\u0165 platobn\u00fa kartu","publisher":{"@id":"https:\/\/web.gtischarging.sk\/#organization"},"potentialAction":[{"@type":"SearchAction","target":{"@type":"EntryPoint","urlTemplate":"https:\/\/web.gtischarging.sk\/?s={search_term_string}"},"query-input":"required name=search_term_string"}],"inLanguage":"cs"},{"@type":"Organization","@id":"https:\/\/web.gtischarging.sk\/#organization","name":"GTIS charging","url":"https:\/\/web.gtischarging.sk\/","logo":{"@type":"ImageObject","inLanguage":"cs","@id":"https:\/\/web.gtischarging.sk\/#\/schema\/logo\/image\/","url":"https:\/\/web.gtischarging.sk\/wp-content\/uploads\/2020\/03\/logo-180px.png","contentUrl":"https:\/\/web.gtischarging.sk\/wp-content\/uploads\/2020\/03\/logo-180px.png","width":180,"height":123,"caption":"GTIS charging"},"image":{"@id":"https:\/\/web.gtischarging.sk\/#\/schema\/logo\/image\/"},"sameAs":["https:\/\/www.facebook.com\/gtischarging"]}]}},"_links":{"self":[{"href":"https:\/\/web.gtischarging.sk\/index.php\/wp-json\/wp\/v2\/pages\/2884"}],"collection":[{"href":"https:\/\/web.gtischarging.sk\/index.php\/wp-json\/wp\/v2\/pages"}],"about":[{"href":"https:\/\/web.gtischarging.sk\/index.php\/wp-json\/wp\/v2\/types\/page"}],"author":[{"embeddable":true,"href":"https:\/\/web.gtischarging.sk\/index.php\/wp-json\/wp\/v2\/users\/8"}],"replies":[{"embeddable":true,"href":"https:\/\/web.gtischarging.sk\/index.php\/wp-json\/wp\/v2\/comments?post=2884"}],"version-history":[{"count":4,"href":"https:\/\/web.gtischarging.sk\/index.php\/wp-json\/wp\/v2\/pages\/2884\/revisions"}],"predecessor-version":[{"id":2927,"href":"https:\/\/web.gtischarging.sk\/index.php\/wp-json\/wp\/v2\/pages\/2884\/revisions\/2927"}],"wp:attachment":[{"href":"https:\/\/web.gtischarging.sk\/index.php\/wp-json\/wp\/v2\/media?parent=2884"}],"curies":[{"name":"wp","href":"https:\/\/api.w.org\/{rel}","templated":true}]}}