 {"id":2863,"date":"2021-09-17T14:12:21","date_gmt":"2021-09-17T12:12:21","guid":{"rendered":"https:\/\/web.gtischarging.sk\/?page_id=2863"},"modified":"2021-09-17T14:12:23","modified_gmt":"2021-09-17T12:12:23","slug":"weltmeister-e5","status":"publish","type":"page","link":"https:\/\/web.gtischarging.sk\/index.php\/weltmeister-e5\/","title":{"rendered":"Weltmeister E5"},"content":{"rendered":"\n<div class=\"wp-block-image\"><figure class=\"aligncenter size-large\"><img decoding=\"async\" loading=\"lazy\" width=\"859\" height=\"371\" src=\"https:\/\/web.gtischarging.sk\/wp-content\/uploads\/2021\/09\/Article_172683_860_575.jpg\" alt=\"\" class=\"wp-image-2866\" srcset=\"https:\/\/web.gtischarging.sk\/wp-content\/uploads\/2021\/09\/Article_172683_860_575.jpg 859w, https:\/\/web.gtischarging.sk\/wp-content\/uploads\/2021\/09\/Article_172683_860_575-300x130.jpg 300w, https:\/\/web.gtischarging.sk\/wp-content\/uploads\/2021\/09\/Article_172683_860_575-768x332.jpg 768w\" sizes=\"(max-width: 859px) 100vw, 859px\" \/><\/figure><\/div>\n\n\n\n<h1 class=\"has-text-align-center wp-block-heading\">Elektrick\u00fd sedan Weltmeister E5 najdostupnej\u0161\u00ed model zna\u010dky VM motor<\/h1>\n\n\n\n<p>Spolo\u010dnos\u0165&nbsp;WM motor, ktor\u00e1 pracuje pod obchodnou zna\u010dkou&nbsp;<strong>Weltmeister<\/strong>, vznikla v roku 2017 a o dva roky nesk\u00f4r za\u010dala v\u00fdrobu a predaj elektrick\u00fdch vozidiel. Samotn\u00e1 spolo\u010dnos\u0165 je p\u00f4vodom z \u010c\u013dR a&nbsp;nemecky znej\u00faca zna\u010dka je d\u00f4sledkom partnerstva so spolo\u010dnos\u0165ou&nbsp;<strong>Isdera<\/strong>, ktor\u00e1 sa v minulom storo\u010d\u00ed stala sl\u00e1vnou vytv\u00e1ran\u00edm z\u00e1vodn\u00fdch \u0161peci\u00e1lov. Isdera teraz pom\u00e1ha \u010c\u00ed\u0148anom vo v\u00fdvoji a dola\u010fovan\u00ed elektrick\u00fdch vozidiel. Produktov\u00e1 l\u00ednia Weltmeister u\u017e obsahuje tri crossovery (modely<strong>&nbsp;EX5<\/strong>,&nbsp;<strong>EX6 PLUS<\/strong>&nbsp;a&nbsp;<strong>W6<\/strong>), z&nbsp;ktor\u00fdch sa v prvej polovici tohto roka sa predalo 15 665 \u00e1ut (dvojn\u00e1sobn\u00fd rast oproti roku 2020). Teraz \u010d\u00ednsky v\u00fdrobca prich\u00e1dza s&nbsp;ponukou aj dostupnej\u0161\u00edch osobn\u00fdch automobilov.<\/p>\n\n\n\n<div class=\"wp-block-image\"><figure class=\"aligncenter\"><img decoding=\"async\" src=\"https:\/\/www.elektro-vozidla.sk\/wp-content\/uploads\/2021\/09\/image-24.png\" alt=\"\" class=\"wp-image-2556\"\/><figcaption><strong><em>vyr\u00e1ban\u00e9 a pripravovan\u00e9 modely WM motor<\/em><\/strong><\/figcaption><\/figure><\/div>\n\n\n\n<p>Koncept elektrick\u00e9ho sedanu&nbsp;<strong>Weltmeister Maven<\/strong>, ktor\u00fd bol uveden\u00fd minul\u00fd rok, bude predstavova\u0165 s\u00e9riov\u00fd model&nbsp;<strong>Weltmeister M7<\/strong>. Tento &nbsp;sa predstav\u00ed a\u017e v bud\u00facom roku a bude to &nbsp;vlajkov\u00e1 lo\u010f zna\u010dky. Teraz je tu ove\u013ea jednoduch\u0161\u00ed sedan&nbsp;<strong>Weltmeister E5<\/strong>, ktor\u00fd sa stal prv\u00fdm modelom dostupnej\u0161ej e-s\u00e9rie a mal by by\u0165 najpred\u00e1vanej\u0161\u00edm modelom v celom portf\u00f3liu zna\u010dky.<\/p>\n\n\n\n<p>Ve\u013ekos\u0165ou je &nbsp;<strong>Weltmeister E5<\/strong>&nbsp;porovnate\u013en\u00fd s&nbsp;<strong>Teslou Model 3<\/strong>: d\u013a\u017eka \u2013&nbsp;<strong>4718 mm<\/strong>, \u0161\u00edrka \u2013&nbsp;<strong>1838 mm<\/strong>, v\u00fd\u0161ka \u2013&nbsp;<strong>1535 mm<\/strong>. R\u00e1zvor os\u00ed podvozku je&nbsp;<strong>2810 mm<\/strong>. V&nbsp;jeho z\u00e1klade bude zjednodu\u0161en\u00e1 podvozkov\u00e1 platforma s predn\u00fdmi ramenami McPherson a poloz\u00e1vislou zadnou n\u00e1pravou. \u0160tandardn\u00e9 koles\u00e1 s\u00fa &nbsp;17 palcov\u00e9.<\/p>\n\n\n\n<div class=\"wp-block-image\"><figure class=\"aligncenter\"><img decoding=\"async\" src=\"https:\/\/www.elektro-vozidla.sk\/wp-content\/uploads\/2021\/09\/image-26.png\" alt=\"\" class=\"wp-image-2558\"\/><figcaption><strong><em>Weltmeister E5<\/em><\/strong><\/figcaption><\/figure><\/div>\n\n\n\n<p><strong>Weltmeister E5<\/strong>&nbsp;m\u00e1 elektromotor s v\u00fdkonom&nbsp;<strong>163 kon\u00ed<\/strong>&nbsp;a&nbsp;kr\u00fatiacim momentom&nbsp;<strong>240 Nm<\/strong>, ktor\u00fd ot\u00e1\u010da predn\u00e9 koles\u00e1. L\u00edtium-i\u00f3nov\u00e1 bat\u00e9ria &nbsp;s kapacitou&nbsp;<strong>58,6 kWh<\/strong>&nbsp;umo\u017e\u0148uje vozidlu dojazd&nbsp; na jednom nab\u00edjan\u00ed&nbsp;&nbsp;<strong>505 km<\/strong>&nbsp;pod\u013ea zastaran\u00e9ho NEDC cyklu. Maxim\u00e1lna r\u00fdchlos\u0165 je&nbsp;<strong>170 km\/h<\/strong>, \u010das zr\u00fdchlenia z 0 na 100km\/h \u2013&nbsp;<strong>8,9 s<\/strong>.<\/p>\n\n\n\n<figure class=\"wp-block-gallery columns-3 is-cropped wp-block-gallery-1 is-layout-flex wp-block-gallery-is-layout-flex\"><ul class=\"blocks-gallery-grid\"><li class=\"blocks-gallery-item\"><figure><img decoding=\"async\" loading=\"lazy\" width=\"1024\" height=\"597\" src=\"https:\/\/web.gtischarging.sk\/wp-content\/uploads\/2021\/09\/weltmeister-e5-4-1024x597.jpg\" alt=\"\" data-id=\"2864\" data-link=\"https:\/\/web.gtischarging.sk\/?attachment_id=2864\" class=\"wp-image-2864\" srcset=\"https:\/\/web.gtischarging.sk\/wp-content\/uploads\/2021\/09\/weltmeister-e5-4-1024x597.jpg 1024w, https:\/\/web.gtischarging.sk\/wp-content\/uploads\/2021\/09\/weltmeister-e5-4-300x175.jpg 300w, https:\/\/web.gtischarging.sk\/wp-content\/uploads\/2021\/09\/weltmeister-e5-4-768x448.jpg 768w, https:\/\/web.gtischarging.sk\/wp-content\/uploads\/2021\/09\/weltmeister-e5-4.jpg 1200w\" sizes=\"(max-width: 1024px) 100vw, 1024px\" \/><\/figure><\/li><li class=\"blocks-gallery-item\"><figure><img decoding=\"async\" src=\"https:\/\/www.elektro-vozidla.sk\/wp-content\/uploads\/2021\/09\/image-28.png\" alt=\"\" data-id=\"2560\" class=\"wp-image-2560\"\/><\/figure><\/li><li class=\"blocks-gallery-item\"><figure><img decoding=\"async\" loading=\"lazy\" width=\"1024\" height=\"597\" src=\"https:\/\/web.gtischarging.sk\/wp-content\/uploads\/2021\/09\/weltmeister-e5-3-1024x597.jpg\" alt=\"\" data-id=\"2865\" data-full-url=\"https:\/\/web.gtischarging.sk\/wp-content\/uploads\/2021\/09\/weltmeister-e5-3.jpg\" data-link=\"https:\/\/web.gtischarging.sk\/?attachment_id=2865\" class=\"wp-image-2865\" srcset=\"https:\/\/web.gtischarging.sk\/wp-content\/uploads\/2021\/09\/weltmeister-e5-3-1024x597.jpg 1024w, https:\/\/web.gtischarging.sk\/wp-content\/uploads\/2021\/09\/weltmeister-e5-3-300x175.jpg 300w, https:\/\/web.gtischarging.sk\/wp-content\/uploads\/2021\/09\/weltmeister-e5-3-768x448.jpg 768w, https:\/\/web.gtischarging.sk\/wp-content\/uploads\/2021\/09\/weltmeister-e5-3.jpg 1200w\" sizes=\"(max-width: 1024px) 100vw, 1024px\" \/><\/figure><\/li><\/ul><\/figure>\n\n\n\n<p>Z\u00e1kladn\u00e9 vybavenie je ur\u010den\u00e9 pre taxislu\u017eby a&nbsp;zdie\u013ean\u00fa mobilitu, tak\u017ee v kab\u00edne tejto v\u00fdbavy neexistuje \u017eiadny multimedi\u00e1lny syst\u00e9m. Je tu len USB konektor pre pripojenie smartf\u00f3nov a na volante nie s\u00fa ani \u017eiadne tla\u010didl\u00e1. Jednoz\u00f3nov\u00e1 klimatiz\u00e1cia je ovl\u00e1dan\u00e1 fyzick\u00fdmi tla\u010didlami. Pr\u00edstrojov\u00e1 doska je ale digit\u00e1lna. V bohat\u0161ej konfigur\u00e1cii je v sal\u00f3ne aj obrazovka multimedi\u00e1lneho syst\u00e9mu s uhloprie\u010dkou 12,3 palca, \u010dal\u00fanenie sedadla s ko\u017eenkou a panoramatick\u00e1 strecha, ale na druhom rade sedadiel s\u00fa len dve opierky hlavy.<\/p>\n\n\n\n<p>O\u010dak\u00e1va sa, \u017ee sedan v z\u00e1kladnej konfigur\u00e1cii bude st\u00e1\u0165 asi 100 tis\u00edc j\u00fcanov, to znamen\u00e1 asi&nbsp;<strong>15 tis\u00edc USD<\/strong>. Najprv bude&nbsp;<strong>Weltmeister E5&nbsp;<\/strong>pon\u00faknut\u00fd len pre firemn\u00fdch kupuj\u00facich, ale nesk\u00f4r sa auto bude pred\u00e1va\u0165 aj s\u00fakromn\u00fdm osob\u00e1m. Pod\u013e vyjadren\u00ed WM motor, sa zatia\u013e nepl\u00e1nuje v\u00fdvoz mimo \u010d\u00ednskeho trhu.<\/p>\n\n\n\n<p>Zdroj:<br><a href=\"https:\/\/www.elektro-vozidla.sk\/elektricky-sedan-weltmeister-e5-najdostupnejsi-model-znacky-vm-motor\/\">elektro-vozidla<\/a><\/p>\n","protected":false},"excerpt":{"rendered":"<p>Elektrick\u00fd sedan Weltmeister E5 najdostupnej\u0161\u00ed model zna\u010dky VM motor Spolo\u010dnos\u0165&nbsp;WM motor, ktor\u00e1 pracuje pod obchodnou zna\u010dkou&nbsp;Weltmeister, vznikla v roku 2017 a o dva roky nesk\u00f4r za\u010dala v\u00fdrobu a predaj elektrick\u00fdch vozidiel. Samotn\u00e1 spolo\u010dnos\u0165 je&#46;&#46;&#46;<\/p>\n","protected":false},"author":8,"featured_media":0,"parent":0,"menu_order":0,"comment_status":"closed","ping_status":"closed","template":"","meta":{"footnotes":""},"yoast_head":"<!-- This site is optimized with the Yoast SEO plugin v20.4 - https:\/\/yoast.com\/wordpress\/plugins\/seo\/ -->\n<title>Weltmeister E5 - gtischarging.sk<\/title>\n<meta name=\"robots\" content=\"index, follow, max-snippet:-1, max-image-preview:large, max-video-preview:-1\" \/>\n<link rel=\"canonical\" href=\"https:\/\/web.gtischarging.sk\/index.php\/weltmeister-e5\/\" \/>\n<meta property=\"og:locale\" content=\"cs_CZ\" \/>\n<meta property=\"og:type\" content=\"article\" \/>\n<meta property=\"og:title\" content=\"Weltmeister E5 - gtischarging.sk\" \/>\n<meta property=\"og:description\" content=\"Elektrick\u00fd sedan Weltmeister E5 najdostupnej\u0161\u00ed model zna\u010dky VM motor Spolo\u010dnos\u0165&nbsp;WM motor, ktor\u00e1 pracuje pod obchodnou zna\u010dkou&nbsp;Weltmeister, vznikla v roku 2017 a o dva roky nesk\u00f4r za\u010dala v\u00fdrobu a predaj elektrick\u00fdch vozidiel. Samotn\u00e1 spolo\u010dnos\u0165 je&#046;&#046;&#046;\" \/>\n<meta property=\"og:url\" content=\"https:\/\/web.gtischarging.sk\/index.php\/weltmeister-e5\/\" \/>\n<meta property=\"og:site_name\" content=\"gtischarging.sk\" \/>\n<meta property=\"article:publisher\" content=\"https:\/\/www.facebook.com\/gtischarging\" \/>\n<meta property=\"article:modified_time\" content=\"2021-09-17T12:12:23+00:00\" \/>\n<meta property=\"og:image\" content=\"https:\/\/web.gtischarging.sk\/wp-content\/uploads\/2021\/09\/Article_172683_860_575.jpg\" \/>\n<meta name=\"twitter:card\" content=\"summary_large_image\" \/>\n<meta name=\"twitter:label1\" content=\"Odhadovan\u00e1 doba \u010dten\u00ed\" \/>\n\t<meta name=\"twitter:data1\" content=\"3 minuty\" \/>\n<script type=\"application\/ld+json\" class=\"yoast-schema-graph\">{\"@context\":\"https:\/\/schema.org\",\"@graph\":[{\"@type\":\"WebPage\",\"@id\":\"https:\/\/web.gtischarging.sk\/index.php\/weltmeister-e5\/\",\"url\":\"https:\/\/web.gtischarging.sk\/index.php\/weltmeister-e5\/\",\"name\":\"Weltmeister E5 - gtischarging.sk\",\"isPartOf\":{\"@id\":\"https:\/\/web.gtischarging.sk\/#website\"},\"datePublished\":\"2021-09-17T12:12:21+00:00\",\"dateModified\":\"2021-09-17T12:12:23+00:00\",\"breadcrumb\":{\"@id\":\"https:\/\/web.gtischarging.sk\/index.php\/weltmeister-e5\/#breadcrumb\"},\"inLanguage\":\"cs\",\"potentialAction\":[{\"@type\":\"ReadAction\",\"target\":[\"https:\/\/web.gtischarging.sk\/index.php\/weltmeister-e5\/\"]}]},{\"@type\":\"BreadcrumbList\",\"@id\":\"https:\/\/web.gtischarging.sk\/index.php\/weltmeister-e5\/#breadcrumb\",\"itemListElement\":[{\"@type\":\"ListItem\",\"position\":1,\"name\":\"Dom\u016f\",\"item\":\"https:\/\/web.gtischarging.sk\/\"},{\"@type\":\"ListItem\",\"position\":2,\"name\":\"Weltmeister E5\"}]},{\"@type\":\"WebSite\",\"@id\":\"https:\/\/web.gtischarging.sk\/#website\",\"url\":\"https:\/\/web.gtischarging.sk\/\",\"name\":\"gtischarging.sk\",\"description\":\"U n\u00e1s sta\u010d\u00ed prilo\u017ei\u0165 platobn\u00fa kartu\",\"publisher\":{\"@id\":\"https:\/\/web.gtischarging.sk\/#organization\"},\"potentialAction\":[{\"@type\":\"SearchAction\",\"target\":{\"@type\":\"EntryPoint\",\"urlTemplate\":\"https:\/\/web.gtischarging.sk\/?s={search_term_string}\"},\"query-input\":\"required name=search_term_string\"}],\"inLanguage\":\"cs\"},{\"@type\":\"Organization\",\"@id\":\"https:\/\/web.gtischarging.sk\/#organization\",\"name\":\"GTIS charging\",\"url\":\"https:\/\/web.gtischarging.sk\/\",\"logo\":{\"@type\":\"ImageObject\",\"inLanguage\":\"cs\",\"@id\":\"https:\/\/web.gtischarging.sk\/#\/schema\/logo\/image\/\",\"url\":\"https:\/\/web.gtischarging.sk\/wp-content\/uploads\/2020\/03\/logo-180px.png\",\"contentUrl\":\"https:\/\/web.gtischarging.sk\/wp-content\/uploads\/2020\/03\/logo-180px.png\",\"width\":180,\"height\":123,\"caption\":\"GTIS charging\"},\"image\":{\"@id\":\"https:\/\/web.gtischarging.sk\/#\/schema\/logo\/image\/\"},\"sameAs\":[\"https:\/\/www.facebook.com\/gtischarging\"]}]}<\/script>\n<!-- \/ Yoast SEO plugin. -->","yoast_head_json":{"title":"Weltmeister E5 - gtischarging.sk","robots":{"index":"index","follow":"follow","max-snippet":"max-snippet:-1","max-image-preview":"max-image-preview:large","max-video-preview":"max-video-preview:-1"},"canonical":"https:\/\/web.gtischarging.sk\/index.php\/weltmeister-e5\/","og_locale":"cs_CZ","og_type":"article","og_title":"Weltmeister E5 - gtischarging.sk","og_description":"Elektrick\u00fd sedan Weltmeister E5 najdostupnej\u0161\u00ed model zna\u010dky VM motor Spolo\u010dnos\u0165&nbsp;WM motor, ktor\u00e1 pracuje pod obchodnou zna\u010dkou&nbsp;Weltmeister, vznikla v roku 2017 a o dva roky nesk\u00f4r za\u010dala v\u00fdrobu a predaj elektrick\u00fdch vozidiel. Samotn\u00e1 spolo\u010dnos\u0165 je&#46;&#46;&#46;","og_url":"https:\/\/web.gtischarging.sk\/index.php\/weltmeister-e5\/","og_site_name":"gtischarging.sk","article_publisher":"https:\/\/www.facebook.com\/gtischarging","article_modified_time":"2021-09-17T12:12:23+00:00","og_image":[{"url":"https:\/\/web.gtischarging.sk\/wp-content\/uploads\/2021\/09\/Article_172683_860_575.jpg"}],"twitter_card":"summary_large_image","twitter_misc":{"Odhadovan\u00e1 doba \u010dten\u00ed":"3 minuty"},"schema":{"@context":"https:\/\/schema.org","@graph":[{"@type":"WebPage","@id":"https:\/\/web.gtischarging.sk\/index.php\/weltmeister-e5\/","url":"https:\/\/web.gtischarging.sk\/index.php\/weltmeister-e5\/","name":"Weltmeister E5 - gtischarging.sk","isPartOf":{"@id":"https:\/\/web.gtischarging.sk\/#website"},"datePublished":"2021-09-17T12:12:21+00:00","dateModified":"2021-09-17T12:12:23+00:00","breadcrumb":{"@id":"https:\/\/web.gtischarging.sk\/index.php\/weltmeister-e5\/#breadcrumb"},"inLanguage":"cs","potentialAction":[{"@type":"ReadAction","target":["https:\/\/web.gtischarging.sk\/index.php\/weltmeister-e5\/"]}]},{"@type":"BreadcrumbList","@id":"https:\/\/web.gtischarging.sk\/index.php\/weltmeister-e5\/#breadcrumb","itemListElement":[{"@type":"ListItem","position":1,"name":"Dom\u016f","item":"https:\/\/web.gtischarging.sk\/"},{"@type":"ListItem","position":2,"name":"Weltmeister E5"}]},{"@type":"WebSite","@id":"https:\/\/web.gtischarging.sk\/#website","url":"https:\/\/web.gtischarging.sk\/","name":"gtischarging.sk","description":"U n\u00e1s sta\u010d\u00ed prilo\u017ei\u0165 platobn\u00fa kartu","publisher":{"@id":"https:\/\/web.gtischarging.sk\/#organization"},"potentialAction":[{"@type":"SearchAction","target":{"@type":"EntryPoint","urlTemplate":"https:\/\/web.gtischarging.sk\/?s={search_term_string}"},"query-input":"required name=search_term_string"}],"inLanguage":"cs"},{"@type":"Organization","@id":"https:\/\/web.gtischarging.sk\/#organization","name":"GTIS charging","url":"https:\/\/web.gtischarging.sk\/","logo":{"@type":"ImageObject","inLanguage":"cs","@id":"https:\/\/web.gtischarging.sk\/#\/schema\/logo\/image\/","url":"https:\/\/web.gtischarging.sk\/wp-content\/uploads\/2020\/03\/logo-180px.png","contentUrl":"https:\/\/web.gtischarging.sk\/wp-content\/uploads\/2020\/03\/logo-180px.png","width":180,"height":123,"caption":"GTIS charging"},"image":{"@id":"https:\/\/web.gtischarging.sk\/#\/schema\/logo\/image\/"},"sameAs":["https:\/\/www.facebook.com\/gtischarging"]}]}},"_links":{"self":[{"href":"https:\/\/web.gtischarging.sk\/index.php\/wp-json\/wp\/v2\/pages\/2863"}],"collection":[{"href":"https:\/\/web.gtischarging.sk\/index.php\/wp-json\/wp\/v2\/pages"}],"about":[{"href":"https:\/\/web.gtischarging.sk\/index.php\/wp-json\/wp\/v2\/types\/page"}],"author":[{"embeddable":true,"href":"https:\/\/web.gtischarging.sk\/index.php\/wp-json\/wp\/v2\/users\/8"}],"replies":[{"embeddable":true,"href":"https:\/\/web.gtischarging.sk\/index.php\/wp-json\/wp\/v2\/comments?post=2863"}],"version-history":[{"count":2,"href":"https:\/\/web.gtischarging.sk\/index.php\/wp-json\/wp\/v2\/pages\/2863\/revisions"}],"predecessor-version":[{"id":2877,"href":"https:\/\/web.gtischarging.sk\/index.php\/wp-json\/wp\/v2\/pages\/2863\/revisions\/2877"}],"wp:attachment":[{"href":"https:\/\/web.gtischarging.sk\/index.php\/wp-json\/wp\/v2\/media?parent=2863"}],"curies":[{"name":"wp","href":"https:\/\/api.w.org\/{rel}","templated":true}]}}