 {"id":281,"date":"2020-03-12T13:10:16","date_gmt":"2020-03-12T12:10:16","guid":{"rendered":"https:\/\/web.gtischarging.sk\/?page_id=281"},"modified":"2021-03-24T10:47:47","modified_gmt":"2021-03-24T09:47:47","slug":"nas-tip-pre-vas","status":"publish","type":"page","link":"https:\/\/web.gtischarging.sk\/index.php\/nas-tip-pre-vas\/","title":{"rendered":"Elektromobilita 2020"},"content":{"rendered":"\n<div class=\"wp-block-image\"><figure class=\"aligncenter size-large\"><img decoding=\"async\" loading=\"lazy\" width=\"1024\" height=\"544\" src=\"https:\/\/web.gtischarging.sk\/wp-content\/uploads\/2021\/02\/tip-title-1024x544.png\" alt=\"\" class=\"wp-image-1773\" srcset=\"https:\/\/web.gtischarging.sk\/wp-content\/uploads\/2021\/02\/tip-title-1024x544.png 1024w, https:\/\/web.gtischarging.sk\/wp-content\/uploads\/2021\/02\/tip-title-300x159.png 300w, https:\/\/web.gtischarging.sk\/wp-content\/uploads\/2021\/02\/tip-title-768x408.png 768w, https:\/\/web.gtischarging.sk\/wp-content\/uploads\/2021\/02\/tip-title-1536x816.png 1536w, https:\/\/web.gtischarging.sk\/wp-content\/uploads\/2021\/02\/tip-title.png 2000w\" sizes=\"(max-width: 1024px) 100vw, 1024px\" \/><\/figure><\/div>\n\n\n\n<h2 class=\"has-text-align-center wp-block-heading\">E\u00da potrebuje do roku 2024 asi 1 mili\u00f3n verejn\u00fdch nab\u00edjac\u00edch stan\u00edc pre elektromobily<\/h2>\n\n\n\n<div class=\"wp-block-group\"><div class=\"wp-block-group__inner-container is-layout-flow wp-block-group-is-layout-flow\">\n<p>Pod\u013ea \u010dl\u00e1nku agent\u00fary&nbsp;<a href=\"https:\/\/www.reuters.com\/article\/idUSKBN2AB0UG\">Reuters<\/a>&nbsp;si Eur\u00f3pska \u00fania mus\u00ed stanovi\u0165 jasn\u00e9 ciele t\u00fdkaj\u00face sa vybudovania&nbsp;<strong>jedn\u00e9ho mili\u00f3na verejn\u00fdch nab\u00edjac\u00edch stan\u00edc<\/strong>&nbsp;pre elektrick\u00e9 vozidl\u00e1&nbsp;<strong>do roku 2024<\/strong>&nbsp;a<strong>&nbsp;troch mili\u00f3nov nab\u00edjac\u00edch stan\u00edc do roku 2029<\/strong>. Z\u00e1stupcovia Eur\u00f3pskej asoci\u00e1cie v\u00fdrobcov automobilov (<strong>ACEA<\/strong>) sa vo svojom liste adresovanom Bruselu obr\u00e1tili na zodpovedn\u00fdch \u010dinite\u013eov s v\u00fdzvou ur\u00fdchlene za\u010da\u0165 kona\u0165. Pod\u013ea ACEA to umo\u017en\u00ed v\u00fdrobcom automobilov a prev\u00e1dzkovate\u013eom energetick\u00fdch siet\u00ed spo\u013eahlivej\u0161ie pl\u00e1nova\u0165 svoju bud\u00facnos\u0165.<\/p>\n\n\n\n<figure class=\"wp-block-gallery aligncenter columns-2 is-cropped wp-block-gallery-1 is-layout-flex wp-block-gallery-is-layout-flex\"><ul class=\"blocks-gallery-grid\"><li class=\"blocks-gallery-item\"><figure><img decoding=\"async\" loading=\"lazy\" width=\"605\" height=\"428\" src=\"https:\/\/web.gtischarging.sk\/wp-content\/uploads\/2021\/02\/graf.png\" alt=\"\" data-id=\"1775\" data-link=\"https:\/\/web.gtischarging.sk\/index.php\/nas-tip-pre-vas\/graf\/\" class=\"wp-image-1775\" srcset=\"https:\/\/web.gtischarging.sk\/wp-content\/uploads\/2021\/02\/graf.png 605w, https:\/\/web.gtischarging.sk\/wp-content\/uploads\/2021\/02\/graf-300x212.png 300w\" sizes=\"(max-width: 605px) 100vw, 605px\" \/><\/figure><\/li><li class=\"blocks-gallery-item\"><figure><img decoding=\"async\" loading=\"lazy\" width=\"605\" height=\"363\" src=\"https:\/\/web.gtischarging.sk\/wp-content\/uploads\/2021\/02\/graf2.png\" alt=\"\" data-id=\"1776\" data-full-url=\"https:\/\/web.gtischarging.sk\/wp-content\/uploads\/2021\/02\/graf2.png\" data-link=\"https:\/\/web.gtischarging.sk\/index.php\/nas-tip-pre-vas\/graf2\/\" class=\"wp-image-1776\" srcset=\"https:\/\/web.gtischarging.sk\/wp-content\/uploads\/2021\/02\/graf2.png 605w, https:\/\/web.gtischarging.sk\/wp-content\/uploads\/2021\/02\/graf2-300x180.png 300w\" sizes=\"(max-width: 605px) 100vw, 605px\" \/><\/figure><\/li><\/ul><\/figure>\n\n\n\n<p>\u201eEur\u00f3pska komisia by mala podnikn\u00fa\u0165 okam\u017eit\u00e9 kroky na stimul\u00e1ciu rastu nab\u00edjacej infra\u0161trukt\u00fary v \u010dlensk\u00fdch \u0161t\u00e1toch E\u00da. V opa\u010dnom pr\u00edpade bud\u00fa ohrozen\u00e9 dokonca aj u\u017e stanoven\u00e9 ciele zn\u00ed\u017eenia emisi\u00ed \u0161kodliv\u00fdch l\u00e1tok do ovzdu\u0161ia v r\u00e1mci boja proti klimatick\u00fdm zmen\u00e1m \u201c, uviedol v liste predseda BMW a \u0161\u00e9f ACEA&nbsp;<strong>Oliver Zipse<\/strong>.<\/p>\n\n\n\n<p>&nbsp;Ako p\u00ed\u0161e agent\u00fara&nbsp;<a href=\"https:\/\/www.reuters.com\/article\/idUSKBN2AB0UG\">Reuters<\/a>, v poslednej dobe v Eur\u00f3pe do\u0161lo k v\u00fdrazn\u00e9mu n\u00e1rastu predaja elektrick\u00fdch vozidiel, ako aj k poklesu predaja konven\u010dn\u00fdch vozidiel poh\u00e1\u0148an\u00fdch spa\u013eovac\u00edm motorom. V\u00fdrobcovia automobilov za\u010dali akt\u00edvne vyr\u00e1ba\u0165 nov\u00e9 modely elektrick\u00fdch vozidiel a prisp\u00f4sobili svoj vozov\u00fd park ned\u00e1vno zaveden\u00fdm pr\u00edsnej\u0161\u00edm po\u017eiadavk\u00e1m E\u00da na mno\u017estvo povolen\u00fdch emisi\u00ed \u0161kodliv\u00fdch l\u00e1tok. Rast\u00faci po\u010det kraj\u00edn sa sna\u017e\u00ed stimulova\u0165 ekonomiku v r\u00e1mci programov na zotavenie sa z pand\u00e9mie koronav\u00edrusu aj vl\u00e1dnymi dot\u00e1ciami pre automobilky a obyvate\u013estvo spojen\u00e9 s v\u00fdrobou a n\u00e1kupom elektrick\u00fdch vozidiel.<\/p>\n\n\n\n<p>Z\u00e1rove\u0148 agent\u00fara kon\u0161tatuje, \u017ee budovanie verejn\u00fdch nab\u00edjac\u00edch stan\u00edc pre elektromobily a \u010fal\u0161\u00edch nab\u00edjac\u00edch bodov na pracovisk\u00e1ch , \u010di v mestsk\u00fdch aglomer\u00e1ci\u00e1ch je ve\u013emi pomal\u00e9.&nbsp;<strong>Rozdiel v tarif\u00e1ch a sp\u00f4soboch platby<\/strong>&nbsp;za tieto slu\u017eby tak isto&nbsp;<strong>nepom\u00e1ha pri rie\u0161en\u00ed probl\u00e9mu<\/strong>. Pod\u013ea odborn\u00edkov sa ku koncu roka 2020 v Eur\u00f3pskej \u00fanii pou\u017e\u00edva&nbsp;<strong>224 538<\/strong>&nbsp;<strong>verejn\u00fdch nab\u00edjac\u00edch stan\u00edc.<\/strong><\/p>\n\n\n\n<div class=\"wp-block-image\"><figure class=\"aligncenter is-resized\"><img decoding=\"async\" loading=\"lazy\" src=\"https:\/\/www.elektro-vozidla.sk\/wp-content\/uploads\/2021\/02\/image-47.png\" alt=\"\" class=\"wp-image-1874\" width=\"748\" height=\"560\"\/><figcaption><em>verejn\u00e1 nediskrimina\u010dn\u00e1 nab\u00edjacia stanica v Seredi<\/em><\/figcaption><\/figure><\/div>\n\n\n\n<p>&nbsp;Z\u00e1stupcovia ACEA vo svojom liste tie\u017e nazna\u010duj\u00fa potrebu postavi\u0165 do roku 2029 asi&nbsp;<strong>1000 nab\u00edjac\u00edch stan\u00edc na vod\u00edk<\/strong>&nbsp;pre FCEV hybridn\u00e9 automobily, ako aj n\u00e1kladn\u00e9 vozidl\u00e1, ktor\u00e9 pou\u017e\u00edvaj\u00fa v\u00fdlu\u010dne tento druh paliva.<\/p>\n\n\n\n<p>Agent\u00fara<a href=\"https:\/\/www.reuters.com\/article\/idUSKBN2AB0UG\">&nbsp;Reuters<\/a>&nbsp;dod\u00e1va, \u017ee nemeck\u00e1 vl\u00e1da schv\u00e1lila minul\u00fa stredu ( 03.02.2021) n\u00e1vrh z\u00e1kona na v\u00fdstavbu 1 000 r\u00fdchlo nab\u00edjac\u00edch DC stan\u00edc pre elektrick\u00e9 vozidl\u00e1 pozd\u013a\u017e dia\u013enic do konca roku 2023. Projekt sa odhaduje na 2 miliardy eur.<\/p>\n\n\n\n<p><strong>Na z\u00e1ver<\/strong><\/p>\n\n\n\n<p>Pod\u013ea inform\u00e1cii denn\u00edka<a href=\"https:\/\/auto.pravda.sk\/doprava\/clanok\/571380-kolko-je-v-europe-nabijacich-stanic-najviac-v-holandsku-slovensko-na-chvoste\/\">&nbsp;pravda<\/a>&nbsp;z 10.12.2020 je&nbsp;<strong>na Slovensku 507 nab\u00edjac\u00edch stan\u00edc<\/strong>. Pritom technol\u00f3gie post\u00fapili u\u017e tak \u010faleko, \u017ee v niektor\u00fdch \u0161t\u00e1toch, ako napr\u00edklad<a href=\"https:\/\/www.elektro-vozidla.sk\/preco-elektromobily-znizia-spotrebu-elektriny\/\">&nbsp;<strong>Japonsko<\/strong><\/a>&nbsp;a&nbsp;<strong><a href=\"https:\/\/www.elektro-vozidla.sk\/ako-v-cine-investuju-do-nabijacej-infrastruktury\/\">\u010c\u00edna<\/a><\/strong>, u\u017e m\u00f4\u017eu&nbsp;<strong>elektrick\u00e9 aut\u00e1 prostredn\u00edctvom nab\u00edjac\u00edch stan\u00edc nielen \u010derpa\u0165 energiu, ale ju aj sp\u00e4tne dod\u00e1va\u0165 do siete po\u010das \u0161pi\u010diek a sta\u0165 sa tak formou pojazdnej elektr\u00e1rne.<\/strong>&nbsp;V \u010fal\u0161\u00edch \u0161t\u00e1toch, ako napr.&nbsp;<strong>Bielorusko<\/strong>, je nab\u00edjanie elektromobilov z verejn\u00fdch nab\u00edjac\u00edch stan\u00edc&nbsp;<strong>bezplatn\u00e9.<\/strong><\/p>\n\n\n\n<p>Aj Slovensko m\u00e1 svoje modern\u00e9 rie\u0161enia neradostnej situ\u00e1cie s nab\u00edjacou infra\u0161trukt\u00farou. Spolo\u010dnos\u0165&nbsp;Elmark Plus&nbsp;pon\u00faka&nbsp;<strong>nab\u00edjacie stanice<\/strong>&nbsp;s mo\u017enos\u0165ou<strong>&nbsp;platby za nab\u00edjanie pre<\/strong>&nbsp;v\u0161etk\u00fdch dr\u017eite\u013eov&nbsp;<strong>be\u017en\u00fdch platobn\u00fdch kariet<\/strong>. Pr\u00e1ve tak\u00e9to rie\u0161enia v\u00fdrazne pom\u00e1haj\u00fa zefekt\u00edvni\u0165 rozdroben\u00fa nab\u00edjaciu infra\u0161trukt\u00faru.&nbsp;<strong>Unifik\u00e1cia nab\u00edjac\u00edch pr\u00edstupov<\/strong>&nbsp;( \u010di u\u017e konektorov, alebo platobn\u00fdch syst\u00e9mov) je k\u013e\u00fa\u010dom k dosiahnutiu v\u00fdrazn\u00e9ho zlep\u0161enia v tejto oblasti.<\/p>\n\n\n\n<p>Svet nestoj\u00ed na mieste, aj ke\u010f sa to mo\u017eno niektor\u00fdm na\u0161im predstavite\u013eom tak zd\u00e1. U\u017e dnes m\u00e1me neuverite\u013ene \u010faleko k vy\u0161e&nbsp;<strong>37 tis\u00edcom<\/strong>&nbsp;nab\u00edjac\u00edch stan\u00edc&nbsp;<strong>v Holandsku&nbsp;<\/strong>s pribli\u017ene 17 mil. obyvate\u013eov. U\u017e v\u010dera bolo pozde!!!<\/p>\n\n\n\n<p>Tak ako po\u017eaduj\u00fa odborn\u00edci z ACEA, \u010di v Bruseli, alebo aj v Bratislave by mal zaznie\u0165 bud\u00ed\u010dek! Aby sme sa o p\u00e1r rokov smutne nepozerali, kam n\u00e1m ten vyspel\u00fd svet u\u0161iel.<\/p>\n\n\n\n<p>V \u00fatulnej obci&nbsp;<a href=\"https:\/\/www.elektro-vozidla.sk\/aj-v-prakovciach-pri-gelnici\/\">Prakovce<\/a>&nbsp;rozlo\u017eenej na \u00fabo\u010d\u00ed malebnej rieky Hnilec, ale dokonca ani v okresnom meste&nbsp;<a href=\"https:\/\/www.elektro-vozidla.sk\/aj-v-prakovciach-pri-gelnici\/\">Gelnica<\/a>, e\u0161te st\u00e1le nab\u00edjaciu stanicu nemaj\u00fa!<\/p>\n\n\n\n<div class=\"wp-block-image\"><figure class=\"aligncenter is-resized\"><img decoding=\"async\" loading=\"lazy\" src=\"https:\/\/www.elektro-vozidla.sk\/wp-content\/uploads\/2021\/02\/image-49.png\" alt=\"\" class=\"wp-image-1879\" width=\"755\" height=\"566\"\/><figcaption><em>okresn\u00e9 mesto Gelnica<\/em><\/figcaption><\/figure><\/div>\n<\/div><\/div>\n\n\n\n<p>Zdroj<br><a href=\"https:\/\/www.elektro-vozidla.sk\/eu-potrebuje-do-roku-2024-asi-1-milion-verejnych-nabijacich-stanic-pre-elektromobily\/\">elektro-vozidla.sk<\/a><\/p>\n","protected":false},"excerpt":{"rendered":"<p>E\u00da potrebuje do roku 2024 asi 1 mili\u00f3n verejn\u00fdch nab\u00edjac\u00edch stan\u00edc pre elektromobily Pod\u013ea \u010dl\u00e1nku agent\u00fary&nbsp;Reuters&nbsp;si Eur\u00f3pska \u00fania mus\u00ed stanovi\u0165 jasn\u00e9 ciele t\u00fdkaj\u00face sa vybudovania&nbsp;jedn\u00e9ho mili\u00f3na verejn\u00fdch nab\u00edjac\u00edch stan\u00edc&nbsp;pre elektrick\u00e9 vozidl\u00e1&nbsp;do roku 2024&nbsp;a&nbsp;troch mili\u00f3nov&#46;&#46;&#46;<\/p>\n","protected":false},"author":1,"featured_media":0,"parent":0,"menu_order":0,"comment_status":"closed","ping_status":"closed","template":"","meta":{"footnotes":""},"yoast_head":"<!-- This site is optimized with the Yoast SEO plugin v20.4 - https:\/\/yoast.com\/wordpress\/plugins\/seo\/ -->\n<title>Elektromobilita 2020 - gtischarging.sk<\/title>\n<meta name=\"robots\" content=\"index, follow, max-snippet:-1, max-image-preview:large, max-video-preview:-1\" \/>\n<link rel=\"canonical\" href=\"https:\/\/web.gtischarging.sk\/index.php\/nas-tip-pre-vas\/\" \/>\n<meta property=\"og:locale\" content=\"cs_CZ\" \/>\n<meta property=\"og:type\" content=\"article\" \/>\n<meta property=\"og:title\" content=\"Elektromobilita 2020 - gtischarging.sk\" \/>\n<meta property=\"og:description\" content=\"E\u00da potrebuje do roku 2024 asi 1 mili\u00f3n verejn\u00fdch nab\u00edjac\u00edch stan\u00edc pre elektromobily Pod\u013ea \u010dl\u00e1nku agent\u00fary&nbsp;Reuters&nbsp;si Eur\u00f3pska \u00fania mus\u00ed stanovi\u0165 jasn\u00e9 ciele t\u00fdkaj\u00face sa vybudovania&nbsp;jedn\u00e9ho mili\u00f3na verejn\u00fdch nab\u00edjac\u00edch stan\u00edc&nbsp;pre elektrick\u00e9 vozidl\u00e1&nbsp;do roku 2024&nbsp;a&nbsp;troch mili\u00f3nov&#046;&#046;&#046;\" \/>\n<meta property=\"og:url\" content=\"https:\/\/web.gtischarging.sk\/index.php\/nas-tip-pre-vas\/\" \/>\n<meta property=\"og:site_name\" content=\"gtischarging.sk\" \/>\n<meta property=\"article:publisher\" content=\"https:\/\/www.facebook.com\/gtischarging\" \/>\n<meta property=\"article:modified_time\" content=\"2021-03-24T09:47:47+00:00\" \/>\n<meta property=\"og:image\" content=\"https:\/\/web.gtischarging.sk\/wp-content\/uploads\/2021\/02\/tip-title-1024x544.png\" \/>\n<meta name=\"twitter:card\" content=\"summary_large_image\" \/>\n<meta name=\"twitter:label1\" content=\"Odhadovan\u00e1 doba \u010dten\u00ed\" \/>\n\t<meta name=\"twitter:data1\" content=\"4 minuty\" \/>\n<script type=\"application\/ld+json\" class=\"yoast-schema-graph\">{\"@context\":\"https:\/\/schema.org\",\"@graph\":[{\"@type\":\"WebPage\",\"@id\":\"https:\/\/web.gtischarging.sk\/index.php\/nas-tip-pre-vas\/\",\"url\":\"https:\/\/web.gtischarging.sk\/index.php\/nas-tip-pre-vas\/\",\"name\":\"Elektromobilita 2020 - gtischarging.sk\",\"isPartOf\":{\"@id\":\"https:\/\/web.gtischarging.sk\/#website\"},\"datePublished\":\"2020-03-12T12:10:16+00:00\",\"dateModified\":\"2021-03-24T09:47:47+00:00\",\"breadcrumb\":{\"@id\":\"https:\/\/web.gtischarging.sk\/index.php\/nas-tip-pre-vas\/#breadcrumb\"},\"inLanguage\":\"cs\",\"potentialAction\":[{\"@type\":\"ReadAction\",\"target\":[\"https:\/\/web.gtischarging.sk\/index.php\/nas-tip-pre-vas\/\"]}]},{\"@type\":\"BreadcrumbList\",\"@id\":\"https:\/\/web.gtischarging.sk\/index.php\/nas-tip-pre-vas\/#breadcrumb\",\"itemListElement\":[{\"@type\":\"ListItem\",\"position\":1,\"name\":\"Dom\u016f\",\"item\":\"https:\/\/web.gtischarging.sk\/\"},{\"@type\":\"ListItem\",\"position\":2,\"name\":\"Elektromobilita 2020\"}]},{\"@type\":\"WebSite\",\"@id\":\"https:\/\/web.gtischarging.sk\/#website\",\"url\":\"https:\/\/web.gtischarging.sk\/\",\"name\":\"gtischarging.sk\",\"description\":\"U n\u00e1s sta\u010d\u00ed prilo\u017ei\u0165 platobn\u00fa kartu\",\"publisher\":{\"@id\":\"https:\/\/web.gtischarging.sk\/#organization\"},\"potentialAction\":[{\"@type\":\"SearchAction\",\"target\":{\"@type\":\"EntryPoint\",\"urlTemplate\":\"https:\/\/web.gtischarging.sk\/?s={search_term_string}\"},\"query-input\":\"required name=search_term_string\"}],\"inLanguage\":\"cs\"},{\"@type\":\"Organization\",\"@id\":\"https:\/\/web.gtischarging.sk\/#organization\",\"name\":\"GTIS charging\",\"url\":\"https:\/\/web.gtischarging.sk\/\",\"logo\":{\"@type\":\"ImageObject\",\"inLanguage\":\"cs\",\"@id\":\"https:\/\/web.gtischarging.sk\/#\/schema\/logo\/image\/\",\"url\":\"https:\/\/web.gtischarging.sk\/wp-content\/uploads\/2020\/03\/logo-180px.png\",\"contentUrl\":\"https:\/\/web.gtischarging.sk\/wp-content\/uploads\/2020\/03\/logo-180px.png\",\"width\":180,\"height\":123,\"caption\":\"GTIS charging\"},\"image\":{\"@id\":\"https:\/\/web.gtischarging.sk\/#\/schema\/logo\/image\/\"},\"sameAs\":[\"https:\/\/www.facebook.com\/gtischarging\"]}]}<\/script>\n<!-- \/ Yoast SEO plugin. -->","yoast_head_json":{"title":"Elektromobilita 2020 - gtischarging.sk","robots":{"index":"index","follow":"follow","max-snippet":"max-snippet:-1","max-image-preview":"max-image-preview:large","max-video-preview":"max-video-preview:-1"},"canonical":"https:\/\/web.gtischarging.sk\/index.php\/nas-tip-pre-vas\/","og_locale":"cs_CZ","og_type":"article","og_title":"Elektromobilita 2020 - gtischarging.sk","og_description":"E\u00da potrebuje do roku 2024 asi 1 mili\u00f3n verejn\u00fdch nab\u00edjac\u00edch stan\u00edc pre elektromobily Pod\u013ea \u010dl\u00e1nku agent\u00fary&nbsp;Reuters&nbsp;si Eur\u00f3pska \u00fania mus\u00ed stanovi\u0165 jasn\u00e9 ciele t\u00fdkaj\u00face sa vybudovania&nbsp;jedn\u00e9ho mili\u00f3na verejn\u00fdch nab\u00edjac\u00edch stan\u00edc&nbsp;pre elektrick\u00e9 vozidl\u00e1&nbsp;do roku 2024&nbsp;a&nbsp;troch mili\u00f3nov&#46;&#46;&#46;","og_url":"https:\/\/web.gtischarging.sk\/index.php\/nas-tip-pre-vas\/","og_site_name":"gtischarging.sk","article_publisher":"https:\/\/www.facebook.com\/gtischarging","article_modified_time":"2021-03-24T09:47:47+00:00","og_image":[{"url":"https:\/\/web.gtischarging.sk\/wp-content\/uploads\/2021\/02\/tip-title-1024x544.png"}],"twitter_card":"summary_large_image","twitter_misc":{"Odhadovan\u00e1 doba \u010dten\u00ed":"4 minuty"},"schema":{"@context":"https:\/\/schema.org","@graph":[{"@type":"WebPage","@id":"https:\/\/web.gtischarging.sk\/index.php\/nas-tip-pre-vas\/","url":"https:\/\/web.gtischarging.sk\/index.php\/nas-tip-pre-vas\/","name":"Elektromobilita 2020 - gtischarging.sk","isPartOf":{"@id":"https:\/\/web.gtischarging.sk\/#website"},"datePublished":"2020-03-12T12:10:16+00:00","dateModified":"2021-03-24T09:47:47+00:00","breadcrumb":{"@id":"https:\/\/web.gtischarging.sk\/index.php\/nas-tip-pre-vas\/#breadcrumb"},"inLanguage":"cs","potentialAction":[{"@type":"ReadAction","target":["https:\/\/web.gtischarging.sk\/index.php\/nas-tip-pre-vas\/"]}]},{"@type":"BreadcrumbList","@id":"https:\/\/web.gtischarging.sk\/index.php\/nas-tip-pre-vas\/#breadcrumb","itemListElement":[{"@type":"ListItem","position":1,"name":"Dom\u016f","item":"https:\/\/web.gtischarging.sk\/"},{"@type":"ListItem","position":2,"name":"Elektromobilita 2020"}]},{"@type":"WebSite","@id":"https:\/\/web.gtischarging.sk\/#website","url":"https:\/\/web.gtischarging.sk\/","name":"gtischarging.sk","description":"U n\u00e1s sta\u010d\u00ed prilo\u017ei\u0165 platobn\u00fa kartu","publisher":{"@id":"https:\/\/web.gtischarging.sk\/#organization"},"potentialAction":[{"@type":"SearchAction","target":{"@type":"EntryPoint","urlTemplate":"https:\/\/web.gtischarging.sk\/?s={search_term_string}"},"query-input":"required name=search_term_string"}],"inLanguage":"cs"},{"@type":"Organization","@id":"https:\/\/web.gtischarging.sk\/#organization","name":"GTIS charging","url":"https:\/\/web.gtischarging.sk\/","logo":{"@type":"ImageObject","inLanguage":"cs","@id":"https:\/\/web.gtischarging.sk\/#\/schema\/logo\/image\/","url":"https:\/\/web.gtischarging.sk\/wp-content\/uploads\/2020\/03\/logo-180px.png","contentUrl":"https:\/\/web.gtischarging.sk\/wp-content\/uploads\/2020\/03\/logo-180px.png","width":180,"height":123,"caption":"GTIS charging"},"image":{"@id":"https:\/\/web.gtischarging.sk\/#\/schema\/logo\/image\/"},"sameAs":["https:\/\/www.facebook.com\/gtischarging"]}]}},"_links":{"self":[{"href":"https:\/\/web.gtischarging.sk\/index.php\/wp-json\/wp\/v2\/pages\/281"}],"collection":[{"href":"https:\/\/web.gtischarging.sk\/index.php\/wp-json\/wp\/v2\/pages"}],"about":[{"href":"https:\/\/web.gtischarging.sk\/index.php\/wp-json\/wp\/v2\/types\/page"}],"author":[{"embeddable":true,"href":"https:\/\/web.gtischarging.sk\/index.php\/wp-json\/wp\/v2\/users\/1"}],"replies":[{"embeddable":true,"href":"https:\/\/web.gtischarging.sk\/index.php\/wp-json\/wp\/v2\/comments?post=281"}],"version-history":[{"count":13,"href":"https:\/\/web.gtischarging.sk\/index.php\/wp-json\/wp\/v2\/pages\/281\/revisions"}],"predecessor-version":[{"id":2217,"href":"https:\/\/web.gtischarging.sk\/index.php\/wp-json\/wp\/v2\/pages\/281\/revisions\/2217"}],"wp:attachment":[{"href":"https:\/\/web.gtischarging.sk\/index.php\/wp-json\/wp\/v2\/media?parent=281"}],"curies":[{"name":"wp","href":"https:\/\/api.w.org\/{rel}","templated":true}]}}