 {"id":2483,"date":"2021-04-29T09:41:55","date_gmt":"2021-04-29T07:41:55","guid":{"rendered":"https:\/\/web.gtischarging.sk\/?page_id=2483"},"modified":"2021-04-29T09:41:56","modified_gmt":"2021-04-29T07:41:56","slug":"volkswagen-id-6","status":"publish","type":"page","link":"https:\/\/web.gtischarging.sk\/index.php\/volkswagen-id-6\/","title":{"rendered":"Volkswagen ID.6"},"content":{"rendered":"\n<div class=\"wp-block-image\"><figure class=\"aligncenter size-large\"><img decoding=\"async\" loading=\"lazy\" width=\"908\" height=\"381\" src=\"https:\/\/web.gtischarging.sk\/wp-content\/uploads\/2021\/04\/95b786bb2fb61731f38f728e828f6ad441812585.jpg\" alt=\"\" class=\"wp-image-2484\" srcset=\"https:\/\/web.gtischarging.sk\/wp-content\/uploads\/2021\/04\/95b786bb2fb61731f38f728e828f6ad441812585.jpg 908w, https:\/\/web.gtischarging.sk\/wp-content\/uploads\/2021\/04\/95b786bb2fb61731f38f728e828f6ad441812585-300x126.jpg 300w, https:\/\/web.gtischarging.sk\/wp-content\/uploads\/2021\/04\/95b786bb2fb61731f38f728e828f6ad441812585-768x322.jpg 768w\" sizes=\"(max-width: 908px) 100vw, 908px\" \/><\/figure><\/div>\n\n\n\n<h1 class=\"has-text-align-center wp-block-heading\">Odhalen\u00fd ve\u013ek\u00fd elektrick\u00fd crossover Volkswagen ID.6<\/h1>\n\n\n\n<h4 class=\"has-text-align-center wp-block-heading\">P\u00e4\u0165metrov\u00fd model ID.6 m\u00f4\u017ee by\u0165 \u0161es\u0165 alebo sedem miestny s pohonom zadn\u00fdch alebo v\u0161etk\u00fdch kolies<\/h4>\n\n\n\n<p>Ve\u013ek\u00fd elektrick\u00fd crossover Volkswagen ID.6 s tromi radmi sedadiel bol predstaven\u00fd na autosal\u00f3ne v \u0160anghaji.&nbsp;Novinka debutovala v dvoch modifik\u00e1ci\u00e1ch ID.6 Crozz a ID.6 X: v z\u00e1vislosti od verzie sa l\u00ed\u0161i miesto mont\u00e1\u017ee, dizajn interi\u00e9ru a exteri\u00e9ru, ale technick\u00e1 v\u00fdpl\u0148 je rovnak\u00e1.<\/p>\n\n\n\n<p>Rodina Volkswagenu ID.6 je zalo\u017een\u00e1 na natiahnutej verzii modul\u00e1rnej platformy MEB a architekt\u00fara podvozku ve\u013ek\u00fdch crossoverov je identick\u00e1 s \u201ejuniorsk\u00fdm\u201c ID.4: zavesenie McPherson vpredu, viacprvkov\u00e9 zadn\u00e9, zadn\u00e9 bubnov\u00e9 brzdy.&nbsp;Adapt\u00edvne pru\u017eenie je volite\u013en\u00e9.<\/p>\n\n\n\n<p>\u201e\u0160estky\u201c s\u00fa najpriestrannej\u0161ie elektromobily zna\u010dky Volkswagen, preto\u017ee sa pred\u013a\u017eil r\u00e1zvor n\u00e1prav na 2965 milimetrov a celkov\u00e1 d\u013a\u017eka &#8211; a\u017e 4,9 metra.&nbsp;K ve\u013ekosti s\u00fa prisp\u00f4soben\u00e9 aj koles\u00e1: \u0161pi\u010dkov\u00e9 verzie s\u00fa vybaven\u00e9 21-palcov\u00fdmi zliatinov\u00fdmi diskami, z\u00e1kladn\u00e1 verzia ID.6 je 19-palcov\u00e1.<\/p>\n\n\n\n<figure class=\"wp-block-gallery columns-2 is-cropped wp-block-gallery-1 is-layout-flex wp-block-gallery-is-layout-flex\"><ul class=\"blocks-gallery-grid\"><li class=\"blocks-gallery-item\"><figure><img decoding=\"async\" src=\"https:\/\/motor.ru\/thumb\/908x0\/filters:quality(75):no_upscale()\/imgs\/2021\/04\/18\/10\/4619096\/3ee30c18177b262faa917bc50faf18cc06f5ef89.jpg\" alt=\"\" data-id=\"\"\/><\/figure><\/li><li class=\"blocks-gallery-item\"><figure><img decoding=\"async\" loading=\"lazy\" width=\"908\" height=\"600\" src=\"https:\/\/web.gtischarging.sk\/wp-content\/uploads\/2021\/04\/37f89db340c92dff6374295418ff800e4002011c.jpg\" alt=\"\" data-id=\"2490\" data-full-url=\"https:\/\/web.gtischarging.sk\/wp-content\/uploads\/2021\/04\/37f89db340c92dff6374295418ff800e4002011c.jpg\" data-link=\"https:\/\/web.gtischarging.sk\/?attachment_id=2490\" class=\"wp-image-2490\" srcset=\"https:\/\/web.gtischarging.sk\/wp-content\/uploads\/2021\/04\/37f89db340c92dff6374295418ff800e4002011c.jpg 908w, https:\/\/web.gtischarging.sk\/wp-content\/uploads\/2021\/04\/37f89db340c92dff6374295418ff800e4002011c-300x198.jpg 300w, https:\/\/web.gtischarging.sk\/wp-content\/uploads\/2021\/04\/37f89db340c92dff6374295418ff800e4002011c-768x507.jpg 768w\" sizes=\"(max-width: 908px) 100vw, 908px\" \/><\/figure><\/li><\/ul><\/figure>\n\n\n\n<p>ID.6 Crozz a ID.6 X si nemo\u017eno navz\u00e1jom zamie\u0148a\u0165: kon\u0161trukt\u00e9ri \u010d\u00ednskej pobo\u010dky Volkswagenu sa postarali o dostatok rozdielov.&nbsp;Simult\u00e1nny debut v podstate identick\u00fdch, ale navonok odli\u0161n\u00fdch automobilov sa vysvet\u013euje pr\u00edtomnos\u0165ou dvoch r\u00f4znych form\u00e1lne konkuren\u010dn\u00fdch spolo\u010dn\u00fdch podnikov &#8211; ID.6 Crozz bude vyr\u00e1ba\u0165 div\u00edzia FAW-Volkswagen a ID.6 X &#8211; SAIC- Dc\u00e9rska spolo\u010dnos\u0165 Volkswagen.<\/p>\n\n\n\n<p>Nikto sa nesna\u017e\u00ed skry\u0165 spolo\u010dn\u00e9 \u010drty \u201e\u0161estiek\u201c &#8211; optika a imit\u00e1cia vstupov vzduchu s\u00fa vyroben\u00e9 v rovnakom \u0161t\u00fdle, oba modely ID.6 maj\u00fa sveteln\u00e9 log\u00e1 a chr\u00f3mov\u00fd dekor \u201epl\u00e1vaj\u00facej\u201c strechy.<\/p>\n\n\n\n<figure class=\"wp-block-gallery columns-2 is-cropped wp-block-gallery-3 is-layout-flex wp-block-gallery-is-layout-flex\"><ul class=\"blocks-gallery-grid\"><li class=\"blocks-gallery-item\"><figure><img decoding=\"async\" src=\"https:\/\/motor.ru\/thumb\/908x0\/filters:quality(75):no_upscale()\/imgs\/2021\/04\/18\/11\/4619109\/abd0bf5a6b8d89461ce062912ce7f07ff01de2c2.jpg\" alt=\"\" data-id=\"\"\/><\/figure><\/li><li class=\"blocks-gallery-item\"><figure><img decoding=\"async\" loading=\"lazy\" width=\"908\" height=\"600\" src=\"https:\/\/web.gtischarging.sk\/wp-content\/uploads\/2021\/04\/6bb64ba96a13a186715f34c234fd5879858416bb.jpg\" alt=\"\" data-id=\"2486\" data-full-url=\"https:\/\/web.gtischarging.sk\/wp-content\/uploads\/2021\/04\/6bb64ba96a13a186715f34c234fd5879858416bb.jpg\" data-link=\"https:\/\/web.gtischarging.sk\/?attachment_id=2486\" class=\"wp-image-2486\" srcset=\"https:\/\/web.gtischarging.sk\/wp-content\/uploads\/2021\/04\/6bb64ba96a13a186715f34c234fd5879858416bb.jpg 908w, https:\/\/web.gtischarging.sk\/wp-content\/uploads\/2021\/04\/6bb64ba96a13a186715f34c234fd5879858416bb-300x198.jpg 300w, https:\/\/web.gtischarging.sk\/wp-content\/uploads\/2021\/04\/6bb64ba96a13a186715f34c234fd5879858416bb-768x507.jpg 768w\" sizes=\"(max-width: 908px) 100vw, 908px\" \/><\/figure><\/li><\/ul><\/figure>\n\n\n\n<p>Vn\u00fatorn\u00e1 architekt\u00fara je rovnak\u00e1, ale existuje len m\u00e1lo vymenite\u013en\u00fdch \u010dast\u00ed: predn\u00e9 panely, karty dver\u00ed, sedadl\u00e1, zvody potrubia, rozhranie infotainmentu a grafika virtu\u00e1lnych pr\u00edstrojov s\u00fa odli\u0161n\u00e9, hoci uhloprie\u010dky obrazovky s\u00fa rovnak\u00e9.<\/p>\n\n\n\n<figure class=\"wp-block-gallery columns-2 is-cropped wp-block-gallery-5 is-layout-flex wp-block-gallery-is-layout-flex\"><ul class=\"blocks-gallery-grid\"><li class=\"blocks-gallery-item\"><figure><img decoding=\"async\" src=\"https:\/\/motor.ru\/thumb\/1280x0\/filters:quality(75):no_upscale()\/imgs\/2021\/04\/18\/10\/4619103\/4bbc2a94e08124b4bcc802374889a76c6641e734.jpg\" alt=\"\" data-id=\"\"\/><figcaption class=\"blocks-gallery-item__caption\">Interi\u00e9r Volkswagen ID.6 X<\/figcaption><\/figure><\/li><li class=\"blocks-gallery-item\"><figure><img decoding=\"async\" loading=\"lazy\" width=\"1024\" height=\"677\" src=\"https:\/\/web.gtischarging.sk\/wp-content\/uploads\/2021\/04\/7e4bb40741da4c0eddbfdd15e9cbf7a93ce3e7d5-1024x677.jpg\" alt=\"\" data-id=\"2487\" data-full-url=\"https:\/\/web.gtischarging.sk\/wp-content\/uploads\/2021\/04\/7e4bb40741da4c0eddbfdd15e9cbf7a93ce3e7d5.jpg\" data-link=\"https:\/\/web.gtischarging.sk\/?attachment_id=2487\" class=\"wp-image-2487\" srcset=\"https:\/\/web.gtischarging.sk\/wp-content\/uploads\/2021\/04\/7e4bb40741da4c0eddbfdd15e9cbf7a93ce3e7d5-1024x677.jpg 1024w, https:\/\/web.gtischarging.sk\/wp-content\/uploads\/2021\/04\/7e4bb40741da4c0eddbfdd15e9cbf7a93ce3e7d5-300x198.jpg 300w, https:\/\/web.gtischarging.sk\/wp-content\/uploads\/2021\/04\/7e4bb40741da4c0eddbfdd15e9cbf7a93ce3e7d5-768x508.jpg 768w, https:\/\/web.gtischarging.sk\/wp-content\/uploads\/2021\/04\/7e4bb40741da4c0eddbfdd15e9cbf7a93ce3e7d5.jpg 1280w\" sizes=\"(max-width: 1024px) 100vw, 1024px\" \/><figcaption class=\"blocks-gallery-item__caption\">Interi\u00e9r Volkswagen ID.6 Crozz<\/figcaption><\/figure><\/li><\/ul><\/figure>\n\n\n\n<p>Mo\u017enosti s\u00fa ve\u013emi podobn\u00e9: pre modely ID.6 Crozz a ID.6 X si m\u00f4\u017eete objedna\u0165 head-up displej, panoramatick\u00fa strechu, samostatn\u00e9 sedadl\u00e1 v druhom rade namiesto obvyklej trojmiestnej pohovky a cel\u00fa sadu elektronick\u00fdch asistentov.<\/p>\n\n\n\n<figure class=\"wp-block-gallery columns-3 is-cropped wp-block-gallery-7 is-layout-flex wp-block-gallery-is-layout-flex\"><ul class=\"blocks-gallery-grid\"><li class=\"blocks-gallery-item\"><figure><img decoding=\"async\" src=\"https:\/\/motor.ru\/thumb\/908x0\/filters:quality(75):no_upscale()\/imgs\/2021\/04\/18\/11\/4619112\/243237df2f50c73f5f8f789b70bbe86656d8afd3.jpg\" alt=\"\" data-id=\"\"\/><\/figure><\/li><li class=\"blocks-gallery-item\"><figure><img decoding=\"async\" loading=\"lazy\" width=\"908\" height=\"600\" src=\"https:\/\/web.gtischarging.sk\/wp-content\/uploads\/2021\/04\/6141c24f1ee85c2e5e82a0115671ad4bb5cd5dbf.jpg\" alt=\"\" data-id=\"2488\" data-link=\"https:\/\/web.gtischarging.sk\/?attachment_id=2488\" class=\"wp-image-2488\" srcset=\"https:\/\/web.gtischarging.sk\/wp-content\/uploads\/2021\/04\/6141c24f1ee85c2e5e82a0115671ad4bb5cd5dbf.jpg 908w, https:\/\/web.gtischarging.sk\/wp-content\/uploads\/2021\/04\/6141c24f1ee85c2e5e82a0115671ad4bb5cd5dbf-300x198.jpg 300w, https:\/\/web.gtischarging.sk\/wp-content\/uploads\/2021\/04\/6141c24f1ee85c2e5e82a0115671ad4bb5cd5dbf-768x507.jpg 768w\" sizes=\"(max-width: 908px) 100vw, 908px\" \/><\/figure><\/li><li class=\"blocks-gallery-item\"><figure><img decoding=\"async\" loading=\"lazy\" width=\"908\" height=\"600\" src=\"https:\/\/web.gtischarging.sk\/wp-content\/uploads\/2021\/04\/2b2a74bfb13b842c4d05f156aba6a60b90a4bfdb.jpg\" alt=\"\" data-id=\"2489\" data-full-url=\"https:\/\/web.gtischarging.sk\/wp-content\/uploads\/2021\/04\/2b2a74bfb13b842c4d05f156aba6a60b90a4bfdb.jpg\" data-link=\"https:\/\/web.gtischarging.sk\/?attachment_id=2489\" class=\"wp-image-2489\" srcset=\"https:\/\/web.gtischarging.sk\/wp-content\/uploads\/2021\/04\/2b2a74bfb13b842c4d05f156aba6a60b90a4bfdb.jpg 908w, https:\/\/web.gtischarging.sk\/wp-content\/uploads\/2021\/04\/2b2a74bfb13b842c4d05f156aba6a60b90a4bfdb-300x198.jpg 300w, https:\/\/web.gtischarging.sk\/wp-content\/uploads\/2021\/04\/2b2a74bfb13b842c4d05f156aba6a60b90a4bfdb-768x507.jpg 768w\" sizes=\"(max-width: 908px) 100vw, 908px\" \/><\/figure><\/li><\/ul><\/figure>\n\n\n\n<p>Z\u00e1kladn\u00fd pohon zadn\u00fdch kolies Volkswagen ID.6: elektromotor vyv\u00edja v z\u00e1vislosti od verzie v\u00fdkon 180 alebo 204 kon\u00ed.&nbsp;Kapacita hnacej bat\u00e9rie je premenliv\u00e1: 58 alebo 77 kilowatthod\u00edn.&nbsp;Vrchn\u00e9 verzie odli\u0161uje dvojmotorov\u00e1 elektromotor s v\u00fdkonom 306 kon\u00ed a s\u00fa vybaven\u00e9 \u201eseniorskou\u201c bat\u00e9riou.&nbsp;V\u00fdkonov\u00e1 rezerva dosahuje pri zastaranom cykle NEDC 588 kilometrov, najjednoduch\u0161ia verzia v\u0161ak prejde 436 kilometrov bez dob\u00edjania.<\/p>\n\n\n\n<p>Zdroj<br><a href=\"https:\/\/motor.ru\/news\/volkswagen-id.6-view-18-04-2021.htm\">motor<\/a><\/p>\n","protected":false},"excerpt":{"rendered":"<p>Odhalen\u00fd ve\u013ek\u00fd elektrick\u00fd crossover Volkswagen ID.6 P\u00e4\u0165metrov\u00fd model ID.6 m\u00f4\u017ee by\u0165 \u0161es\u0165 alebo sedem miestny s pohonom zadn\u00fdch alebo v\u0161etk\u00fdch kolies Ve\u013ek\u00fd elektrick\u00fd crossover Volkswagen ID.6 s tromi radmi sedadiel bol predstaven\u00fd na autosal\u00f3ne&#46;&#46;&#46;<\/p>\n","protected":false},"author":8,"featured_media":0,"parent":0,"menu_order":0,"comment_status":"closed","ping_status":"closed","template":"","meta":{"footnotes":""},"yoast_head":"<!-- This site is optimized with the Yoast SEO plugin v20.4 - https:\/\/yoast.com\/wordpress\/plugins\/seo\/ -->\n<title>Volkswagen ID.6 - gtischarging.sk<\/title>\n<meta name=\"robots\" content=\"index, follow, max-snippet:-1, max-image-preview:large, max-video-preview:-1\" \/>\n<link rel=\"canonical\" href=\"https:\/\/web.gtischarging.sk\/index.php\/volkswagen-id-6\/\" \/>\n<meta property=\"og:locale\" content=\"cs_CZ\" \/>\n<meta property=\"og:type\" content=\"article\" \/>\n<meta property=\"og:title\" content=\"Volkswagen ID.6 - gtischarging.sk\" \/>\n<meta property=\"og:description\" content=\"Odhalen\u00fd ve\u013ek\u00fd elektrick\u00fd crossover Volkswagen ID.6 P\u00e4\u0165metrov\u00fd model ID.6 m\u00f4\u017ee by\u0165 \u0161es\u0165 alebo sedem miestny s pohonom zadn\u00fdch alebo v\u0161etk\u00fdch kolies Ve\u013ek\u00fd elektrick\u00fd crossover Volkswagen ID.6 s tromi radmi sedadiel bol predstaven\u00fd na autosal\u00f3ne&#046;&#046;&#046;\" \/>\n<meta property=\"og:url\" content=\"https:\/\/web.gtischarging.sk\/index.php\/volkswagen-id-6\/\" \/>\n<meta property=\"og:site_name\" content=\"gtischarging.sk\" \/>\n<meta property=\"article:publisher\" content=\"https:\/\/www.facebook.com\/gtischarging\" \/>\n<meta property=\"article:modified_time\" content=\"2021-04-29T07:41:56+00:00\" \/>\n<meta property=\"og:image\" content=\"https:\/\/web.gtischarging.sk\/wp-content\/uploads\/2021\/04\/95b786bb2fb61731f38f728e828f6ad441812585.jpg\" \/>\n<meta name=\"twitter:card\" content=\"summary_large_image\" \/>\n<meta name=\"twitter:label1\" content=\"Odhadovan\u00e1 doba \u010dten\u00ed\" \/>\n\t<meta name=\"twitter:data1\" content=\"2 minuty\" \/>\n<script type=\"application\/ld+json\" class=\"yoast-schema-graph\">{\"@context\":\"https:\/\/schema.org\",\"@graph\":[{\"@type\":\"WebPage\",\"@id\":\"https:\/\/web.gtischarging.sk\/index.php\/volkswagen-id-6\/\",\"url\":\"https:\/\/web.gtischarging.sk\/index.php\/volkswagen-id-6\/\",\"name\":\"Volkswagen ID.6 - gtischarging.sk\",\"isPartOf\":{\"@id\":\"https:\/\/web.gtischarging.sk\/#website\"},\"datePublished\":\"2021-04-29T07:41:55+00:00\",\"dateModified\":\"2021-04-29T07:41:56+00:00\",\"breadcrumb\":{\"@id\":\"https:\/\/web.gtischarging.sk\/index.php\/volkswagen-id-6\/#breadcrumb\"},\"inLanguage\":\"cs\",\"potentialAction\":[{\"@type\":\"ReadAction\",\"target\":[\"https:\/\/web.gtischarging.sk\/index.php\/volkswagen-id-6\/\"]}]},{\"@type\":\"BreadcrumbList\",\"@id\":\"https:\/\/web.gtischarging.sk\/index.php\/volkswagen-id-6\/#breadcrumb\",\"itemListElement\":[{\"@type\":\"ListItem\",\"position\":1,\"name\":\"Dom\u016f\",\"item\":\"https:\/\/web.gtischarging.sk\/\"},{\"@type\":\"ListItem\",\"position\":2,\"name\":\"Volkswagen ID.6\"}]},{\"@type\":\"WebSite\",\"@id\":\"https:\/\/web.gtischarging.sk\/#website\",\"url\":\"https:\/\/web.gtischarging.sk\/\",\"name\":\"gtischarging.sk\",\"description\":\"U n\u00e1s sta\u010d\u00ed prilo\u017ei\u0165 platobn\u00fa kartu\",\"publisher\":{\"@id\":\"https:\/\/web.gtischarging.sk\/#organization\"},\"potentialAction\":[{\"@type\":\"SearchAction\",\"target\":{\"@type\":\"EntryPoint\",\"urlTemplate\":\"https:\/\/web.gtischarging.sk\/?s={search_term_string}\"},\"query-input\":\"required name=search_term_string\"}],\"inLanguage\":\"cs\"},{\"@type\":\"Organization\",\"@id\":\"https:\/\/web.gtischarging.sk\/#organization\",\"name\":\"GTIS charging\",\"url\":\"https:\/\/web.gtischarging.sk\/\",\"logo\":{\"@type\":\"ImageObject\",\"inLanguage\":\"cs\",\"@id\":\"https:\/\/web.gtischarging.sk\/#\/schema\/logo\/image\/\",\"url\":\"https:\/\/web.gtischarging.sk\/wp-content\/uploads\/2020\/03\/logo-180px.png\",\"contentUrl\":\"https:\/\/web.gtischarging.sk\/wp-content\/uploads\/2020\/03\/logo-180px.png\",\"width\":180,\"height\":123,\"caption\":\"GTIS charging\"},\"image\":{\"@id\":\"https:\/\/web.gtischarging.sk\/#\/schema\/logo\/image\/\"},\"sameAs\":[\"https:\/\/www.facebook.com\/gtischarging\"]}]}<\/script>\n<!-- \/ Yoast SEO plugin. -->","yoast_head_json":{"title":"Volkswagen ID.6 - gtischarging.sk","robots":{"index":"index","follow":"follow","max-snippet":"max-snippet:-1","max-image-preview":"max-image-preview:large","max-video-preview":"max-video-preview:-1"},"canonical":"https:\/\/web.gtischarging.sk\/index.php\/volkswagen-id-6\/","og_locale":"cs_CZ","og_type":"article","og_title":"Volkswagen ID.6 - gtischarging.sk","og_description":"Odhalen\u00fd ve\u013ek\u00fd elektrick\u00fd crossover Volkswagen ID.6 P\u00e4\u0165metrov\u00fd model ID.6 m\u00f4\u017ee by\u0165 \u0161es\u0165 alebo sedem miestny s pohonom zadn\u00fdch alebo v\u0161etk\u00fdch kolies Ve\u013ek\u00fd elektrick\u00fd crossover Volkswagen ID.6 s tromi radmi sedadiel bol predstaven\u00fd na autosal\u00f3ne&#46;&#46;&#46;","og_url":"https:\/\/web.gtischarging.sk\/index.php\/volkswagen-id-6\/","og_site_name":"gtischarging.sk","article_publisher":"https:\/\/www.facebook.com\/gtischarging","article_modified_time":"2021-04-29T07:41:56+00:00","og_image":[{"url":"https:\/\/web.gtischarging.sk\/wp-content\/uploads\/2021\/04\/95b786bb2fb61731f38f728e828f6ad441812585.jpg"}],"twitter_card":"summary_large_image","twitter_misc":{"Odhadovan\u00e1 doba \u010dten\u00ed":"2 minuty"},"schema":{"@context":"https:\/\/schema.org","@graph":[{"@type":"WebPage","@id":"https:\/\/web.gtischarging.sk\/index.php\/volkswagen-id-6\/","url":"https:\/\/web.gtischarging.sk\/index.php\/volkswagen-id-6\/","name":"Volkswagen ID.6 - gtischarging.sk","isPartOf":{"@id":"https:\/\/web.gtischarging.sk\/#website"},"datePublished":"2021-04-29T07:41:55+00:00","dateModified":"2021-04-29T07:41:56+00:00","breadcrumb":{"@id":"https:\/\/web.gtischarging.sk\/index.php\/volkswagen-id-6\/#breadcrumb"},"inLanguage":"cs","potentialAction":[{"@type":"ReadAction","target":["https:\/\/web.gtischarging.sk\/index.php\/volkswagen-id-6\/"]}]},{"@type":"BreadcrumbList","@id":"https:\/\/web.gtischarging.sk\/index.php\/volkswagen-id-6\/#breadcrumb","itemListElement":[{"@type":"ListItem","position":1,"name":"Dom\u016f","item":"https:\/\/web.gtischarging.sk\/"},{"@type":"ListItem","position":2,"name":"Volkswagen ID.6"}]},{"@type":"WebSite","@id":"https:\/\/web.gtischarging.sk\/#website","url":"https:\/\/web.gtischarging.sk\/","name":"gtischarging.sk","description":"U n\u00e1s sta\u010d\u00ed prilo\u017ei\u0165 platobn\u00fa kartu","publisher":{"@id":"https:\/\/web.gtischarging.sk\/#organization"},"potentialAction":[{"@type":"SearchAction","target":{"@type":"EntryPoint","urlTemplate":"https:\/\/web.gtischarging.sk\/?s={search_term_string}"},"query-input":"required name=search_term_string"}],"inLanguage":"cs"},{"@type":"Organization","@id":"https:\/\/web.gtischarging.sk\/#organization","name":"GTIS charging","url":"https:\/\/web.gtischarging.sk\/","logo":{"@type":"ImageObject","inLanguage":"cs","@id":"https:\/\/web.gtischarging.sk\/#\/schema\/logo\/image\/","url":"https:\/\/web.gtischarging.sk\/wp-content\/uploads\/2020\/03\/logo-180px.png","contentUrl":"https:\/\/web.gtischarging.sk\/wp-content\/uploads\/2020\/03\/logo-180px.png","width":180,"height":123,"caption":"GTIS charging"},"image":{"@id":"https:\/\/web.gtischarging.sk\/#\/schema\/logo\/image\/"},"sameAs":["https:\/\/www.facebook.com\/gtischarging"]}]}},"_links":{"self":[{"href":"https:\/\/web.gtischarging.sk\/index.php\/wp-json\/wp\/v2\/pages\/2483"}],"collection":[{"href":"https:\/\/web.gtischarging.sk\/index.php\/wp-json\/wp\/v2\/pages"}],"about":[{"href":"https:\/\/web.gtischarging.sk\/index.php\/wp-json\/wp\/v2\/types\/page"}],"author":[{"embeddable":true,"href":"https:\/\/web.gtischarging.sk\/index.php\/wp-json\/wp\/v2\/users\/8"}],"replies":[{"embeddable":true,"href":"https:\/\/web.gtischarging.sk\/index.php\/wp-json\/wp\/v2\/comments?post=2483"}],"version-history":[{"count":5,"href":"https:\/\/web.gtischarging.sk\/index.php\/wp-json\/wp\/v2\/pages\/2483\/revisions"}],"predecessor-version":[{"id":2511,"href":"https:\/\/web.gtischarging.sk\/index.php\/wp-json\/wp\/v2\/pages\/2483\/revisions\/2511"}],"wp:attachment":[{"href":"https:\/\/web.gtischarging.sk\/index.php\/wp-json\/wp\/v2\/media?parent=2483"}],"curies":[{"name":"wp","href":"https:\/\/api.w.org\/{rel}","templated":true}]}}