 {"id":2470,"date":"2021-04-29T09:44:08","date_gmt":"2021-04-29T07:44:08","guid":{"rendered":"https:\/\/web.gtischarging.sk\/?page_id=2470"},"modified":"2021-04-29T11:04:46","modified_gmt":"2021-04-29T09:04:46","slug":"mercedes-benz-eqb","status":"publish","type":"page","link":"https:\/\/web.gtischarging.sk\/index.php\/mercedes-benz-eqb\/","title":{"rendered":"Mercedes-Benz EQB"},"content":{"rendered":"\n<div class=\"wp-block-image\"><figure class=\"aligncenter size-large\"><img decoding=\"async\" loading=\"lazy\" width=\"908\" height=\"402\" src=\"https:\/\/web.gtischarging.sk\/wp-content\/uploads\/2021\/04\/ce3b0b6732ec89ec03cb2cbdf3cdb4c024253225.jpg\" alt=\"\" class=\"wp-image-2481\" srcset=\"https:\/\/web.gtischarging.sk\/wp-content\/uploads\/2021\/04\/ce3b0b6732ec89ec03cb2cbdf3cdb4c024253225.jpg 908w, https:\/\/web.gtischarging.sk\/wp-content\/uploads\/2021\/04\/ce3b0b6732ec89ec03cb2cbdf3cdb4c024253225-300x133.jpg 300w, https:\/\/web.gtischarging.sk\/wp-content\/uploads\/2021\/04\/ce3b0b6732ec89ec03cb2cbdf3cdb4c024253225-768x340.jpg 768w\" sizes=\"(max-width: 908px) 100vw, 908px\" \/><\/figure><\/div>\n\n\n\n<h1 class=\"has-text-align-center wp-block-heading\">Mercedes-Benz odhalil 7-seda\u010dkov\u00fd elektrick\u00fd crossover<\/h1>\n\n\n\n<p>V ponuke Mercedes-Benz sa objavil tret\u00ed elektrick\u00fd crossover.\u00a0K E&#8217;C a E&#8217;A sa prip\u00e1ja 7-miestny EQB &#8211; \u201ebat\u00e9riov\u00fd\u201c anal\u00f3g modelu GLB s inou elektr\u00e1r\u0148ou a optimalizovanou aerodynamikou.\u00a0Mercedes-Benz EQB sa uk\u00e1\u017ee ako \u201eglob\u00e1lny\u201c model, ktor\u00fd sa pred\u00e1va po celom svete.<\/p>\n\n\n\n<p>Najjednoduch\u0161\u00ed sp\u00f4sob, ako odl\u00ed\u0161i\u0165 nov\u00fd elektromobil, je z\u00e1str\u010dka namiesto masky chladi\u010da, svetlomety v tvare kvapky, denn\u00e9 svetl\u00e1 na cel\u00fa \u0161\u00edrku, ako aj \u0161peci\u00e1lne \u201eaerodynamick\u00e9\u201c r\u00e1fiky.&nbsp;Vzadu sa objavil nov\u00fd n\u00e1razn\u00edk a in\u00e9 piate dvere s p\u00e1som di\u00f3d brzdov\u00e9ho svetla.<\/p>\n\n\n\n<figure class=\"wp-block-gallery columns-3 is-cropped wp-block-gallery-1 is-layout-flex wp-block-gallery-is-layout-flex\"><ul class=\"blocks-gallery-grid\"><li class=\"blocks-gallery-item\"><figure><img decoding=\"async\" src=\"https:\/\/motor.ru\/thumb\/908x0\/filters:quality(75):no_upscale()\/imgs\/2021\/04\/18\/12\/4619296\/75f69d64b0d8159c8a3c184e4cd983871ebd1a92.jpg\" alt=\"\" data-id=\"\"\/><\/figure><\/li><li class=\"blocks-gallery-item\"><figure><img decoding=\"async\" loading=\"lazy\" width=\"908\" height=\"600\" src=\"https:\/\/web.gtischarging.sk\/wp-content\/uploads\/2021\/04\/378c109c469691b165665b73ec4b32677f17aec6.jpg\" alt=\"\" data-id=\"2477\" data-link=\"https:\/\/web.gtischarging.sk\/?attachment_id=2477\" class=\"wp-image-2477\" srcset=\"https:\/\/web.gtischarging.sk\/wp-content\/uploads\/2021\/04\/378c109c469691b165665b73ec4b32677f17aec6.jpg 908w, https:\/\/web.gtischarging.sk\/wp-content\/uploads\/2021\/04\/378c109c469691b165665b73ec4b32677f17aec6-300x198.jpg 300w, https:\/\/web.gtischarging.sk\/wp-content\/uploads\/2021\/04\/378c109c469691b165665b73ec4b32677f17aec6-768x507.jpg 768w\" sizes=\"(max-width: 908px) 100vw, 908px\" \/><\/figure><\/li><li class=\"blocks-gallery-item\"><figure><img decoding=\"async\" loading=\"lazy\" width=\"908\" height=\"600\" src=\"https:\/\/web.gtischarging.sk\/wp-content\/uploads\/2021\/04\/efba44c915e22c1c8e38186f254a664da90949c6-1.jpg\" alt=\"\" data-id=\"2479\" data-full-url=\"https:\/\/web.gtischarging.sk\/wp-content\/uploads\/2021\/04\/efba44c915e22c1c8e38186f254a664da90949c6-1.jpg\" data-link=\"https:\/\/web.gtischarging.sk\/?attachment_id=2479\" class=\"wp-image-2479\" srcset=\"https:\/\/web.gtischarging.sk\/wp-content\/uploads\/2021\/04\/efba44c915e22c1c8e38186f254a664da90949c6-1.jpg 908w, https:\/\/web.gtischarging.sk\/wp-content\/uploads\/2021\/04\/efba44c915e22c1c8e38186f254a664da90949c6-1-300x198.jpg 300w, https:\/\/web.gtischarging.sk\/wp-content\/uploads\/2021\/04\/efba44c915e22c1c8e38186f254a664da90949c6-1-768x507.jpg 768w\" sizes=\"(max-width: 908px) 100vw, 908px\" \/><\/figure><\/li><\/ul><\/figure>\n\n\n\n<p>V \u010c\u00edne za\u010dne predaj Mercedes-Benz EQB s dvojmotorovou verziou \u201e350 4Matic\u201c s pohonom v\u0161etk\u00fdch kolies, s elektrick\u00fdm pohonom s v\u00fdkonom 292 kon\u00ed a trak\u010dnou bat\u00e9riou s kapacitou 80 kilowatthod\u00edn.&nbsp;V\u00fdkonov\u00e1 rezerva je 478 kilometrov pod\u013ea cyklu NEDC alebo 419 kilometrov pod\u013ea realistickej\u0161ieho merania WLTP.<\/p>\n\n\n\n<figure class=\"wp-block-gallery columns-2 is-cropped wp-block-gallery-3 is-layout-flex wp-block-gallery-is-layout-flex\"><ul class=\"blocks-gallery-grid\"><li class=\"blocks-gallery-item\"><figure><img decoding=\"async\" src=\"https:\/\/motor.ru\/thumb\/908x0\/filters:quality(75):no_upscale()\/imgs\/2021\/04\/18\/12\/4619297\/320fbaea9353f8e61e0453675a82f2280d869cf3.jpg\" alt=\"\" data-id=\"\"\/><\/figure><\/li><li class=\"blocks-gallery-item\"><figure><img decoding=\"async\" loading=\"lazy\" width=\"908\" height=\"600\" src=\"https:\/\/web.gtischarging.sk\/wp-content\/uploads\/2021\/04\/ddda7311568144411ba80285ce3df8a436b95920.jpg\" alt=\"\" data-id=\"2480\" data-full-url=\"https:\/\/web.gtischarging.sk\/wp-content\/uploads\/2021\/04\/ddda7311568144411ba80285ce3df8a436b95920.jpg\" data-link=\"https:\/\/web.gtischarging.sk\/?attachment_id=2480\" class=\"wp-image-2480\" srcset=\"https:\/\/web.gtischarging.sk\/wp-content\/uploads\/2021\/04\/ddda7311568144411ba80285ce3df8a436b95920.jpg 908w, https:\/\/web.gtischarging.sk\/wp-content\/uploads\/2021\/04\/ddda7311568144411ba80285ce3df8a436b95920-300x198.jpg 300w, https:\/\/web.gtischarging.sk\/wp-content\/uploads\/2021\/04\/ddda7311568144411ba80285ce3df8a436b95920-768x507.jpg 768w\" sizes=\"(max-width: 908px) 100vw, 908px\" \/><\/figure><\/li><\/ul><\/figure>\n\n\n\n<p>Mimo Stredn\u00e9ho kr\u00e1\u013eovstva sa o\u010dak\u00e1vaj\u00fa \u010fal\u0161ie verzie: z\u00e1kladom bude pravdepodobne Mercedes-Benz EQB\u00a0 250 s pohonom predn\u00fdch kolies s elektromotorom s v\u00fdkonom 190 kon\u00ed a bat\u00e9riou o sile 66,5 kilowatthodiny a najvy\u0161\u0161ou verziou bude dvoj\u010da -motor EQB\u00a0 AMG.\u00a0\u201eGlob\u00e1lna\u201c premi\u00e9ra EQB\u00a0 je v\u0161ak e\u0161te pred nami &#8211; \u00fapravy pre Eur\u00f3pu a USA bud\u00fa odtajnen\u00e9 do jedn\u00e9ho roka.<\/p>\n\n\n\n<p>Vo vn\u00fatri s\u00fa rozdiely medzi EQB\u00a0 a GLB minim\u00e1lne: elektromobil m\u00e1 svoj vlastn\u00fd vzh\u013ead pr\u00edstrojovej dosky a in\u00e9 rozhranie pre medi\u00e1lny syst\u00e9m MBUX.\u00a0\u010eal\u0161\u00edm zna\u010dkova\u010dom \u201ebat\u00e9riovej\u201c elektr\u00e1rne je bronzov\u00fd dekor.<\/p>\n\n\n\n<figure class=\"wp-block-gallery columns-3 is-cropped wp-block-gallery-5 is-layout-flex wp-block-gallery-is-layout-flex\"><ul class=\"blocks-gallery-grid\"><li class=\"blocks-gallery-item\"><figure><img decoding=\"async\" src=\"https:\/\/motor.ru\/thumb\/908x0\/filters:quality(75):no_upscale()\/imgs\/2021\/04\/18\/12\/4619304\/e1a7f6217d77f1c1090e41db51e6e21286647d9f.jpg\" alt=\"\" data-id=\"\"\/><\/figure><\/li><li class=\"blocks-gallery-item\"><figure><img decoding=\"async\" loading=\"lazy\" width=\"908\" height=\"600\" src=\"https:\/\/web.gtischarging.sk\/wp-content\/uploads\/2021\/04\/9f465419b88f1ff317633a720bdc5b05ef5fbb14.jpg\" alt=\"\" data-id=\"2473\" data-link=\"https:\/\/web.gtischarging.sk\/?attachment_id=2473\" class=\"wp-image-2473\" srcset=\"https:\/\/web.gtischarging.sk\/wp-content\/uploads\/2021\/04\/9f465419b88f1ff317633a720bdc5b05ef5fbb14.jpg 908w, https:\/\/web.gtischarging.sk\/wp-content\/uploads\/2021\/04\/9f465419b88f1ff317633a720bdc5b05ef5fbb14-300x198.jpg 300w, https:\/\/web.gtischarging.sk\/wp-content\/uploads\/2021\/04\/9f465419b88f1ff317633a720bdc5b05ef5fbb14-768x507.jpg 768w\" sizes=\"(max-width: 908px) 100vw, 908px\" \/><\/figure><\/li><li class=\"blocks-gallery-item\"><figure><img decoding=\"async\" loading=\"lazy\" width=\"908\" height=\"600\" src=\"https:\/\/web.gtischarging.sk\/wp-content\/uploads\/2021\/04\/3072b7733c11e60a57487fa9cbdf675ae0ff29ae.jpg\" alt=\"\" data-id=\"2474\" data-link=\"https:\/\/web.gtischarging.sk\/?attachment_id=2474\" class=\"wp-image-2474\" srcset=\"https:\/\/web.gtischarging.sk\/wp-content\/uploads\/2021\/04\/3072b7733c11e60a57487fa9cbdf675ae0ff29ae.jpg 908w, https:\/\/web.gtischarging.sk\/wp-content\/uploads\/2021\/04\/3072b7733c11e60a57487fa9cbdf675ae0ff29ae-300x198.jpg 300w, https:\/\/web.gtischarging.sk\/wp-content\/uploads\/2021\/04\/3072b7733c11e60a57487fa9cbdf675ae0ff29ae-768x507.jpg 768w\" sizes=\"(max-width: 908px) 100vw, 908px\" \/><\/figure><\/li><\/ul><\/figure>\n\n\n\n<p>Pr\u00edtomnos\u0165 trak\u010dn\u00e9ho akumul\u00e1tora pod podlahou neovplyvn\u00ed mo\u017enosti transform\u00e1cie kab\u00edny: druh\u00fd rad sedadiel m\u00f4\u017ee by\u0165 st\u00e1le posunut\u00fd pozd\u013a\u017ene v rozsahu 140 milimetrov a zlo\u017een\u00e9 stoli\u010dky tvoria rovnomern\u00fa podlahu. V Spojenom kr\u00e1\u013eovstve bude EQB\u00a0 \u0161tandardne 7-seda\u010dka, v Eur\u00f3pe bude ako mo\u017enos\u0165 pon\u00faknut\u00fd tret\u00ed rad sedadiel.<\/p>\n\n\n\n<p>Kufor elektrick\u00e9ho auta je o nie\u010do men\u0161\u00ed ako kufor palivov\u00e9ho n\u00e1protivku: u\u017eito\u010dn\u00fd objem p\u00e4\u0165miestnej EQB\u00a0 &#8211; od 495 do 1710 litrov, zatia\u013e \u010do obvykl\u00e1 GLB pon\u00faka od 570 do 1805 litrov.<\/p>\n\n\n\n<div class=\"wp-block-image\"><figure class=\"aligncenter size-large\"><img decoding=\"async\" loading=\"lazy\" width=\"908\" height=\"600\" src=\"https:\/\/web.gtischarging.sk\/wp-content\/uploads\/2021\/04\/9f465419b88f1ff317633a720bdc5b05ef5fbb14-2.jpg\" alt=\"\" class=\"wp-image-2476\" srcset=\"https:\/\/web.gtischarging.sk\/wp-content\/uploads\/2021\/04\/9f465419b88f1ff317633a720bdc5b05ef5fbb14-2.jpg 908w, https:\/\/web.gtischarging.sk\/wp-content\/uploads\/2021\/04\/9f465419b88f1ff317633a720bdc5b05ef5fbb14-2-300x198.jpg 300w, https:\/\/web.gtischarging.sk\/wp-content\/uploads\/2021\/04\/9f465419b88f1ff317633a720bdc5b05ef5fbb14-2-768x507.jpg 768w\" sizes=\"(max-width: 908px) 100vw, 908px\" \/><\/figure><\/div>\n\n\n\n<p>Zatia\u013e neboli zverejnen\u00e9 ani \u010d\u00ednske ceny Mercedes-Benz EQB\u00a0. Pravdepodobne crossover bude v predaji v lete a do Eur\u00f3py novinka dostane na jese\u0148.<\/p>\n\n\n\n<p>Zdroj<br><a href=\"https:\/\/motor.ru\/news\/mercedes-benz-eqb-18-04-2021.htm\">motor<\/a><\/p>\n","protected":false},"excerpt":{"rendered":"<p>Mercedes-Benz odhalil 7-seda\u010dkov\u00fd elektrick\u00fd crossover V ponuke Mercedes-Benz sa objavil tret\u00ed elektrick\u00fd crossover.\u00a0K E&#8217;C a E&#8217;A sa prip\u00e1ja 7-miestny EQB &#8211; \u201ebat\u00e9riov\u00fd\u201c anal\u00f3g modelu GLB s inou elektr\u00e1r\u0148ou a optimalizovanou aerodynamikou.\u00a0Mercedes-Benz EQB sa uk\u00e1\u017ee&#46;&#46;&#46;<\/p>\n","protected":false},"author":8,"featured_media":0,"parent":0,"menu_order":0,"comment_status":"closed","ping_status":"closed","template":"","meta":{"footnotes":""},"yoast_head":"<!-- This site is optimized with the Yoast SEO plugin v20.4 - https:\/\/yoast.com\/wordpress\/plugins\/seo\/ -->\n<title>Mercedes-Benz EQB - gtischarging.sk<\/title>\n<meta name=\"robots\" content=\"index, follow, max-snippet:-1, max-image-preview:large, max-video-preview:-1\" \/>\n<link rel=\"canonical\" href=\"https:\/\/web.gtischarging.sk\/index.php\/mercedes-benz-eqb\/\" \/>\n<meta property=\"og:locale\" content=\"cs_CZ\" \/>\n<meta property=\"og:type\" content=\"article\" \/>\n<meta property=\"og:title\" content=\"Mercedes-Benz EQB - gtischarging.sk\" \/>\n<meta property=\"og:description\" content=\"Mercedes-Benz odhalil 7-seda\u010dkov\u00fd elektrick\u00fd crossover V ponuke Mercedes-Benz sa objavil tret\u00ed elektrick\u00fd crossover.\u00a0K E&#8217;C a E&#8217;A sa prip\u00e1ja 7-miestny EQB &#8211; \u201ebat\u00e9riov\u00fd\u201c anal\u00f3g modelu GLB s inou elektr\u00e1r\u0148ou a optimalizovanou aerodynamikou.\u00a0Mercedes-Benz EQB sa uk\u00e1\u017ee&#046;&#046;&#046;\" \/>\n<meta property=\"og:url\" content=\"https:\/\/web.gtischarging.sk\/index.php\/mercedes-benz-eqb\/\" \/>\n<meta property=\"og:site_name\" content=\"gtischarging.sk\" \/>\n<meta property=\"article:publisher\" content=\"https:\/\/www.facebook.com\/gtischarging\" \/>\n<meta property=\"article:modified_time\" content=\"2021-04-29T09:04:46+00:00\" \/>\n<meta property=\"og:image\" content=\"https:\/\/web.gtischarging.sk\/wp-content\/uploads\/2021\/04\/ce3b0b6732ec89ec03cb2cbdf3cdb4c024253225.jpg\" \/>\n<meta name=\"twitter:card\" content=\"summary_large_image\" \/>\n<meta name=\"twitter:label1\" content=\"Odhadovan\u00e1 doba \u010dten\u00ed\" \/>\n\t<meta name=\"twitter:data1\" content=\"2 minuty\" \/>\n<script type=\"application\/ld+json\" class=\"yoast-schema-graph\">{\"@context\":\"https:\/\/schema.org\",\"@graph\":[{\"@type\":\"WebPage\",\"@id\":\"https:\/\/web.gtischarging.sk\/index.php\/mercedes-benz-eqb\/\",\"url\":\"https:\/\/web.gtischarging.sk\/index.php\/mercedes-benz-eqb\/\",\"name\":\"Mercedes-Benz EQB - gtischarging.sk\",\"isPartOf\":{\"@id\":\"https:\/\/web.gtischarging.sk\/#website\"},\"datePublished\":\"2021-04-29T07:44:08+00:00\",\"dateModified\":\"2021-04-29T09:04:46+00:00\",\"breadcrumb\":{\"@id\":\"https:\/\/web.gtischarging.sk\/index.php\/mercedes-benz-eqb\/#breadcrumb\"},\"inLanguage\":\"cs\",\"potentialAction\":[{\"@type\":\"ReadAction\",\"target\":[\"https:\/\/web.gtischarging.sk\/index.php\/mercedes-benz-eqb\/\"]}]},{\"@type\":\"BreadcrumbList\",\"@id\":\"https:\/\/web.gtischarging.sk\/index.php\/mercedes-benz-eqb\/#breadcrumb\",\"itemListElement\":[{\"@type\":\"ListItem\",\"position\":1,\"name\":\"Dom\u016f\",\"item\":\"https:\/\/web.gtischarging.sk\/\"},{\"@type\":\"ListItem\",\"position\":2,\"name\":\"Mercedes-Benz EQB\"}]},{\"@type\":\"WebSite\",\"@id\":\"https:\/\/web.gtischarging.sk\/#website\",\"url\":\"https:\/\/web.gtischarging.sk\/\",\"name\":\"gtischarging.sk\",\"description\":\"U n\u00e1s sta\u010d\u00ed prilo\u017ei\u0165 platobn\u00fa kartu\",\"publisher\":{\"@id\":\"https:\/\/web.gtischarging.sk\/#organization\"},\"potentialAction\":[{\"@type\":\"SearchAction\",\"target\":{\"@type\":\"EntryPoint\",\"urlTemplate\":\"https:\/\/web.gtischarging.sk\/?s={search_term_string}\"},\"query-input\":\"required name=search_term_string\"}],\"inLanguage\":\"cs\"},{\"@type\":\"Organization\",\"@id\":\"https:\/\/web.gtischarging.sk\/#organization\",\"name\":\"GTIS charging\",\"url\":\"https:\/\/web.gtischarging.sk\/\",\"logo\":{\"@type\":\"ImageObject\",\"inLanguage\":\"cs\",\"@id\":\"https:\/\/web.gtischarging.sk\/#\/schema\/logo\/image\/\",\"url\":\"https:\/\/web.gtischarging.sk\/wp-content\/uploads\/2020\/03\/logo-180px.png\",\"contentUrl\":\"https:\/\/web.gtischarging.sk\/wp-content\/uploads\/2020\/03\/logo-180px.png\",\"width\":180,\"height\":123,\"caption\":\"GTIS charging\"},\"image\":{\"@id\":\"https:\/\/web.gtischarging.sk\/#\/schema\/logo\/image\/\"},\"sameAs\":[\"https:\/\/www.facebook.com\/gtischarging\"]}]}<\/script>\n<!-- \/ Yoast SEO plugin. -->","yoast_head_json":{"title":"Mercedes-Benz EQB - gtischarging.sk","robots":{"index":"index","follow":"follow","max-snippet":"max-snippet:-1","max-image-preview":"max-image-preview:large","max-video-preview":"max-video-preview:-1"},"canonical":"https:\/\/web.gtischarging.sk\/index.php\/mercedes-benz-eqb\/","og_locale":"cs_CZ","og_type":"article","og_title":"Mercedes-Benz EQB - gtischarging.sk","og_description":"Mercedes-Benz odhalil 7-seda\u010dkov\u00fd elektrick\u00fd crossover V ponuke Mercedes-Benz sa objavil tret\u00ed elektrick\u00fd crossover.\u00a0K E&#8217;C a E&#8217;A sa prip\u00e1ja 7-miestny EQB &#8211; \u201ebat\u00e9riov\u00fd\u201c anal\u00f3g modelu GLB s inou elektr\u00e1r\u0148ou a optimalizovanou aerodynamikou.\u00a0Mercedes-Benz EQB sa uk\u00e1\u017ee&#46;&#46;&#46;","og_url":"https:\/\/web.gtischarging.sk\/index.php\/mercedes-benz-eqb\/","og_site_name":"gtischarging.sk","article_publisher":"https:\/\/www.facebook.com\/gtischarging","article_modified_time":"2021-04-29T09:04:46+00:00","og_image":[{"url":"https:\/\/web.gtischarging.sk\/wp-content\/uploads\/2021\/04\/ce3b0b6732ec89ec03cb2cbdf3cdb4c024253225.jpg"}],"twitter_card":"summary_large_image","twitter_misc":{"Odhadovan\u00e1 doba \u010dten\u00ed":"2 minuty"},"schema":{"@context":"https:\/\/schema.org","@graph":[{"@type":"WebPage","@id":"https:\/\/web.gtischarging.sk\/index.php\/mercedes-benz-eqb\/","url":"https:\/\/web.gtischarging.sk\/index.php\/mercedes-benz-eqb\/","name":"Mercedes-Benz EQB - gtischarging.sk","isPartOf":{"@id":"https:\/\/web.gtischarging.sk\/#website"},"datePublished":"2021-04-29T07:44:08+00:00","dateModified":"2021-04-29T09:04:46+00:00","breadcrumb":{"@id":"https:\/\/web.gtischarging.sk\/index.php\/mercedes-benz-eqb\/#breadcrumb"},"inLanguage":"cs","potentialAction":[{"@type":"ReadAction","target":["https:\/\/web.gtischarging.sk\/index.php\/mercedes-benz-eqb\/"]}]},{"@type":"BreadcrumbList","@id":"https:\/\/web.gtischarging.sk\/index.php\/mercedes-benz-eqb\/#breadcrumb","itemListElement":[{"@type":"ListItem","position":1,"name":"Dom\u016f","item":"https:\/\/web.gtischarging.sk\/"},{"@type":"ListItem","position":2,"name":"Mercedes-Benz EQB"}]},{"@type":"WebSite","@id":"https:\/\/web.gtischarging.sk\/#website","url":"https:\/\/web.gtischarging.sk\/","name":"gtischarging.sk","description":"U n\u00e1s sta\u010d\u00ed prilo\u017ei\u0165 platobn\u00fa kartu","publisher":{"@id":"https:\/\/web.gtischarging.sk\/#organization"},"potentialAction":[{"@type":"SearchAction","target":{"@type":"EntryPoint","urlTemplate":"https:\/\/web.gtischarging.sk\/?s={search_term_string}"},"query-input":"required name=search_term_string"}],"inLanguage":"cs"},{"@type":"Organization","@id":"https:\/\/web.gtischarging.sk\/#organization","name":"GTIS charging","url":"https:\/\/web.gtischarging.sk\/","logo":{"@type":"ImageObject","inLanguage":"cs","@id":"https:\/\/web.gtischarging.sk\/#\/schema\/logo\/image\/","url":"https:\/\/web.gtischarging.sk\/wp-content\/uploads\/2020\/03\/logo-180px.png","contentUrl":"https:\/\/web.gtischarging.sk\/wp-content\/uploads\/2020\/03\/logo-180px.png","width":180,"height":123,"caption":"GTIS charging"},"image":{"@id":"https:\/\/web.gtischarging.sk\/#\/schema\/logo\/image\/"},"sameAs":["https:\/\/www.facebook.com\/gtischarging"]}]}},"_links":{"self":[{"href":"https:\/\/web.gtischarging.sk\/index.php\/wp-json\/wp\/v2\/pages\/2470"}],"collection":[{"href":"https:\/\/web.gtischarging.sk\/index.php\/wp-json\/wp\/v2\/pages"}],"about":[{"href":"https:\/\/web.gtischarging.sk\/index.php\/wp-json\/wp\/v2\/types\/page"}],"author":[{"embeddable":true,"href":"https:\/\/web.gtischarging.sk\/index.php\/wp-json\/wp\/v2\/users\/8"}],"replies":[{"embeddable":true,"href":"https:\/\/web.gtischarging.sk\/index.php\/wp-json\/wp\/v2\/comments?post=2470"}],"version-history":[{"count":5,"href":"https:\/\/web.gtischarging.sk\/index.php\/wp-json\/wp\/v2\/pages\/2470\/revisions"}],"predecessor-version":[{"id":2526,"href":"https:\/\/web.gtischarging.sk\/index.php\/wp-json\/wp\/v2\/pages\/2470\/revisions\/2526"}],"wp:attachment":[{"href":"https:\/\/web.gtischarging.sk\/index.php\/wp-json\/wp\/v2\/media?parent=2470"}],"curies":[{"name":"wp","href":"https:\/\/api.w.org\/{rel}","templated":true}]}}