 {"id":2228,"date":"2021-03-26T14:48:44","date_gmt":"2021-03-26T13:48:44","guid":{"rendered":"https:\/\/web.gtischarging.sk\/?page_id=2228"},"modified":"2021-03-26T14:49:24","modified_gmt":"2021-03-26T13:49:24","slug":"volvo-c40-recharge","status":"publish","type":"page","link":"https:\/\/web.gtischarging.sk\/index.php\/volvo-c40-recharge\/","title":{"rendered":"Volvo C40 Recharge"},"content":{"rendered":"\n<div class=\"wp-block-image\"><figure class=\"aligncenter size-large\"><img decoding=\"async\" loading=\"lazy\" width=\"1024\" height=\"380\" src=\"https:\/\/web.gtischarging.sk\/wp-content\/uploads\/2021\/03\/volvoc40title-1024x380.jpg\" alt=\"\" class=\"wp-image-2229\" srcset=\"https:\/\/web.gtischarging.sk\/wp-content\/uploads\/2021\/03\/volvoc40title-1024x380.jpg 1024w, https:\/\/web.gtischarging.sk\/wp-content\/uploads\/2021\/03\/volvoc40title-300x111.jpg 300w, https:\/\/web.gtischarging.sk\/wp-content\/uploads\/2021\/03\/volvoc40title-768x285.jpg 768w, https:\/\/web.gtischarging.sk\/wp-content\/uploads\/2021\/03\/volvoc40title-1536x570.jpg 1536w, https:\/\/web.gtischarging.sk\/wp-content\/uploads\/2021\/03\/volvoc40title-2048x760.jpg 2048w\" sizes=\"(max-width: 1024px) 100vw, 1024px\" \/><\/figure><\/div>\n\n\n\n<h1 class=\"has-text-align-center wp-block-heading\">Volvo C40 Recharge elektrick\u00fd crossover s d\u00f4razom na dokonalos\u0165<\/h1>\n\n\n\n<p>Do ponuky Volvo bol pridan\u00fd elektrick\u00fd&nbsp; crossover v&nbsp;preveden\u00ed \u0161portov\u00e9ho kup\u00e9 Volvo C40 Recharge. S\u00fa\u010dasne s premi\u00e9rou nov\u00e9ho elektrick\u00e9ho crossoveru spolo\u010dnos\u0165 ozn\u00e1mila z\u00e1mer \u00faplne ukon\u010di\u0165 v\u00fdrobu&nbsp; automobilov s tradi\u010dn\u00fdmi spa\u013eovac\u00edmi motormi do roku&nbsp;<strong>2030<\/strong>. Pod\u013ea pl\u00e1nov spolo\u010dnosti Volvo by do roku&nbsp;<strong>2025<\/strong>&nbsp;mala&nbsp;<strong>polovica<\/strong>&nbsp;celkov\u00e9ho&nbsp;<strong>glob\u00e1lneho predaja<\/strong>&nbsp;zna\u010dky poch\u00e1dza\u0165 z&nbsp;<strong>elektrick\u00fdch automobilov<\/strong>&nbsp;a druh\u00e1 polovica z hybridov.&nbsp;<strong>Od roku 2030 prejd\u00fa v\u0161etky vozidl\u00e1 Volvo&nbsp; na elektrinu.<\/strong><\/p>\n\n\n\n<p>Nov\u00e9 Volvo C40 Recharge m\u00e1 v\u0161etky prvky modern\u00e9ho &nbsp;crossoveru so sklonenou l\u00edniou strechy, ale &nbsp;disponuje celkovo elegantnej\u0161\u00edm dizajnom ako jeho star\u0161\u00ed brat XC40 Recharge. Je zalo\u017een\u00fd na modul\u00e1rnej platforme CMA, ur\u010denej v\u00fdhradne pre elektrick\u00e9 vozidl\u00e1. V bl\u00edzkej bud\u00facnosti na tejto platforme vyjde nieko\u013eko \u010fal\u0161\u00edch nov\u00fdch modelov s \u010disto elektrickou motoriz\u00e1ciou.<\/p>\n\n\n\n<figure class=\"wp-block-gallery columns-3 is-cropped wp-block-gallery-1 is-layout-flex wp-block-gallery-is-layout-flex\"><ul class=\"blocks-gallery-grid\"><li class=\"blocks-gallery-item\"><figure><img decoding=\"async\" src=\"https:\/\/www.elektro-vozidla.sk\/wp-content\/uploads\/2021\/03\/image-1.png\" alt=\"\" data-id=\"1982\" class=\"wp-image-1982\"\/><figcaption class=\"blocks-gallery-item__caption\"><em>Volvo C40 Recharge<\/em>&nbsp;<em>je \u010disto elektrick\u00fd<\/em><\/figcaption><\/figure><\/li><li class=\"blocks-gallery-item\"><figure><img decoding=\"async\" loading=\"lazy\" width=\"605\" height=\"342\" src=\"https:\/\/web.gtischarging.sk\/wp-content\/uploads\/2021\/03\/image-2.png\" alt=\"\" data-id=\"2230\" data-link=\"https:\/\/web.gtischarging.sk\/?attachment_id=2230\" class=\"wp-image-2230\" srcset=\"https:\/\/web.gtischarging.sk\/wp-content\/uploads\/2021\/03\/image-2.png 605w, https:\/\/web.gtischarging.sk\/wp-content\/uploads\/2021\/03\/image-2-300x170.png 300w\" sizes=\"(max-width: 605px) 100vw, 605px\" \/><figcaption class=\"blocks-gallery-item__caption\"><em>Volvo C40 Recharge<\/em>&nbsp;<em>je \u010disto elektrick\u00fd<\/em><\/figcaption><\/figure><\/li><li class=\"blocks-gallery-item\"><figure><img decoding=\"async\" loading=\"lazy\" width=\"1024\" height=\"576\" src=\"https:\/\/web.gtischarging.sk\/wp-content\/uploads\/2021\/03\/603e53ce9ebdd806aee08014-1024x576.jpg\" alt=\"\" data-id=\"2231\" data-full-url=\"https:\/\/web.gtischarging.sk\/wp-content\/uploads\/2021\/03\/603e53ce9ebdd806aee08014.jpg\" data-link=\"https:\/\/web.gtischarging.sk\/?attachment_id=2231\" class=\"wp-image-2231\" srcset=\"https:\/\/web.gtischarging.sk\/wp-content\/uploads\/2021\/03\/603e53ce9ebdd806aee08014-1024x576.jpg 1024w, https:\/\/web.gtischarging.sk\/wp-content\/uploads\/2021\/03\/603e53ce9ebdd806aee08014-300x169.jpg 300w, https:\/\/web.gtischarging.sk\/wp-content\/uploads\/2021\/03\/603e53ce9ebdd806aee08014-768x432.jpg 768w, https:\/\/web.gtischarging.sk\/wp-content\/uploads\/2021\/03\/603e53ce9ebdd806aee08014-1536x864.jpg 1536w, https:\/\/web.gtischarging.sk\/wp-content\/uploads\/2021\/03\/603e53ce9ebdd806aee08014.jpg 1920w\" sizes=\"(max-width: 1024px) 100vw, 1024px\" \/><figcaption class=\"blocks-gallery-item__caption\"><em>Volvo C40 Recharge<\/em>&nbsp;<em>je \u010disto elektrick\u00fd<\/em><\/figcaption><\/figure><\/li><\/ul><\/figure>\n\n\n\n<p>Namiesto kruhov\u00fdch hmlov\u00fdch svetiel boli namontovan\u00e9 obd\u013a\u017enikov\u00e9, exteri\u00e9r doplnili nov\u00e9 n\u00e1razn\u00edky. D\u013a\u017eka a \u0161\u00edrka vozidla sa prakticky nezmenili, av\u0161ak kon\u0161trukt\u00e9ri sa sna\u017eili da\u0165 modelu osobitos\u0165 a jedine\u010dnos\u0165.<\/p>\n\n\n\n<h4 class=\"has-text-align-center has-cyan-bluish-gray-background-color has-background wp-block-heading\"><strong>Technick\u00e9 charakteristiky<\/strong><\/h4>\n\n\n\n<p>Volvo C40 Recharge je postaven\u00e9 na platforme CMA s karos\u00e9riou cross-kup\u00e9 a plynulej\u0161\u00edmi l\u00edniami, \u0161ikmou strechou, n\u00e1padn\u00fdm dizajnom zadnej \u010dasti a prepracovan\u00fdm predn\u00fdm n\u00e1razn\u00edkom. Pod\u013ea v\u0161etk\u00e9ho takto bud\u00fa vyzera\u0165 bud\u00face elektrick\u00e9 vozidl\u00e1 spolo\u010dnosti.<\/p>\n\n\n\n<p>Rozmery novinky s\u00fa: d\u013a\u017eka&nbsp;<strong>4431 mm<\/strong>&nbsp;\u00d7 \u0161\u00edrka&nbsp;<strong>2035 mm<\/strong>&nbsp;\u00d7 v\u00fd\u0161ka&nbsp;<strong>1582 mm<\/strong>, r\u00e1zvor n\u00e1prav je&nbsp;<strong>2702 mm<\/strong>. Bato\u017einov\u00e9 priestory elektrick\u00e9ho C40 s\u00fa dos\u0165 objemn\u00e9: zadn\u00fd m\u00e1&nbsp;<strong>413 litrov<\/strong>&nbsp;a predn\u00fd&nbsp;<strong>31 litrov<\/strong>.<\/p>\n\n\n\n<p>&nbsp;Nov\u00e1 C40 sa technick\u00fdmi parametrami&nbsp; nel\u00ed\u0161i od modelu XC40. Ich charakteristiky s\u00fa rovnak\u00e9: v\u00fdkon dvojmotorovej pohonnej jednotky je&nbsp;<strong>304 kW<\/strong>&nbsp;(408 k.), so sum\u00e1rnym kr\u00fatiacim momentom&nbsp;<strong>660 Nm<\/strong>. Tento elektrick\u00fd z\u00e1prah poh\u00e1\u0148aj\u00faci obidve n\u00e1pravy dopuje bat\u00e9ria s kapacitou&nbsp;<strong>78 kWh<\/strong>, ktor\u00e1 zabezpe\u010d\u00ed dobre pou\u017eite\u013en\u00fd dojazd&nbsp;<strong>420 km<\/strong>&nbsp;(WLTP). Novinka dok\u00e1\u017ee zr\u00fdchli\u0165 na 100 km \/ h za rovnak\u00fdch&nbsp;<strong>4,9 s<\/strong>&nbsp;a zr\u00fdchli\u0165 na maxim\u00e1lnych&nbsp;<strong>180 km \/ h<\/strong>.<\/p>\n\n\n\n<figure class=\"wp-block-gallery columns-3 is-cropped wp-block-gallery-3 is-layout-flex wp-block-gallery-is-layout-flex\"><ul class=\"blocks-gallery-grid\"><li class=\"blocks-gallery-item\"><figure><img decoding=\"async\" loading=\"lazy\" width=\"1024\" height=\"576\" src=\"https:\/\/web.gtischarging.sk\/wp-content\/uploads\/2021\/03\/603e53c7c984f80694a7100a-1024x576.jpg\" alt=\"\" data-id=\"2236\" data-link=\"https:\/\/web.gtischarging.sk\/?attachment_id=2236\" class=\"wp-image-2236\" srcset=\"https:\/\/web.gtischarging.sk\/wp-content\/uploads\/2021\/03\/603e53c7c984f80694a7100a-1024x576.jpg 1024w, https:\/\/web.gtischarging.sk\/wp-content\/uploads\/2021\/03\/603e53c7c984f80694a7100a-300x169.jpg 300w, https:\/\/web.gtischarging.sk\/wp-content\/uploads\/2021\/03\/603e53c7c984f80694a7100a-768x432.jpg 768w, https:\/\/web.gtischarging.sk\/wp-content\/uploads\/2021\/03\/603e53c7c984f80694a7100a-1536x864.jpg 1536w, https:\/\/web.gtischarging.sk\/wp-content\/uploads\/2021\/03\/603e53c7c984f80694a7100a.jpg 1920w\" sizes=\"(max-width: 1024px) 100vw, 1024px\" \/><\/figure><\/li><li class=\"blocks-gallery-item\"><figure><img decoding=\"async\" loading=\"lazy\" width=\"160\" height=\"90\" src=\"https:\/\/web.gtischarging.sk\/wp-content\/uploads\/2021\/03\/603e53ca3d0f235dc09cf131.jpg\" alt=\"\" data-id=\"2235\" data-link=\"https:\/\/web.gtischarging.sk\/?attachment_id=2235\" class=\"wp-image-2235\"\/><\/figure><\/li><li class=\"blocks-gallery-item\"><figure><img decoding=\"async\" loading=\"lazy\" width=\"1024\" height=\"576\" src=\"https:\/\/web.gtischarging.sk\/wp-content\/uploads\/2021\/03\/603e53c28d3ad070244849fb-1-1024x576.jpg\" alt=\"\" data-id=\"2237\" data-full-url=\"https:\/\/web.gtischarging.sk\/wp-content\/uploads\/2021\/03\/603e53c28d3ad070244849fb-1.jpg\" data-link=\"https:\/\/web.gtischarging.sk\/?attachment_id=2237\" class=\"wp-image-2237\" srcset=\"https:\/\/web.gtischarging.sk\/wp-content\/uploads\/2021\/03\/603e53c28d3ad070244849fb-1-1024x576.jpg 1024w, https:\/\/web.gtischarging.sk\/wp-content\/uploads\/2021\/03\/603e53c28d3ad070244849fb-1-300x169.jpg 300w, https:\/\/web.gtischarging.sk\/wp-content\/uploads\/2021\/03\/603e53c28d3ad070244849fb-1-768x432.jpg 768w, https:\/\/web.gtischarging.sk\/wp-content\/uploads\/2021\/03\/603e53c28d3ad070244849fb-1-1536x864.jpg 1536w, https:\/\/web.gtischarging.sk\/wp-content\/uploads\/2021\/03\/603e53c28d3ad070244849fb-1.jpg 1920w\" sizes=\"(max-width: 1024px) 100vw, 1024px\" \/><\/figure><\/li><\/ul><\/figure>\n\n\n\n<p>&nbsp;Nab\u00edjanie bat\u00e9ri\u00ed&nbsp; pomalou&nbsp;<strong>AC<\/strong>&nbsp;nab\u00edja\u010dkou s v\u00fdkonom&nbsp;<strong>11 kW<\/strong>&nbsp;trv\u00e1 pribli\u017ene osem hod\u00edn, ale novinka zvl\u00e1dne aj r\u00fdchle nab\u00edjanie&nbsp;<strong>DC&nbsp;<\/strong>nab\u00edjac\u00edmi stanicami s v\u00fdkonom&nbsp;<strong>150 kW<\/strong>, cez ktor\u00e9 trv\u00e1 nabitie bat\u00e9rie na 80%&nbsp;<strong>40 min\u00fat<\/strong>.<\/p>\n\n\n\n<h4 class=\"has-text-align-center has-cyan-bluish-gray-background-color has-background wp-block-heading\"><strong>Interi\u00e9r<\/strong><\/h4>\n\n\n\n<p>Interi\u00e9r modelu C40 Recharge takmer dokonale kop\u00edruje interi\u00e9r XC40 Recharge, tak\u017ee mohla by by\u0165 tu vlo\u017een\u00e1 fotografia z modelu XC40. Na rozdiel od drah\u0161ej verzie XC 40, nebola pri n\u00e1vrhu prvkov interi\u00e9ru C40 pou\u017eit\u00e1 pr\u00edrodn\u00e1 ko\u017ea, ale tento model z\u00e1kazn\u00edkom pon\u00fakala iba ko\u017eenku, alebo l\u00e1tkov\u00e9 po\u0165ahy.<\/p>\n\n\n\n<p>Vidite\u013en\u00e9 pr\u00edstroje s\u00fa iba &nbsp;digit\u00e1lne upraven\u00e9, medi\u00e1lne centrum Sensus s 8,7-palcov\u00fdm displejom, panoramatickou strechou a predn\u00fdm panelom opakuj\u00fa v\u0161etko to dobr\u00e9 od star\u0161ieho modelu.<\/p>\n\n\n\n<figure class=\"wp-block-gallery columns-3 is-cropped wp-block-gallery-5 is-layout-flex wp-block-gallery-is-layout-flex\"><ul class=\"blocks-gallery-grid\"><li class=\"blocks-gallery-item\"><figure><img decoding=\"async\" loading=\"lazy\" width=\"1024\" height=\"576\" src=\"https:\/\/web.gtischarging.sk\/wp-content\/uploads\/2021\/03\/603e59ba5b8d727031886379-1-1024x576.jpg\" alt=\"\" data-id=\"2246\" data-full-url=\"https:\/\/web.gtischarging.sk\/wp-content\/uploads\/2021\/03\/603e59ba5b8d727031886379-1.jpg\" data-link=\"https:\/\/web.gtischarging.sk\/?attachment_id=2246\" class=\"wp-image-2246\" srcset=\"https:\/\/web.gtischarging.sk\/wp-content\/uploads\/2021\/03\/603e59ba5b8d727031886379-1-1024x576.jpg 1024w, https:\/\/web.gtischarging.sk\/wp-content\/uploads\/2021\/03\/603e59ba5b8d727031886379-1-300x169.jpg 300w, https:\/\/web.gtischarging.sk\/wp-content\/uploads\/2021\/03\/603e59ba5b8d727031886379-1-768x432.jpg 768w, https:\/\/web.gtischarging.sk\/wp-content\/uploads\/2021\/03\/603e59ba5b8d727031886379-1-1536x864.jpg 1536w, https:\/\/web.gtischarging.sk\/wp-content\/uploads\/2021\/03\/603e59ba5b8d727031886379-1.jpg 2000w\" sizes=\"(max-width: 1024px) 100vw, 1024px\" \/><\/figure><\/li><li class=\"blocks-gallery-item\"><figure><img decoding=\"async\" loading=\"lazy\" width=\"1024\" height=\"768\" src=\"https:\/\/web.gtischarging.sk\/wp-content\/uploads\/2021\/03\/603e5da2c984f80694a7100b-1024x768.jpg\" alt=\"\" data-id=\"2238\" data-link=\"https:\/\/web.gtischarging.sk\/?attachment_id=2238\" class=\"wp-image-2238\" srcset=\"https:\/\/web.gtischarging.sk\/wp-content\/uploads\/2021\/03\/603e5da2c984f80694a7100b-1024x768.jpg 1024w, https:\/\/web.gtischarging.sk\/wp-content\/uploads\/2021\/03\/603e5da2c984f80694a7100b-300x225.jpg 300w, https:\/\/web.gtischarging.sk\/wp-content\/uploads\/2021\/03\/603e5da2c984f80694a7100b-768x576.jpg 768w, https:\/\/web.gtischarging.sk\/wp-content\/uploads\/2021\/03\/603e5da2c984f80694a7100b-1536x1152.jpg 1536w, https:\/\/web.gtischarging.sk\/wp-content\/uploads\/2021\/03\/603e5da2c984f80694a7100b.jpg 1920w\" sizes=\"(max-width: 1024px) 100vw, 1024px\" \/><\/figure><\/li><li class=\"blocks-gallery-item\"><figure><img decoding=\"async\" loading=\"lazy\" width=\"1024\" height=\"768\" src=\"https:\/\/web.gtischarging.sk\/wp-content\/uploads\/2021\/03\/603e5d9d5b8d72703188637a-1-1024x768.jpg\" alt=\"\" data-id=\"2243\" data-link=\"https:\/\/web.gtischarging.sk\/?attachment_id=2243\" class=\"wp-image-2243\" srcset=\"https:\/\/web.gtischarging.sk\/wp-content\/uploads\/2021\/03\/603e5d9d5b8d72703188637a-1-1024x768.jpg 1024w, https:\/\/web.gtischarging.sk\/wp-content\/uploads\/2021\/03\/603e5d9d5b8d72703188637a-1-300x225.jpg 300w, https:\/\/web.gtischarging.sk\/wp-content\/uploads\/2021\/03\/603e5d9d5b8d72703188637a-1-768x576.jpg 768w, https:\/\/web.gtischarging.sk\/wp-content\/uploads\/2021\/03\/603e5d9d5b8d72703188637a-1-1536x1152.jpg 1536w, https:\/\/web.gtischarging.sk\/wp-content\/uploads\/2021\/03\/603e5d9d5b8d72703188637a-1.jpg 1920w\" sizes=\"(max-width: 1024px) 100vw, 1024px\" \/><\/figure><\/li><li class=\"blocks-gallery-item\"><figure><img decoding=\"async\" loading=\"lazy\" width=\"1024\" height=\"768\" src=\"https:\/\/web.gtischarging.sk\/wp-content\/uploads\/2021\/03\/603e5da07b3e987025af86ad-1024x768.jpg\" alt=\"\" data-id=\"2239\" data-link=\"https:\/\/web.gtischarging.sk\/?attachment_id=2239\" class=\"wp-image-2239\" srcset=\"https:\/\/web.gtischarging.sk\/wp-content\/uploads\/2021\/03\/603e5da07b3e987025af86ad-1024x768.jpg 1024w, https:\/\/web.gtischarging.sk\/wp-content\/uploads\/2021\/03\/603e5da07b3e987025af86ad-300x225.jpg 300w, https:\/\/web.gtischarging.sk\/wp-content\/uploads\/2021\/03\/603e5da07b3e987025af86ad-768x576.jpg 768w, https:\/\/web.gtischarging.sk\/wp-content\/uploads\/2021\/03\/603e5da07b3e987025af86ad-1536x1152.jpg 1536w, https:\/\/web.gtischarging.sk\/wp-content\/uploads\/2021\/03\/603e5da07b3e987025af86ad.jpg 1920w\" sizes=\"(max-width: 1024px) 100vw, 1024px\" \/><\/figure><\/li><li class=\"blocks-gallery-item\"><figure><img decoding=\"async\" loading=\"lazy\" width=\"768\" height=\"1024\" src=\"https:\/\/web.gtischarging.sk\/wp-content\/uploads\/2021\/03\/603e5d9f8d3ad07024484a01-768x1024.jpg\" alt=\"\" data-id=\"2240\" data-link=\"https:\/\/web.gtischarging.sk\/?attachment_id=2240\" class=\"wp-image-2240\" srcset=\"https:\/\/web.gtischarging.sk\/wp-content\/uploads\/2021\/03\/603e5d9f8d3ad07024484a01-768x1024.jpg 768w, https:\/\/web.gtischarging.sk\/wp-content\/uploads\/2021\/03\/603e5d9f8d3ad07024484a01-225x300.jpg 225w, https:\/\/web.gtischarging.sk\/wp-content\/uploads\/2021\/03\/603e5d9f8d3ad07024484a01-1152x1536.jpg 1152w, https:\/\/web.gtischarging.sk\/wp-content\/uploads\/2021\/03\/603e5d9f8d3ad07024484a01-1536x2048.jpg 1536w, https:\/\/web.gtischarging.sk\/wp-content\/uploads\/2021\/03\/603e5d9f8d3ad07024484a01.jpg 1920w\" sizes=\"(max-width: 768px) 100vw, 768px\" \/><\/figure><\/li><\/ul><\/figure>\n\n\n\n<p>Volvo C40 Recharge z\u00edskalo multimedi\u00e1lny syst\u00e9m pre syst\u00e9m Android vyvinut\u00fd v spolupr\u00e1ci s Googlom. Obsahuje vstavan\u00e9 aplik\u00e1cie a slu\u017eby vyh\u013ead\u00e1vacieho giganta, ako aj mo\u017enosti bezdr\u00f4tovej aktualiz\u00e1cie softv\u00e9ru.<\/p>\n\n\n\n<p><strong>Na z\u00e1ver<\/strong><\/p>\n\n\n\n<p>V\u00fdroba modelu Volvo C40 Recharge sa za\u010dne na jese\u0148 v belgickom z\u00e1vode v Gente, kde sa model XC40 Recharge u\u017e dnes vyr\u00e1ba. D\u00e1tum debutu novinky na trhu zatia\u013e nebol stanoven\u00fd.<\/p>\n\n\n\n<figure class=\"wp-block-embed aligncenter is-type-video is-provider-youtube wp-block-embed-youtube wp-embed-aspect-16-9 wp-has-aspect-ratio\"><div class=\"wp-block-embed__wrapper\">\n<div class=\"video-container\"><iframe loading=\"lazy\" title=\"Volvo C40 2022 \u2014 \u043e\u0444\u0438\u0446\u0438\u0430\u043b\u044c\u043d\u044b\u0439 \u0440\u043e\u043b\u0438\u043a\" width=\"500\" height=\"281\" src=\"https:\/\/www.youtube.com\/embed\/yEqmF7YOSYA?feature=oembed&#038;wmode=opaque\" frameborder=\"0\" allow=\"accelerometer; autoplay; clipboard-write; encrypted-media; gyroscope; picture-in-picture\" allowfullscreen><\/iframe><\/div>\n<\/div><\/figure>\n\n\n\n<p>Zdroj:<br><a href=\"https:\/\/www.drive.ru\/news\/volvo\/603e550f26f4c323fb1185e6.html\">elektro-vozidla.sk<\/a><\/p>\n","protected":false},"excerpt":{"rendered":"<p>Volvo C40 Recharge elektrick\u00fd crossover s d\u00f4razom na dokonalos\u0165 Do ponuky Volvo bol pridan\u00fd elektrick\u00fd&nbsp; crossover v&nbsp;preveden\u00ed \u0161portov\u00e9ho kup\u00e9 Volvo C40 Recharge. S\u00fa\u010dasne s premi\u00e9rou nov\u00e9ho elektrick\u00e9ho crossoveru spolo\u010dnos\u0165 ozn\u00e1mila z\u00e1mer \u00faplne ukon\u010di\u0165 v\u00fdrobu&nbsp;&#46;&#46;&#46;<\/p>\n","protected":false},"author":8,"featured_media":0,"parent":0,"menu_order":0,"comment_status":"closed","ping_status":"closed","template":"","meta":{"footnotes":""},"yoast_head":"<!-- This site is optimized with the Yoast SEO plugin v20.4 - https:\/\/yoast.com\/wordpress\/plugins\/seo\/ -->\n<title>Volvo C40 Recharge - gtischarging.sk<\/title>\n<meta name=\"robots\" content=\"index, follow, max-snippet:-1, max-image-preview:large, max-video-preview:-1\" \/>\n<link rel=\"canonical\" href=\"https:\/\/web.gtischarging.sk\/index.php\/volvo-c40-recharge\/\" \/>\n<meta property=\"og:locale\" content=\"cs_CZ\" \/>\n<meta property=\"og:type\" content=\"article\" \/>\n<meta property=\"og:title\" content=\"Volvo C40 Recharge - gtischarging.sk\" \/>\n<meta property=\"og:description\" content=\"Volvo C40 Recharge elektrick\u00fd crossover s d\u00f4razom na dokonalos\u0165 Do ponuky Volvo bol pridan\u00fd elektrick\u00fd&nbsp; crossover v&nbsp;preveden\u00ed \u0161portov\u00e9ho kup\u00e9 Volvo C40 Recharge. S\u00fa\u010dasne s premi\u00e9rou nov\u00e9ho elektrick\u00e9ho crossoveru spolo\u010dnos\u0165 ozn\u00e1mila z\u00e1mer \u00faplne ukon\u010di\u0165 v\u00fdrobu&nbsp;&#046;&#046;&#046;\" \/>\n<meta property=\"og:url\" content=\"https:\/\/web.gtischarging.sk\/index.php\/volvo-c40-recharge\/\" \/>\n<meta property=\"og:site_name\" content=\"gtischarging.sk\" \/>\n<meta property=\"article:publisher\" content=\"https:\/\/www.facebook.com\/gtischarging\" \/>\n<meta property=\"article:modified_time\" content=\"2021-03-26T13:49:24+00:00\" \/>\n<meta property=\"og:image\" content=\"https:\/\/web.gtischarging.sk\/wp-content\/uploads\/2021\/03\/volvoc40title-1024x380.jpg\" \/>\n<meta name=\"twitter:card\" content=\"summary_large_image\" \/>\n<meta name=\"twitter:label1\" content=\"Odhadovan\u00e1 doba \u010dten\u00ed\" \/>\n\t<meta name=\"twitter:data1\" content=\"3 minuty\" \/>\n<script type=\"application\/ld+json\" class=\"yoast-schema-graph\">{\"@context\":\"https:\/\/schema.org\",\"@graph\":[{\"@type\":\"WebPage\",\"@id\":\"https:\/\/web.gtischarging.sk\/index.php\/volvo-c40-recharge\/\",\"url\":\"https:\/\/web.gtischarging.sk\/index.php\/volvo-c40-recharge\/\",\"name\":\"Volvo C40 Recharge - gtischarging.sk\",\"isPartOf\":{\"@id\":\"https:\/\/web.gtischarging.sk\/#website\"},\"datePublished\":\"2021-03-26T13:48:44+00:00\",\"dateModified\":\"2021-03-26T13:49:24+00:00\",\"breadcrumb\":{\"@id\":\"https:\/\/web.gtischarging.sk\/index.php\/volvo-c40-recharge\/#breadcrumb\"},\"inLanguage\":\"cs\",\"potentialAction\":[{\"@type\":\"ReadAction\",\"target\":[\"https:\/\/web.gtischarging.sk\/index.php\/volvo-c40-recharge\/\"]}]},{\"@type\":\"BreadcrumbList\",\"@id\":\"https:\/\/web.gtischarging.sk\/index.php\/volvo-c40-recharge\/#breadcrumb\",\"itemListElement\":[{\"@type\":\"ListItem\",\"position\":1,\"name\":\"Dom\u016f\",\"item\":\"https:\/\/web.gtischarging.sk\/\"},{\"@type\":\"ListItem\",\"position\":2,\"name\":\"Volvo C40 Recharge\"}]},{\"@type\":\"WebSite\",\"@id\":\"https:\/\/web.gtischarging.sk\/#website\",\"url\":\"https:\/\/web.gtischarging.sk\/\",\"name\":\"gtischarging.sk\",\"description\":\"U n\u00e1s sta\u010d\u00ed prilo\u017ei\u0165 platobn\u00fa kartu\",\"publisher\":{\"@id\":\"https:\/\/web.gtischarging.sk\/#organization\"},\"potentialAction\":[{\"@type\":\"SearchAction\",\"target\":{\"@type\":\"EntryPoint\",\"urlTemplate\":\"https:\/\/web.gtischarging.sk\/?s={search_term_string}\"},\"query-input\":\"required name=search_term_string\"}],\"inLanguage\":\"cs\"},{\"@type\":\"Organization\",\"@id\":\"https:\/\/web.gtischarging.sk\/#organization\",\"name\":\"GTIS charging\",\"url\":\"https:\/\/web.gtischarging.sk\/\",\"logo\":{\"@type\":\"ImageObject\",\"inLanguage\":\"cs\",\"@id\":\"https:\/\/web.gtischarging.sk\/#\/schema\/logo\/image\/\",\"url\":\"https:\/\/web.gtischarging.sk\/wp-content\/uploads\/2020\/03\/logo-180px.png\",\"contentUrl\":\"https:\/\/web.gtischarging.sk\/wp-content\/uploads\/2020\/03\/logo-180px.png\",\"width\":180,\"height\":123,\"caption\":\"GTIS charging\"},\"image\":{\"@id\":\"https:\/\/web.gtischarging.sk\/#\/schema\/logo\/image\/\"},\"sameAs\":[\"https:\/\/www.facebook.com\/gtischarging\"]}]}<\/script>\n<!-- \/ Yoast SEO plugin. -->","yoast_head_json":{"title":"Volvo C40 Recharge - gtischarging.sk","robots":{"index":"index","follow":"follow","max-snippet":"max-snippet:-1","max-image-preview":"max-image-preview:large","max-video-preview":"max-video-preview:-1"},"canonical":"https:\/\/web.gtischarging.sk\/index.php\/volvo-c40-recharge\/","og_locale":"cs_CZ","og_type":"article","og_title":"Volvo C40 Recharge - gtischarging.sk","og_description":"Volvo C40 Recharge elektrick\u00fd crossover s d\u00f4razom na dokonalos\u0165 Do ponuky Volvo bol pridan\u00fd elektrick\u00fd&nbsp; crossover v&nbsp;preveden\u00ed \u0161portov\u00e9ho kup\u00e9 Volvo C40 Recharge. S\u00fa\u010dasne s premi\u00e9rou nov\u00e9ho elektrick\u00e9ho crossoveru spolo\u010dnos\u0165 ozn\u00e1mila z\u00e1mer \u00faplne ukon\u010di\u0165 v\u00fdrobu&nbsp;&#46;&#46;&#46;","og_url":"https:\/\/web.gtischarging.sk\/index.php\/volvo-c40-recharge\/","og_site_name":"gtischarging.sk","article_publisher":"https:\/\/www.facebook.com\/gtischarging","article_modified_time":"2021-03-26T13:49:24+00:00","og_image":[{"url":"https:\/\/web.gtischarging.sk\/wp-content\/uploads\/2021\/03\/volvoc40title-1024x380.jpg"}],"twitter_card":"summary_large_image","twitter_misc":{"Odhadovan\u00e1 doba \u010dten\u00ed":"3 minuty"},"schema":{"@context":"https:\/\/schema.org","@graph":[{"@type":"WebPage","@id":"https:\/\/web.gtischarging.sk\/index.php\/volvo-c40-recharge\/","url":"https:\/\/web.gtischarging.sk\/index.php\/volvo-c40-recharge\/","name":"Volvo C40 Recharge - gtischarging.sk","isPartOf":{"@id":"https:\/\/web.gtischarging.sk\/#website"},"datePublished":"2021-03-26T13:48:44+00:00","dateModified":"2021-03-26T13:49:24+00:00","breadcrumb":{"@id":"https:\/\/web.gtischarging.sk\/index.php\/volvo-c40-recharge\/#breadcrumb"},"inLanguage":"cs","potentialAction":[{"@type":"ReadAction","target":["https:\/\/web.gtischarging.sk\/index.php\/volvo-c40-recharge\/"]}]},{"@type":"BreadcrumbList","@id":"https:\/\/web.gtischarging.sk\/index.php\/volvo-c40-recharge\/#breadcrumb","itemListElement":[{"@type":"ListItem","position":1,"name":"Dom\u016f","item":"https:\/\/web.gtischarging.sk\/"},{"@type":"ListItem","position":2,"name":"Volvo C40 Recharge"}]},{"@type":"WebSite","@id":"https:\/\/web.gtischarging.sk\/#website","url":"https:\/\/web.gtischarging.sk\/","name":"gtischarging.sk","description":"U n\u00e1s sta\u010d\u00ed prilo\u017ei\u0165 platobn\u00fa kartu","publisher":{"@id":"https:\/\/web.gtischarging.sk\/#organization"},"potentialAction":[{"@type":"SearchAction","target":{"@type":"EntryPoint","urlTemplate":"https:\/\/web.gtischarging.sk\/?s={search_term_string}"},"query-input":"required name=search_term_string"}],"inLanguage":"cs"},{"@type":"Organization","@id":"https:\/\/web.gtischarging.sk\/#organization","name":"GTIS charging","url":"https:\/\/web.gtischarging.sk\/","logo":{"@type":"ImageObject","inLanguage":"cs","@id":"https:\/\/web.gtischarging.sk\/#\/schema\/logo\/image\/","url":"https:\/\/web.gtischarging.sk\/wp-content\/uploads\/2020\/03\/logo-180px.png","contentUrl":"https:\/\/web.gtischarging.sk\/wp-content\/uploads\/2020\/03\/logo-180px.png","width":180,"height":123,"caption":"GTIS charging"},"image":{"@id":"https:\/\/web.gtischarging.sk\/#\/schema\/logo\/image\/"},"sameAs":["https:\/\/www.facebook.com\/gtischarging"]}]}},"_links":{"self":[{"href":"https:\/\/web.gtischarging.sk\/index.php\/wp-json\/wp\/v2\/pages\/2228"}],"collection":[{"href":"https:\/\/web.gtischarging.sk\/index.php\/wp-json\/wp\/v2\/pages"}],"about":[{"href":"https:\/\/web.gtischarging.sk\/index.php\/wp-json\/wp\/v2\/types\/page"}],"author":[{"embeddable":true,"href":"https:\/\/web.gtischarging.sk\/index.php\/wp-json\/wp\/v2\/users\/8"}],"replies":[{"embeddable":true,"href":"https:\/\/web.gtischarging.sk\/index.php\/wp-json\/wp\/v2\/comments?post=2228"}],"version-history":[{"count":6,"href":"https:\/\/web.gtischarging.sk\/index.php\/wp-json\/wp\/v2\/pages\/2228\/revisions"}],"predecessor-version":[{"id":2293,"href":"https:\/\/web.gtischarging.sk\/index.php\/wp-json\/wp\/v2\/pages\/2228\/revisions\/2293"}],"wp:attachment":[{"href":"https:\/\/web.gtischarging.sk\/index.php\/wp-json\/wp\/v2\/media?parent=2228"}],"curies":[{"name":"wp","href":"https:\/\/api.w.org\/{rel}","templated":true}]}}