 {"id":1778,"date":"2021-02-17T21:47:33","date_gmt":"2021-02-17T20:47:33","guid":{"rendered":"https:\/\/web.gtischarging.sk\/?page_id=1778"},"modified":"2021-02-17T21:47:35","modified_gmt":"2021-02-17T20:47:35","slug":"audi-e-tron-gt","status":"publish","type":"page","link":"https:\/\/web.gtischarging.sk\/index.php\/audi-e-tron-gt\/","title":{"rendered":"Audi E-tron GT"},"content":{"rendered":"\n<div class=\"wp-block-image\"><figure class=\"aligncenter size-large\"><img decoding=\"async\" loading=\"lazy\" width=\"1024\" height=\"418\" src=\"https:\/\/web.gtischarging.sk\/wp-content\/uploads\/2021\/02\/audietron-1024x418.jpg\" alt=\"\" class=\"wp-image-1780\" srcset=\"https:\/\/web.gtischarging.sk\/wp-content\/uploads\/2021\/02\/audietron-1024x418.jpg 1024w, https:\/\/web.gtischarging.sk\/wp-content\/uploads\/2021\/02\/audietron-300x123.jpg 300w, https:\/\/web.gtischarging.sk\/wp-content\/uploads\/2021\/02\/audietron-768x314.jpg 768w, https:\/\/web.gtischarging.sk\/wp-content\/uploads\/2021\/02\/audietron-1536x628.jpg 1536w, https:\/\/web.gtischarging.sk\/wp-content\/uploads\/2021\/02\/audietron-2048x837.jpg 2048w\" sizes=\"(max-width: 1024px) 100vw, 1024px\" \/><\/figure><\/div>\n\n\n\n<h1 class=\"has-text-align-center wp-block-heading\">Audi predstavilo \u0161pi\u010dkov\u00fd model svojho radu elektromobilov &#8211; e-tron GT a verziu RS<\/h1>\n\n\n\n<p>Audi predstavilo svoj nov\u00fd elektromobil Audi e-tron GT, ako aj svoju vysokov\u00fdkonn\u00fa verziu RS e-tron GT. Tento elektromobil bude vlajkovou lo\u010fou, najvy\u0161\u0161\u00edm modelom radu e-tron. Ke\u010f\u017ee Audi je s\u00fa\u010das\u0165ou koncernu Volkswagen, ako aj Porsche, \u010dlovek by si myslel, \u017ee Audi e-tron GT je len \u0161tylizovan\u00fdm klonom Porsche Taycan. Ale v skuto\u010dnosti, e-tron GT zo v\u0161etk\u00fdch str\u00e1n vyzer\u00e1 ove\u013ea zauj\u00edmavej\u0161ie, aspo\u0148 zvonka a vn\u00fatorne. M\u00f4\u017ee to vyzera\u0165 ako vkus, ale Audi e-tron GT vyzer\u00e1 v\u00fdkonnej\u0161ie a v\u00e1\u017enej\u0161ie ako Porsche Taycan. CW (aerodynamick\u00fd pomer odporu) je 0,24. To sa dosahuje v\u010faka ploch\u00e9mu dnu bat\u00e9rie, dif\u00fazorom, viacstup\u0148ov\u00e9mu zas\u00favate\u013en\u00e9mu  spojleru a akt\u00edvnemu prep\u00ednaciemu pr\u00edvodu vzduchu pre brzdy a radi\u00e1tory, \u010do by malo tie\u017e \u010falej zlep\u0161ova\u0165 aerodynamiku. To znamen\u00e1, \u017ee ka\u017ed\u00fd prvok vozidla je premyslen\u00fd a funk\u010dn\u00fd.<\/p>\n\n\n\n<blockquote class=\"wp-block-quote\"><p><em><em>Marcus Dusmann, gener\u00e1lny riadite\u013e audi AG, &#8222;E-tron GT2 je nov\u00e1 str\u00e1nka gran Turismo prestavan\u00e1 na bud\u00facnos\u0165. Jeho vzh\u013ead je d\u00f4kazom pr\u00e9miov\u00e9ho automobilov\u00e9ho dizajnu. S p\u00f4sobiv\u00fdmi be\u017eeckymi vlastnos\u0165ami je to elektrick\u00e1 mobilita v najemekt\u00edvnej\u0161ou zmysle. V\u010faka svojej koncepcii trvalo udr\u017eate\u013en\u00e9ho rozvoja m\u00e1 pevn\u00e9 postavenie. Preto\u017ee to nie je len koncept pohonu, ktor\u00fd je environment\u00e1lny. V\u0161etka v\u00fdroba v na\u0161om z\u00e1vode, B&#8217;llinger H&#8217;fe, m\u00e1 teraz uhl\u00edkovo neutr\u00e1lnu energetick\u00fa bilanciu. Je to d\u00f4le\u017eit\u00fd sign\u00e1l pre z\u00e1vod, na\u0161ich zamestnancov a bud\u00facu \u017eivotaschopnos\u0165 Audi.&#8220;<\/em><\/em><\/p><\/blockquote>\n\n\n\n<p>Audi e-tron GT je \u0161tvordverov\u00e9 kup\u00e9, ktor\u00e9 vst\u00fapi na trh v rovnakom \u010dase ako RS. Spotreba energie pri 20,2-19,3 kWh\/100 km, \u010do d\u00e1va vypo\u010d\u00edtan\u00fd dojazd a\u017e 487 kilometrov. Platforma J1 od Porsche je prevzat\u00e1 ako platforma pre e-tron GT. Je zalo\u017een\u00fd na akumul\u00e1tore 800 B a cenovo dostupnej kapacite 85 kWh z 93,4 kWh dostupn\u00fdch v jednotke. Palubn\u00e1 nab\u00edja\u010dka umo\u017e\u0148uje nab\u00edjanie elektrick\u00e9ho \u0161portov\u00e9ho vozidla s kon\u0161tantn\u00fdm pr\u00fadom a\u017e 270 kW. To znamen\u00e1, \u017ee bat\u00e9riu m\u00f4\u017eete &#8222;nalia\u0165 na pln\u00fa&#8220; za menej ako tretinu hodiny.<\/p>\n\n\n\n<div class=\"wp-block-image\"><figure class=\"aligncenter size-large\"><img decoding=\"async\" loading=\"lazy\" width=\"1024\" height=\"545\" src=\"https:\/\/web.gtischarging.sk\/wp-content\/uploads\/2021\/02\/A1814530_medium-1-1024x545.jpg\" alt=\"\" class=\"wp-image-1789\" srcset=\"https:\/\/web.gtischarging.sk\/wp-content\/uploads\/2021\/02\/A1814530_medium-1-1024x545.jpg 1024w, https:\/\/web.gtischarging.sk\/wp-content\/uploads\/2021\/02\/A1814530_medium-1-300x160.jpg 300w, https:\/\/web.gtischarging.sk\/wp-content\/uploads\/2021\/02\/A1814530_medium-1-768x409.jpg 768w, https:\/\/web.gtischarging.sk\/wp-content\/uploads\/2021\/02\/A1814530_medium-1-1536x817.jpg 1536w, https:\/\/web.gtischarging.sk\/wp-content\/uploads\/2021\/02\/A1814530_medium-1-2048x1090.jpg 2048w\" sizes=\"(max-width: 1024px) 100vw, 1024px\" \/><figcaption>Static Photo\nColour: kinetic dust<\/figcaption><\/figure><\/div>\n\n\n\n<p>Be\u017en\u00e9 s\u00fa aj synchr\u00f3nne motory Audi e-tron GT s synchr\u00f3nnymi motormi Porsche Taycan s neust\u00e1lym vzru\u0161en\u00edm na zadnej n\u00e1prave a dvojr\u00fdchlostn\u00e1 prevodovka. Vozidlo v\u017edy jazd\u00ed na druhom prevodovom stupni, av\u0161ak hne\u010f ako vodi\u010d zr\u00fdchli alebo aktivuje Launch Control, e-tron GT sa prepne na prv\u00fd prevodov\u00fd stupe\u0148 s krat\u0161\u00edm \u010d\u00edslom prevodovky. Audi e-tron GT quattro je vybaven\u00e9 dvoma v\u00fdkonn\u00fdmi elektromotormi, ktor\u00e9 poskytuj\u00fa sebavedom\u00fd elektrick\u00fd pohon v\u0161etk\u00fdch kolies a ohromuj\u00faci beh a dynamick\u00fd v\u00fdkon. Z\u00e1kladn\u00e1 kapacita RS e-tron GT je ozn\u00e1men\u00e1 na 440 kW s mo\u017enos\u0165ou jeho zv\u00fd\u0161enia na 475 kW v re\u017eime Launch Control. E-tron GT quattro je o nie\u010do skromnej\u0161\u00ed, 350 kW ako obvykle, 390 kW v re\u017eime Launch Control.<\/p>\n\n\n\n<div class=\"wp-block-image\"><figure class=\"aligncenter size-large is-resized\"><img decoding=\"async\" loading=\"lazy\" src=\"https:\/\/web.gtischarging.sk\/wp-content\/uploads\/2021\/02\/etronblack.jpg\" alt=\"\" class=\"wp-image-1781\" width=\"771\" height=\"340\" srcset=\"https:\/\/web.gtischarging.sk\/wp-content\/uploads\/2021\/02\/etronblack.jpg 595w, https:\/\/web.gtischarging.sk\/wp-content\/uploads\/2021\/02\/etronblack-300x132.jpg 300w\" sizes=\"(max-width: 771px) 100vw, 771px\" \/><figcaption>Audi e-tron GT &#8211; foto AUDI AG<\/figcaption><\/figure><\/div>\n\n\n\n<p>Rozmery Audi e-tron GT tie\u017e nazna\u010duj\u00fa, \u017ee to nie je len Gran Turismo, ale jeho najvy\u0161\u0161ia kateg\u00f3ria (D-Sh-B) &#8211; 4,99&#215;1,96&#215;1,41. Ve\u013ek\u00e9 koles\u00e1, \u0161irok\u00e1 ko\u013eaj, ploch\u00e1 silueta, dlh\u00fd r\u00e1zvor. S Taycanom vizu\u00e1lne s\u00favis\u00ed so stre\u0161nou l\u00edniou sloth, najm\u00e4 vzadu. Ale napriek tomu, aj pre zadn\u00fdch cestuj\u00facich je poskytovan\u00e1 s pr\u00edslu\u0161n\u00fdm stavom komfortu vozidla, a z\u00e1rove\u0148 zadn\u00fd kme\u0148 je v\u00e4\u010d\u0161\u00ed ako Taycan, 405 litrov vs. 366. Predn\u00fd kme\u0148 m\u00e1 tie\u017e o nie\u010do v\u00e4\u010d\u0161\u00ed objem &#8211; 85 litrov.<\/p>\n\n\n\n<figure class=\"wp-block-gallery aligncenter columns-3 is-cropped wp-block-gallery-1 is-layout-flex wp-block-gallery-is-layout-flex\"><ul class=\"blocks-gallery-grid\"><li class=\"blocks-gallery-item\"><figure><img decoding=\"async\" src=\"https:\/\/avatars.mds.yandex.net\/get-zen_doc\/2442582\/pub_6023fc8a53b5a470dcaa7643_6023ffe09eeef76a69a6789a\/scale_1200\" alt=\"Audi e-tron GT - \u0444\u043e\u0442\u043e AUDI AG\" data-id=\"\"\/><\/figure><\/li><li class=\"blocks-gallery-item\"><figure><img decoding=\"async\" loading=\"lazy\" width=\"1024\" height=\"683\" src=\"https:\/\/web.gtischarging.sk\/wp-content\/uploads\/2021\/02\/A1814552_medium-1024x683.jpg\" alt=\"\" data-id=\"1782\" data-link=\"https:\/\/web.gtischarging.sk\/?attachment_id=1782\" class=\"wp-image-1782\" srcset=\"https:\/\/web.gtischarging.sk\/wp-content\/uploads\/2021\/02\/A1814552_medium-1024x683.jpg 1024w, https:\/\/web.gtischarging.sk\/wp-content\/uploads\/2021\/02\/A1814552_medium-300x200.jpg 300w, https:\/\/web.gtischarging.sk\/wp-content\/uploads\/2021\/02\/A1814552_medium-768x512.jpg 768w, https:\/\/web.gtischarging.sk\/wp-content\/uploads\/2021\/02\/A1814552_medium-1536x1024.jpg 1536w, https:\/\/web.gtischarging.sk\/wp-content\/uploads\/2021\/02\/A1814552_medium-2048x1366.jpg 2048w\" sizes=\"(max-width: 1024px) 100vw, 1024px\" \/><\/figure><\/li><li class=\"blocks-gallery-item\"><figure><img decoding=\"async\" loading=\"lazy\" width=\"1024\" height=\"683\" src=\"https:\/\/web.gtischarging.sk\/wp-content\/uploads\/2021\/02\/A1814551_medium-1024x683.jpg\" alt=\"\" data-id=\"1784\" data-link=\"https:\/\/web.gtischarging.sk\/?attachment_id=1784\" class=\"wp-image-1784\" srcset=\"https:\/\/web.gtischarging.sk\/wp-content\/uploads\/2021\/02\/A1814551_medium-1024x683.jpg 1024w, https:\/\/web.gtischarging.sk\/wp-content\/uploads\/2021\/02\/A1814551_medium-300x200.jpg 300w, https:\/\/web.gtischarging.sk\/wp-content\/uploads\/2021\/02\/A1814551_medium-768x512.jpg 768w, https:\/\/web.gtischarging.sk\/wp-content\/uploads\/2021\/02\/A1814551_medium-1536x1024.jpg 1536w, https:\/\/web.gtischarging.sk\/wp-content\/uploads\/2021\/02\/A1814551_medium-2048x1366.jpg 2048w\" sizes=\"(max-width: 1024px) 100vw, 1024px\" \/><\/figure><\/li><li class=\"blocks-gallery-item\"><figure><img decoding=\"async\" loading=\"lazy\" width=\"1024\" height=\"683\" src=\"https:\/\/web.gtischarging.sk\/wp-content\/uploads\/2021\/02\/A1814427_medium-1024x683.jpg\" alt=\"\" data-id=\"1785\" data-link=\"https:\/\/web.gtischarging.sk\/?attachment_id=1785\" class=\"wp-image-1785\" srcset=\"https:\/\/web.gtischarging.sk\/wp-content\/uploads\/2021\/02\/A1814427_medium-1024x683.jpg 1024w, https:\/\/web.gtischarging.sk\/wp-content\/uploads\/2021\/02\/A1814427_medium-300x200.jpg 300w, https:\/\/web.gtischarging.sk\/wp-content\/uploads\/2021\/02\/A1814427_medium-768x512.jpg 768w, https:\/\/web.gtischarging.sk\/wp-content\/uploads\/2021\/02\/A1814427_medium-1536x1024.jpg 1536w, https:\/\/web.gtischarging.sk\/wp-content\/uploads\/2021\/02\/A1814427_medium-2048x1366.jpg 2048w\" sizes=\"(max-width: 1024px) 100vw, 1024px\" \/><figcaption class=\"blocks-gallery-item__caption\">The Audi e-tron GT concept: Debut at the Los Angeles Auto Show 2018 on Wednesday 28, 2018<\/figcaption><\/figure><\/li><li class=\"blocks-gallery-item\"><figure><img decoding=\"async\" loading=\"lazy\" width=\"1024\" height=\"768\" src=\"https:\/\/web.gtischarging.sk\/wp-content\/uploads\/2021\/02\/A1814549_medium-1024x768.jpg\" alt=\"\" data-id=\"1786\" data-full-url=\"https:\/\/web.gtischarging.sk\/wp-content\/uploads\/2021\/02\/A1814549_medium-scaled.jpg\" data-link=\"https:\/\/web.gtischarging.sk\/?attachment_id=1786\" class=\"wp-image-1786\" srcset=\"https:\/\/web.gtischarging.sk\/wp-content\/uploads\/2021\/02\/A1814549_medium-1024x768.jpg 1024w, https:\/\/web.gtischarging.sk\/wp-content\/uploads\/2021\/02\/A1814549_medium-300x225.jpg 300w, https:\/\/web.gtischarging.sk\/wp-content\/uploads\/2021\/02\/A1814549_medium-768x576.jpg 768w, https:\/\/web.gtischarging.sk\/wp-content\/uploads\/2021\/02\/A1814549_medium-1536x1152.jpg 1536w, https:\/\/web.gtischarging.sk\/wp-content\/uploads\/2021\/02\/A1814549_medium-2048x1535.jpg 2048w\" sizes=\"(max-width: 1024px) 100vw, 1024px\" \/><figcaption class=\"blocks-gallery-item__caption\">Detail<\/figcaption><\/figure><\/li><\/ul><\/figure>\n\n\n\n<p>Elektromobil Audi e-tron GT a jeho verzia ur\u010dite nie s\u00fa utilit\u00e1rnym autom na ka\u017edodenn\u00e9 cesty do pr\u00e1ce alebo do obchodu. Je to auto pre pocit pote\u0161enia z jazdy a procesu jazdy. V\u0161etky verzie bud\u00fa k dispoz\u00edcii pre objedn\u00e1vky od jari a dod\u00e1vky sa za\u010dn\u00fa v lete. E-tron GT bude st\u00e1\u0165 99 800 eur a RS e-tron GT bude st\u00e1\u0165 138 200 eur.<\/p>\n\n\n\n<div class=\"wp-block-image\"><figure class=\"aligncenter is-resized\"><img decoding=\"async\" loading=\"lazy\" src=\"https:\/\/avatars.mds.yandex.net\/get-zen_doc\/1931555\/pub_6023fc8a53b5a470dcaa7643_6023fffec597941f8b043b31\/scale_1200\" alt=\"\u0431\u043e\u043b\u0438\u0434 Audi Formula E \u0438 Audi e-tron GT - \u0444\u043e\u0442\u043e AUDI AG\" width=\"758\" height=\"506\"\/><figcaption>Audi Formula E a Audi e-tron GT &#8211; AUDI AG foto<\/figcaption><\/figure><\/div>\n\n\n\n<p>Zdroj:<br><a href=\"https:\/\/zen.yandex.ru\/media\/iap_zts\/audi-prezentovalo-topovuiu-model-svoei-lineiki-elektromobilei-etron-gt-i-versiiu-rs-6023fc8a53b5a470dcaa7643\">yandex<\/a><\/p>\n","protected":false},"excerpt":{"rendered":"<p>Audi predstavilo \u0161pi\u010dkov\u00fd model svojho radu elektromobilov &#8211; e-tron GT a verziu RS Audi predstavilo svoj nov\u00fd elektromobil Audi e-tron GT, ako aj svoju vysokov\u00fdkonn\u00fa verziu RS e-tron GT. Tento elektromobil bude vlajkovou lo\u010fou,&#46;&#46;&#46;<\/p>\n","protected":false},"author":8,"featured_media":0,"parent":0,"menu_order":0,"comment_status":"closed","ping_status":"closed","template":"","meta":{"footnotes":""},"yoast_head":"<!-- This site is optimized with the Yoast SEO plugin v20.4 - https:\/\/yoast.com\/wordpress\/plugins\/seo\/ -->\n<title>Audi E-tron GT - gtischarging.sk<\/title>\n<meta name=\"robots\" content=\"index, follow, max-snippet:-1, max-image-preview:large, max-video-preview:-1\" \/>\n<link rel=\"canonical\" href=\"https:\/\/web.gtischarging.sk\/index.php\/audi-e-tron-gt\/\" \/>\n<meta property=\"og:locale\" content=\"cs_CZ\" \/>\n<meta property=\"og:type\" content=\"article\" \/>\n<meta property=\"og:title\" content=\"Audi E-tron GT - gtischarging.sk\" \/>\n<meta property=\"og:description\" content=\"Audi predstavilo \u0161pi\u010dkov\u00fd model svojho radu elektromobilov &#8211; e-tron GT a verziu RS Audi predstavilo svoj nov\u00fd elektromobil Audi e-tron GT, ako aj svoju vysokov\u00fdkonn\u00fa verziu RS e-tron GT. Tento elektromobil bude vlajkovou lo\u010fou,&#046;&#046;&#046;\" \/>\n<meta property=\"og:url\" content=\"https:\/\/web.gtischarging.sk\/index.php\/audi-e-tron-gt\/\" \/>\n<meta property=\"og:site_name\" content=\"gtischarging.sk\" \/>\n<meta property=\"article:publisher\" content=\"https:\/\/www.facebook.com\/gtischarging\" \/>\n<meta property=\"article:modified_time\" content=\"2021-02-17T20:47:35+00:00\" \/>\n<meta property=\"og:image\" content=\"https:\/\/web.gtischarging.sk\/wp-content\/uploads\/2021\/02\/audietron-1024x418.jpg\" \/>\n<meta name=\"twitter:card\" content=\"summary_large_image\" \/>\n<meta name=\"twitter:label1\" content=\"Odhadovan\u00e1 doba \u010dten\u00ed\" \/>\n\t<meta name=\"twitter:data1\" content=\"4 minuty\" \/>\n<script type=\"application\/ld+json\" class=\"yoast-schema-graph\">{\"@context\":\"https:\/\/schema.org\",\"@graph\":[{\"@type\":\"WebPage\",\"@id\":\"https:\/\/web.gtischarging.sk\/index.php\/audi-e-tron-gt\/\",\"url\":\"https:\/\/web.gtischarging.sk\/index.php\/audi-e-tron-gt\/\",\"name\":\"Audi E-tron GT - gtischarging.sk\",\"isPartOf\":{\"@id\":\"https:\/\/web.gtischarging.sk\/#website\"},\"datePublished\":\"2021-02-17T20:47:33+00:00\",\"dateModified\":\"2021-02-17T20:47:35+00:00\",\"breadcrumb\":{\"@id\":\"https:\/\/web.gtischarging.sk\/index.php\/audi-e-tron-gt\/#breadcrumb\"},\"inLanguage\":\"cs\",\"potentialAction\":[{\"@type\":\"ReadAction\",\"target\":[\"https:\/\/web.gtischarging.sk\/index.php\/audi-e-tron-gt\/\"]}]},{\"@type\":\"BreadcrumbList\",\"@id\":\"https:\/\/web.gtischarging.sk\/index.php\/audi-e-tron-gt\/#breadcrumb\",\"itemListElement\":[{\"@type\":\"ListItem\",\"position\":1,\"name\":\"Dom\u016f\",\"item\":\"https:\/\/web.gtischarging.sk\/\"},{\"@type\":\"ListItem\",\"position\":2,\"name\":\"Audi E-tron GT\"}]},{\"@type\":\"WebSite\",\"@id\":\"https:\/\/web.gtischarging.sk\/#website\",\"url\":\"https:\/\/web.gtischarging.sk\/\",\"name\":\"gtischarging.sk\",\"description\":\"U n\u00e1s sta\u010d\u00ed prilo\u017ei\u0165 platobn\u00fa kartu\",\"publisher\":{\"@id\":\"https:\/\/web.gtischarging.sk\/#organization\"},\"potentialAction\":[{\"@type\":\"SearchAction\",\"target\":{\"@type\":\"EntryPoint\",\"urlTemplate\":\"https:\/\/web.gtischarging.sk\/?s={search_term_string}\"},\"query-input\":\"required name=search_term_string\"}],\"inLanguage\":\"cs\"},{\"@type\":\"Organization\",\"@id\":\"https:\/\/web.gtischarging.sk\/#organization\",\"name\":\"GTIS charging\",\"url\":\"https:\/\/web.gtischarging.sk\/\",\"logo\":{\"@type\":\"ImageObject\",\"inLanguage\":\"cs\",\"@id\":\"https:\/\/web.gtischarging.sk\/#\/schema\/logo\/image\/\",\"url\":\"https:\/\/web.gtischarging.sk\/wp-content\/uploads\/2020\/03\/logo-180px.png\",\"contentUrl\":\"https:\/\/web.gtischarging.sk\/wp-content\/uploads\/2020\/03\/logo-180px.png\",\"width\":180,\"height\":123,\"caption\":\"GTIS charging\"},\"image\":{\"@id\":\"https:\/\/web.gtischarging.sk\/#\/schema\/logo\/image\/\"},\"sameAs\":[\"https:\/\/www.facebook.com\/gtischarging\"]}]}<\/script>\n<!-- \/ Yoast SEO plugin. -->","yoast_head_json":{"title":"Audi E-tron GT - gtischarging.sk","robots":{"index":"index","follow":"follow","max-snippet":"max-snippet:-1","max-image-preview":"max-image-preview:large","max-video-preview":"max-video-preview:-1"},"canonical":"https:\/\/web.gtischarging.sk\/index.php\/audi-e-tron-gt\/","og_locale":"cs_CZ","og_type":"article","og_title":"Audi E-tron GT - gtischarging.sk","og_description":"Audi predstavilo \u0161pi\u010dkov\u00fd model svojho radu elektromobilov &#8211; e-tron GT a verziu RS Audi predstavilo svoj nov\u00fd elektromobil Audi e-tron GT, ako aj svoju vysokov\u00fdkonn\u00fa verziu RS e-tron GT. Tento elektromobil bude vlajkovou lo\u010fou,&#46;&#46;&#46;","og_url":"https:\/\/web.gtischarging.sk\/index.php\/audi-e-tron-gt\/","og_site_name":"gtischarging.sk","article_publisher":"https:\/\/www.facebook.com\/gtischarging","article_modified_time":"2021-02-17T20:47:35+00:00","og_image":[{"url":"https:\/\/web.gtischarging.sk\/wp-content\/uploads\/2021\/02\/audietron-1024x418.jpg"}],"twitter_card":"summary_large_image","twitter_misc":{"Odhadovan\u00e1 doba \u010dten\u00ed":"4 minuty"},"schema":{"@context":"https:\/\/schema.org","@graph":[{"@type":"WebPage","@id":"https:\/\/web.gtischarging.sk\/index.php\/audi-e-tron-gt\/","url":"https:\/\/web.gtischarging.sk\/index.php\/audi-e-tron-gt\/","name":"Audi E-tron GT - gtischarging.sk","isPartOf":{"@id":"https:\/\/web.gtischarging.sk\/#website"},"datePublished":"2021-02-17T20:47:33+00:00","dateModified":"2021-02-17T20:47:35+00:00","breadcrumb":{"@id":"https:\/\/web.gtischarging.sk\/index.php\/audi-e-tron-gt\/#breadcrumb"},"inLanguage":"cs","potentialAction":[{"@type":"ReadAction","target":["https:\/\/web.gtischarging.sk\/index.php\/audi-e-tron-gt\/"]}]},{"@type":"BreadcrumbList","@id":"https:\/\/web.gtischarging.sk\/index.php\/audi-e-tron-gt\/#breadcrumb","itemListElement":[{"@type":"ListItem","position":1,"name":"Dom\u016f","item":"https:\/\/web.gtischarging.sk\/"},{"@type":"ListItem","position":2,"name":"Audi E-tron GT"}]},{"@type":"WebSite","@id":"https:\/\/web.gtischarging.sk\/#website","url":"https:\/\/web.gtischarging.sk\/","name":"gtischarging.sk","description":"U n\u00e1s sta\u010d\u00ed prilo\u017ei\u0165 platobn\u00fa kartu","publisher":{"@id":"https:\/\/web.gtischarging.sk\/#organization"},"potentialAction":[{"@type":"SearchAction","target":{"@type":"EntryPoint","urlTemplate":"https:\/\/web.gtischarging.sk\/?s={search_term_string}"},"query-input":"required name=search_term_string"}],"inLanguage":"cs"},{"@type":"Organization","@id":"https:\/\/web.gtischarging.sk\/#organization","name":"GTIS charging","url":"https:\/\/web.gtischarging.sk\/","logo":{"@type":"ImageObject","inLanguage":"cs","@id":"https:\/\/web.gtischarging.sk\/#\/schema\/logo\/image\/","url":"https:\/\/web.gtischarging.sk\/wp-content\/uploads\/2020\/03\/logo-180px.png","contentUrl":"https:\/\/web.gtischarging.sk\/wp-content\/uploads\/2020\/03\/logo-180px.png","width":180,"height":123,"caption":"GTIS charging"},"image":{"@id":"https:\/\/web.gtischarging.sk\/#\/schema\/logo\/image\/"},"sameAs":["https:\/\/www.facebook.com\/gtischarging"]}]}},"_links":{"self":[{"href":"https:\/\/web.gtischarging.sk\/index.php\/wp-json\/wp\/v2\/pages\/1778"}],"collection":[{"href":"https:\/\/web.gtischarging.sk\/index.php\/wp-json\/wp\/v2\/pages"}],"about":[{"href":"https:\/\/web.gtischarging.sk\/index.php\/wp-json\/wp\/v2\/types\/page"}],"author":[{"embeddable":true,"href":"https:\/\/web.gtischarging.sk\/index.php\/wp-json\/wp\/v2\/users\/8"}],"replies":[{"embeddable":true,"href":"https:\/\/web.gtischarging.sk\/index.php\/wp-json\/wp\/v2\/comments?post=1778"}],"version-history":[{"count":3,"href":"https:\/\/web.gtischarging.sk\/index.php\/wp-json\/wp\/v2\/pages\/1778\/revisions"}],"predecessor-version":[{"id":1943,"href":"https:\/\/web.gtischarging.sk\/index.php\/wp-json\/wp\/v2\/pages\/1778\/revisions\/1943"}],"wp:attachment":[{"href":"https:\/\/web.gtischarging.sk\/index.php\/wp-json\/wp\/v2\/media?parent=1778"}],"curies":[{"name":"wp","href":"https:\/\/api.w.org\/{rel}","templated":true}]}}