 {"id":1690,"date":"2021-01-25T12:53:06","date_gmt":"2021-01-25T11:53:06","guid":{"rendered":"https:\/\/web.gtischarging.sk\/?page_id=1690"},"modified":"2021-01-25T12:53:08","modified_gmt":"2021-01-25T11:53:08","slug":"mercedes-benz-eqa","status":"publish","type":"page","link":"https:\/\/web.gtischarging.sk\/index.php\/mercedes-benz-eqa\/","title":{"rendered":"Mercedes-Benz EQA"},"content":{"rendered":"\n<div class=\"wp-block-image\"><figure class=\"aligncenter size-large is-resized\"><img decoding=\"async\" loading=\"lazy\" src=\"https:\/\/web.gtischarging.sk\/wp-content\/uploads\/2021\/01\/image-92-2-1024x369.png\" alt=\"\" class=\"wp-image-1707\" width=\"750\" height=\"270\" srcset=\"https:\/\/web.gtischarging.sk\/wp-content\/uploads\/2021\/01\/image-92-2-1024x369.png 1024w, https:\/\/web.gtischarging.sk\/wp-content\/uploads\/2021\/01\/image-92-2-300x108.png 300w, https:\/\/web.gtischarging.sk\/wp-content\/uploads\/2021\/01\/image-92-2-768x276.png 768w, https:\/\/web.gtischarging.sk\/wp-content\/uploads\/2021\/01\/image-92-2.png 1200w\" sizes=\"(max-width: 750px) 100vw, 750px\" \/><\/figure><\/div>\n\n\n\n<h1 class=\"has-text-align-center wp-block-heading\">Mercedes-Benz EQA: nov\u00fd elektrick\u00fd crossover na b\u00e1ze GLA<\/h1>\n\n\n\n<p>Premi\u00e9ra druhej gener\u00e1cie crossoveru Mercedes-Benz GLA sa konala pred nie\u010do vy\u0161e rokom a teraz pri\u0161lana rad jej plne elektrick\u00e1 modifik\u00e1cia so samostatn\u00fdm indexom EQA. Platforma MFA a dokonca aj karos\u00e9ria s\u00fa rovnak\u00e9, ale existuje aj ve\u013ea rozdielov.<\/p>\n\n\n\n<p>Napr\u00edklad kompletne prepracovan\u00fd dizajn prednej \u010dasti: elektromobil m\u00e1 origin\u00e1lne svetlomety a pln\u00fd kryt namiesto mrie\u017eky chladi\u010da. Zadn\u00e9 svetl\u00e1 s\u00fa prepojen\u00e9 a navy\u0161e sa zadn\u00e1 plocha pre \u0160PZ presunula z piatych dver\u00ed na n\u00e1razn\u00edk. To v\u0161etko spolu so \u0161peci\u00e1lnymi aerodynamick\u00fdmi kolesami umo\u017enilo zn\u00ed\u017ei\u0165 koeficient odporu Cd z 0,29 na 0,28.<\/p>\n\n\n\n<figure class=\"wp-block-table aligncenter\"><table><tbody><tr><td><img decoding=\"async\" loading=\"lazy\" width=\"613\" height=\"410\" class=\"wp-image-1694\" style=\"width: 400px;\" src=\"https:\/\/web.gtischarging.sk\/wp-content\/uploads\/2021\/01\/image-90.png\" alt=\"\" srcset=\"https:\/\/web.gtischarging.sk\/wp-content\/uploads\/2021\/01\/image-90.png 613w, https:\/\/web.gtischarging.sk\/wp-content\/uploads\/2021\/01\/image-90-300x201.png 300w\" sizes=\"(max-width: 613px) 100vw, 613px\" \/><\/td><td><img decoding=\"async\" loading=\"lazy\" width=\"631\" height=\"368\" class=\"wp-image-1693\" style=\"width: 460px;\" src=\"https:\/\/web.gtischarging.sk\/wp-content\/uploads\/2021\/01\/image-93.png\" alt=\"\" srcset=\"https:\/\/web.gtischarging.sk\/wp-content\/uploads\/2021\/01\/image-93.png 631w, https:\/\/web.gtischarging.sk\/wp-content\/uploads\/2021\/01\/image-93-300x175.png 300w\" sizes=\"(max-width: 631px) 100vw, 631px\" \/><\/td><\/tr><\/tbody><\/table><\/figure>\n\n\n\n<h3 class=\"has-text-align-center wp-block-heading\"><strong>Technick\u00e9 charakteristiky<\/strong><\/h3>\n\n\n\n<p>D\u013a\u017eka karos\u00e9rie napriek rovnakej vzdialenosti medzi n\u00e1pravami (rovnak\u00fdch&nbsp;<strong>2729 mm<\/strong>, ako v pr\u00edslu\u0161n\u00fdch modeloch GLA, CLA a A), nar\u00e1stla na&nbsp;<strong>4463 mm<\/strong>&nbsp;(o 53 mm dlh\u0161ie ako GLA). Okrem toho je EQA o nie\u010do vy\u0161\u0161ia ako p\u00f4vodn\u00fd model (<strong>1620 mm<\/strong>, oproti 1611 mm), aj ke\u010f sa \u0161\u00edrka nezmenila: je rovnak\u00fdch&nbsp;<strong>1834 mm<\/strong>&nbsp;ako GLA.<\/p>\n\n\n\n<p>Najsk\u00f4r bude na objedn\u00e1vku k dispoz\u00edcii iba jedna modifik\u00e1cia \u2013 Mercedes-Benz EQA 250 s predn\u00fdm n\u00e1honom s jedn\u00fdm elektromotorom (<strong>190 k, 375 Nm<\/strong>) a trak\u010dnou bat\u00e9riou s kapacitou&nbsp;<strong>66,5 kWh<\/strong>. Tak\u00fdto elektromobil akceleruje na 100 km \/ h za&nbsp;<strong>8,9 s<\/strong>&nbsp;a jeho maxim\u00e1lna r\u00fdchlos\u0165 je&nbsp;<strong>160 km \/ h<\/strong>. Deklarovan\u00fd dojazd na jedno nabitie bat\u00e9rie dosahuje v cykle&nbsp;<strong>WLTP 426 km.<\/strong>&nbsp;\u010coskoro sa objav\u00ed aj v\u00fdkonnej\u0161\u00ed dvojmotorov\u00fd model s pohonom v\u0161etk\u00fdch kolies (v\u00fdkon presahuj\u00faci 270 k.) a \u00faprava s pred\u013a\u017een\u00fdm dojazdom, ktor\u00e1 bez dob\u00edjania prejde viac ako 500 km.<\/p>\n\n\n\n<figure class=\"wp-block-table\"><table><tbody><tr><td class=\"has-text-align-center\" data-align=\"center\"><img decoding=\"async\" loading=\"lazy\" width=\"629\" height=\"367\" class=\"wp-image-1696\" style=\"width: 400px;\" src=\"https:\/\/web.gtischarging.sk\/wp-content\/uploads\/2021\/01\/image-94.png\" alt=\"\" srcset=\"https:\/\/web.gtischarging.sk\/wp-content\/uploads\/2021\/01\/image-94.png 629w, https:\/\/web.gtischarging.sk\/wp-content\/uploads\/2021\/01\/image-94-300x175.png 300w\" sizes=\"(max-width: 629px) 100vw, 629px\" \/><\/td><td><img decoding=\"async\" loading=\"lazy\" width=\"605\" height=\"302\" class=\"wp-image-1697\" style=\"width: 470px;\" src=\"https:\/\/web.gtischarging.sk\/wp-content\/uploads\/2021\/01\/image-91.png\" alt=\"\" srcset=\"https:\/\/web.gtischarging.sk\/wp-content\/uploads\/2021\/01\/image-91.png 605w, https:\/\/web.gtischarging.sk\/wp-content\/uploads\/2021\/01\/image-91-300x150.png 300w\" sizes=\"(max-width: 605px) 100vw, 605px\" \/><\/td><\/tr><\/tbody><\/table><\/figure>\n\n\n\n<h3 class=\"has-text-align-center wp-block-heading\"><strong>Interi\u00e9r<\/strong><\/h3>\n\n\n\n<p>V kab\u00edne s\u00fa ove\u013ea men\u0161ie rozdiely medzi GLA a s\u00favisiacej triede A. Z vn\u00fatra je EQA naj\u013eah\u0161ie identifikovate\u013en\u00fd pod\u013ea rozhrania obrazoviek pr\u00edstrojovej dosky a multimedi\u00e1lneho syst\u00e9mu MBUX, upraven\u00e9ho \u0161peci\u00e1lne pre elektrick\u00e9 vozidlo.<\/p>\n\n\n\n<figure class=\"wp-block-table\"><table><tbody><tr><td class=\"has-text-align-center\" data-align=\"center\"><img decoding=\"async\" loading=\"lazy\" width=\"631\" height=\"368\" class=\"wp-image-1699\" style=\"width: 400px;\" src=\"https:\/\/web.gtischarging.sk\/wp-content\/uploads\/2021\/01\/image-95.png\" alt=\"\" srcset=\"https:\/\/web.gtischarging.sk\/wp-content\/uploads\/2021\/01\/image-95.png 631w, https:\/\/web.gtischarging.sk\/wp-content\/uploads\/2021\/01\/image-95-300x175.png 300w\" sizes=\"(max-width: 631px) 100vw, 631px\" \/><\/td><td><img decoding=\"async\" loading=\"lazy\" width=\"605\" height=\"302\" class=\"wp-image-1698\" style=\"width: 400px;\" src=\"https:\/\/web.gtischarging.sk\/wp-content\/uploads\/2021\/01\/image-96.png\" alt=\"\" srcset=\"https:\/\/web.gtischarging.sk\/wp-content\/uploads\/2021\/01\/image-96.png 605w, https:\/\/web.gtischarging.sk\/wp-content\/uploads\/2021\/01\/image-96-300x150.png 300w\" sizes=\"(max-width: 605px) 100vw, 605px\" \/><\/td><\/tr><\/tbody><\/table><\/figure>\n\n\n\n<p>S\u00fa\u010das\u0165ou \u0161tandardnej v\u00fdbavy je sedem airbagov (vr\u00e1tane kolenn\u00e9ho airbagu pre vodi\u010da), syst\u00e9m pre automatick\u00e9 brzdenie a udr\u017eiavanie v jazdnom pruhu. Rovnako u\u017e v z\u00e1klade s\u00fa full-LED svetlomety s automatick\u00fdm prep\u00ednan\u00edm stret\u00e1vac\u00edch svetiel, elektrick\u00e9 piate dvere, 64-farebn\u00e9 ambientn\u00e9 osvetlenie interi\u00e9ru, 18-palcov\u00e9 disky z \u013eahkej zliatiny, multimedi\u00e1lny syst\u00e9m MBUX s navig\u00e1ciou a zadn\u00e1 kamera.<\/p>\n\n\n\n<p>Okrem z\u00e1kladn\u00e9ho vonkaj\u0161ieho dizajnu s\u00fa k dispoz\u00edcii verzie Electric Art a AMG Line. Okrem toho bude pon\u00faknut\u00fd samostatn\u00fd Night Package a \u0161peci\u00e1lna 1.ed\u00edcia ur\u010den\u00e1 na za\u010diatok predaja \u2013 tak\u00e9to automobily maj\u00fa by\u0165 vybaven\u00e9 kolesami z \u013eahkej zliatiny s priemerom 20 palcov.<\/p>\n\n\n\n<div class=\"wp-block-image\"><figure class=\"aligncenter is-resized\"><img decoding=\"async\" loading=\"lazy\" src=\"https:\/\/www.elektro-vozidla.sk\/wp-content\/uploads\/2021\/01\/image-97.png\" alt=\"\" class=\"wp-image-1644\" width=\"754\" height=\"440\"\/><\/figure><\/div>\n\n\n\n<p><strong>Cena<\/strong><\/p>\n\n\n\n<p>V Eur\u00f3pe sa nov\u00fd Mercedes-Benz EQA za\u010dne pred\u00e1va\u0165 4. febru\u00e1ra s uv\u00e1dzacou cenou v Nemecku 47 540 Eur. Elektrick\u00fd crossover vyr\u00e1baj\u00fa v nemeckom Rastatte, kde vyr\u00e1baj\u00fa aj Mercedes triedy A, B a GLA. Popri tom taktie\u017e spustia v\u00fdrobu v \u010d\u00ednskom z\u00e1vode v Pekingu, v \u0161peci\u00e1lnej ed\u00edcii pre \u010d\u00ednsky trh.https:\/\/www.youtube.com\/embed\/bnzp5oB8MCw?feature=oembed<\/p>\n\n\n\n<p>Zdroj:<br><a href=\"https:\/\/autoreview.ru\/news\/mercedes-benz-eqa-novyy-elektricheskiy-krossover-na-baze-gla?utm_source=yxnews&amp;utm_medium=desktop\">elektro-vozidla.sk<\/a><\/p>\n","protected":false},"excerpt":{"rendered":"<p>Mercedes-Benz EQA: nov\u00fd elektrick\u00fd crossover na b\u00e1ze GLA Premi\u00e9ra druhej gener\u00e1cie crossoveru Mercedes-Benz GLA sa konala pred nie\u010do vy\u0161e rokom a teraz pri\u0161lana rad jej plne elektrick\u00e1 modifik\u00e1cia so samostatn\u00fdm indexom EQA. Platforma MFA&#46;&#46;&#46;<\/p>\n","protected":false},"author":8,"featured_media":0,"parent":0,"menu_order":0,"comment_status":"closed","ping_status":"closed","template":"","meta":{"footnotes":""},"yoast_head":"<!-- This site is optimized with the Yoast SEO plugin v20.4 - https:\/\/yoast.com\/wordpress\/plugins\/seo\/ -->\n<title>Mercedes-Benz EQA - gtischarging.sk<\/title>\n<meta name=\"robots\" content=\"index, follow, max-snippet:-1, max-image-preview:large, max-video-preview:-1\" \/>\n<link rel=\"canonical\" href=\"https:\/\/web.gtischarging.sk\/index.php\/mercedes-benz-eqa\/\" \/>\n<meta property=\"og:locale\" content=\"cs_CZ\" \/>\n<meta property=\"og:type\" content=\"article\" \/>\n<meta property=\"og:title\" content=\"Mercedes-Benz EQA - gtischarging.sk\" \/>\n<meta property=\"og:description\" content=\"Mercedes-Benz EQA: nov\u00fd elektrick\u00fd crossover na b\u00e1ze GLA Premi\u00e9ra druhej gener\u00e1cie crossoveru Mercedes-Benz GLA sa konala pred nie\u010do vy\u0161e rokom a teraz pri\u0161lana rad jej plne elektrick\u00e1 modifik\u00e1cia so samostatn\u00fdm indexom EQA. Platforma MFA&#046;&#046;&#046;\" \/>\n<meta property=\"og:url\" content=\"https:\/\/web.gtischarging.sk\/index.php\/mercedes-benz-eqa\/\" \/>\n<meta property=\"og:site_name\" content=\"gtischarging.sk\" \/>\n<meta property=\"article:publisher\" content=\"https:\/\/www.facebook.com\/gtischarging\" \/>\n<meta property=\"article:modified_time\" content=\"2021-01-25T11:53:08+00:00\" \/>\n<meta property=\"og:image\" content=\"https:\/\/web.gtischarging.sk\/wp-content\/uploads\/2021\/01\/image-92-2-1024x369.png\" \/>\n<meta name=\"twitter:card\" content=\"summary_large_image\" \/>\n<meta name=\"twitter:label1\" content=\"Odhadovan\u00e1 doba \u010dten\u00ed\" \/>\n\t<meta name=\"twitter:data1\" content=\"3 minuty\" \/>\n<script type=\"application\/ld+json\" class=\"yoast-schema-graph\">{\"@context\":\"https:\/\/schema.org\",\"@graph\":[{\"@type\":\"WebPage\",\"@id\":\"https:\/\/web.gtischarging.sk\/index.php\/mercedes-benz-eqa\/\",\"url\":\"https:\/\/web.gtischarging.sk\/index.php\/mercedes-benz-eqa\/\",\"name\":\"Mercedes-Benz EQA - gtischarging.sk\",\"isPartOf\":{\"@id\":\"https:\/\/web.gtischarging.sk\/#website\"},\"datePublished\":\"2021-01-25T11:53:06+00:00\",\"dateModified\":\"2021-01-25T11:53:08+00:00\",\"breadcrumb\":{\"@id\":\"https:\/\/web.gtischarging.sk\/index.php\/mercedes-benz-eqa\/#breadcrumb\"},\"inLanguage\":\"cs\",\"potentialAction\":[{\"@type\":\"ReadAction\",\"target\":[\"https:\/\/web.gtischarging.sk\/index.php\/mercedes-benz-eqa\/\"]}]},{\"@type\":\"BreadcrumbList\",\"@id\":\"https:\/\/web.gtischarging.sk\/index.php\/mercedes-benz-eqa\/#breadcrumb\",\"itemListElement\":[{\"@type\":\"ListItem\",\"position\":1,\"name\":\"Dom\u016f\",\"item\":\"https:\/\/web.gtischarging.sk\/\"},{\"@type\":\"ListItem\",\"position\":2,\"name\":\"Mercedes-Benz EQA\"}]},{\"@type\":\"WebSite\",\"@id\":\"https:\/\/web.gtischarging.sk\/#website\",\"url\":\"https:\/\/web.gtischarging.sk\/\",\"name\":\"gtischarging.sk\",\"description\":\"U n\u00e1s sta\u010d\u00ed prilo\u017ei\u0165 platobn\u00fa kartu\",\"publisher\":{\"@id\":\"https:\/\/web.gtischarging.sk\/#organization\"},\"potentialAction\":[{\"@type\":\"SearchAction\",\"target\":{\"@type\":\"EntryPoint\",\"urlTemplate\":\"https:\/\/web.gtischarging.sk\/?s={search_term_string}\"},\"query-input\":\"required name=search_term_string\"}],\"inLanguage\":\"cs\"},{\"@type\":\"Organization\",\"@id\":\"https:\/\/web.gtischarging.sk\/#organization\",\"name\":\"GTIS charging\",\"url\":\"https:\/\/web.gtischarging.sk\/\",\"logo\":{\"@type\":\"ImageObject\",\"inLanguage\":\"cs\",\"@id\":\"https:\/\/web.gtischarging.sk\/#\/schema\/logo\/image\/\",\"url\":\"https:\/\/web.gtischarging.sk\/wp-content\/uploads\/2020\/03\/logo-180px.png\",\"contentUrl\":\"https:\/\/web.gtischarging.sk\/wp-content\/uploads\/2020\/03\/logo-180px.png\",\"width\":180,\"height\":123,\"caption\":\"GTIS charging\"},\"image\":{\"@id\":\"https:\/\/web.gtischarging.sk\/#\/schema\/logo\/image\/\"},\"sameAs\":[\"https:\/\/www.facebook.com\/gtischarging\"]}]}<\/script>\n<!-- \/ Yoast SEO plugin. -->","yoast_head_json":{"title":"Mercedes-Benz EQA - gtischarging.sk","robots":{"index":"index","follow":"follow","max-snippet":"max-snippet:-1","max-image-preview":"max-image-preview:large","max-video-preview":"max-video-preview:-1"},"canonical":"https:\/\/web.gtischarging.sk\/index.php\/mercedes-benz-eqa\/","og_locale":"cs_CZ","og_type":"article","og_title":"Mercedes-Benz EQA - gtischarging.sk","og_description":"Mercedes-Benz EQA: nov\u00fd elektrick\u00fd crossover na b\u00e1ze GLA Premi\u00e9ra druhej gener\u00e1cie crossoveru Mercedes-Benz GLA sa konala pred nie\u010do vy\u0161e rokom a teraz pri\u0161lana rad jej plne elektrick\u00e1 modifik\u00e1cia so samostatn\u00fdm indexom EQA. Platforma MFA&#46;&#46;&#46;","og_url":"https:\/\/web.gtischarging.sk\/index.php\/mercedes-benz-eqa\/","og_site_name":"gtischarging.sk","article_publisher":"https:\/\/www.facebook.com\/gtischarging","article_modified_time":"2021-01-25T11:53:08+00:00","og_image":[{"url":"https:\/\/web.gtischarging.sk\/wp-content\/uploads\/2021\/01\/image-92-2-1024x369.png"}],"twitter_card":"summary_large_image","twitter_misc":{"Odhadovan\u00e1 doba \u010dten\u00ed":"3 minuty"},"schema":{"@context":"https:\/\/schema.org","@graph":[{"@type":"WebPage","@id":"https:\/\/web.gtischarging.sk\/index.php\/mercedes-benz-eqa\/","url":"https:\/\/web.gtischarging.sk\/index.php\/mercedes-benz-eqa\/","name":"Mercedes-Benz EQA - gtischarging.sk","isPartOf":{"@id":"https:\/\/web.gtischarging.sk\/#website"},"datePublished":"2021-01-25T11:53:06+00:00","dateModified":"2021-01-25T11:53:08+00:00","breadcrumb":{"@id":"https:\/\/web.gtischarging.sk\/index.php\/mercedes-benz-eqa\/#breadcrumb"},"inLanguage":"cs","potentialAction":[{"@type":"ReadAction","target":["https:\/\/web.gtischarging.sk\/index.php\/mercedes-benz-eqa\/"]}]},{"@type":"BreadcrumbList","@id":"https:\/\/web.gtischarging.sk\/index.php\/mercedes-benz-eqa\/#breadcrumb","itemListElement":[{"@type":"ListItem","position":1,"name":"Dom\u016f","item":"https:\/\/web.gtischarging.sk\/"},{"@type":"ListItem","position":2,"name":"Mercedes-Benz EQA"}]},{"@type":"WebSite","@id":"https:\/\/web.gtischarging.sk\/#website","url":"https:\/\/web.gtischarging.sk\/","name":"gtischarging.sk","description":"U n\u00e1s sta\u010d\u00ed prilo\u017ei\u0165 platobn\u00fa kartu","publisher":{"@id":"https:\/\/web.gtischarging.sk\/#organization"},"potentialAction":[{"@type":"SearchAction","target":{"@type":"EntryPoint","urlTemplate":"https:\/\/web.gtischarging.sk\/?s={search_term_string}"},"query-input":"required name=search_term_string"}],"inLanguage":"cs"},{"@type":"Organization","@id":"https:\/\/web.gtischarging.sk\/#organization","name":"GTIS charging","url":"https:\/\/web.gtischarging.sk\/","logo":{"@type":"ImageObject","inLanguage":"cs","@id":"https:\/\/web.gtischarging.sk\/#\/schema\/logo\/image\/","url":"https:\/\/web.gtischarging.sk\/wp-content\/uploads\/2020\/03\/logo-180px.png","contentUrl":"https:\/\/web.gtischarging.sk\/wp-content\/uploads\/2020\/03\/logo-180px.png","width":180,"height":123,"caption":"GTIS charging"},"image":{"@id":"https:\/\/web.gtischarging.sk\/#\/schema\/logo\/image\/"},"sameAs":["https:\/\/www.facebook.com\/gtischarging"]}]}},"_links":{"self":[{"href":"https:\/\/web.gtischarging.sk\/index.php\/wp-json\/wp\/v2\/pages\/1690"}],"collection":[{"href":"https:\/\/web.gtischarging.sk\/index.php\/wp-json\/wp\/v2\/pages"}],"about":[{"href":"https:\/\/web.gtischarging.sk\/index.php\/wp-json\/wp\/v2\/types\/page"}],"author":[{"embeddable":true,"href":"https:\/\/web.gtischarging.sk\/index.php\/wp-json\/wp\/v2\/users\/8"}],"replies":[{"embeddable":true,"href":"https:\/\/web.gtischarging.sk\/index.php\/wp-json\/wp\/v2\/comments?post=1690"}],"version-history":[{"count":9,"href":"https:\/\/web.gtischarging.sk\/index.php\/wp-json\/wp\/v2\/pages\/1690\/revisions"}],"predecessor-version":[{"id":1708,"href":"https:\/\/web.gtischarging.sk\/index.php\/wp-json\/wp\/v2\/pages\/1690\/revisions\/1708"}],"wp:attachment":[{"href":"https:\/\/web.gtischarging.sk\/index.php\/wp-json\/wp\/v2\/media?parent=1690"}],"curies":[{"name":"wp","href":"https:\/\/api.w.org\/{rel}","templated":true}]}}