 {"id":1556,"date":"2020-11-22T21:13:25","date_gmt":"2020-11-22T20:13:25","guid":{"rendered":"https:\/\/web.gtischarging.sk\/?page_id=1556"},"modified":"2020-11-22T21:13:26","modified_gmt":"2020-11-22T20:13:26","slug":"bmw-ix","status":"publish","type":"page","link":"https:\/\/web.gtischarging.sk\/index.php\/bmw-ix\/","title":{"rendered":"BMW iX"},"content":{"rendered":"\n<div class=\"wp-block-image\"><figure class=\"aligncenter size-large\"><img decoding=\"async\" loading=\"lazy\" width=\"1024\" height=\"495\" src=\"https:\/\/web.gtischarging.sk\/wp-content\/uploads\/2020\/11\/bmw-ix-1-e1605105754948-1024x495.jpg\" alt=\"\" class=\"wp-image-1557\" srcset=\"https:\/\/web.gtischarging.sk\/wp-content\/uploads\/2020\/11\/bmw-ix-1-e1605105754948-1024x495.jpg 1024w, https:\/\/web.gtischarging.sk\/wp-content\/uploads\/2020\/11\/bmw-ix-1-e1605105754948-300x145.jpg 300w, https:\/\/web.gtischarging.sk\/wp-content\/uploads\/2020\/11\/bmw-ix-1-e1605105754948-768x371.jpg 768w, https:\/\/web.gtischarging.sk\/wp-content\/uploads\/2020\/11\/bmw-ix-1-e1605105754948.jpg 1281w\" sizes=\"(max-width: 1024px) 100vw, 1024px\" \/><\/figure><\/div>\n\n\n\n<h1 class=\"wp-block-heading\">Elektrick\u00fd crossover BMW iX \u2013 technologick\u00fd klenot<\/h1>\n\n\n\n<p>BMW za\u010d\u00edna t\u00fdmto modelom nov\u00fa etapu svojej existencie. Plne elektrick\u00fd model, navrhnut\u00fd&nbsp; a&nbsp;vyroben\u00fd za \u00fa\u010delom dosiahnutia \u0161pi\u010dkovej kvality a&nbsp;prest\u00ed\u017eneho postavenia v&nbsp;triede elektromobilov. Ale tak\u00e9to charakteristiky a&nbsp;BMW &nbsp;u\u017e id\u00fa spolu od d\u00e1vna.<\/p>\n\n\n\n<p>&nbsp;Koncept BMW Vision iNEXT, predstaven\u00fd u\u017e v septembri 2018, sa stal realitou. Za\u010diatkom novembra bol predstaven\u00fd elektrick\u00fd crossover BMW iX, ktor\u00fd bol vytvoren\u00fd na jeho z\u00e1klade a &nbsp;za\u010dne sa s\u00e9riovo vyr\u00e1ba\u0165 v bud\u00facom roku.<\/p>\n\n\n\n<p>Elektrick\u00fd crossover &nbsp;obsahuje v\u0161etok najnov\u0161\u00ed v\u00fdvoj koncernu v oblasti dizajnu, elektrifik\u00e1cie, auton\u00f3mneho a prepojen\u00e9ho riadenia. Srdcom stroja je piata gener\u00e1cia platformy eDrive, ktor\u00e1 kombinuje dva elektromotory, v\u00fdkonov\u00fa elektroniku, nab\u00edjac\u00ed syst\u00e9m a vysokonap\u00e4\u0165ov\u00fa bat\u00e9riu. Model BMW iX bol od po\u010diatku navrhnut\u00fd pre elektrick\u00fd pohon, \u010do umo\u017enilo prehodnoti\u0165 vn\u00fatorn\u00fd priestor a proces interakcie medzi autom a \u010dlovekom.<\/p>\n\n\n\n<p><strong>Technick\u00e9 charakteristiky<\/strong><\/p>\n\n\n\n<p>Maxim\u00e1lny v\u00fdkon elektromotorov presiahne 370 kW, teda 500 kon\u00ed. To umo\u017en\u00ed ve\u013ek\u00e9mu crossoveru, porovnate\u013en\u00e9mu d\u013a\u017ekou a \u0161\u00edrkou s BMW X5, zr\u00fdchli\u0165 z 0 na 100 km \/ h za menej ako 5 sek\u00fand.<\/p>\n\n\n\n<p>Vysokonap\u00e4\u0165ov\u00e1 bat\u00e9ria s kapacitou presahuj\u00facou 100 kWh poskytuj\u00fa vozidlu dojazd viac ako 600 km v cykle WLTP. Nov\u00e1 technol\u00f3gia r\u00fdchleho nab\u00edjania na jednosmern\u00fd pr\u00fad s v\u00fdkonom 200 kW nabije energiu z 10% na 80% za menej ako 40 min\u00fat. Pokia\u013e si vychutn\u00e1te jednu dobr\u00fa k\u00e1vu, pri nab\u00edjan\u00ed z&nbsp;takejto nab\u00edja\u010dky &nbsp;zv\u00fd\u0161ite dojazd vozidla o viac ako 120 kilometrov \u2013 len za 10 min\u00fat !<\/p>\n\n\n\n<figure class=\"wp-block-table aligncenter\"><table><tbody><tr><td><img decoding=\"async\" loading=\"lazy\" width=\"605\" height=\"388\" class=\"wp-image-1560\" style=\"width: 430px;\" src=\"https:\/\/web.gtischarging.sk\/wp-content\/uploads\/2020\/11\/image-39.png\" alt=\"\" srcset=\"https:\/\/web.gtischarging.sk\/wp-content\/uploads\/2020\/11\/image-39.png 605w, https:\/\/web.gtischarging.sk\/wp-content\/uploads\/2020\/11\/image-39-300x192.png 300w\" sizes=\"(max-width: 605px) 100vw, 605px\" \/><\/td><td><img decoding=\"async\" loading=\"lazy\" width=\"602\" height=\"365\" class=\"wp-image-1558\" style=\"width: 450px;\" src=\"https:\/\/web.gtischarging.sk\/wp-content\/uploads\/2020\/11\/image-38.png\" alt=\"\" srcset=\"https:\/\/web.gtischarging.sk\/wp-content\/uploads\/2020\/11\/image-38.png 602w, https:\/\/web.gtischarging.sk\/wp-content\/uploads\/2020\/11\/image-38-300x182.png 300w\" sizes=\"(max-width: 602px) 100vw, 602px\" \/><\/td><td><img decoding=\"async\" loading=\"lazy\" width=\"609\" height=\"435\" class=\"wp-image-1559\" style=\"width: 380px;\" src=\"https:\/\/web.gtischarging.sk\/wp-content\/uploads\/2020\/11\/image-40.png\" alt=\"\" srcset=\"https:\/\/web.gtischarging.sk\/wp-content\/uploads\/2020\/11\/image-40.png 609w, https:\/\/web.gtischarging.sk\/wp-content\/uploads\/2020\/11\/image-40-300x214.png 300w\" sizes=\"(max-width: 609px) 100vw, 609px\" \/><\/td><\/tr><\/tbody><\/table><\/figure>\n\n\n\n<p>Exteri\u00e9r vozidla je novou v\u00edziou proporci\u00ed ve\u013ek\u00e9ho crossoveru BMW. Minim\u00e1lne pou\u017eitie preru\u0161ovan\u00fdch \u010diar a ve\u013ek\u00fdch rovn\u00fdch pl\u00f4ch, ako ich navrhli dizajn\u00e9ri, by malo vytv\u00e1ra\u0165 pocit d\u00f4very. Tradi\u010dn\u00e1 mrie\u017eka ust\u00fapila \u0161peci\u00e1lnemu panelu, ktor\u00fd integruje kamery, radary a \u010fal\u0161ie senzory. V\u010faka polyuret\u00e1nov\u00e9mu povlaku m\u00f4\u017eu mal\u00e9 \u0161krabance na paneli zmizn\u00fa\u0165 samy \u2013 do 24 hod\u00edn pri izbovej teplote a do 5 min\u00fat s pr\u00edvodom tepl\u00e9ho vzduchu.<\/p>\n\n\n\n<p><strong>Interi\u00e9r<\/strong><\/p>\n\n\n\n<p>V interi\u00e9ri up\u00fata pozornos\u0165 \u00fapln\u00e1 absencia stredov\u00e9ho tunela, \u010do vytv\u00e1ra pocit ve\u013ek\u00e9ho priestoru. Po\u010det monitorov a ovl\u00e1dac\u00edch prvkov v kab\u00edne bol minimalizovan\u00fd: BMW Curved Display kombinuje 12,3-palcov\u00fd informa\u010dn\u00fd displej so 14,9-palcov\u00fdm ovl\u00e1dac\u00edm displejom. K dispoz\u00edcii je BMW Head-Up Display.<\/p>\n\n\n\n<p>Automobil podporuje 5G mobiln\u00fa komunik\u00e1ciu a jeho v\u00fdkonn\u00fd elektronick\u00fd mozog dok\u00e1\u017ee spracova\u0165 dvakr\u00e1t to\u013eko \u00fadajov ako v in\u00fdch modeloch BMW. Samozrejme boli implementovan\u00e9 najpokro\u010dilej\u0161ie bezpe\u010dnostn\u00e9 a auton\u00f3mne riadiace syst\u00e9my.<\/p>\n\n\n\n<figure class=\"wp-block-table aligncenter\"><table><tbody><tr><td><img decoding=\"async\" loading=\"lazy\" width=\"473\" height=\"335\" class=\"wp-image-1567\" style=\"width: 450px;\" src=\"https:\/\/web.gtischarging.sk\/wp-content\/uploads\/2020\/11\/image-41-2.png\" alt=\"\" srcset=\"https:\/\/web.gtischarging.sk\/wp-content\/uploads\/2020\/11\/image-41-2.png 473w, https:\/\/web.gtischarging.sk\/wp-content\/uploads\/2020\/11\/image-41-2-300x212.png 300w\" sizes=\"(max-width: 473px) 100vw, 473px\" \/><\/td><td><img decoding=\"async\" loading=\"lazy\" width=\"625\" height=\"469\" class=\"wp-image-1563\" style=\"width: 450px;\" src=\"https:\/\/web.gtischarging.sk\/wp-content\/uploads\/2020\/11\/image-42.png\" alt=\"\" srcset=\"https:\/\/web.gtischarging.sk\/wp-content\/uploads\/2020\/11\/image-42.png 625w, https:\/\/web.gtischarging.sk\/wp-content\/uploads\/2020\/11\/image-42-300x225.png 300w\" sizes=\"(max-width: 625px) 100vw, 625px\" \/><\/td><\/tr><tr><td><img decoding=\"async\" loading=\"lazy\" width=\"621\" height=\"414\" class=\"wp-image-1562\" style=\"width: 450px;\" src=\"https:\/\/web.gtischarging.sk\/wp-content\/uploads\/2020\/11\/image-43.png\" alt=\"\" srcset=\"https:\/\/web.gtischarging.sk\/wp-content\/uploads\/2020\/11\/image-43.png 621w, https:\/\/web.gtischarging.sk\/wp-content\/uploads\/2020\/11\/image-43-300x200.png 300w\" sizes=\"(max-width: 621px) 100vw, 621px\" \/><\/td><td><img decoding=\"async\" loading=\"lazy\" width=\"611\" height=\"407\" class=\"wp-image-1561\" style=\"width: 450px;\" src=\"https:\/\/web.gtischarging.sk\/wp-content\/uploads\/2020\/11\/image-44.png\" alt=\"\" srcset=\"https:\/\/web.gtischarging.sk\/wp-content\/uploads\/2020\/11\/image-44.png 611w, https:\/\/web.gtischarging.sk\/wp-content\/uploads\/2020\/11\/image-44-300x200.png 300w\" sizes=\"(max-width: 611px) 100vw, 611px\" \/><\/td><\/tr><\/tbody><\/table><\/figure>\n\n\n\n<p>Z\u00e1kladn\u00e9 prevedenie crossoveru bude vybaven\u00e9 audio syst\u00e9mom s 12 reproduktormi a 205-wattov\u00fdm zosil\u0148ova\u010dom. Volite\u013en\u00fd bude priestorov\u00fd zvukov\u00fd syst\u00e9m Harman \/ Kardon s v\u00fdkonom 655 W s 18 reproduktormi a zvukov\u00fdm syst\u00e9mom Bowers.<\/p>\n\n\n\n<p>\u201eZ technologick\u00e9ho h\u013eadiska je to mimoriadne zlo\u017eit\u00e9 auto, ktor\u00e9 v\u0161ak vytv\u00e1ra mimoriadne siln\u00fd a jednoduch\u00fd pocit. BMW iX poskytuje mobiln\u00fd \u017eivotn\u00fd priestor, v ktorom sa \u013eudia c\u00edtia dobre a najjemnej\u0161ia inteligencia vozidla k tomu neust\u00e1le prispieva, \u201chovor\u00ed BMW.<\/p>\n\n\n\n<p>Zdroj:<br><a href=\"https:\/\/3dnews.ru\/1025143\/predstavlen-elektricheskiy-krossover-bmw-ix-s-zapasom-hoda-bolee-600-km-bistroy-zaryadkoy-i-svegim-dizaynom?utm_referrer=https%3A%2F%2Fzen.yandex.com\">3dnews<\/a><\/p>\n","protected":false},"excerpt":{"rendered":"<p>Elektrick\u00fd crossover BMW iX \u2013 technologick\u00fd klenot BMW za\u010d\u00edna t\u00fdmto modelom nov\u00fa etapu svojej existencie. Plne elektrick\u00fd model, navrhnut\u00fd&nbsp; a&nbsp;vyroben\u00fd za \u00fa\u010delom dosiahnutia \u0161pi\u010dkovej kvality a&nbsp;prest\u00ed\u017eneho postavenia v&nbsp;triede elektromobilov. Ale tak\u00e9to charakteristiky a&nbsp;BMW &nbsp;u\u017e&#46;&#46;&#46;<\/p>\n","protected":false},"author":8,"featured_media":0,"parent":0,"menu_order":0,"comment_status":"closed","ping_status":"closed","template":"","meta":{"footnotes":""},"yoast_head":"<!-- This site is optimized with the Yoast SEO plugin v20.4 - https:\/\/yoast.com\/wordpress\/plugins\/seo\/ -->\n<title>BMW iX - gtischarging.sk<\/title>\n<meta name=\"robots\" content=\"index, follow, max-snippet:-1, max-image-preview:large, max-video-preview:-1\" \/>\n<link rel=\"canonical\" href=\"https:\/\/web.gtischarging.sk\/index.php\/bmw-ix\/\" \/>\n<meta property=\"og:locale\" content=\"cs_CZ\" \/>\n<meta property=\"og:type\" content=\"article\" \/>\n<meta property=\"og:title\" content=\"BMW iX - gtischarging.sk\" \/>\n<meta property=\"og:description\" content=\"Elektrick\u00fd crossover BMW iX \u2013 technologick\u00fd klenot BMW za\u010d\u00edna t\u00fdmto modelom nov\u00fa etapu svojej existencie. Plne elektrick\u00fd model, navrhnut\u00fd&nbsp; a&nbsp;vyroben\u00fd za \u00fa\u010delom dosiahnutia \u0161pi\u010dkovej kvality a&nbsp;prest\u00ed\u017eneho postavenia v&nbsp;triede elektromobilov. Ale tak\u00e9to charakteristiky a&nbsp;BMW &nbsp;u\u017e&#046;&#046;&#046;\" \/>\n<meta property=\"og:url\" content=\"https:\/\/web.gtischarging.sk\/index.php\/bmw-ix\/\" \/>\n<meta property=\"og:site_name\" content=\"gtischarging.sk\" \/>\n<meta property=\"article:publisher\" content=\"https:\/\/www.facebook.com\/gtischarging\" \/>\n<meta property=\"article:modified_time\" content=\"2020-11-22T20:13:26+00:00\" \/>\n<meta property=\"og:image\" content=\"https:\/\/web.gtischarging.sk\/wp-content\/uploads\/2020\/11\/bmw-ix-1-e1605105754948-1024x495.jpg\" \/>\n<meta name=\"twitter:card\" content=\"summary_large_image\" \/>\n<meta name=\"twitter:label1\" content=\"Odhadovan\u00e1 doba \u010dten\u00ed\" \/>\n\t<meta name=\"twitter:data1\" content=\"3 minuty\" \/>\n<script type=\"application\/ld+json\" class=\"yoast-schema-graph\">{\"@context\":\"https:\/\/schema.org\",\"@graph\":[{\"@type\":\"WebPage\",\"@id\":\"https:\/\/web.gtischarging.sk\/index.php\/bmw-ix\/\",\"url\":\"https:\/\/web.gtischarging.sk\/index.php\/bmw-ix\/\",\"name\":\"BMW iX - gtischarging.sk\",\"isPartOf\":{\"@id\":\"https:\/\/web.gtischarging.sk\/#website\"},\"datePublished\":\"2020-11-22T20:13:25+00:00\",\"dateModified\":\"2020-11-22T20:13:26+00:00\",\"breadcrumb\":{\"@id\":\"https:\/\/web.gtischarging.sk\/index.php\/bmw-ix\/#breadcrumb\"},\"inLanguage\":\"cs\",\"potentialAction\":[{\"@type\":\"ReadAction\",\"target\":[\"https:\/\/web.gtischarging.sk\/index.php\/bmw-ix\/\"]}]},{\"@type\":\"BreadcrumbList\",\"@id\":\"https:\/\/web.gtischarging.sk\/index.php\/bmw-ix\/#breadcrumb\",\"itemListElement\":[{\"@type\":\"ListItem\",\"position\":1,\"name\":\"Dom\u016f\",\"item\":\"https:\/\/web.gtischarging.sk\/\"},{\"@type\":\"ListItem\",\"position\":2,\"name\":\"BMW iX\"}]},{\"@type\":\"WebSite\",\"@id\":\"https:\/\/web.gtischarging.sk\/#website\",\"url\":\"https:\/\/web.gtischarging.sk\/\",\"name\":\"gtischarging.sk\",\"description\":\"U n\u00e1s sta\u010d\u00ed prilo\u017ei\u0165 platobn\u00fa kartu\",\"publisher\":{\"@id\":\"https:\/\/web.gtischarging.sk\/#organization\"},\"potentialAction\":[{\"@type\":\"SearchAction\",\"target\":{\"@type\":\"EntryPoint\",\"urlTemplate\":\"https:\/\/web.gtischarging.sk\/?s={search_term_string}\"},\"query-input\":\"required name=search_term_string\"}],\"inLanguage\":\"cs\"},{\"@type\":\"Organization\",\"@id\":\"https:\/\/web.gtischarging.sk\/#organization\",\"name\":\"GTIS charging\",\"url\":\"https:\/\/web.gtischarging.sk\/\",\"logo\":{\"@type\":\"ImageObject\",\"inLanguage\":\"cs\",\"@id\":\"https:\/\/web.gtischarging.sk\/#\/schema\/logo\/image\/\",\"url\":\"https:\/\/web.gtischarging.sk\/wp-content\/uploads\/2020\/03\/logo-180px.png\",\"contentUrl\":\"https:\/\/web.gtischarging.sk\/wp-content\/uploads\/2020\/03\/logo-180px.png\",\"width\":180,\"height\":123,\"caption\":\"GTIS charging\"},\"image\":{\"@id\":\"https:\/\/web.gtischarging.sk\/#\/schema\/logo\/image\/\"},\"sameAs\":[\"https:\/\/www.facebook.com\/gtischarging\"]}]}<\/script>\n<!-- \/ Yoast SEO plugin. -->","yoast_head_json":{"title":"BMW iX - gtischarging.sk","robots":{"index":"index","follow":"follow","max-snippet":"max-snippet:-1","max-image-preview":"max-image-preview:large","max-video-preview":"max-video-preview:-1"},"canonical":"https:\/\/web.gtischarging.sk\/index.php\/bmw-ix\/","og_locale":"cs_CZ","og_type":"article","og_title":"BMW iX - gtischarging.sk","og_description":"Elektrick\u00fd crossover BMW iX \u2013 technologick\u00fd klenot BMW za\u010d\u00edna t\u00fdmto modelom nov\u00fa etapu svojej existencie. Plne elektrick\u00fd model, navrhnut\u00fd&nbsp; a&nbsp;vyroben\u00fd za \u00fa\u010delom dosiahnutia \u0161pi\u010dkovej kvality a&nbsp;prest\u00ed\u017eneho postavenia v&nbsp;triede elektromobilov. Ale tak\u00e9to charakteristiky a&nbsp;BMW &nbsp;u\u017e&#46;&#46;&#46;","og_url":"https:\/\/web.gtischarging.sk\/index.php\/bmw-ix\/","og_site_name":"gtischarging.sk","article_publisher":"https:\/\/www.facebook.com\/gtischarging","article_modified_time":"2020-11-22T20:13:26+00:00","og_image":[{"url":"https:\/\/web.gtischarging.sk\/wp-content\/uploads\/2020\/11\/bmw-ix-1-e1605105754948-1024x495.jpg"}],"twitter_card":"summary_large_image","twitter_misc":{"Odhadovan\u00e1 doba \u010dten\u00ed":"3 minuty"},"schema":{"@context":"https:\/\/schema.org","@graph":[{"@type":"WebPage","@id":"https:\/\/web.gtischarging.sk\/index.php\/bmw-ix\/","url":"https:\/\/web.gtischarging.sk\/index.php\/bmw-ix\/","name":"BMW iX - gtischarging.sk","isPartOf":{"@id":"https:\/\/web.gtischarging.sk\/#website"},"datePublished":"2020-11-22T20:13:25+00:00","dateModified":"2020-11-22T20:13:26+00:00","breadcrumb":{"@id":"https:\/\/web.gtischarging.sk\/index.php\/bmw-ix\/#breadcrumb"},"inLanguage":"cs","potentialAction":[{"@type":"ReadAction","target":["https:\/\/web.gtischarging.sk\/index.php\/bmw-ix\/"]}]},{"@type":"BreadcrumbList","@id":"https:\/\/web.gtischarging.sk\/index.php\/bmw-ix\/#breadcrumb","itemListElement":[{"@type":"ListItem","position":1,"name":"Dom\u016f","item":"https:\/\/web.gtischarging.sk\/"},{"@type":"ListItem","position":2,"name":"BMW iX"}]},{"@type":"WebSite","@id":"https:\/\/web.gtischarging.sk\/#website","url":"https:\/\/web.gtischarging.sk\/","name":"gtischarging.sk","description":"U n\u00e1s sta\u010d\u00ed prilo\u017ei\u0165 platobn\u00fa kartu","publisher":{"@id":"https:\/\/web.gtischarging.sk\/#organization"},"potentialAction":[{"@type":"SearchAction","target":{"@type":"EntryPoint","urlTemplate":"https:\/\/web.gtischarging.sk\/?s={search_term_string}"},"query-input":"required name=search_term_string"}],"inLanguage":"cs"},{"@type":"Organization","@id":"https:\/\/web.gtischarging.sk\/#organization","name":"GTIS charging","url":"https:\/\/web.gtischarging.sk\/","logo":{"@type":"ImageObject","inLanguage":"cs","@id":"https:\/\/web.gtischarging.sk\/#\/schema\/logo\/image\/","url":"https:\/\/web.gtischarging.sk\/wp-content\/uploads\/2020\/03\/logo-180px.png","contentUrl":"https:\/\/web.gtischarging.sk\/wp-content\/uploads\/2020\/03\/logo-180px.png","width":180,"height":123,"caption":"GTIS charging"},"image":{"@id":"https:\/\/web.gtischarging.sk\/#\/schema\/logo\/image\/"},"sameAs":["https:\/\/www.facebook.com\/gtischarging"]}]}},"_links":{"self":[{"href":"https:\/\/web.gtischarging.sk\/index.php\/wp-json\/wp\/v2\/pages\/1556"}],"collection":[{"href":"https:\/\/web.gtischarging.sk\/index.php\/wp-json\/wp\/v2\/pages"}],"about":[{"href":"https:\/\/web.gtischarging.sk\/index.php\/wp-json\/wp\/v2\/types\/page"}],"author":[{"embeddable":true,"href":"https:\/\/web.gtischarging.sk\/index.php\/wp-json\/wp\/v2\/users\/8"}],"replies":[{"embeddable":true,"href":"https:\/\/web.gtischarging.sk\/index.php\/wp-json\/wp\/v2\/comments?post=1556"}],"version-history":[{"count":3,"href":"https:\/\/web.gtischarging.sk\/index.php\/wp-json\/wp\/v2\/pages\/1556\/revisions"}],"predecessor-version":[{"id":1569,"href":"https:\/\/web.gtischarging.sk\/index.php\/wp-json\/wp\/v2\/pages\/1556\/revisions\/1569"}],"wp:attachment":[{"href":"https:\/\/web.gtischarging.sk\/index.php\/wp-json\/wp\/v2\/media?parent=1556"}],"curies":[{"name":"wp","href":"https:\/\/api.w.org\/{rel}","templated":true}]}}