 {"id":1543,"date":"2020-11-22T21:13:41","date_gmt":"2020-11-22T20:13:41","guid":{"rendered":"https:\/\/web.gtischarging.sk\/?page_id=1543"},"modified":"2020-11-22T21:13:42","modified_gmt":"2020-11-22T20:13:42","slug":"vw-e-tharu","status":"publish","type":"page","link":"https:\/\/web.gtischarging.sk\/index.php\/vw-e-tharu\/","title":{"rendered":"vw e-Tharu"},"content":{"rendered":"\n<div class=\"wp-block-image\"><figure class=\"aligncenter size-large is-resized\"><img decoding=\"async\" loading=\"lazy\" src=\"https:\/\/web.gtischarging.sk\/wp-content\/uploads\/2020\/11\/image-27-1.png\" alt=\"\" class=\"wp-image-1545\" width=\"1030\" height=\"422\" srcset=\"https:\/\/web.gtischarging.sk\/wp-content\/uploads\/2020\/11\/image-27-1.png 605w, https:\/\/web.gtischarging.sk\/wp-content\/uploads\/2020\/11\/image-27-1-300x123.png 300w\" sizes=\"(max-width: 1030px) 100vw, 1030px\" \/><\/figure><\/div>\n\n\n\n<h1 class=\"has-text-align-center wp-block-heading\">Volkswagen e-Tharu- pre\u010do nie u n\u00e1s, ale v \u010c\u00edne?<\/h1>\n\n\n\n<p>VW e-Tharu&nbsp; je n\u00e1zorn\u00fd pr\u00edklad toho ako spravi\u0165 z&nbsp;v\u00fdbehov\u00e9ho modelu pomerne zauj\u00edmav\u00e9 auto. Spolo\u010dn\u00fd podnik SAIC Volkswagen uviedol na \u010d\u00ednsky trh bat\u00e9riov\u00fa verziu benz\u00ednov\u00e9ho kompaktu Tharu s n\u00e1zvom e-Tharu. Aj ke\u010f kalkul\u00e1cia na imid\u017e z\u00e1padn\u00e9ho auta je tu celkom zrejm\u00e1 a&nbsp;na \u010d\u00ed\u0148anov &nbsp;zrejme funguje , tak\u00e1to modifik\u00e1cia bestseleru od VW by bola celkom zauj\u00edmav\u00e1 aj pre n\u00e1\u0161 trh. Zvl\u00e1\u0161\u0165, ke\u010f sa pozrieme na jeho cenovku a&nbsp;d\u00e1me to na misku v\u00e1h s&nbsp;elektrick\u00fdmi modelmi od VW, ktor\u00e9 produkuje z\u00e1vod pri Bratislave.<\/p>\n\n\n\n<div class=\"wp-block-image\"><figure class=\"aligncenter\"><img decoding=\"async\" src=\"https:\/\/www.elektro-vozidla.sk\/wp-content\/uploads\/2020\/11\/image-28.png\" alt=\"\" class=\"wp-image-1067\"\/><figcaption><em>VW e-Tharu zatia\u013e iba v \u010c\u00edne<\/em><\/figcaption><\/figure><\/div>\n\n\n\n<p><strong>Technick\u00e9 charakteristiky<\/strong><\/p>\n\n\n\n<p>Rozmery elektromobilu a jeho benz\u00ednov\u00e9ho n\u00e1protivku s\u00fa rovnak\u00e9: 4453 \u00d7 1841 \u00d7 1632 mm, vzdialenos\u0165 medzi n\u00e1pravami je 2680 mm. Rozmerovo je tento model takmer identick\u00fd s u n\u00e1s ve\u013emi ob\u013e\u00faben\u00fdm VW Tiguan.<\/p>\n\n\n\n<figure class=\"wp-block-table aligncenter\"><table><tbody><tr><td><img decoding=\"async\" loading=\"lazy\" width=\"618\" height=\"353\" class=\"wp-image-1553\" style=\"width: 450px;\" src=\"https:\/\/web.gtischarging.sk\/wp-content\/uploads\/2020\/11\/image-36.png\" alt=\"\" srcset=\"https:\/\/web.gtischarging.sk\/wp-content\/uploads\/2020\/11\/image-36.png 618w, https:\/\/web.gtischarging.sk\/wp-content\/uploads\/2020\/11\/image-36-300x171.png 300w\" sizes=\"(max-width: 618px) 100vw, 618px\" \/><\/td><td><img decoding=\"async\" loading=\"lazy\" width=\"650\" height=\"371\" class=\"wp-image-1554\" style=\"width: 450px;\" src=\"https:\/\/web.gtischarging.sk\/wp-content\/uploads\/2020\/11\/image-29.png\" alt=\"\" srcset=\"https:\/\/web.gtischarging.sk\/wp-content\/uploads\/2020\/11\/image-29.png 650w, https:\/\/web.gtischarging.sk\/wp-content\/uploads\/2020\/11\/image-29-300x171.png 300w\" sizes=\"(max-width: 650px) 100vw, 650px\" \/><\/td><\/tr><\/tbody><\/table><\/figure>\n\n\n\n<p>S v\u00fdkonom elektromotora 100 kW (136 k, 290 Nm) SUV zr\u00fdchli na 50 km \/ h za 3,7 s. Maxim\u00e1lna r\u00fdchlos\u0165, je obmedzen\u00e1 &nbsp;elektronick\u00fdm syst\u00e9mom na \u00farovni 150 km \/ h. &nbsp;&nbsp;Bat\u00e9ria s kapacitou 44,1 kWh s\u013eubuje dojazd 315 km (NEDC). Ak ale dodr\u017eiavate kon\u0161tantn\u00fd mestsk\u00fd r\u00fdchlostn\u00fd limit na \u00farovni nepresahuj\u00facej 60 km \/ h, potom sa po\u010det kilometrov zv\u00fd\u0161i o \u010fal\u0161\u00edch sto kilometrov. To umo\u017e\u0148uje motoristom celkom pohodlne sa pohybova\u0165 nielen po meste, ale aj k\u00fasok za n\u00edm. Spotreba energie \u2013 14,5 kW h \/ 100 km nie je s\u00edce oslnivo n\u00edzka, ale je v norme. \u201eR\u00fdchly\u201c DC dob\u00edjac\u00ed termin\u00e1l nabije e-Tharu z nuly na 80% za 52 min\u00fat. Dobitie z 30% na 80% trv\u00e1 25 min\u00fat.<\/p>\n\n\n\n<figure class=\"wp-block-table\"><table><tbody><tr><td><img decoding=\"async\" loading=\"lazy\" width=\"623\" height=\"351\" class=\"wp-image-1550\" style=\"width: 450px;\" src=\"https:\/\/web.gtischarging.sk\/wp-content\/uploads\/2020\/11\/image-30.png\" alt=\"\" srcset=\"https:\/\/web.gtischarging.sk\/wp-content\/uploads\/2020\/11\/image-30.png 623w, https:\/\/web.gtischarging.sk\/wp-content\/uploads\/2020\/11\/image-30-300x169.png 300w\" sizes=\"(max-width: 623px) 100vw, 623px\" \/><\/td><td><img decoding=\"async\" loading=\"lazy\" width=\"641\" height=\"361\" class=\"wp-image-1549\" style=\"width: 450px;\" src=\"https:\/\/web.gtischarging.sk\/wp-content\/uploads\/2020\/11\/image-31.png\" alt=\"\" srcset=\"https:\/\/web.gtischarging.sk\/wp-content\/uploads\/2020\/11\/image-31.png 641w, https:\/\/web.gtischarging.sk\/wp-content\/uploads\/2020\/11\/image-31-300x169.png 300w\" sizes=\"(max-width: 641px) 100vw, 641px\" \/><\/td><td><img decoding=\"async\" loading=\"lazy\" width=\"653\" height=\"367\" class=\"wp-image-1548\" style=\"width: 450px;\" src=\"https:\/\/web.gtischarging.sk\/wp-content\/uploads\/2020\/11\/image-32.png\" alt=\"\" srcset=\"https:\/\/web.gtischarging.sk\/wp-content\/uploads\/2020\/11\/image-32.png 653w, https:\/\/web.gtischarging.sk\/wp-content\/uploads\/2020\/11\/image-32-300x169.png 300w\" sizes=\"(max-width: 653px) 100vw, 653px\" \/><\/td><\/tr><\/tbody><\/table><\/figure>\n\n\n\n<p><strong>Interi\u00e9r<\/strong><\/p>\n\n\n\n<p>Ke\u010f\u017ee interi\u00e9r je absol\u00fatne na nerozoznanie od benz\u00ednov\u00e9ho SUV, predn\u00fd panel a prahy nes\u00fa n\u00e1pis e-Tharu. Aj ke\u010f nie je k&nbsp;dispoz\u00edcii digit\u00e1lna pr\u00edstrojov\u00e1 doska, ale iba jej anal\u00f3gov\u00fd variant , &nbsp;v&nbsp;strede palubnej dosky &nbsp;je zabudovan\u00e1 osempalcov\u00e1 dotykov\u00e1 obrazovka. \u0160tartovacie tla\u010didlo je skryt\u00e9 na konzole ved\u013ea p\u00e1ky.<\/p>\n\n\n\n<figure class=\"wp-block-table aligncenter\"><table><tbody><tr><td class=\"has-text-align-center\" data-align=\"center\"><img decoding=\"async\" loading=\"lazy\" width=\"614\" height=\"345\" class=\"wp-image-1552\" style=\"width: 450px;\" src=\"https:\/\/web.gtischarging.sk\/wp-content\/uploads\/2020\/11\/image-33.png\" alt=\"\" srcset=\"https:\/\/web.gtischarging.sk\/wp-content\/uploads\/2020\/11\/image-33.png 614w, https:\/\/web.gtischarging.sk\/wp-content\/uploads\/2020\/11\/image-33-300x169.png 300w\" sizes=\"(max-width: 614px) 100vw, 614px\" \/><\/td><td class=\"has-text-align-center\" data-align=\"center\"><img decoding=\"async\" loading=\"lazy\" width=\"632\" height=\"356\" class=\"wp-image-1551\" style=\"width: 450px;\" src=\"https:\/\/web.gtischarging.sk\/wp-content\/uploads\/2020\/11\/image-34.png\" alt=\"\" srcset=\"https:\/\/web.gtischarging.sk\/wp-content\/uploads\/2020\/11\/image-34.png 632w, https:\/\/web.gtischarging.sk\/wp-content\/uploads\/2020\/11\/image-34-300x169.png 300w\" sizes=\"(max-width: 632px) 100vw, 632px\" \/><\/td><\/tr><\/tbody><\/table><\/figure>\n\n\n\n<p><strong>Cena<\/strong><\/p>\n\n\n\n<p>Cena nov\u00e9ho automobilu, je 194 800 juanov ( asi 25.000,- Eur).<\/p>\n\n\n\n<div class=\"wp-block-image\"><figure class=\"aligncenter is-resized\"><img decoding=\"async\" loading=\"lazy\" src=\"https:\/\/www.elektro-vozidla.sk\/wp-content\/uploads\/2020\/11\/image-35.png\" alt=\"\" class=\"wp-image-1074\" width=\"731\" height=\"417\"\/><figcaption>\u2026<em>tak\u017ee sa n\u00edm nech\u00e1m zvies\u0165! \u0160koda, \u017ee iba v \u010c\u00edne.<\/em><\/figcaption><\/figure><\/div>\n\n\n\n<p>Aj ke\u010f e-Tharu vyzer\u00e1 iba ako formalita ur\u010den\u00e1 na pritiahnutie pozornosti, ide o celkom zdaril\u00fd po\u010din. Je pritom zrejm\u00e9, \u017ee modern\u00e9 elektromobily koncernu predstavuje modelov\u00fd rad ID. Pr\u00ed\u0165a\u017eliv\u00fd a&nbsp;technologicky prepracovan\u00fd elektrick\u00fd &nbsp;crossover koncernu VW s&nbsp;ozna\u010den\u00edm &nbsp;ID.4 pre\u0161iel do in\u00e9ho spolo\u010dn\u00e9ho podniku (FAW-Volkswagen), zatia\u013e \u010do koncern SAIC sa mus\u00ed dosta\u0165 na \u201ezelen\u00fa\u201c linku vo svete pr\u00edsnych ekologick\u00fdch noriem pomocou star\u0161ieho, ale st\u00e1le \u017eiadan\u00e9ho predstavite\u013ea predch\u00e1dzaj\u00facej gener\u00e1cie elektrifikovan\u00fdch vozidiel VW. Len pre zauj\u00edmavos\u0165, &nbsp;benz\u00ednov\u00e9 Tharu s turbod\u00fachadlom 1.4 TSI (150 k, 250 Nm) a prevodovkou DSG za\u010d\u00edna c \u010c\u00edne od 165 800 juanov (21.285,- Eur). V Amerike m\u00e1 model svoje dvoj\u010da pod n\u00e1zvom Taos.<\/p>\n\n\n\n<p>Zdroj:<br><a href=\"https:\/\/www.drive.ru\/news\/volkswagen\/5fa12a31ec05c41a34000036.html\">drive<\/a><\/p>\n","protected":false},"excerpt":{"rendered":"<p>Volkswagen e-Tharu- pre\u010do nie u n\u00e1s, ale v \u010c\u00edne? VW e-Tharu&nbsp; je n\u00e1zorn\u00fd pr\u00edklad toho ako spravi\u0165 z&nbsp;v\u00fdbehov\u00e9ho modelu pomerne zauj\u00edmav\u00e9 auto. Spolo\u010dn\u00fd podnik SAIC Volkswagen uviedol na \u010d\u00ednsky trh bat\u00e9riov\u00fa verziu benz\u00ednov\u00e9ho kompaktu&#46;&#46;&#46;<\/p>\n","protected":false},"author":8,"featured_media":0,"parent":0,"menu_order":0,"comment_status":"closed","ping_status":"closed","template":"","meta":{"footnotes":""},"yoast_head":"<!-- This site is optimized with the Yoast SEO plugin v20.4 - https:\/\/yoast.com\/wordpress\/plugins\/seo\/ -->\n<title>vw e-Tharu - gtischarging.sk<\/title>\n<meta name=\"robots\" content=\"index, follow, max-snippet:-1, max-image-preview:large, max-video-preview:-1\" \/>\n<link rel=\"canonical\" href=\"https:\/\/web.gtischarging.sk\/index.php\/vw-e-tharu\/\" \/>\n<meta property=\"og:locale\" content=\"cs_CZ\" \/>\n<meta property=\"og:type\" content=\"article\" \/>\n<meta property=\"og:title\" content=\"vw e-Tharu - gtischarging.sk\" \/>\n<meta property=\"og:description\" content=\"Volkswagen e-Tharu- pre\u010do nie u n\u00e1s, ale v \u010c\u00edne? VW e-Tharu&nbsp; je n\u00e1zorn\u00fd pr\u00edklad toho ako spravi\u0165 z&nbsp;v\u00fdbehov\u00e9ho modelu pomerne zauj\u00edmav\u00e9 auto. Spolo\u010dn\u00fd podnik SAIC Volkswagen uviedol na \u010d\u00ednsky trh bat\u00e9riov\u00fa verziu benz\u00ednov\u00e9ho kompaktu&#046;&#046;&#046;\" \/>\n<meta property=\"og:url\" content=\"https:\/\/web.gtischarging.sk\/index.php\/vw-e-tharu\/\" \/>\n<meta property=\"og:site_name\" content=\"gtischarging.sk\" \/>\n<meta property=\"article:publisher\" content=\"https:\/\/www.facebook.com\/gtischarging\" \/>\n<meta property=\"article:modified_time\" content=\"2020-11-22T20:13:42+00:00\" \/>\n<meta property=\"og:image\" content=\"https:\/\/web.gtischarging.sk\/wp-content\/uploads\/2020\/11\/image-27-1.png\" \/>\n<meta name=\"twitter:card\" content=\"summary_large_image\" \/>\n<meta name=\"twitter:label1\" content=\"Odhadovan\u00e1 doba \u010dten\u00ed\" \/>\n\t<meta name=\"twitter:data1\" content=\"3 minuty\" \/>\n<script type=\"application\/ld+json\" class=\"yoast-schema-graph\">{\"@context\":\"https:\/\/schema.org\",\"@graph\":[{\"@type\":\"WebPage\",\"@id\":\"https:\/\/web.gtischarging.sk\/index.php\/vw-e-tharu\/\",\"url\":\"https:\/\/web.gtischarging.sk\/index.php\/vw-e-tharu\/\",\"name\":\"vw e-Tharu - gtischarging.sk\",\"isPartOf\":{\"@id\":\"https:\/\/web.gtischarging.sk\/#website\"},\"datePublished\":\"2020-11-22T20:13:41+00:00\",\"dateModified\":\"2020-11-22T20:13:42+00:00\",\"breadcrumb\":{\"@id\":\"https:\/\/web.gtischarging.sk\/index.php\/vw-e-tharu\/#breadcrumb\"},\"inLanguage\":\"cs\",\"potentialAction\":[{\"@type\":\"ReadAction\",\"target\":[\"https:\/\/web.gtischarging.sk\/index.php\/vw-e-tharu\/\"]}]},{\"@type\":\"BreadcrumbList\",\"@id\":\"https:\/\/web.gtischarging.sk\/index.php\/vw-e-tharu\/#breadcrumb\",\"itemListElement\":[{\"@type\":\"ListItem\",\"position\":1,\"name\":\"Dom\u016f\",\"item\":\"https:\/\/web.gtischarging.sk\/\"},{\"@type\":\"ListItem\",\"position\":2,\"name\":\"vw e-Tharu\"}]},{\"@type\":\"WebSite\",\"@id\":\"https:\/\/web.gtischarging.sk\/#website\",\"url\":\"https:\/\/web.gtischarging.sk\/\",\"name\":\"gtischarging.sk\",\"description\":\"U n\u00e1s sta\u010d\u00ed prilo\u017ei\u0165 platobn\u00fa kartu\",\"publisher\":{\"@id\":\"https:\/\/web.gtischarging.sk\/#organization\"},\"potentialAction\":[{\"@type\":\"SearchAction\",\"target\":{\"@type\":\"EntryPoint\",\"urlTemplate\":\"https:\/\/web.gtischarging.sk\/?s={search_term_string}\"},\"query-input\":\"required name=search_term_string\"}],\"inLanguage\":\"cs\"},{\"@type\":\"Organization\",\"@id\":\"https:\/\/web.gtischarging.sk\/#organization\",\"name\":\"GTIS charging\",\"url\":\"https:\/\/web.gtischarging.sk\/\",\"logo\":{\"@type\":\"ImageObject\",\"inLanguage\":\"cs\",\"@id\":\"https:\/\/web.gtischarging.sk\/#\/schema\/logo\/image\/\",\"url\":\"https:\/\/web.gtischarging.sk\/wp-content\/uploads\/2020\/03\/logo-180px.png\",\"contentUrl\":\"https:\/\/web.gtischarging.sk\/wp-content\/uploads\/2020\/03\/logo-180px.png\",\"width\":180,\"height\":123,\"caption\":\"GTIS charging\"},\"image\":{\"@id\":\"https:\/\/web.gtischarging.sk\/#\/schema\/logo\/image\/\"},\"sameAs\":[\"https:\/\/www.facebook.com\/gtischarging\"]}]}<\/script>\n<!-- \/ Yoast SEO plugin. -->","yoast_head_json":{"title":"vw e-Tharu - gtischarging.sk","robots":{"index":"index","follow":"follow","max-snippet":"max-snippet:-1","max-image-preview":"max-image-preview:large","max-video-preview":"max-video-preview:-1"},"canonical":"https:\/\/web.gtischarging.sk\/index.php\/vw-e-tharu\/","og_locale":"cs_CZ","og_type":"article","og_title":"vw e-Tharu - gtischarging.sk","og_description":"Volkswagen e-Tharu- pre\u010do nie u n\u00e1s, ale v \u010c\u00edne? VW e-Tharu&nbsp; je n\u00e1zorn\u00fd pr\u00edklad toho ako spravi\u0165 z&nbsp;v\u00fdbehov\u00e9ho modelu pomerne zauj\u00edmav\u00e9 auto. Spolo\u010dn\u00fd podnik SAIC Volkswagen uviedol na \u010d\u00ednsky trh bat\u00e9riov\u00fa verziu benz\u00ednov\u00e9ho kompaktu&#46;&#46;&#46;","og_url":"https:\/\/web.gtischarging.sk\/index.php\/vw-e-tharu\/","og_site_name":"gtischarging.sk","article_publisher":"https:\/\/www.facebook.com\/gtischarging","article_modified_time":"2020-11-22T20:13:42+00:00","og_image":[{"url":"https:\/\/web.gtischarging.sk\/wp-content\/uploads\/2020\/11\/image-27-1.png"}],"twitter_card":"summary_large_image","twitter_misc":{"Odhadovan\u00e1 doba \u010dten\u00ed":"3 minuty"},"schema":{"@context":"https:\/\/schema.org","@graph":[{"@type":"WebPage","@id":"https:\/\/web.gtischarging.sk\/index.php\/vw-e-tharu\/","url":"https:\/\/web.gtischarging.sk\/index.php\/vw-e-tharu\/","name":"vw e-Tharu - gtischarging.sk","isPartOf":{"@id":"https:\/\/web.gtischarging.sk\/#website"},"datePublished":"2020-11-22T20:13:41+00:00","dateModified":"2020-11-22T20:13:42+00:00","breadcrumb":{"@id":"https:\/\/web.gtischarging.sk\/index.php\/vw-e-tharu\/#breadcrumb"},"inLanguage":"cs","potentialAction":[{"@type":"ReadAction","target":["https:\/\/web.gtischarging.sk\/index.php\/vw-e-tharu\/"]}]},{"@type":"BreadcrumbList","@id":"https:\/\/web.gtischarging.sk\/index.php\/vw-e-tharu\/#breadcrumb","itemListElement":[{"@type":"ListItem","position":1,"name":"Dom\u016f","item":"https:\/\/web.gtischarging.sk\/"},{"@type":"ListItem","position":2,"name":"vw e-Tharu"}]},{"@type":"WebSite","@id":"https:\/\/web.gtischarging.sk\/#website","url":"https:\/\/web.gtischarging.sk\/","name":"gtischarging.sk","description":"U n\u00e1s sta\u010d\u00ed prilo\u017ei\u0165 platobn\u00fa kartu","publisher":{"@id":"https:\/\/web.gtischarging.sk\/#organization"},"potentialAction":[{"@type":"SearchAction","target":{"@type":"EntryPoint","urlTemplate":"https:\/\/web.gtischarging.sk\/?s={search_term_string}"},"query-input":"required name=search_term_string"}],"inLanguage":"cs"},{"@type":"Organization","@id":"https:\/\/web.gtischarging.sk\/#organization","name":"GTIS charging","url":"https:\/\/web.gtischarging.sk\/","logo":{"@type":"ImageObject","inLanguage":"cs","@id":"https:\/\/web.gtischarging.sk\/#\/schema\/logo\/image\/","url":"https:\/\/web.gtischarging.sk\/wp-content\/uploads\/2020\/03\/logo-180px.png","contentUrl":"https:\/\/web.gtischarging.sk\/wp-content\/uploads\/2020\/03\/logo-180px.png","width":180,"height":123,"caption":"GTIS charging"},"image":{"@id":"https:\/\/web.gtischarging.sk\/#\/schema\/logo\/image\/"},"sameAs":["https:\/\/www.facebook.com\/gtischarging"]}]}},"_links":{"self":[{"href":"https:\/\/web.gtischarging.sk\/index.php\/wp-json\/wp\/v2\/pages\/1543"}],"collection":[{"href":"https:\/\/web.gtischarging.sk\/index.php\/wp-json\/wp\/v2\/pages"}],"about":[{"href":"https:\/\/web.gtischarging.sk\/index.php\/wp-json\/wp\/v2\/types\/page"}],"author":[{"embeddable":true,"href":"https:\/\/web.gtischarging.sk\/index.php\/wp-json\/wp\/v2\/users\/8"}],"replies":[{"embeddable":true,"href":"https:\/\/web.gtischarging.sk\/index.php\/wp-json\/wp\/v2\/comments?post=1543"}],"version-history":[{"count":3,"href":"https:\/\/web.gtischarging.sk\/index.php\/wp-json\/wp\/v2\/pages\/1543\/revisions"}],"predecessor-version":[{"id":1555,"href":"https:\/\/web.gtischarging.sk\/index.php\/wp-json\/wp\/v2\/pages\/1543\/revisions\/1555"}],"wp:attachment":[{"href":"https:\/\/web.gtischarging.sk\/index.php\/wp-json\/wp\/v2\/media?parent=1543"}],"curies":[{"name":"wp","href":"https:\/\/api.w.org\/{rel}","templated":true}]}}