 {"id":1406,"date":"2020-10-11T21:36:05","date_gmt":"2020-10-11T19:36:05","guid":{"rendered":"https:\/\/web.gtischarging.sk\/?page_id=1406"},"modified":"2020-10-11T21:36:05","modified_gmt":"2020-10-11T19:36:05","slug":"volkswagen-id-4","status":"publish","type":"page","link":"https:\/\/web.gtischarging.sk\/index.php\/volkswagen-id-4\/","title":{"rendered":"Volkswagen ID.4"},"content":{"rendered":"\n<div class=\"wp-block-image\"><figure class=\"aligncenter size-large\"><img decoding=\"async\" loading=\"lazy\" width=\"1024\" height=\"536\" src=\"https:\/\/web.gtischarging.sk\/wp-content\/uploads\/2020\/10\/Volkswagen-ID.4-1-1024x536.png\" alt=\"\" class=\"wp-image-1408\" srcset=\"https:\/\/web.gtischarging.sk\/wp-content\/uploads\/2020\/10\/Volkswagen-ID.4-1-1024x536.png 1024w, https:\/\/web.gtischarging.sk\/wp-content\/uploads\/2020\/10\/Volkswagen-ID.4-1-300x157.png 300w, https:\/\/web.gtischarging.sk\/wp-content\/uploads\/2020\/10\/Volkswagen-ID.4-1-768x402.png 768w, https:\/\/web.gtischarging.sk\/wp-content\/uploads\/2020\/10\/Volkswagen-ID.4-1-1536x804.png 1536w, https:\/\/web.gtischarging.sk\/wp-content\/uploads\/2020\/10\/Volkswagen-ID.4-1-2048x1072.png 2048w\" sizes=\"(max-width: 1024px) 100vw, 1024px\" \/><\/figure><\/div>\n\n\n\n<h1 class=\"has-text-align-center wp-block-heading\">Volkswagen ID.4 \u2013 uv\u00e1dzacia s\u00e9ria rozpredan\u00e1 za 1 de\u0148<\/h1>\n\n\n\n<p>Dopyt po \u00faplne novom elektrickom crossoveri Volkswagen prekonal v\u0161etky o\u010dak\u00e1vania \u2013 Nemci sa nedok\u00e1zali vyrovna\u0165 s pr\u00edlevom z\u00e1kazn\u00edkov ID.4.<\/p>\n\n\n\n<p>Pred nieko\u013ek\u00fdmi d\u0148ami nemeck\u00fd automobilov\u00fd koncern ofici\u00e1lne predstavil nov\u00fd elektromobil Volkswagen ID.4 1st. Edition. Auto vzbudilo pomerne ve\u013ek\u00fd z\u00e1ujem nielen motoristov, ale aj odborn\u00edkov. Za\u010diatok predaja nov\u00e9ho produktu bol navy\u0161e u\u017e ohl\u00e1sen\u00fd na severoamerickom trhu.<\/p>\n\n\n\n<p>Ke\u010f v Spojen\u00fdch \u0161t\u00e1toch za\u010dal predaj \u0161peci\u00e1lnej limitovanej ed\u00edcie elektromobilu Volkswagen ID.4 1st. Edition, objavili sa inform\u00e1cie, \u017ee t\u00e1to s\u00e9ria bola vypredan\u00e1 hne\u010f prv\u00fd de\u0148. Dokonca pre ve\u013ek\u00fd pr\u00edliv \u017eiadost\u00ed web automobilov\u00e9ho koncernu jednoducho prestal fungova\u0165. Av\u0161ak ani potom, \u010do technick\u00e9 oddelenie probl\u00e9my vyrie\u0161ilo, sa mnoh\u00fdm z\u00e1kazn\u00edkom nepodarilo objedna\u0165 si auto. Pod\u013ea internetov\u00e9ho vydania \u201eInsideevs.com\u201c bola verzia elektromobilu predstaven\u00e1 na severoamerickom trhu \u00faplne vypredan\u00e1 za necel\u00fd de\u0148.<\/p>\n\n\n\n<figure class=\"wp-block-table\"><table class=\"\"><tbody><tr><td><img decoding=\"async\" loading=\"lazy\" width=\"605\" height=\"453\" class=\"wp-image-1411\" style=\"width: 310px;\" src=\"https:\/\/web.gtischarging.sk\/wp-content\/uploads\/2020\/10\/vw-id4-ex-2.png\" alt=\"\" srcset=\"https:\/\/web.gtischarging.sk\/wp-content\/uploads\/2020\/10\/vw-id4-ex-2.png 605w, https:\/\/web.gtischarging.sk\/wp-content\/uploads\/2020\/10\/vw-id4-ex-2-300x225.png 300w\" sizes=\"(max-width: 605px) 100vw, 605px\" \/><\/td><td><img decoding=\"async\" loading=\"lazy\" width=\"639\" height=\"422\" class=\"wp-image-1409\" style=\"width: 340px;\" src=\"https:\/\/web.gtischarging.sk\/wp-content\/uploads\/2020\/10\/vw-id4-ex-3.png\" alt=\"\" srcset=\"https:\/\/web.gtischarging.sk\/wp-content\/uploads\/2020\/10\/vw-id4-ex-3.png 639w, https:\/\/web.gtischarging.sk\/wp-content\/uploads\/2020\/10\/vw-id4-ex-3-300x198.png 300w\" sizes=\"(max-width: 639px) 100vw, 639px\" \/><\/td><td><img decoding=\"async\" loading=\"lazy\" width=\"593\" height=\"334\" class=\"wp-image-1410\" style=\"width: 400px;\" src=\"https:\/\/web.gtischarging.sk\/wp-content\/uploads\/2020\/10\/vw-id4-ex-1.png\" alt=\"\" srcset=\"https:\/\/web.gtischarging.sk\/wp-content\/uploads\/2020\/10\/vw-id4-ex-1.png 593w, https:\/\/web.gtischarging.sk\/wp-content\/uploads\/2020\/10\/vw-id4-ex-1-300x169.png 300w\" sizes=\"(max-width: 593px) 100vw, 593px\" \/><\/td><\/tr><\/tbody><\/table><\/figure>\n\n\n\n<p>Pre americk\u00fdch kupuj\u00facich je auto k dispoz\u00edcii za cenu 43 994 dol\u00e1rov. Model bude mo\u017en\u00e9 z\u00edska\u0165 po predbe\u017enej objedn\u00e1vke bud\u00faci rok. \u017diados\u0165 bude pova\u017eovan\u00e1 za platn\u00fa potom, \u010do motorista zaplat\u00ed z\u00e1lohu vo v\u00fd\u0161ke 100 dol\u00e1rov. \u010eal\u0161\u00edch 400 dol\u00e1rov bude potrebn\u00e9 zaplati\u0165 po za\u010dat\u00ed mont\u00e1\u017ee elektrick\u00e9ho vozidla.<\/p>\n\n\n\n<figure class=\"wp-block-table\"><table class=\"\"><tbody><tr><td class=\"has-text-align-center\" data-align=\"center\"><img decoding=\"async\" loading=\"lazy\" width=\"653\" height=\"457\" class=\"wp-image-1413\" style=\"width: 350px;\" src=\"https:\/\/web.gtischarging.sk\/wp-content\/uploads\/2020\/10\/vw-id4-interier-1.png\" alt=\"\" srcset=\"https:\/\/web.gtischarging.sk\/wp-content\/uploads\/2020\/10\/vw-id4-interier-1.png 653w, https:\/\/web.gtischarging.sk\/wp-content\/uploads\/2020\/10\/vw-id4-interier-1-300x210.png 300w\" sizes=\"(max-width: 653px) 100vw, 653px\" \/><\/td><td class=\"has-text-align-center\" data-align=\"center\"><img decoding=\"async\" loading=\"lazy\" width=\"602\" height=\"400\" class=\"wp-image-1412\" style=\"width: 350px;\" src=\"https:\/\/web.gtischarging.sk\/wp-content\/uploads\/2020\/10\/vw-id4-interier-2.png\" alt=\"\" srcset=\"https:\/\/web.gtischarging.sk\/wp-content\/uploads\/2020\/10\/vw-id4-interier-2.png 602w, https:\/\/web.gtischarging.sk\/wp-content\/uploads\/2020\/10\/vw-id4-interier-2-300x199.png 300w\" sizes=\"(max-width: 602px) 100vw, 602px\" \/><\/td><\/tr><\/tbody><\/table><\/figure>\n\n\n\n<p>Volkswagen ID.4 1. Edition je pon\u00fakan\u00fd v dvoch \u00farovniach v\u00fdbavy. Pohon m\u00f4\u017ee by\u0165 zadn\u00fd, alebo 4\u00d74. Automobil je pon\u00fakan\u00fd s motormi, ktor\u00fdch v\u00fdkon je 148 hp,, 175 hp., alebo 204 kon\u00ed. V z\u00e1kladnej modifik\u00e1cii je model doplnen\u00fd bat\u00e9riou s kapacitou 55 kWh. T\u00e1to poskytuje dojazd a\u017e 360 kilometrov na jedno nabitie. Najvy\u0161\u0161ia verzia je k dispoz\u00edcii s bat\u00e9riou s kapacitou 77 kWh a motorom s v\u00fdkonom 204 kon\u00ed. Okrem toho bude k dispoz\u00edcii verzia s elektromotormi na prednej aj zadnej n\u00e1prave, ktor\u00fdch celkov\u00fd v\u00fdkon bude 306 kon\u00ed.<\/p>\n\n\n\n<p>Interi\u00e9r ID.4 je v\u010faka kr\u00e1tkym previsom karos\u00e9rie a r\u00e1zvoru 2,77 metra ve\u013emi priestrann\u00fd. Bato\u017einov\u00fd priestor m\u00e1 z\u00e1kladn\u00fd objem 543 litrov a d\u00e1 sa sklopen\u00edm zadn\u00fdch operadiel zv\u00e4\u010d\u0161i\u0165 na 1.575 litrov (pri nalo\u017een\u00ed po strop). Vozidlo m\u00f4\u017ee&nbsp;\u0165aha\u0165 pr\u00edves do hmotnosti 1.000 kilogramov (brzden\u00fd pr\u00edves pri sklone 12 percent). Svetl\u00e1 v\u00fd\u0161ka ID.4 elektromobilu je&nbsp; ve\u013emi slu\u0161n\u00fdch 21 cm.<\/p>\n\n\n\n<p>&nbsp;Automobil sa bude montova\u0165 v Nemecku v meste Zwickau, o dva roky sa v\u0161ak v\u00fdroba presunie do Spojen\u00fdch \u0161t\u00e1tov. Na tento \u00fa\u010del sa pripravuje&nbsp; z\u00e1vod v Chattanooge.<\/p>\n\n\n\n<p>Zdroj: <a href=\"https:\/\/zen.yandex.ru\/media\/id\/5a3157d9e86a9ea5e8b71bac\/spros-na-sovershenno-novyi-krossover-volkswagen-prevzoshel-vse-ojidaniia-nemcy-ne-spravilis-s-naplyvom-klientov-za-id4-5f72d92eff51c400437f3d6d\">yandex<\/a><\/p>\n","protected":false},"excerpt":{"rendered":"<p>Volkswagen ID.4 \u2013 uv\u00e1dzacia s\u00e9ria rozpredan\u00e1 za 1 de\u0148 Dopyt po \u00faplne novom elektrickom crossoveri Volkswagen prekonal v\u0161etky o\u010dak\u00e1vania \u2013 Nemci sa nedok\u00e1zali vyrovna\u0165 s pr\u00edlevom z\u00e1kazn\u00edkov ID.4. Pred nieko\u013ek\u00fdmi d\u0148ami nemeck\u00fd automobilov\u00fd koncern&#46;&#46;&#46;<\/p>\n","protected":false},"author":8,"featured_media":0,"parent":0,"menu_order":0,"comment_status":"closed","ping_status":"closed","template":"","meta":{"footnotes":""},"yoast_head":"<!-- This site is optimized with the Yoast SEO plugin v20.4 - https:\/\/yoast.com\/wordpress\/plugins\/seo\/ -->\n<title>Volkswagen ID.4 - gtischarging.sk<\/title>\n<meta name=\"robots\" content=\"index, follow, max-snippet:-1, max-image-preview:large, max-video-preview:-1\" \/>\n<link rel=\"canonical\" href=\"https:\/\/web.gtischarging.sk\/index.php\/volkswagen-id-4\/\" \/>\n<meta property=\"og:locale\" content=\"cs_CZ\" \/>\n<meta property=\"og:type\" content=\"article\" \/>\n<meta property=\"og:title\" content=\"Volkswagen ID.4 - gtischarging.sk\" \/>\n<meta property=\"og:description\" content=\"Volkswagen ID.4 \u2013 uv\u00e1dzacia s\u00e9ria rozpredan\u00e1 za 1 de\u0148 Dopyt po \u00faplne novom elektrickom crossoveri Volkswagen prekonal v\u0161etky o\u010dak\u00e1vania \u2013 Nemci sa nedok\u00e1zali vyrovna\u0165 s pr\u00edlevom z\u00e1kazn\u00edkov ID.4. Pred nieko\u013ek\u00fdmi d\u0148ami nemeck\u00fd automobilov\u00fd koncern&#046;&#046;&#046;\" \/>\n<meta property=\"og:url\" content=\"https:\/\/web.gtischarging.sk\/index.php\/volkswagen-id-4\/\" \/>\n<meta property=\"og:site_name\" content=\"gtischarging.sk\" \/>\n<meta property=\"article:publisher\" content=\"https:\/\/www.facebook.com\/gtischarging\" \/>\n<meta property=\"og:image\" content=\"https:\/\/web.gtischarging.sk\/wp-content\/uploads\/2020\/10\/Volkswagen-ID.4-1-1024x536.png\" \/>\n<meta name=\"twitter:card\" content=\"summary_large_image\" \/>\n<meta name=\"twitter:label1\" content=\"Odhadovan\u00e1 doba \u010dten\u00ed\" \/>\n\t<meta name=\"twitter:data1\" content=\"2 minuty\" \/>\n<script type=\"application\/ld+json\" class=\"yoast-schema-graph\">{\"@context\":\"https:\/\/schema.org\",\"@graph\":[{\"@type\":\"WebPage\",\"@id\":\"https:\/\/web.gtischarging.sk\/index.php\/volkswagen-id-4\/\",\"url\":\"https:\/\/web.gtischarging.sk\/index.php\/volkswagen-id-4\/\",\"name\":\"Volkswagen ID.4 - gtischarging.sk\",\"isPartOf\":{\"@id\":\"https:\/\/web.gtischarging.sk\/#website\"},\"datePublished\":\"2020-10-11T19:36:05+00:00\",\"dateModified\":\"2020-10-11T19:36:05+00:00\",\"breadcrumb\":{\"@id\":\"https:\/\/web.gtischarging.sk\/index.php\/volkswagen-id-4\/#breadcrumb\"},\"inLanguage\":\"cs\",\"potentialAction\":[{\"@type\":\"ReadAction\",\"target\":[\"https:\/\/web.gtischarging.sk\/index.php\/volkswagen-id-4\/\"]}]},{\"@type\":\"BreadcrumbList\",\"@id\":\"https:\/\/web.gtischarging.sk\/index.php\/volkswagen-id-4\/#breadcrumb\",\"itemListElement\":[{\"@type\":\"ListItem\",\"position\":1,\"name\":\"Dom\u016f\",\"item\":\"https:\/\/web.gtischarging.sk\/\"},{\"@type\":\"ListItem\",\"position\":2,\"name\":\"Volkswagen ID.4\"}]},{\"@type\":\"WebSite\",\"@id\":\"https:\/\/web.gtischarging.sk\/#website\",\"url\":\"https:\/\/web.gtischarging.sk\/\",\"name\":\"gtischarging.sk\",\"description\":\"U n\u00e1s sta\u010d\u00ed prilo\u017ei\u0165 platobn\u00fa kartu\",\"publisher\":{\"@id\":\"https:\/\/web.gtischarging.sk\/#organization\"},\"potentialAction\":[{\"@type\":\"SearchAction\",\"target\":{\"@type\":\"EntryPoint\",\"urlTemplate\":\"https:\/\/web.gtischarging.sk\/?s={search_term_string}\"},\"query-input\":\"required name=search_term_string\"}],\"inLanguage\":\"cs\"},{\"@type\":\"Organization\",\"@id\":\"https:\/\/web.gtischarging.sk\/#organization\",\"name\":\"GTIS charging\",\"url\":\"https:\/\/web.gtischarging.sk\/\",\"logo\":{\"@type\":\"ImageObject\",\"inLanguage\":\"cs\",\"@id\":\"https:\/\/web.gtischarging.sk\/#\/schema\/logo\/image\/\",\"url\":\"https:\/\/web.gtischarging.sk\/wp-content\/uploads\/2020\/03\/logo-180px.png\",\"contentUrl\":\"https:\/\/web.gtischarging.sk\/wp-content\/uploads\/2020\/03\/logo-180px.png\",\"width\":180,\"height\":123,\"caption\":\"GTIS charging\"},\"image\":{\"@id\":\"https:\/\/web.gtischarging.sk\/#\/schema\/logo\/image\/\"},\"sameAs\":[\"https:\/\/www.facebook.com\/gtischarging\"]}]}<\/script>\n<!-- \/ Yoast SEO plugin. -->","yoast_head_json":{"title":"Volkswagen ID.4 - gtischarging.sk","robots":{"index":"index","follow":"follow","max-snippet":"max-snippet:-1","max-image-preview":"max-image-preview:large","max-video-preview":"max-video-preview:-1"},"canonical":"https:\/\/web.gtischarging.sk\/index.php\/volkswagen-id-4\/","og_locale":"cs_CZ","og_type":"article","og_title":"Volkswagen ID.4 - gtischarging.sk","og_description":"Volkswagen ID.4 \u2013 uv\u00e1dzacia s\u00e9ria rozpredan\u00e1 za 1 de\u0148 Dopyt po \u00faplne novom elektrickom crossoveri Volkswagen prekonal v\u0161etky o\u010dak\u00e1vania \u2013 Nemci sa nedok\u00e1zali vyrovna\u0165 s pr\u00edlevom z\u00e1kazn\u00edkov ID.4. Pred nieko\u013ek\u00fdmi d\u0148ami nemeck\u00fd automobilov\u00fd koncern&#46;&#46;&#46;","og_url":"https:\/\/web.gtischarging.sk\/index.php\/volkswagen-id-4\/","og_site_name":"gtischarging.sk","article_publisher":"https:\/\/www.facebook.com\/gtischarging","og_image":[{"url":"https:\/\/web.gtischarging.sk\/wp-content\/uploads\/2020\/10\/Volkswagen-ID.4-1-1024x536.png"}],"twitter_card":"summary_large_image","twitter_misc":{"Odhadovan\u00e1 doba \u010dten\u00ed":"2 minuty"},"schema":{"@context":"https:\/\/schema.org","@graph":[{"@type":"WebPage","@id":"https:\/\/web.gtischarging.sk\/index.php\/volkswagen-id-4\/","url":"https:\/\/web.gtischarging.sk\/index.php\/volkswagen-id-4\/","name":"Volkswagen ID.4 - gtischarging.sk","isPartOf":{"@id":"https:\/\/web.gtischarging.sk\/#website"},"datePublished":"2020-10-11T19:36:05+00:00","dateModified":"2020-10-11T19:36:05+00:00","breadcrumb":{"@id":"https:\/\/web.gtischarging.sk\/index.php\/volkswagen-id-4\/#breadcrumb"},"inLanguage":"cs","potentialAction":[{"@type":"ReadAction","target":["https:\/\/web.gtischarging.sk\/index.php\/volkswagen-id-4\/"]}]},{"@type":"BreadcrumbList","@id":"https:\/\/web.gtischarging.sk\/index.php\/volkswagen-id-4\/#breadcrumb","itemListElement":[{"@type":"ListItem","position":1,"name":"Dom\u016f","item":"https:\/\/web.gtischarging.sk\/"},{"@type":"ListItem","position":2,"name":"Volkswagen ID.4"}]},{"@type":"WebSite","@id":"https:\/\/web.gtischarging.sk\/#website","url":"https:\/\/web.gtischarging.sk\/","name":"gtischarging.sk","description":"U n\u00e1s sta\u010d\u00ed prilo\u017ei\u0165 platobn\u00fa kartu","publisher":{"@id":"https:\/\/web.gtischarging.sk\/#organization"},"potentialAction":[{"@type":"SearchAction","target":{"@type":"EntryPoint","urlTemplate":"https:\/\/web.gtischarging.sk\/?s={search_term_string}"},"query-input":"required name=search_term_string"}],"inLanguage":"cs"},{"@type":"Organization","@id":"https:\/\/web.gtischarging.sk\/#organization","name":"GTIS charging","url":"https:\/\/web.gtischarging.sk\/","logo":{"@type":"ImageObject","inLanguage":"cs","@id":"https:\/\/web.gtischarging.sk\/#\/schema\/logo\/image\/","url":"https:\/\/web.gtischarging.sk\/wp-content\/uploads\/2020\/03\/logo-180px.png","contentUrl":"https:\/\/web.gtischarging.sk\/wp-content\/uploads\/2020\/03\/logo-180px.png","width":180,"height":123,"caption":"GTIS charging"},"image":{"@id":"https:\/\/web.gtischarging.sk\/#\/schema\/logo\/image\/"},"sameAs":["https:\/\/www.facebook.com\/gtischarging"]}]}},"_links":{"self":[{"href":"https:\/\/web.gtischarging.sk\/index.php\/wp-json\/wp\/v2\/pages\/1406"}],"collection":[{"href":"https:\/\/web.gtischarging.sk\/index.php\/wp-json\/wp\/v2\/pages"}],"about":[{"href":"https:\/\/web.gtischarging.sk\/index.php\/wp-json\/wp\/v2\/types\/page"}],"author":[{"embeddable":true,"href":"https:\/\/web.gtischarging.sk\/index.php\/wp-json\/wp\/v2\/users\/8"}],"replies":[{"embeddable":true,"href":"https:\/\/web.gtischarging.sk\/index.php\/wp-json\/wp\/v2\/comments?post=1406"}],"version-history":[{"count":1,"href":"https:\/\/web.gtischarging.sk\/index.php\/wp-json\/wp\/v2\/pages\/1406\/revisions"}],"predecessor-version":[{"id":1414,"href":"https:\/\/web.gtischarging.sk\/index.php\/wp-json\/wp\/v2\/pages\/1406\/revisions\/1414"}],"wp:attachment":[{"href":"https:\/\/web.gtischarging.sk\/index.php\/wp-json\/wp\/v2\/media?parent=1406"}],"curies":[{"name":"wp","href":"https:\/\/api.w.org\/{rel}","templated":true}]}}