 {"id":1132,"date":"2020-07-31T08:37:03","date_gmt":"2020-07-31T06:37:03","guid":{"rendered":"https:\/\/web.gtischarging.sk\/?page_id=1132"},"modified":"2020-07-31T08:44:27","modified_gmt":"2020-07-31T06:44:27","slug":"volkswagen-id-3","status":"publish","type":"page","link":"https:\/\/web.gtischarging.sk\/index.php\/volkswagen-id-3\/","title":{"rendered":"Volkswagen ID.3"},"content":{"rendered":"\n<div class=\"wp-block-image\"><figure class=\"aligncenter size-large\"><img decoding=\"async\" loading=\"lazy\" width=\"1024\" height=\"475\" src=\"https:\/\/web.gtischarging.sk\/wp-content\/uploads\/2020\/07\/Volkswagen-ID.3-titulka-1024x475.jpg\" alt=\"\" class=\"wp-image-1135\" srcset=\"https:\/\/web.gtischarging.sk\/wp-content\/uploads\/2020\/07\/Volkswagen-ID.3-titulka-1024x475.jpg 1024w, https:\/\/web.gtischarging.sk\/wp-content\/uploads\/2020\/07\/Volkswagen-ID.3-titulka-300x139.jpg 300w, https:\/\/web.gtischarging.sk\/wp-content\/uploads\/2020\/07\/Volkswagen-ID.3-titulka-768x356.jpg 768w, https:\/\/web.gtischarging.sk\/wp-content\/uploads\/2020\/07\/Volkswagen-ID.3-titulka-1536x713.jpg 1536w, https:\/\/web.gtischarging.sk\/wp-content\/uploads\/2020\/07\/Volkswagen-ID.3-titulka-2048x950.jpg 2048w\" sizes=\"(max-width: 1024px) 100vw, 1024px\" \/><\/figure><\/div>\n\n\n\n<h1 class=\"has-text-align-center wp-block-heading\">Volkswagen ID.3 : bol ozn\u00e1men\u00fd za\u010diatok predaja <\/h1>\n\n\n\n<p>Skon\u010dilo sa dlh\u00e9 \u010dakanie: Volkswagen je pripraven\u00fd prejs\u0165 na tretiu kapitolu svojej hist\u00f3rie \u2013 elektrick\u00fa. S\u00e9riov\u00fd hatchback Volkswagen ID.3 sa stal priekopn\u00edkom novej paradigmy. \u010c\u00edslo v indexe ozna\u010duje nielen tretiu kapitolu (po Chrob\u00e1kovi a Golfe), ale tie\u017e to, \u017ee auto patr\u00ed do tretej ve\u013ekostnej triedy C pod\u013ea eur\u00f3pskej klasifik\u00e1cie (po segmentoch A a B). Spolo\u010dnos\u0165 navrhuje dek\u00f3dova\u0165 p\u00edsmen\u00e1 ID ako inteligentn\u00fd dizajn a identitu.<\/p>\n\n\n\n<div class=\"wp-block-image\"><figure class=\"aligncenter\"><img decoding=\"async\" src=\"https:\/\/www.elektro-vozidla.sk\/wp-content\/uploads\/2020\/07\/image-105.png\" alt=\"\" class=\"wp-image-487\"\/><figcaption><em>Volkswagen ID.3<\/em><\/figcaption><\/figure><\/div>\n\n\n\n<p>Spolo\u010dnos\u0165 Volkswagen na svojej webovej str\u00e1nke ofici\u00e1lne ozn\u00e1mila d\u00e1tum za\u010diatku predaja elektrick\u00fdch vozidiel VW ID.3 na 20.j\u00fala 2020. Z\u00e1ujemcovia si m\u00f4\u017eu vybra\u0165 ID.3 spomedzi siedmich v\u00fdbav a&nbsp;taktie\u017e si objedna\u0165 aj pr\u00edslu\u0161n\u00fa dom\u00e1cu nab\u00edjaciu stanicu.<\/p>\n\n\n\n<div class=\"wp-block-image\"><figure class=\"aligncenter\"><img decoding=\"async\" src=\"https:\/\/www.elektro-vozidla.sk\/wp-content\/uploads\/2020\/07\/image-106.png\" alt=\"\" class=\"wp-image-488\"\/><figcaption><em>ID.3 bude jazdi\u0165 na elektriku<\/em><\/figcaption><\/figure><\/div>\n\n\n\n<p><strong>Technick\u00e9 parametre<\/strong><\/p>\n\n\n\n<p>Hatchback ID.3 je teda vytvoren\u00fd na modul\u00e1rnej elektrickej platforme MEB s trak\u010dnou bat\u00e9riou integrovanou do v\u00fdkonovej kon\u0161trukcie karos\u00e9rie a elektrick\u00fdm motorom in\u0161talovan\u00fdm na zadnej n\u00e1prave. Symbolick\u00e9 je, \u017ee sa Volkswagen vracia do usporiadania s motorom vzadu, hoci sa postupne objavia vozidl\u00e1 s pohonom v\u0161etk\u00fdch \u0161tyroch kolies s \u010fal\u0161\u00edm motorom na prednej n\u00e1prave.<\/p>\n\n\n\n<div class=\"wp-block-image\"><figure class=\"aligncenter\"><img decoding=\"async\" src=\"https:\/\/www.elektro-vozidla.sk\/wp-content\/uploads\/2020\/07\/image-107.png\" alt=\"\" class=\"wp-image-489\"\/><figcaption>elektrick\u00e1 platforma auta<\/figcaption><\/figure><\/div>\n\n\n\n<p>Z h\u013eadiska rozmerov je Volkswagen ID.3 bl\u00edzko s\u00fa\u010dasn\u00e9ho Golfu: d\u013a\u017eka \u2013 4260 mm, \u0161\u00edrka \u2013 1810 mm, v\u00fd\u0161ka \u2013 1550 mm. Koncepcia elektrick\u00e9ho vozidla s kolesami umiestnen\u00fdmi v rohoch karos\u00e9rie v\u0161ak umo\u017enila vyrobi\u0165 r\u00e1zvor kolies iba o m\u00e1lo men\u0161\u00ed ako v pr\u00edpade &nbsp;Passatu: 2770, oproti 2791 mm! To znamen\u00e1, \u017ee pod\u013ea miesta v kab\u00edne bude elektrick\u00fd automobil ID.3&nbsp; nad Golfom. Objem bato\u017einov\u00e9ho priestoru oboch hatchbackov je rovnak\u00fd: 380 litrov.<\/p>\n\n\n\n<div class=\"wp-block-image\"><figure class=\"aligncenter\"><img decoding=\"async\" src=\"https:\/\/www.elektro-vozidla.sk\/wp-content\/uploads\/2020\/07\/image-108.png\" alt=\"\" class=\"wp-image-490\"\/><\/figure><\/div>\n\n\n\n<p>Ni\u017e\u0161ie uveden\u00fdch \u0161es\u0165 &nbsp;variantov je zalo\u017een\u00fdch na z\u00e1kladnej verzii ID.3 Pro Performance s bat\u00e9riou 58 kWh, menovit\u00fdm dojazdom a\u017e 420 km (WLTP02), s pohonom zadn\u00fdch kolies a v\u00fdkonom motora 150 kW. Maxim\u00e1lny kr\u00fatiaci moment je 310 Nm. Vozidl\u00e1 objednan\u00e9 od 20. j\u00fala sa za\u010dn\u00fa dod\u00e1va\u0165 v okt\u00f3bri. Uv\u00e1dzacia z\u00e1kladn\u00e1 verzia&nbsp;<a href=\"file:\/\/\/C:\/Users\/ATM\/Downloads\/id-3-14-7-2020.pdf\">ID.3 1st.Performance upgrade<\/a>&nbsp;stoj\u00ed na Slovensku 35&nbsp;860,- EUR po uplatnen\u00ed uv\u00e1dzacieho bonusu od import\u00e9ra.<\/p>\n\n\n\n<ul><li><strong><em>ID.3 Life<\/em><\/strong>&nbsp;\u2013 37 787,72 \u20ac..<\/li><li><strong><em>ID.3 Style<\/em><\/strong>&nbsp;\u2013 40 946 \u20ac<\/li><li><strong><em>ID.3 Business<\/em><\/strong>&nbsp;\u2013 41 287,22 \u20ac<\/li><li><strong><em>ID.3 Family<\/em><\/strong>&nbsp;\u2013 42 305,87 \u20ac<\/li><li><strong><em>ID.3 Tech<\/em><\/strong>&nbsp;\u2013 44 810 \u20ac<\/li><li><strong><em>ID.3 Max<\/em><\/strong>&nbsp;\u2013 43 680,32 \u20ac<\/li><\/ul>\n\n\n\n<p>&nbsp;<strong><em>&nbsp;ID.3 Pure&nbsp;<\/em><\/strong><em>z\u00e1kladn\u00e1 v\u00fdbava z&nbsp;dojazdom do&nbsp;<\/em>&nbsp;<strong><em>330 km&nbsp;<\/em><\/strong>(WLTP) bude dostupn\u00e1 v&nbsp;cene pod 30 000 \u20ac v&nbsp;priebehu nieko\u013ek\u00fdch mesiacov.<\/p>\n\n\n\n<p>M\u00f4\u017eete si tie\u017e objedna\u0165 model s v\u00fdkonnej\u0161ou bat\u00e9riou s&nbsp;kapacitou 77 kWh, ktor\u00e1 v\u00e1m umo\u017en\u00ed dojazd a\u017e 550 km (WLTP).<\/p>\n\n\n\n<p>V&nbsp;doplnkovej v\u00fdbave s\u00fa pon\u00fakan\u00e9 matricov\u00e9 LED svetlomety, ve\u013ek\u00e1 panoramatick\u00e1 sklenen\u00e1 strecha, t\u00f3novan\u00e9 okn\u00e1, zadn\u00e1 kamera, bezk\u013e\u00fa\u010dov\u00fd vstup, 2-z\u00f3nov\u00fd klimatiza\u010dn\u00fd syst\u00e9m, cestovn\u00fd asistent, bo\u010dn\u00fd asistent, n\u00fadzov\u00fd asistent, bal\u00edk infotainmentu, vr\u00e1tane head-up displeja, pr\u00e9miov\u00fd zvukov\u00fd bal\u00edk, elektrick\u00e9 12-bodov\u00e9 mas\u00e1\u017ene sedadl\u00e1. Elektrick\u00e9 auto bude ma\u0165 samozrejme naviga\u010dn\u00fd syst\u00e9m, adapt\u00edvny tempomat, funkciu komfortn\u00e9ho telefonovania s induk\u010dn\u00fdm nab\u00edjan\u00edm na palube a pripojenie k cloudov\u00e9mu syst\u00e9mu AppConnect.<\/p>\n\n\n\n<div class=\"wp-block-image\"><figure class=\"aligncenter\"><img decoding=\"async\" src=\"https:\/\/www.elektro-vozidla.sk\/wp-content\/uploads\/2020\/07\/image-109.png\" alt=\"\" class=\"wp-image-491\"\/><figcaption>interi\u00e9r ID.3<\/figcaption><\/figure><\/div>\n\n\n\n<p><strong>Interi\u00e9r<\/strong><\/p>\n\n\n\n<p>V kab\u00edne nezostali takmer \u017eiadne anal\u00f3gov\u00e9 ovl\u00e1da\u010de: posledn\u00e9 zodpovedaj\u00fa len za elektricky ovl\u00e1dan\u00e9 okn\u00e1 a alarm. V\u0161etky ostatn\u00e9 tla\u010didl\u00e1 s\u00fa dotykov\u00e9 \u2013 vr\u00e1tane tla\u010didiel na volante a okolo neho. Ako \u201ekompenz\u00e1cia\u201c sa pon\u00faka hlasov\u00e9 potvrdenie stla\u010denia.<\/p>\n\n\n\n<div class=\"wp-block-image\"><figure class=\"aligncenter\"><img decoding=\"async\" src=\"https:\/\/www.elektro-vozidla.sk\/wp-content\/uploads\/2020\/07\/image-111.png\" alt=\"\" class=\"wp-image-493\"\/><figcaption><em>n\u00e1padit\u00e9 farebn\u00e9 kombin\u00e1cie interi\u00e9ru<\/em><\/figcaption><\/figure><\/div>\n\n\n\n<p>Re\u017eim jazdy sa prep\u00edna oto\u010dn\u00fdm voli\u010dom na pravom konci displeja pr\u00edstrojovej dosky. Multimedi\u00e1lny syst\u00e9m \u2013 s 10-palcovou obrazovkou a hlasov\u00fdm ovl\u00e1dan\u00edm m\u00e1 aktiv\u00e1ciu, ktor\u00fa na\u0161tartujete slovom \u201eAhoj ID\u201c. Vtipn\u00fdm detailom s\u00fa ikony \u201eplay\u201c a \u201epause\u201c na ped\u00e1li plynu a brzdy.<\/p>\n\n\n\n<div class=\"wp-block-image\"><figure class=\"aligncenter\"><img decoding=\"async\" src=\"https:\/\/www.elektro-vozidla.sk\/wp-content\/uploads\/2020\/07\/image-112.png\" alt=\"\" class=\"wp-image-494\"\/><figcaption><em>pr\u00edstrojov\u00fd panel s voli\u010dom jazdn\u00fdch re\u017eimov<\/em><\/figcaption><\/figure><\/div>\n\n\n\n<p><strong>Na z\u00e1ver<\/strong>&nbsp;<strong>\u2013 alebo, trochu in\u0161pir\u00e1cie pre na\u0161u vl\u00e1du<\/strong><\/p>\n\n\n\n<p>Pri k\u00fape ID.3, z\u00e1kazn\u00edci z\u00edskaj\u00fa v\u00fdhodn\u00e9 z\u013eavy na nab\u00edjanie v&nbsp;sieti&nbsp;<a href=\"https:\/\/zen.yandex.ru\/t\/wecharge\" target=\"_blank\" rel=\"noreferrer noopener\">#wecharge<\/a>&nbsp;na dobu 3 rokov. Nemeck\u00e1 vl\u00e1da navy\u0161e poskytuje pri k\u00fape elektromobilu \u0161t\u00e1tnu podporu vo v\u00fd\u0161ke 9480,- Eur. Z&nbsp;tejto sumy 3480,- Eur zaplat\u00ed Volkswagen a&nbsp;zvy\u0161ok p\u00f4jde zo \u0161t\u00e1tneho rozpo\u010dtu. Nu\u017e, mal\u00e1 t\u00e9ma na zamyslenie aj pre na\u0161u vl\u00e1du. Zvl\u00e1\u0161\u0165 v&nbsp;kontexte obrovsk\u00fdch s\u013eubovan\u00fdch mili\u00e1rd z&nbsp;EU na boj z&nbsp;n\u00e1sledkami \u201ekoronakr\u00edzy\u201c!!! Investova\u0165 do modern\u00fdch bezemisn\u00fdch technol\u00f3gii zlep\u0161uj\u00facich stav ovzdu\u0161ia zvl\u00e1\u0161\u0165 vo ve\u013ek\u00fdch mest\u00e1ch je st\u00e1le lep\u0161ie, ako znovu kon\u0161tatova\u0165, ko\u013eko mili\u00e1rd z eurofondov n\u00e1m\u201dprepadlo\u201d.<\/p>\n\n\n\n<p>Zdroj: elektricke-vozidla.sk<\/p>\n","protected":false},"excerpt":{"rendered":"<p>Volkswagen ID.3 : bol ozn\u00e1men\u00fd za\u010diatok predaja Skon\u010dilo sa dlh\u00e9 \u010dakanie: Volkswagen je pripraven\u00fd prejs\u0165 na tretiu kapitolu svojej hist\u00f3rie \u2013 elektrick\u00fa. S\u00e9riov\u00fd hatchback Volkswagen ID.3 sa stal priekopn\u00edkom novej paradigmy. \u010c\u00edslo v indexe&#46;&#46;&#46;<\/p>\n","protected":false},"author":8,"featured_media":0,"parent":0,"menu_order":0,"comment_status":"closed","ping_status":"closed","template":"","meta":{"footnotes":""},"yoast_head":"<!-- This site is optimized with the Yoast SEO plugin v20.4 - https:\/\/yoast.com\/wordpress\/plugins\/seo\/ -->\n<title>Volkswagen ID.3 - gtischarging.sk<\/title>\n<meta name=\"robots\" content=\"index, follow, max-snippet:-1, max-image-preview:large, max-video-preview:-1\" \/>\n<link rel=\"canonical\" href=\"https:\/\/web.gtischarging.sk\/index.php\/volkswagen-id-3\/\" \/>\n<meta property=\"og:locale\" content=\"cs_CZ\" \/>\n<meta property=\"og:type\" content=\"article\" \/>\n<meta property=\"og:title\" content=\"Volkswagen ID.3 - gtischarging.sk\" \/>\n<meta property=\"og:description\" content=\"Volkswagen ID.3 : bol ozn\u00e1men\u00fd za\u010diatok predaja Skon\u010dilo sa dlh\u00e9 \u010dakanie: Volkswagen je pripraven\u00fd prejs\u0165 na tretiu kapitolu svojej hist\u00f3rie \u2013 elektrick\u00fa. S\u00e9riov\u00fd hatchback Volkswagen ID.3 sa stal priekopn\u00edkom novej paradigmy. \u010c\u00edslo v indexe&#046;&#046;&#046;\" \/>\n<meta property=\"og:url\" content=\"https:\/\/web.gtischarging.sk\/index.php\/volkswagen-id-3\/\" \/>\n<meta property=\"og:site_name\" content=\"gtischarging.sk\" \/>\n<meta property=\"article:publisher\" content=\"https:\/\/www.facebook.com\/gtischarging\" \/>\n<meta property=\"article:modified_time\" content=\"2020-07-31T06:44:27+00:00\" \/>\n<meta property=\"og:image\" content=\"https:\/\/web.gtischarging.sk\/wp-content\/uploads\/2020\/07\/Volkswagen-ID.3-titulka-1024x475.jpg\" \/>\n<meta name=\"twitter:card\" content=\"summary_large_image\" \/>\n<meta name=\"twitter:label1\" content=\"Odhadovan\u00e1 doba \u010dten\u00ed\" \/>\n\t<meta name=\"twitter:data1\" content=\"4 minuty\" \/>\n<script type=\"application\/ld+json\" class=\"yoast-schema-graph\">{\"@context\":\"https:\/\/schema.org\",\"@graph\":[{\"@type\":\"WebPage\",\"@id\":\"https:\/\/web.gtischarging.sk\/index.php\/volkswagen-id-3\/\",\"url\":\"https:\/\/web.gtischarging.sk\/index.php\/volkswagen-id-3\/\",\"name\":\"Volkswagen ID.3 - gtischarging.sk\",\"isPartOf\":{\"@id\":\"https:\/\/web.gtischarging.sk\/#website\"},\"datePublished\":\"2020-07-31T06:37:03+00:00\",\"dateModified\":\"2020-07-31T06:44:27+00:00\",\"breadcrumb\":{\"@id\":\"https:\/\/web.gtischarging.sk\/index.php\/volkswagen-id-3\/#breadcrumb\"},\"inLanguage\":\"cs\",\"potentialAction\":[{\"@type\":\"ReadAction\",\"target\":[\"https:\/\/web.gtischarging.sk\/index.php\/volkswagen-id-3\/\"]}]},{\"@type\":\"BreadcrumbList\",\"@id\":\"https:\/\/web.gtischarging.sk\/index.php\/volkswagen-id-3\/#breadcrumb\",\"itemListElement\":[{\"@type\":\"ListItem\",\"position\":1,\"name\":\"Dom\u016f\",\"item\":\"https:\/\/web.gtischarging.sk\/\"},{\"@type\":\"ListItem\",\"position\":2,\"name\":\"Volkswagen ID.3\"}]},{\"@type\":\"WebSite\",\"@id\":\"https:\/\/web.gtischarging.sk\/#website\",\"url\":\"https:\/\/web.gtischarging.sk\/\",\"name\":\"gtischarging.sk\",\"description\":\"U n\u00e1s sta\u010d\u00ed prilo\u017ei\u0165 platobn\u00fa kartu\",\"publisher\":{\"@id\":\"https:\/\/web.gtischarging.sk\/#organization\"},\"potentialAction\":[{\"@type\":\"SearchAction\",\"target\":{\"@type\":\"EntryPoint\",\"urlTemplate\":\"https:\/\/web.gtischarging.sk\/?s={search_term_string}\"},\"query-input\":\"required name=search_term_string\"}],\"inLanguage\":\"cs\"},{\"@type\":\"Organization\",\"@id\":\"https:\/\/web.gtischarging.sk\/#organization\",\"name\":\"GTIS charging\",\"url\":\"https:\/\/web.gtischarging.sk\/\",\"logo\":{\"@type\":\"ImageObject\",\"inLanguage\":\"cs\",\"@id\":\"https:\/\/web.gtischarging.sk\/#\/schema\/logo\/image\/\",\"url\":\"https:\/\/web.gtischarging.sk\/wp-content\/uploads\/2020\/03\/logo-180px.png\",\"contentUrl\":\"https:\/\/web.gtischarging.sk\/wp-content\/uploads\/2020\/03\/logo-180px.png\",\"width\":180,\"height\":123,\"caption\":\"GTIS charging\"},\"image\":{\"@id\":\"https:\/\/web.gtischarging.sk\/#\/schema\/logo\/image\/\"},\"sameAs\":[\"https:\/\/www.facebook.com\/gtischarging\"]}]}<\/script>\n<!-- \/ Yoast SEO plugin. -->","yoast_head_json":{"title":"Volkswagen ID.3 - gtischarging.sk","robots":{"index":"index","follow":"follow","max-snippet":"max-snippet:-1","max-image-preview":"max-image-preview:large","max-video-preview":"max-video-preview:-1"},"canonical":"https:\/\/web.gtischarging.sk\/index.php\/volkswagen-id-3\/","og_locale":"cs_CZ","og_type":"article","og_title":"Volkswagen ID.3 - gtischarging.sk","og_description":"Volkswagen ID.3 : bol ozn\u00e1men\u00fd za\u010diatok predaja Skon\u010dilo sa dlh\u00e9 \u010dakanie: Volkswagen je pripraven\u00fd prejs\u0165 na tretiu kapitolu svojej hist\u00f3rie \u2013 elektrick\u00fa. S\u00e9riov\u00fd hatchback Volkswagen ID.3 sa stal priekopn\u00edkom novej paradigmy. \u010c\u00edslo v indexe&#46;&#46;&#46;","og_url":"https:\/\/web.gtischarging.sk\/index.php\/volkswagen-id-3\/","og_site_name":"gtischarging.sk","article_publisher":"https:\/\/www.facebook.com\/gtischarging","article_modified_time":"2020-07-31T06:44:27+00:00","og_image":[{"url":"https:\/\/web.gtischarging.sk\/wp-content\/uploads\/2020\/07\/Volkswagen-ID.3-titulka-1024x475.jpg"}],"twitter_card":"summary_large_image","twitter_misc":{"Odhadovan\u00e1 doba \u010dten\u00ed":"4 minuty"},"schema":{"@context":"https:\/\/schema.org","@graph":[{"@type":"WebPage","@id":"https:\/\/web.gtischarging.sk\/index.php\/volkswagen-id-3\/","url":"https:\/\/web.gtischarging.sk\/index.php\/volkswagen-id-3\/","name":"Volkswagen ID.3 - gtischarging.sk","isPartOf":{"@id":"https:\/\/web.gtischarging.sk\/#website"},"datePublished":"2020-07-31T06:37:03+00:00","dateModified":"2020-07-31T06:44:27+00:00","breadcrumb":{"@id":"https:\/\/web.gtischarging.sk\/index.php\/volkswagen-id-3\/#breadcrumb"},"inLanguage":"cs","potentialAction":[{"@type":"ReadAction","target":["https:\/\/web.gtischarging.sk\/index.php\/volkswagen-id-3\/"]}]},{"@type":"BreadcrumbList","@id":"https:\/\/web.gtischarging.sk\/index.php\/volkswagen-id-3\/#breadcrumb","itemListElement":[{"@type":"ListItem","position":1,"name":"Dom\u016f","item":"https:\/\/web.gtischarging.sk\/"},{"@type":"ListItem","position":2,"name":"Volkswagen ID.3"}]},{"@type":"WebSite","@id":"https:\/\/web.gtischarging.sk\/#website","url":"https:\/\/web.gtischarging.sk\/","name":"gtischarging.sk","description":"U n\u00e1s sta\u010d\u00ed prilo\u017ei\u0165 platobn\u00fa kartu","publisher":{"@id":"https:\/\/web.gtischarging.sk\/#organization"},"potentialAction":[{"@type":"SearchAction","target":{"@type":"EntryPoint","urlTemplate":"https:\/\/web.gtischarging.sk\/?s={search_term_string}"},"query-input":"required name=search_term_string"}],"inLanguage":"cs"},{"@type":"Organization","@id":"https:\/\/web.gtischarging.sk\/#organization","name":"GTIS charging","url":"https:\/\/web.gtischarging.sk\/","logo":{"@type":"ImageObject","inLanguage":"cs","@id":"https:\/\/web.gtischarging.sk\/#\/schema\/logo\/image\/","url":"https:\/\/web.gtischarging.sk\/wp-content\/uploads\/2020\/03\/logo-180px.png","contentUrl":"https:\/\/web.gtischarging.sk\/wp-content\/uploads\/2020\/03\/logo-180px.png","width":180,"height":123,"caption":"GTIS charging"},"image":{"@id":"https:\/\/web.gtischarging.sk\/#\/schema\/logo\/image\/"},"sameAs":["https:\/\/www.facebook.com\/gtischarging"]}]}},"_links":{"self":[{"href":"https:\/\/web.gtischarging.sk\/index.php\/wp-json\/wp\/v2\/pages\/1132"}],"collection":[{"href":"https:\/\/web.gtischarging.sk\/index.php\/wp-json\/wp\/v2\/pages"}],"about":[{"href":"https:\/\/web.gtischarging.sk\/index.php\/wp-json\/wp\/v2\/types\/page"}],"author":[{"embeddable":true,"href":"https:\/\/web.gtischarging.sk\/index.php\/wp-json\/wp\/v2\/users\/8"}],"replies":[{"embeddable":true,"href":"https:\/\/web.gtischarging.sk\/index.php\/wp-json\/wp\/v2\/comments?post=1132"}],"version-history":[{"count":4,"href":"https:\/\/web.gtischarging.sk\/index.php\/wp-json\/wp\/v2\/pages\/1132\/revisions"}],"predecessor-version":[{"id":1140,"href":"https:\/\/web.gtischarging.sk\/index.php\/wp-json\/wp\/v2\/pages\/1132\/revisions\/1140"}],"wp:attachment":[{"href":"https:\/\/web.gtischarging.sk\/index.php\/wp-json\/wp\/v2\/media?parent=1132"}],"curies":[{"name":"wp","href":"https:\/\/api.w.org\/{rel}","templated":true}]}}