 {"id":1126,"date":"2020-07-31T08:33:45","date_gmt":"2020-07-31T06:33:45","guid":{"rendered":"https:\/\/web.gtischarging.sk\/?page_id=1126"},"modified":"2020-07-31T08:36:01","modified_gmt":"2020-07-31T06:36:01","slug":"bmw-ix3","status":"publish","type":"page","link":"https:\/\/web.gtischarging.sk\/index.php\/bmw-ix3\/","title":{"rendered":"BMW iX3"},"content":{"rendered":"\n<div class=\"wp-block-image\"><figure class=\"aligncenter size-large\"><img decoding=\"async\" loading=\"lazy\" width=\"1024\" height=\"487\" src=\"https:\/\/web.gtischarging.sk\/wp-content\/uploads\/2020\/07\/BMW-iX3-title-1024x487.jpg\" alt=\"\" class=\"wp-image-1127\" srcset=\"https:\/\/web.gtischarging.sk\/wp-content\/uploads\/2020\/07\/BMW-iX3-title-1024x487.jpg 1024w, https:\/\/web.gtischarging.sk\/wp-content\/uploads\/2020\/07\/BMW-iX3-title-300x143.jpg 300w, https:\/\/web.gtischarging.sk\/wp-content\/uploads\/2020\/07\/BMW-iX3-title-768x365.jpg 768w, https:\/\/web.gtischarging.sk\/wp-content\/uploads\/2020\/07\/BMW-iX3-title-1536x731.jpg 1536w, https:\/\/web.gtischarging.sk\/wp-content\/uploads\/2020\/07\/BMW-iX3-title-2048x974.jpg 2048w\" sizes=\"(max-width: 1024px) 100vw, 1024px\" \/><\/figure><\/div>\n\n\n\n<h2 class=\"has-text-align-center wp-block-heading\"> BMW X3 m\u00e1 u\u017e aj elektrick\u00fa verziu iX3 <\/h2>\n\n\n\n<p>\u201eAj ty, Brutus?\u201c mo\u017eno aj takto by sa dala interpretova\u0165 spr\u00e1va o&nbsp;v\u00fdrobe elektrifikovan\u00e9ho &nbsp;BMW iX3 v&nbsp;spolo\u010dnom podniku&nbsp;<strong>BMW<\/strong>&nbsp;a&nbsp;\u010d\u00ednskeho&nbsp;<strong>Brilliance&nbsp;<\/strong>kde inde, &nbsp;ako&nbsp;<strong>v&nbsp;\u010c\u00edne!&nbsp;<\/strong>Po &nbsp;VW, Mercedese, &nbsp;v\u00fdrobu \u0161pi\u010dkov\u00fdch elektrick\u00fdch \u00e1ut realizuje v&nbsp;\u010c\u00edne aj BMW! Kto bude \u010fal\u0161\u00ed?<\/p>\n\n\n\n<p>BMW predstavilo nov\u00fd elektrick\u00fd crossover iX3.&nbsp; Novinka sa prakticky nel\u00ed\u0161i od palivov\u00e9ho anal\u00f3gu X3 \u2013 elektrick\u00fd automobil je mo\u017en\u00e9 rozozna\u0165 pod\u013ea kon\u0161trukcie prednej masky s&nbsp;nepravou mrie\u017ekou chladi\u010da s&nbsp; modr\u00fdm lemom.<\/p>\n\n\n\n<div class=\"wp-block-image\"><figure class=\"aligncenter\"><img decoding=\"async\" src=\"https:\/\/www.elektro-vozidla.sk\/wp-content\/uploads\/2020\/07\/image-146.png\" alt=\"\" class=\"wp-image-555\"\/><figcaption><em>elektrick\u00fd a \u0161pi\u010dkov\u00fd BMV iX3<\/em><\/figcaption><\/figure><\/div>\n\n\n\n<p><strong>Technick\u00e9 charakteristiky<\/strong><\/p>\n\n\n\n<p>&nbsp;Elektrick\u00fd crossover je dlh\u00fd 4,73 metra, \u0161irok\u00fd 1,89 metra, vysok\u00fd 1,67 metra a m\u00e1 r\u00e1zvor 2,86 metra. Teda iX3 je o nie\u010do dlh\u0161\u00ed, u\u017e\u0161\u00ed a ni\u017e\u0161\u00ed ako \u0161tandardn\u00fd X3 s rovnak\u00fdm r\u00e1zvorom. Elektrick\u00fd automobil v\u00e1\u017ei 2 185 kilogramov \u2013 v\u00fdrazne viac ako jeho n\u00e1protivok so spa\u013eovac\u00edm motorom.<\/p>\n\n\n\n<div class=\"wp-block-image\"><figure class=\"aligncenter\"><img decoding=\"async\" src=\"https:\/\/www.elektro-vozidla.sk\/wp-content\/uploads\/2020\/07\/image-147.png\" alt=\"\" class=\"wp-image-556\"\/><figcaption><em>elektrick\u00fa verziu mo\u017eno spozna\u0165 pod\u013ea modr\u00fdch doplnkov karos\u00e9rie<\/em><\/figcaption><\/figure><\/div>\n\n\n\n<p>BMW iX3 je poh\u00e1\u0148an\u00fd elektrick\u00fdm motorom umiestnen\u00fdm na zadnej n\u00e1prave. Produkuje 210kW (286 kon\u00ed) pri kr\u00fatiacom momente 400 Nm, \u010do&nbsp; umo\u017e\u0148uje elektrick\u00e9mu SUV zr\u00fdchli\u0165 z nuly na \u201esto\u201c za 6,8 sekundy. Maxim\u00e1lna r\u00fdchlos\u0165 je obmedzen\u00e1 na 180 kilometrov za hodinu.<\/p>\n\n\n\n<p>BMW iX3 je vybaven\u00fd bat\u00e9riou s kapacitou 80 kWh, ktor\u00e1 poskytuje elektrick\u00e9mu SUV dojazd 460 km pod\u013ea cyklu WLTP (520 km pod\u013ea NEDC). Pre porovnanie, najbli\u017e\u0161\u00ed konkurenti Mercedes-Benz EQC a Jaguar i-Pace maj\u00fa dojazd 417 km a 470 kilometrov na jedno nabitie. Expresn\u00e9 nab\u00edjanie&nbsp; umo\u017en\u00ed dobi\u0165 iX3 z&nbsp;30 na&nbsp; 80 percent za pribli\u017ene pol hodiny z&nbsp; r\u00fdchlej 150kW DC nab\u00edja\u010dky.<\/p>\n\n\n\n<div class=\"wp-block-image\"><figure class=\"aligncenter\"><img decoding=\"async\" src=\"https:\/\/www.elektro-vozidla.sk\/wp-content\/uploads\/2020\/07\/image-148.png\" alt=\"\" class=\"wp-image-557\"\/><\/figure><\/div>\n\n\n\n<p><strong>&nbsp;Interi\u00e9r<\/strong><\/p>\n\n\n\n<p>Do elektrick\u00e9ho SUV sa montuje trojz\u00f3nov\u00e1 klimatiz\u00e1cia, panoramatick\u00e9 stre\u0161n\u00e9 okno, \u0161tandardn\u00e9 19-palcov\u00e9 koles\u00e1 (20-palcov\u00e9 vo verzii Impressive ), zvukov\u00fd syst\u00e9m Harman Kardon Surround Sound, ko\u017een\u00fd interi\u00e9r a&nbsp;parkovac\u00ed asistent. Rekuper\u00e1cia brzdnej energie je nastavite\u013en\u00e1 v troch krokoch, \u010do umo\u017e\u0148uje ovl\u00e1danie auta jedn\u00fdm ped\u00e1lom. Bezpe\u010dnostn\u00fa zvukov\u00fa kulisu sprev\u00e1dzaj\u00facu pohyb elektromobilu v&nbsp;meste skomponoval zn\u00e1my hudobn\u00fd skladate\u013e&nbsp; Hans Zimmer.<\/p>\n\n\n\n<p><strong>BMW iX3 sa vyr\u00e1ba v spolo\u010dnom podniku BMW \u2013&nbsp; Brilliance v&nbsp;\u010c\u00edne<\/strong>. Zatia\u013e elektrick\u00e9 SUV sch\u00e1dza z v\u00fdrobn\u00fdch liniek v testovacom re\u017eime. Prvou krajinou, kde sa bude da\u0165 k\u00fapi\u0165 je \u010c\u00edna. Predaj v Eur\u00f3pe je napl\u00e1novan\u00fd a\u017e na rok 2021. Z\u00e1kladn\u00e1 cena v Nemecku \u2013 68 040 Eur.<\/p>\n\n\n\n<p>Zdroj:<br><a href=\"https:\/\/motor.ru\/news\/bmw-ix3-14-07-2020.htm?utm_referrer=https%3A%2F%2Fzen.yandex.com%2F%3Ffrom%3Dspecial&amp;utm_source=YandexZenSpecial\">motor<\/a><\/p>\n","protected":false},"excerpt":{"rendered":"<p>BMW X3 m\u00e1 u\u017e aj elektrick\u00fa verziu iX3 \u201eAj ty, Brutus?\u201c mo\u017eno aj takto by sa dala interpretova\u0165 spr\u00e1va o&nbsp;v\u00fdrobe elektrifikovan\u00e9ho &nbsp;BMW iX3 v&nbsp;spolo\u010dnom podniku&nbsp;BMW&nbsp;a&nbsp;\u010d\u00ednskeho&nbsp;Brilliance&nbsp;kde inde, &nbsp;ako&nbsp;v&nbsp;\u010c\u00edne!&nbsp;Po &nbsp;VW, Mercedese, &nbsp;v\u00fdrobu \u0161pi\u010dkov\u00fdch elektrick\u00fdch \u00e1ut realizuje&#46;&#46;&#46;<\/p>\n","protected":false},"author":8,"featured_media":0,"parent":0,"menu_order":0,"comment_status":"closed","ping_status":"closed","template":"","meta":{"footnotes":""},"yoast_head":"<!-- This site is optimized with the Yoast SEO plugin v20.4 - https:\/\/yoast.com\/wordpress\/plugins\/seo\/ -->\n<title>BMW iX3 - gtischarging.sk<\/title>\n<meta name=\"robots\" content=\"index, follow, max-snippet:-1, max-image-preview:large, max-video-preview:-1\" \/>\n<link rel=\"canonical\" href=\"https:\/\/web.gtischarging.sk\/index.php\/bmw-ix3\/\" \/>\n<meta property=\"og:locale\" content=\"cs_CZ\" \/>\n<meta property=\"og:type\" content=\"article\" \/>\n<meta property=\"og:title\" content=\"BMW iX3 - gtischarging.sk\" \/>\n<meta property=\"og:description\" content=\"BMW X3 m\u00e1 u\u017e aj elektrick\u00fa verziu iX3 \u201eAj ty, Brutus?\u201c mo\u017eno aj takto by sa dala interpretova\u0165 spr\u00e1va o&nbsp;v\u00fdrobe elektrifikovan\u00e9ho &nbsp;BMW iX3 v&nbsp;spolo\u010dnom podniku&nbsp;BMW&nbsp;a&nbsp;\u010d\u00ednskeho&nbsp;Brilliance&nbsp;kde inde, &nbsp;ako&nbsp;v&nbsp;\u010c\u00edne!&nbsp;Po &nbsp;VW, Mercedese, &nbsp;v\u00fdrobu \u0161pi\u010dkov\u00fdch elektrick\u00fdch \u00e1ut realizuje&#046;&#046;&#046;\" \/>\n<meta property=\"og:url\" content=\"https:\/\/web.gtischarging.sk\/index.php\/bmw-ix3\/\" \/>\n<meta property=\"og:site_name\" content=\"gtischarging.sk\" \/>\n<meta property=\"article:publisher\" content=\"https:\/\/www.facebook.com\/gtischarging\" \/>\n<meta property=\"article:modified_time\" content=\"2020-07-31T06:36:01+00:00\" \/>\n<meta property=\"og:image\" content=\"https:\/\/web.gtischarging.sk\/wp-content\/uploads\/2020\/07\/BMW-iX3-title-1024x487.jpg\" \/>\n<meta name=\"twitter:card\" content=\"summary_large_image\" \/>\n<meta name=\"twitter:label1\" content=\"Odhadovan\u00e1 doba \u010dten\u00ed\" \/>\n\t<meta name=\"twitter:data1\" content=\"2 minuty\" \/>\n<script type=\"application\/ld+json\" class=\"yoast-schema-graph\">{\"@context\":\"https:\/\/schema.org\",\"@graph\":[{\"@type\":\"WebPage\",\"@id\":\"https:\/\/web.gtischarging.sk\/index.php\/bmw-ix3\/\",\"url\":\"https:\/\/web.gtischarging.sk\/index.php\/bmw-ix3\/\",\"name\":\"BMW iX3 - gtischarging.sk\",\"isPartOf\":{\"@id\":\"https:\/\/web.gtischarging.sk\/#website\"},\"datePublished\":\"2020-07-31T06:33:45+00:00\",\"dateModified\":\"2020-07-31T06:36:01+00:00\",\"breadcrumb\":{\"@id\":\"https:\/\/web.gtischarging.sk\/index.php\/bmw-ix3\/#breadcrumb\"},\"inLanguage\":\"cs\",\"potentialAction\":[{\"@type\":\"ReadAction\",\"target\":[\"https:\/\/web.gtischarging.sk\/index.php\/bmw-ix3\/\"]}]},{\"@type\":\"BreadcrumbList\",\"@id\":\"https:\/\/web.gtischarging.sk\/index.php\/bmw-ix3\/#breadcrumb\",\"itemListElement\":[{\"@type\":\"ListItem\",\"position\":1,\"name\":\"Dom\u016f\",\"item\":\"https:\/\/web.gtischarging.sk\/\"},{\"@type\":\"ListItem\",\"position\":2,\"name\":\"BMW iX3\"}]},{\"@type\":\"WebSite\",\"@id\":\"https:\/\/web.gtischarging.sk\/#website\",\"url\":\"https:\/\/web.gtischarging.sk\/\",\"name\":\"gtischarging.sk\",\"description\":\"U n\u00e1s sta\u010d\u00ed prilo\u017ei\u0165 platobn\u00fa kartu\",\"publisher\":{\"@id\":\"https:\/\/web.gtischarging.sk\/#organization\"},\"potentialAction\":[{\"@type\":\"SearchAction\",\"target\":{\"@type\":\"EntryPoint\",\"urlTemplate\":\"https:\/\/web.gtischarging.sk\/?s={search_term_string}\"},\"query-input\":\"required name=search_term_string\"}],\"inLanguage\":\"cs\"},{\"@type\":\"Organization\",\"@id\":\"https:\/\/web.gtischarging.sk\/#organization\",\"name\":\"GTIS charging\",\"url\":\"https:\/\/web.gtischarging.sk\/\",\"logo\":{\"@type\":\"ImageObject\",\"inLanguage\":\"cs\",\"@id\":\"https:\/\/web.gtischarging.sk\/#\/schema\/logo\/image\/\",\"url\":\"https:\/\/web.gtischarging.sk\/wp-content\/uploads\/2020\/03\/logo-180px.png\",\"contentUrl\":\"https:\/\/web.gtischarging.sk\/wp-content\/uploads\/2020\/03\/logo-180px.png\",\"width\":180,\"height\":123,\"caption\":\"GTIS charging\"},\"image\":{\"@id\":\"https:\/\/web.gtischarging.sk\/#\/schema\/logo\/image\/\"},\"sameAs\":[\"https:\/\/www.facebook.com\/gtischarging\"]}]}<\/script>\n<!-- \/ Yoast SEO plugin. -->","yoast_head_json":{"title":"BMW iX3 - gtischarging.sk","robots":{"index":"index","follow":"follow","max-snippet":"max-snippet:-1","max-image-preview":"max-image-preview:large","max-video-preview":"max-video-preview:-1"},"canonical":"https:\/\/web.gtischarging.sk\/index.php\/bmw-ix3\/","og_locale":"cs_CZ","og_type":"article","og_title":"BMW iX3 - gtischarging.sk","og_description":"BMW X3 m\u00e1 u\u017e aj elektrick\u00fa verziu iX3 \u201eAj ty, Brutus?\u201c mo\u017eno aj takto by sa dala interpretova\u0165 spr\u00e1va o&nbsp;v\u00fdrobe elektrifikovan\u00e9ho &nbsp;BMW iX3 v&nbsp;spolo\u010dnom podniku&nbsp;BMW&nbsp;a&nbsp;\u010d\u00ednskeho&nbsp;Brilliance&nbsp;kde inde, &nbsp;ako&nbsp;v&nbsp;\u010c\u00edne!&nbsp;Po &nbsp;VW, Mercedese, &nbsp;v\u00fdrobu \u0161pi\u010dkov\u00fdch elektrick\u00fdch \u00e1ut realizuje&#46;&#46;&#46;","og_url":"https:\/\/web.gtischarging.sk\/index.php\/bmw-ix3\/","og_site_name":"gtischarging.sk","article_publisher":"https:\/\/www.facebook.com\/gtischarging","article_modified_time":"2020-07-31T06:36:01+00:00","og_image":[{"url":"https:\/\/web.gtischarging.sk\/wp-content\/uploads\/2020\/07\/BMW-iX3-title-1024x487.jpg"}],"twitter_card":"summary_large_image","twitter_misc":{"Odhadovan\u00e1 doba \u010dten\u00ed":"2 minuty"},"schema":{"@context":"https:\/\/schema.org","@graph":[{"@type":"WebPage","@id":"https:\/\/web.gtischarging.sk\/index.php\/bmw-ix3\/","url":"https:\/\/web.gtischarging.sk\/index.php\/bmw-ix3\/","name":"BMW iX3 - gtischarging.sk","isPartOf":{"@id":"https:\/\/web.gtischarging.sk\/#website"},"datePublished":"2020-07-31T06:33:45+00:00","dateModified":"2020-07-31T06:36:01+00:00","breadcrumb":{"@id":"https:\/\/web.gtischarging.sk\/index.php\/bmw-ix3\/#breadcrumb"},"inLanguage":"cs","potentialAction":[{"@type":"ReadAction","target":["https:\/\/web.gtischarging.sk\/index.php\/bmw-ix3\/"]}]},{"@type":"BreadcrumbList","@id":"https:\/\/web.gtischarging.sk\/index.php\/bmw-ix3\/#breadcrumb","itemListElement":[{"@type":"ListItem","position":1,"name":"Dom\u016f","item":"https:\/\/web.gtischarging.sk\/"},{"@type":"ListItem","position":2,"name":"BMW iX3"}]},{"@type":"WebSite","@id":"https:\/\/web.gtischarging.sk\/#website","url":"https:\/\/web.gtischarging.sk\/","name":"gtischarging.sk","description":"U n\u00e1s sta\u010d\u00ed prilo\u017ei\u0165 platobn\u00fa kartu","publisher":{"@id":"https:\/\/web.gtischarging.sk\/#organization"},"potentialAction":[{"@type":"SearchAction","target":{"@type":"EntryPoint","urlTemplate":"https:\/\/web.gtischarging.sk\/?s={search_term_string}"},"query-input":"required name=search_term_string"}],"inLanguage":"cs"},{"@type":"Organization","@id":"https:\/\/web.gtischarging.sk\/#organization","name":"GTIS charging","url":"https:\/\/web.gtischarging.sk\/","logo":{"@type":"ImageObject","inLanguage":"cs","@id":"https:\/\/web.gtischarging.sk\/#\/schema\/logo\/image\/","url":"https:\/\/web.gtischarging.sk\/wp-content\/uploads\/2020\/03\/logo-180px.png","contentUrl":"https:\/\/web.gtischarging.sk\/wp-content\/uploads\/2020\/03\/logo-180px.png","width":180,"height":123,"caption":"GTIS charging"},"image":{"@id":"https:\/\/web.gtischarging.sk\/#\/schema\/logo\/image\/"},"sameAs":["https:\/\/www.facebook.com\/gtischarging"]}]}},"_links":{"self":[{"href":"https:\/\/web.gtischarging.sk\/index.php\/wp-json\/wp\/v2\/pages\/1126"}],"collection":[{"href":"https:\/\/web.gtischarging.sk\/index.php\/wp-json\/wp\/v2\/pages"}],"about":[{"href":"https:\/\/web.gtischarging.sk\/index.php\/wp-json\/wp\/v2\/types\/page"}],"author":[{"embeddable":true,"href":"https:\/\/web.gtischarging.sk\/index.php\/wp-json\/wp\/v2\/users\/8"}],"replies":[{"embeddable":true,"href":"https:\/\/web.gtischarging.sk\/index.php\/wp-json\/wp\/v2\/comments?post=1126"}],"version-history":[{"count":3,"href":"https:\/\/web.gtischarging.sk\/index.php\/wp-json\/wp\/v2\/pages\/1126\/revisions"}],"predecessor-version":[{"id":1131,"href":"https:\/\/web.gtischarging.sk\/index.php\/wp-json\/wp\/v2\/pages\/1126\/revisions\/1131"}],"wp:attachment":[{"href":"https:\/\/web.gtischarging.sk\/index.php\/wp-json\/wp\/v2\/media?parent=1126"}],"curies":[{"name":"wp","href":"https:\/\/api.w.org\/{rel}","templated":true}]}}