 {"id":1102,"date":"2020-07-31T07:46:35","date_gmt":"2020-07-31T05:46:35","guid":{"rendered":"https:\/\/web.gtischarging.sk\/?page_id=1102"},"modified":"2020-07-31T07:47:39","modified_gmt":"2020-07-31T05:47:39","slug":"seat-cupra-el-born","status":"publish","type":"page","link":"https:\/\/web.gtischarging.sk\/index.php\/seat-cupra-el-born\/","title":{"rendered":"Seat Cupra el-Born"},"content":{"rendered":"\n<div class=\"wp-block-image\"><figure class=\"aligncenter size-large\"><img decoding=\"async\" loading=\"lazy\" width=\"1024\" height=\"525\" src=\"https:\/\/web.gtischarging.sk\/wp-content\/uploads\/2020\/07\/seat-cupra-title-1024x525.jpg\" alt=\"\" class=\"wp-image-1103\" srcset=\"https:\/\/web.gtischarging.sk\/wp-content\/uploads\/2020\/07\/seat-cupra-title-1024x525.jpg 1024w, https:\/\/web.gtischarging.sk\/wp-content\/uploads\/2020\/07\/seat-cupra-title-300x154.jpg 300w, https:\/\/web.gtischarging.sk\/wp-content\/uploads\/2020\/07\/seat-cupra-title-768x394.jpg 768w, https:\/\/web.gtischarging.sk\/wp-content\/uploads\/2020\/07\/seat-cupra-title-1536x788.jpg 1536w, https:\/\/web.gtischarging.sk\/wp-content\/uploads\/2020\/07\/seat-cupra-title-2048x1050.jpg 2048w\" sizes=\"(max-width: 1024px) 100vw, 1024px\" \/><\/figure><\/div>\n\n\n\n<h2 class=\"has-text-align-center wp-block-heading\">Seat Cupra el-Born<\/h2>\n\n\n\n<p>Minul\u00fd rok sa na autosal\u00f3ne v \u017deneve konala premi\u00e9ra elektrick\u00e9ho hatchbacku Seat el-Born, ktor\u00fd mal by\u0165 anal\u00f3gom modelu Volkswagen ID.3. Na autosal\u00f3ne v&nbsp;Nitre sa v&nbsp;pavil\u00f3ne \u0160kody a&nbsp;Seatu asi pri \u017eiadnom aute netvorili tak\u00e9 rady \u010dakaj\u00facich, ako pr\u00e1ve pri tejto novinke od Seatu. Teraz je podobn\u00e9 elektrick\u00e9 auto prezentovan\u00e9 pod dc\u00e9rskou zna\u010dkou Cupra, ktor\u00e1 bola zalo\u017een\u00e1 pred dvoma rokmi pre \u201enabit\u00e9\u201c modely Seat. Cupra el-Born bude s\u00e9riov\u00fdm stelesnen\u00edm minuloro\u010dn\u00e9ho koncep\u010dn\u00e9ho vozidla.<\/p>\n\n\n\n<div class=\"wp-block-image\"><figure class=\"aligncenter\"><img decoding=\"async\" src=\"https:\/\/www.elektro-vozidla.sk\/wp-content\/uploads\/2020\/07\/image-77.png\" alt=\"\" class=\"wp-image-443\"\/><figcaption><em>\u0161panielska kr\u00e1ska Cupra el-Born pon\u00faka pekn\u00e9 a uhladen\u00e9 tvary<\/em><\/figcaption><\/figure><\/div>\n\n\n\n<p>Spolo\u010dnos\u0165 vysvet\u013euje rozhodnutie previes\u0165 el-Born pod kr\u00eddla mladej sub-zna\u010dky t\u00fdm, \u017ee filozofia elektromobilu na modul\u00e1rnej platforme MEB je pravdepodobne bli\u017e\u0161ie k \u0161portov\u00fdm modelom Cupra. Nech u\u017e je to akoko\u013evek, tvorcovia sa neobmedzili len na kop\u00edrovanie loga: so zmenou zna\u010dky dostalo elektrick\u00e9 p\u00e4\u0165dverov\u00e9 auto agres\u00edvnej\u0161iu predn\u00fa \u010das\u0165 a zliatinov\u00e9 koles\u00e1 nov\u00e9ho dizajnu.<\/p>\n\n\n\n<div class=\"wp-block-image\"><figure class=\"aligncenter\"><img decoding=\"async\" src=\"https:\/\/www.elektro-vozidla.sk\/wp-content\/uploads\/2020\/07\/image-78.png\" alt=\"\" class=\"wp-image-444\"\/><figcaption><em> interi\u00e9r Cupra el-Born<\/em><\/figcaption><\/figure><\/div>\n\n\n\n<p>Zabudovan\u00e1 technika sa tie\u017e l\u00ed\u0161i od p\u00f4vodn\u00e9ho modelu Seat: ak minul\u00fd rok mal koncept el-Born trak\u010dn\u00fa bat\u00e9riu s kapacitou 62 kWh, potom Cupra m\u00e1 v\u00e4\u010d\u0161iu bat\u00e9riu s kapacitou 77 kWh. &nbsp;V d\u00f4sledku toho sa po\u010det najazden\u00fdch kilometrov na jedno nabitie zv\u00fd\u0161il z 420 na 500 km, zatia\u013e \u010do polhodinov\u00e9 nab\u00edjanie z \u201er\u00fdchleho\u201c DC termin\u00e1lu by malo sta\u010di\u0165 na 260 km jazdy. In\u017einieri st\u00e1le ml\u010dia o&nbsp;v\u00fdkone &nbsp;elektromotora auta a zo zoznamu dynamick\u00fdch charakterist\u00edk sa uv\u00e1dza iba \u010das zr\u00fdchlenia na 50 km \/ h \u2013 2,9 s, \u010do v\u0161ak v\u00f4bec nie je zl\u00e1 hodnota. Spolo\u010dnos\u0165 je v\u0161ak hrd\u00e1 na to, \u017ee Cupra el-Born bude so syst\u00e9mom Dynamic Chassis Control Sport prv\u00fdm modelom na platforme MEB a&nbsp;jej charakteristiky maj\u00fa by\u0165 pr\u00edjemn\u00fdm prekvapen\u00edm pre z\u00e1kazn\u00edkov.<\/p>\n\n\n\n<div class=\"wp-block-image\"><figure class=\"aligncenter\"><img decoding=\"async\" src=\"https:\/\/www.elektro-vozidla.sk\/wp-content\/uploads\/2020\/07\/image-79.png\" alt=\"\" class=\"wp-image-445\"\/><figcaption><em>Cupra el-Born<\/em><\/figcaption><\/figure><\/div>\n\n\n\n<p>Interi\u00e9rov\u00e1 architekt\u00fara sa prakticky nezmenila, okrem toho, \u017ee namiesto otvoren\u00fdch priehradiek na drobnosti sa objavil mohutn\u00fd stredov\u00fd tunel s posuvn\u00fdm uz\u00e1verom &nbsp;a&nbsp;na volante sa &nbsp;objavili dve samostatn\u00e9 tla\u010didl\u00e1 na v\u00fdber re\u017eimov jazdy. Cupra el-Born okrem toho pon\u00fakne kvalitn\u00e9 povrchov\u00e9 materi\u00e1ly, aj ke\u010f napr\u00edklad tvar sedadiel zostal rovnak\u00fd.<\/p>\n\n\n\n<p>Debut s\u00e9riov\u00e9ho elektrick\u00e9ho hatchbacku sa uskuto\u010dn\u00ed na bud\u00faci rok a Cupra sa bude vyr\u00e1ba\u0165 s\u00fabe\u017ene s &nbsp;p\u00e4\u0165dverov\u00fdm Volkswagenom ID.3 v z\u00e1vode Zwickau. Ak by SEAT zachoval el-Born mo\u017eno aj v chudobnej\u0161ej, ale dostupnej\u0161ej verzii, bol by to ur\u010dite krok spr\u00e1vnym smerom a spolu s dvoj\u010da\u0165om ID3 od Volkswagenu, by mohli posun\u00fa\u0165 predaje eur\u00f3pskych elektromobilov, k v\u00fdrazne vy\u0161\u0161\u00edm \u010d\u00edslam. Aby sa napokon eur\u00f3pskym \u201c\u013eudov\u00fdm\u201d elektromobilom nestal napr\u00edklad americk\u00fd model 3, \u010do sa pod\u013ea posledn\u00fdch vyjadren\u00ed Elona Muska o nov\u00fdch lacn\u00fdch bat\u00e9ri\u00e1ch, aj re\u00e1lne m\u00f4\u017ee sta\u0165!<\/p>\n\n\n\n<p>Zdroj: <a href=\"https:\/\/autoreview.ru\/news\/hetchbek-cupra-el-born-ostavil-seat-bez-novogo-elektromobilya\">autoreview<\/a><\/p>\n","protected":false},"excerpt":{"rendered":"<p>Seat Cupra el-Born Minul\u00fd rok sa na autosal\u00f3ne v \u017deneve konala premi\u00e9ra elektrick\u00e9ho hatchbacku Seat el-Born, ktor\u00fd mal by\u0165 anal\u00f3gom modelu Volkswagen ID.3. Na autosal\u00f3ne v&nbsp;Nitre sa v&nbsp;pavil\u00f3ne \u0160kody a&nbsp;Seatu asi pri \u017eiadnom aute&#46;&#46;&#46;<\/p>\n","protected":false},"author":8,"featured_media":0,"parent":0,"menu_order":0,"comment_status":"closed","ping_status":"closed","template":"","meta":{"footnotes":""},"yoast_head":"<!-- This site is optimized with the Yoast SEO plugin v20.4 - https:\/\/yoast.com\/wordpress\/plugins\/seo\/ -->\n<title>Seat Cupra el-Born - gtischarging.sk<\/title>\n<meta name=\"robots\" content=\"index, follow, max-snippet:-1, max-image-preview:large, max-video-preview:-1\" \/>\n<link rel=\"canonical\" href=\"https:\/\/web.gtischarging.sk\/index.php\/seat-cupra-el-born\/\" \/>\n<meta property=\"og:locale\" content=\"cs_CZ\" \/>\n<meta property=\"og:type\" content=\"article\" \/>\n<meta property=\"og:title\" content=\"Seat Cupra el-Born - gtischarging.sk\" \/>\n<meta property=\"og:description\" content=\"Seat Cupra el-Born Minul\u00fd rok sa na autosal\u00f3ne v \u017deneve konala premi\u00e9ra elektrick\u00e9ho hatchbacku Seat el-Born, ktor\u00fd mal by\u0165 anal\u00f3gom modelu Volkswagen ID.3. Na autosal\u00f3ne v&nbsp;Nitre sa v&nbsp;pavil\u00f3ne \u0160kody a&nbsp;Seatu asi pri \u017eiadnom aute&#046;&#046;&#046;\" \/>\n<meta property=\"og:url\" content=\"https:\/\/web.gtischarging.sk\/index.php\/seat-cupra-el-born\/\" \/>\n<meta property=\"og:site_name\" content=\"gtischarging.sk\" \/>\n<meta property=\"article:publisher\" content=\"https:\/\/www.facebook.com\/gtischarging\" \/>\n<meta property=\"article:modified_time\" content=\"2020-07-31T05:47:39+00:00\" \/>\n<meta property=\"og:image\" content=\"https:\/\/web.gtischarging.sk\/wp-content\/uploads\/2020\/07\/seat-cupra-title-1024x525.jpg\" \/>\n<meta name=\"twitter:card\" content=\"summary_large_image\" \/>\n<meta name=\"twitter:label1\" content=\"Odhadovan\u00e1 doba \u010dten\u00ed\" \/>\n\t<meta name=\"twitter:data1\" content=\"3 minuty\" \/>\n<script type=\"application\/ld+json\" class=\"yoast-schema-graph\">{\"@context\":\"https:\/\/schema.org\",\"@graph\":[{\"@type\":\"WebPage\",\"@id\":\"https:\/\/web.gtischarging.sk\/index.php\/seat-cupra-el-born\/\",\"url\":\"https:\/\/web.gtischarging.sk\/index.php\/seat-cupra-el-born\/\",\"name\":\"Seat Cupra el-Born - gtischarging.sk\",\"isPartOf\":{\"@id\":\"https:\/\/web.gtischarging.sk\/#website\"},\"datePublished\":\"2020-07-31T05:46:35+00:00\",\"dateModified\":\"2020-07-31T05:47:39+00:00\",\"breadcrumb\":{\"@id\":\"https:\/\/web.gtischarging.sk\/index.php\/seat-cupra-el-born\/#breadcrumb\"},\"inLanguage\":\"cs\",\"potentialAction\":[{\"@type\":\"ReadAction\",\"target\":[\"https:\/\/web.gtischarging.sk\/index.php\/seat-cupra-el-born\/\"]}]},{\"@type\":\"BreadcrumbList\",\"@id\":\"https:\/\/web.gtischarging.sk\/index.php\/seat-cupra-el-born\/#breadcrumb\",\"itemListElement\":[{\"@type\":\"ListItem\",\"position\":1,\"name\":\"Dom\u016f\",\"item\":\"https:\/\/web.gtischarging.sk\/\"},{\"@type\":\"ListItem\",\"position\":2,\"name\":\"Seat Cupra el-Born\"}]},{\"@type\":\"WebSite\",\"@id\":\"https:\/\/web.gtischarging.sk\/#website\",\"url\":\"https:\/\/web.gtischarging.sk\/\",\"name\":\"gtischarging.sk\",\"description\":\"U n\u00e1s sta\u010d\u00ed prilo\u017ei\u0165 platobn\u00fa kartu\",\"publisher\":{\"@id\":\"https:\/\/web.gtischarging.sk\/#organization\"},\"potentialAction\":[{\"@type\":\"SearchAction\",\"target\":{\"@type\":\"EntryPoint\",\"urlTemplate\":\"https:\/\/web.gtischarging.sk\/?s={search_term_string}\"},\"query-input\":\"required name=search_term_string\"}],\"inLanguage\":\"cs\"},{\"@type\":\"Organization\",\"@id\":\"https:\/\/web.gtischarging.sk\/#organization\",\"name\":\"GTIS charging\",\"url\":\"https:\/\/web.gtischarging.sk\/\",\"logo\":{\"@type\":\"ImageObject\",\"inLanguage\":\"cs\",\"@id\":\"https:\/\/web.gtischarging.sk\/#\/schema\/logo\/image\/\",\"url\":\"https:\/\/web.gtischarging.sk\/wp-content\/uploads\/2020\/03\/logo-180px.png\",\"contentUrl\":\"https:\/\/web.gtischarging.sk\/wp-content\/uploads\/2020\/03\/logo-180px.png\",\"width\":180,\"height\":123,\"caption\":\"GTIS charging\"},\"image\":{\"@id\":\"https:\/\/web.gtischarging.sk\/#\/schema\/logo\/image\/\"},\"sameAs\":[\"https:\/\/www.facebook.com\/gtischarging\"]}]}<\/script>\n<!-- \/ Yoast SEO plugin. -->","yoast_head_json":{"title":"Seat Cupra el-Born - gtischarging.sk","robots":{"index":"index","follow":"follow","max-snippet":"max-snippet:-1","max-image-preview":"max-image-preview:large","max-video-preview":"max-video-preview:-1"},"canonical":"https:\/\/web.gtischarging.sk\/index.php\/seat-cupra-el-born\/","og_locale":"cs_CZ","og_type":"article","og_title":"Seat Cupra el-Born - gtischarging.sk","og_description":"Seat Cupra el-Born Minul\u00fd rok sa na autosal\u00f3ne v \u017deneve konala premi\u00e9ra elektrick\u00e9ho hatchbacku Seat el-Born, ktor\u00fd mal by\u0165 anal\u00f3gom modelu Volkswagen ID.3. Na autosal\u00f3ne v&nbsp;Nitre sa v&nbsp;pavil\u00f3ne \u0160kody a&nbsp;Seatu asi pri \u017eiadnom aute&#46;&#46;&#46;","og_url":"https:\/\/web.gtischarging.sk\/index.php\/seat-cupra-el-born\/","og_site_name":"gtischarging.sk","article_publisher":"https:\/\/www.facebook.com\/gtischarging","article_modified_time":"2020-07-31T05:47:39+00:00","og_image":[{"url":"https:\/\/web.gtischarging.sk\/wp-content\/uploads\/2020\/07\/seat-cupra-title-1024x525.jpg"}],"twitter_card":"summary_large_image","twitter_misc":{"Odhadovan\u00e1 doba \u010dten\u00ed":"3 minuty"},"schema":{"@context":"https:\/\/schema.org","@graph":[{"@type":"WebPage","@id":"https:\/\/web.gtischarging.sk\/index.php\/seat-cupra-el-born\/","url":"https:\/\/web.gtischarging.sk\/index.php\/seat-cupra-el-born\/","name":"Seat Cupra el-Born - gtischarging.sk","isPartOf":{"@id":"https:\/\/web.gtischarging.sk\/#website"},"datePublished":"2020-07-31T05:46:35+00:00","dateModified":"2020-07-31T05:47:39+00:00","breadcrumb":{"@id":"https:\/\/web.gtischarging.sk\/index.php\/seat-cupra-el-born\/#breadcrumb"},"inLanguage":"cs","potentialAction":[{"@type":"ReadAction","target":["https:\/\/web.gtischarging.sk\/index.php\/seat-cupra-el-born\/"]}]},{"@type":"BreadcrumbList","@id":"https:\/\/web.gtischarging.sk\/index.php\/seat-cupra-el-born\/#breadcrumb","itemListElement":[{"@type":"ListItem","position":1,"name":"Dom\u016f","item":"https:\/\/web.gtischarging.sk\/"},{"@type":"ListItem","position":2,"name":"Seat Cupra el-Born"}]},{"@type":"WebSite","@id":"https:\/\/web.gtischarging.sk\/#website","url":"https:\/\/web.gtischarging.sk\/","name":"gtischarging.sk","description":"U n\u00e1s sta\u010d\u00ed prilo\u017ei\u0165 platobn\u00fa kartu","publisher":{"@id":"https:\/\/web.gtischarging.sk\/#organization"},"potentialAction":[{"@type":"SearchAction","target":{"@type":"EntryPoint","urlTemplate":"https:\/\/web.gtischarging.sk\/?s={search_term_string}"},"query-input":"required name=search_term_string"}],"inLanguage":"cs"},{"@type":"Organization","@id":"https:\/\/web.gtischarging.sk\/#organization","name":"GTIS charging","url":"https:\/\/web.gtischarging.sk\/","logo":{"@type":"ImageObject","inLanguage":"cs","@id":"https:\/\/web.gtischarging.sk\/#\/schema\/logo\/image\/","url":"https:\/\/web.gtischarging.sk\/wp-content\/uploads\/2020\/03\/logo-180px.png","contentUrl":"https:\/\/web.gtischarging.sk\/wp-content\/uploads\/2020\/03\/logo-180px.png","width":180,"height":123,"caption":"GTIS charging"},"image":{"@id":"https:\/\/web.gtischarging.sk\/#\/schema\/logo\/image\/"},"sameAs":["https:\/\/www.facebook.com\/gtischarging"]}]}},"_links":{"self":[{"href":"https:\/\/web.gtischarging.sk\/index.php\/wp-json\/wp\/v2\/pages\/1102"}],"collection":[{"href":"https:\/\/web.gtischarging.sk\/index.php\/wp-json\/wp\/v2\/pages"}],"about":[{"href":"https:\/\/web.gtischarging.sk\/index.php\/wp-json\/wp\/v2\/types\/page"}],"author":[{"embeddable":true,"href":"https:\/\/web.gtischarging.sk\/index.php\/wp-json\/wp\/v2\/users\/8"}],"replies":[{"embeddable":true,"href":"https:\/\/web.gtischarging.sk\/index.php\/wp-json\/wp\/v2\/comments?post=1102"}],"version-history":[{"count":2,"href":"https:\/\/web.gtischarging.sk\/index.php\/wp-json\/wp\/v2\/pages\/1102\/revisions"}],"predecessor-version":[{"id":1106,"href":"https:\/\/web.gtischarging.sk\/index.php\/wp-json\/wp\/v2\/pages\/1102\/revisions\/1106"}],"wp:attachment":[{"href":"https:\/\/web.gtischarging.sk\/index.php\/wp-json\/wp\/v2\/media?parent=1102"}],"curies":[{"name":"wp","href":"https:\/\/api.w.org\/{rel}","templated":true}]}}